{"id":2802,"date":"2022-09-29T14:39:24","date_gmt":"2022-09-29T14:39:24","guid":{"rendered":"https:\/\/scan.cat\/actividades\/"},"modified":"2024-09-16T09:04:03","modified_gmt":"2024-09-16T09:04:03","slug":"actividades","status":"publish","type":"page","link":"https:\/\/scan.cat\/es\/actividades\/","title":{"rendered":"Actividades"},"content":{"rendered":"\t\t<div data-elementor-type=\"wp-page\" data-elementor-id=\"2802\" class=\"elementor elementor-2802 elementor-1790\" data-elementor-post-type=\"page\">\n\t\t\t\t\t\t<section class=\"elementor-section elementor-top-section elementor-element elementor-element-2f7ee0ba elementor-section-full_width elementor-section-height-default elementor-section-height-default\" data-id=\"2f7ee0ba\" data-element_type=\"section\" data-e-type=\"section\" id=\"cabecera\">\n\t\t\t\t\t\t<div class=\"elementor-container elementor-column-gap-default\">\n\t\t\t\t\t<div class=\"elementor-column elementor-col-100 elementor-top-column elementor-element elementor-element-39baf243\" data-id=\"39baf243\" data-element_type=\"column\" data-e-type=\"column\">\n\t\t\t<div class=\"elementor-widget-wrap elementor-element-populated\">\n\t\t\t\t\t\t<div class=\"elementor-element elementor-element-36e8dfc3 elementor-widget elementor-widget-heading\" data-id=\"36e8dfc3\" data-element_type=\"widget\" data-e-type=\"widget\" data-widget_type=\"heading.default\">\n\t\t\t\t<div class=\"elementor-widget-container\">\n\t\t\t\t\t<h1 class=\"elementor-heading-title elementor-size-default\">Actividades<\/h1>\t\t\t\t<\/div>\n\t\t\t\t<\/div>\n\t\t\t\t\t<\/div>\n\t\t<\/div>\n\t\t\t\t\t<\/div>\n\t\t<\/section>\n\t\t\t\t<section class=\"elementor-section elementor-top-section elementor-element elementor-element-12b6294 elementor-section-full_width lseccion elementor-section-height-default elementor-section-height-default\" data-id=\"12b6294\" data-element_type=\"section\" data-e-type=\"section\" id=\"dsec\">\n\t\t\t\t\t\t<div class=\"elementor-container elementor-column-gap-default\">\n\t\t\t\t\t<div class=\"elementor-column elementor-col-50 elementor-top-column elementor-element elementor-element-50e23b1\" data-id=\"50e23b1\" data-element_type=\"column\" data-e-type=\"column\">\n\t\t\t<div class=\"elementor-widget-wrap elementor-element-populated\">\n\t\t\t\t\t\t<div class=\"elementor-element elementor-element-1ae584d elementor-widget elementor-widget-image\" data-id=\"1ae584d\" data-element_type=\"widget\" data-e-type=\"widget\" data-widget_type=\"image.default\">\n\t\t\t\t<div class=\"elementor-widget-container\">\n\t\t\t\t\t\t\t\t\t\t\t\t\t\t\t<img fetchpriority=\"high\" decoding=\"async\" width=\"1024\" height=\"683\" src=\"https:\/\/scan.cat\/wp-content\/uploads\/2022\/07\/Scan_2018_29-1024x683.jpg\" class=\"attachment-large size-large wp-image-871\" alt=\"\" srcset=\"https:\/\/scan.cat\/wp-content\/uploads\/2022\/07\/Scan_2018_29-1024x683.jpg 1024w, https:\/\/scan.cat\/wp-content\/uploads\/2022\/07\/Scan_2018_29-300x200.jpg 300w, https:\/\/scan.cat\/wp-content\/uploads\/2022\/07\/Scan_2018_29-768x512.jpg 768w, https:\/\/scan.cat\/wp-content\/uploads\/2022\/07\/Scan_2018_29-1536x1024.jpg 1536w, https:\/\/scan.cat\/wp-content\/uploads\/2022\/07\/Scan_2018_29.jpg 1573w\" sizes=\"(max-width: 1024px) 100vw, 1024px\" title=\"\">\t\t\t\t\t\t\t\t\t\t\t\t\t\t\t<\/div>\n\t\t\t\t<\/div>\n\t\t\t\t<div class=\"elementor-element elementor-element-46dda67 elementor-widget elementor-widget-text-editor\" data-id=\"46dda67\" data-element_type=\"widget\" data-e-type=\"widget\" data-widget_type=\"text-editor.default\">\n\t\t\t\t<div class=\"elementor-widget-container\">\n\t\t\t\t\t\t\t\t\t<p><strong>Lugar<br \/><\/strong>Espai La Grey<br \/>Carrer Sant Lloren\u00e7,3 <strong><br \/><\/strong><\/p>\n<p><strong>Horario<br \/><\/strong>De 17 h a 19 h<\/p>\n\t\t\t\t\t\t\t\t<\/div>\n\t\t\t\t<\/div>\n\t\t\t\t\t<\/div>\n\t\t<\/div>\n\t\t\t\t<div class=\"elementor-column elementor-col-50 elementor-top-column elementor-element elementor-element-71ca64a\" data-id=\"71ca64a\" data-element_type=\"column\" data-e-type=\"column\">\n\t\t\t<div class=\"elementor-widget-wrap elementor-element-populated\">\n\t\t\t\t\t\t<div class=\"elementor-element elementor-element-42db296 elementor-widget elementor-widget-text-editor\" data-id=\"42db296\" data-element_type=\"widget\" data-e-type=\"widget\" data-widget_type=\"text-editor.default\">\n\t\t\t\t<div class=\"elementor-widget-container\">\n\t\t\t\t\t\t\t\t\t<p>Contrary to popular belief, Lorem Ipsum is not simply random text. It has roots in a piece of classical Latin literature from 45 BC, making it over 2000 years old. Richard McClintock, a Latin professor at Hampden-Sydney College in Virginia, looked up one of the more obscure Latin words, consectetur, from a Lorem Ipsum passage, and going through the cites of the word in classical literature, discovered the undoubtable source. Lorem Ipsum comes from sections 1.10.32 and 1.10.33 of \u00abde Finibus Bonorum et Malorum\u00bb (The Extremes of Good and Evil) by Cicero, written in 45 BC. This book is a treatise on the theory of ethics, very popular during the Renaissance. The first line of Lorem Ipsum, \u00abLorem ipsum dolor sit amet..\u00bb, comes from a line in section 1.10.32.<\/p>\n<p>The standard chunk of Lorem Ipsum used since the 1500s is reproduced below for those interested. Sections 1.10.32 and 1.10.33 from \u00abde Finibus Bonorum et Malorum\u00bb by Cicero are also reproduced in their exact original form, accompanied by English versions from the 1914 translation by H. Rackham.<\/p>\n\t\t\t\t\t\t\t\t<\/div>\n\t\t\t\t<\/div>\n\t\t\t\t\t<\/div>\n\t\t<\/div>\n\t\t\t\t\t<\/div>\n\t\t<\/section>\n\t\t\t\t<section class=\"elementor-section elementor-top-section elementor-element elementor-element-2919080 elementor-section-full_width lsection elementor-section-height-default elementor-section-height-default\" data-id=\"2919080\" data-element_type=\"section\" data-e-type=\"section\">\n\t\t\t\t\t\t<div class=\"elementor-container elementor-column-gap-default\">\n\t\t\t\t\t<div class=\"elementor-column elementor-col-100 elementor-top-column elementor-element elementor-element-827499d\" data-id=\"827499d\" data-element_type=\"column\" data-e-type=\"column\">\n\t\t\t<div class=\"elementor-widget-wrap elementor-element-populated\">\n\t\t\t\t\t\t<div class=\"elementor-element elementor-element-1342ad7 lseccion elementor-widget elementor-widget-htmega-toggle-addons\" data-id=\"1342ad7\" data-element_type=\"widget\" data-e-type=\"widget\" data-widget_type=\"htmega-toggle-addons.default\">\n\t\t\t\t<div class=\"elementor-widget-container\">\n\t\t\t\t\t            <div class=\"htmega-toggle-area\" >\n                \n                <div class=\"htmega-toggle-content-1342ad7\" style=\"display: none;\">\n                    \t\t<div data-elementor-type=\"page\" data-elementor-id=\"3120\" class=\"elementor elementor-3120\" data-elementor-post-type=\"elementor_library\">\n\t\t\t\t\t\t<section class=\"elementor-section elementor-top-section elementor-element elementor-element-940f20b elementor-section-full_width elementor-section-height-default elementor-section-height-default\" data-id=\"940f20b\" data-element_type=\"section\" data-e-type=\"section\" id=\"content\">\n\t\t\t\t\t\t<div class=\"elementor-container elementor-column-gap-default\">\n\t\t\t\t\t<div class=\"elementor-column elementor-col-50 elementor-top-column elementor-element elementor-element-22e5b4c col1\" data-id=\"22e5b4c\" data-element_type=\"column\" data-e-type=\"column\">\n\t\t\t<div class=\"elementor-widget-wrap elementor-element-populated\">\n\t\t\t\t\t\t<div class=\"elementor-element elementor-element-3075269 elementor-widget elementor-widget-text-editor\" data-id=\"3075269\" data-element_type=\"widget\" data-e-type=\"widget\" data-widget_type=\"text-editor.default\">\n\t\t\t\t<div class=\"elementor-widget-container\">\n\t\t\t\t\t\t\t\t\t<p><strong>Comiss\u00e0ria:<\/strong> <br>Alexandra Laudo <strong>[Hero\u00ednas de la Cultura]<br><\/strong><strong style=\"background-color: var(--base-3); color: var(--contrast);\"><br>Organitza:<\/strong><span style=\"background-color: var(--base-3); color: var(--contrast);\"> <br>SCAN Tarragona<br><\/span><strong style=\"background-color: var(--base-3); color: var(--contrast);\"><br>Col\u00b7laboren:<\/strong><span style=\"background-color: var(--base-3); color: var(--contrast);\"> <br>Museu d\u2019Art Modern de Tarragona<br>Generalitat de Catalunya<br><\/span><span style=\"background-color: var(--base-3); color: var(--contrast);\">Universitat Rovira i Virgili (URV)&nbsp;<\/span><\/p>\t\t\t\t\t\t\t\t<\/div>\n\t\t\t\t<\/div>\n\t\t\t\t<section class=\"elementor-section elementor-inner-section elementor-element elementor-element-9d86bf0 elementor-section-boxed elementor-section-height-default elementor-section-height-default\" data-id=\"9d86bf0\" data-element_type=\"section\" data-e-type=\"section\">\n\t\t\t\t\t\t<div class=\"elementor-container elementor-column-gap-default\">\n\t\t\t\t\t<div class=\"elementor-column elementor-col-100 elementor-inner-column elementor-element elementor-element-46687ae\" data-id=\"46687ae\" data-element_type=\"column\" data-e-type=\"column\">\n\t\t\t<div class=\"elementor-widget-wrap elementor-element-populated\">\n\t\t\t\t\t\t<div class=\"elementor-element elementor-element-7d620e5 elementor-widget elementor-widget-image\" data-id=\"7d620e5\" data-element_type=\"widget\" data-e-type=\"widget\" data-widget_type=\"image.default\">\n\t\t\t\t<div class=\"elementor-widget-container\">\n\t\t\t\t\t\t\t\t\t\t\t\t\t\t\t<img decoding=\"async\" width=\"500\" height=\"109\" src=\"https:\/\/scan.cat\/wp-content\/uploads\/2022\/07\/11_negre.svg\" class=\"attachment-full size-full wp-image-958\" alt=\"\" title=\"\">\t\t\t\t\t\t\t\t\t\t\t\t\t\t\t<\/div>\n\t\t\t\t<\/div>\n\t\t\t\t<div class=\"elementor-element elementor-element-e444b62 elementor-widget elementor-widget-image\" data-id=\"e444b62\" data-element_type=\"widget\" data-e-type=\"widget\" data-widget_type=\"image.default\">\n\t\t\t\t<div class=\"elementor-widget-container\">\n\t\t\t\t\t\t\t\t\t\t\t\t\t\t\t<img decoding=\"async\" width=\"683\" height=\"108\" src=\"https:\/\/scan.cat\/wp-content\/uploads\/2022\/10\/cultura_h2.jpg\" class=\"attachment-full size-full wp-image-3123\" alt=\"\" srcset=\"https:\/\/scan.cat\/wp-content\/uploads\/2022\/10\/cultura_h2.jpg 683w, https:\/\/scan.cat\/wp-content\/uploads\/2022\/10\/cultura_h2-300x47.jpg 300w\" sizes=\"(max-width: 683px) 100vw, 683px\" title=\"\">\t\t\t\t\t\t\t\t\t\t\t\t\t\t\t<\/div>\n\t\t\t\t<\/div>\n\t\t\t\t<div class=\"elementor-element elementor-element-b75c8ad elementor-widget elementor-widget-image\" data-id=\"b75c8ad\" data-element_type=\"widget\" data-e-type=\"widget\" data-widget_type=\"image.default\">\n\t\t\t\t<div class=\"elementor-widget-container\">\n\t\t\t\t\t\t\t\t\t\t\t\t\t\t\t<img loading=\"lazy\" decoding=\"async\" width=\"655\" height=\"216\" src=\"https:\/\/scan.cat\/wp-content\/uploads\/2022\/10\/LogoURV.jpg\" class=\"attachment-full size-full wp-image-3127\" alt=\"\" srcset=\"https:\/\/scan.cat\/wp-content\/uploads\/2022\/10\/LogoURV.jpg 655w, https:\/\/scan.cat\/wp-content\/uploads\/2022\/10\/LogoURV-300x99.jpg 300w\" sizes=\"(max-width: 655px) 100vw, 655px\" title=\"\">\t\t\t\t\t\t\t\t\t\t\t\t\t\t\t<\/div>\n\t\t\t\t<\/div>\n\t\t\t\t\t<\/div>\n\t\t<\/div>\n\t\t\t\t\t<\/div>\n\t\t<\/section>\n\t\t\t\t\t<\/div>\n\t\t<\/div>\n\t\t\t\t<div class=\"elementor-column elementor-col-50 elementor-top-column elementor-element elementor-element-4de87cb col2\" data-id=\"4de87cb\" data-element_type=\"column\" data-e-type=\"column\">\n\t\t\t<div class=\"elementor-widget-wrap elementor-element-populated\">\n\t\t\t\t\t\t<div class=\"elementor-element elementor-element-3f7780f elementor-widget elementor-widget-text-editor\" data-id=\"3f7780f\" data-element_type=\"widget\" data-e-type=\"widget\" data-widget_type=\"text-editor.default\">\n\t\t\t\t<div class=\"elementor-widget-container\">\n\t\t\t\t\t\t\t\t\t<p><b>DI\u00c0LEGS SCAN<\/b><\/p><p><strong><em>LLUMS, C\u00c0MERA, TRETS. Guerra i cultura visual<br \/><\/em><\/strong><strong>A cura d<\/strong>\u2019<strong>Alexandra Laudo [Hero\u00ednas de la Cultura]<\/strong><\/p><p>Tres converses dirigides per la comiss\u00e0ria Alexandra Laudo configuren la primera edici\u00f3 dels Di\u00e0legs SCAN, un espai del festival SCAN pensat espec\u00edficament per aprofundir en el mitj\u00e0 fotogr\u00e0fic i la cultura audiovisual.<\/p><p><b>Dijous 17 de novembre, a les 18.30 h<br \/><\/b><span style=\"background-color: var(--base-3); color: var(--contrast);\"><em><b>El car\u00e0cter depredatori de la imatge fotogr\u00e0fica<br \/><\/b><\/em><\/span><span style=\"background-color: var(--base-3); color: var(--contrast);\">Arola Valls<\/span><\/p><p><span style=\"background-color: var(--base-3); color: var(--contrast);\">L\u2019analogia entre la c\u00e0mera fotogr\u00e0fica i una arma de foc s\u2019ha\u00a0manifestat de diverses maneres al llarg de la hist\u00f2ria de la fotografia. Si b\u00e9 actualment\u00a0encara parlem de disparar una fotografia o de fer un\u00a0snapshot, ens hem\u00a0de remuntar a finals del segle\u00a0XIX per trobar el primer dispositiu fotogr\u00e0fic que,\u00a0en mans d\u2019\u00c9tienne-Jules Marey, va prendre la forma d\u2019un fusell. Des d\u2019aleshores,\u00a0han estat diversos els autors que, des del camp de la teoria per\u00f2 tamb\u00e9 de la\u00a0fotografia i d\u2019altres pr\u00e0ctiques art\u00edstiques,\u00a0han analitzat el paper que juga\u00a0aquesta analogia en la fotografia de conflictes contemporanis per fer-la visible\u00a0i desafiar la l\u00f2gica predat\u00f2ria subjacent en la ca\u00e7a fotogr\u00e0fica. <br \/><\/span><br \/><strong>Espai:<\/strong> Sala d&#8217;actes dels Serveis Territorials de Cultura de la Generalitat<br \/>Carrer Major, 14. Tarragona<\/p><hr \/><p><span style=\"background-color: var(--base-3); color: var(--contrast);\"><b><br \/>Dijous 1 de desembre, 18.30 h<\/b><br \/><\/span><em><b>Ampliaci\u00f3 del camp de batalla. M\u00e9s enll\u00e0 del cinema b\u00e8l\u00b7lic i les not\u00edcies televisives de la guerra<br \/><\/b><\/em><span style=\"background-color: var(--base-3); color: var(--contrast);\">Albert Alcoz<\/span><\/p><p><span style=\"background-color: var(--base-3); color: var(--contrast);\">La representaci\u00f3 audiovisual de la guerra est\u00e0 marcada pels telenot\u00edcies, els documentals expositius i les ficcions del g\u00e8nere b\u00e8l\u00b7lic. Queda un darrer \u00e0mbit de caire art\u00edstic que fuig tant de la voluntat informativa associada al registre de la realitat com de la noci\u00f3 d\u2019espectacle vinculada a la ind\u00fastria del cinema comercial. El cinema experimental i la videocreaci\u00f3 proposen altres estrat\u00e8gies d\u2019aproximaci\u00f3 a un tema tan delicat com \u00e9s el dels conflictes armats. Certs cineastes i videoartistes posen en q\u00fcesti\u00f3 el valor indicial\u00a0de les imatges i els missatges que aquestes transmeten; desconfien de les imatges (i dels sons), i amplien les possibilitats est\u00e8tiques i sem\u00e0ntiques dels formats audiovisuals que tracten sobre la guerra.<br \/><\/span><\/p><p><strong>Espai:<\/strong> Museu d\u2019Art Modern de Tarragona (MAMT)<br \/>Carrer de Santa Anna, 11. Tarragona<\/p><p><span style=\"background-color: var(--base-3); color: var(--contrast);\"><b>Dijous 15 de desembre, 18.30 h<\/b><br \/><\/span><em><b>Zelenski, Vogue i la guerra de la imatge\u00a0<br \/><\/b><\/em><span style=\"background-color: var(--base-3); color: var(--contrast);\">Pilar Cruz<\/span><\/p><p>Amb la guerra a Ucra\u00efna de fons, la revista Vogue va publicar el passat juliol un reportatge de la fot\u00f2grafa Annie Leibowitz a Olena Zelenska. La controv\u00e8rsia es va fer viral: per una banda hi havia els qui atacaven la primera dama ucra\u00efnesa i la revista per frivolitzar la guerra, mentre que d\u2019altres aplaudien la iniciativa com un intent per sensibilitzar l\u2019opini\u00f3 p\u00fablica cap al costat hum\u00e0 del conflicte. Al final \u00e9s una q\u00fcesti\u00f3 de legitimitat. Hi ha la q\u00fcesti\u00f3 de si s\u00f3n leg\u00edtimes les accions soft power de Zelenska com a part de la maquin\u00e0ria propagand\u00edstica de guerra, en paral\u00b7lel a les gires que el seu marit realitza per diferents governs per demanar suport militar. Tamb\u00e9 hi ha una q\u00fcesti\u00f3 de legitimitat que s\u2019atorga al medi, a la fot\u00f2grafa i a altres elements de la representaci\u00f3, que responen a les maneres de fer d\u2019un sector, el de la moda, que queda per a molts dins l\u2019esfera de l\u2019entreteniment i fora de la geopol\u00edtica. I finalment, i no menys important, hi ha la q\u00fcesti\u00f3 de la legitimitat que t\u00e9 una v\u00edctima, en aquest cas una persona que representa un pa\u00eds enva\u00eft, per comportar-se, retratar-se i representar-se amb codis que no s\u00f3n els que s\u2019esperen.<\/p><p><strong>Espai:<\/strong> Museu d\u2019Art Modern de Tarragona (MAMT)<br \/>Carrer de Santa Anna, 11. Tarragona<\/p><p><strong>BIOGRAFIES<\/strong><\/p><p><strong>\u00a0<\/strong><strong>Alexandra Laudo<\/strong><\/p><p>\u00c9s comiss\u00e0ria d\u2019art independent. Ha desenvolupat projectes a institucions com CaixaForum, la Fundaci\u00f3 Mir\u00f3, La Panera, la Diputaci\u00f3 de Barcelona, el MNAC, Matar\u00f3 Art Contemporani, el Centre d\u2019Art Maristany, entre moltes altres, i tamb\u00e9 a centres d\u2019art internacionals, com ara Collective (Edimburg), Museo della Citt\u00e0 &#8211; Palazzo della Frumentaria (Sassari), ISELP (Brusel\u00b7les), Nordiska Konstf\u00f6rbundet, IASPIS o Index Foundation (tots tres a Su\u00e8cia). Ha comissariat projectes per a festivals, com ara Loop, Panor\u00e0mic (Espai d\u2019Arts Roca Umbert), Katharsis (Teatre Lliure), Barcelona Gallery Weekend i Cialo\/Umysl. \u00c9s autora de diferents confer\u00e8ncies performatives que ha presentat a un gran nombre de teatres i festivals d\u2019arts esc\u00e8niques. Ha editat diverses publicacions d\u2019art i ha publicat nombrosos textos te\u00f2rics i art\u00edstics. En l\u2019actualitat forma part de la taula comissarial del Centre d\u2019Art La Capella, on \u00e9s comiss\u00e0ria del programa <em>Branca, arrel, brot, tija<\/em>. \u00c9s membre del comit\u00e8 executiu del Consell de Cultura de l\u2019Ajuntament de Barcelona.<\/p><p><strong>Arola Valls<\/strong><\/p><p>Arola Valls \u00e9s doctora en Educaci\u00f3 per la Universitat de Barcelona. \u00c9s investigadora, docent i comiss\u00e0ria independent especialitzada en les relacions entre art contemporani, fotografia i educaci\u00f3. Ha comissariat, entre d\u2018altres, les exposicions <em>H(a)unting images: anatomia d\u2018un tret<\/em>, a Caixaforum Barcelona i <em>Imago vocis: eco de lo visible<\/em>, al Centre del Carme de Val\u00e8ncia. \u00c9s professora de la Facultat d\u2019Educaci\u00f3 de la UB i de diferents centres privats de fotografia de Barcelona.<\/p><p><strong>\u00a0<\/strong><strong>Albert Alcoz<\/strong><\/p><p>Albert\u00a0Alcoz\u00a0\u00e9s cineasta, investigador i programador de cinema experimental. Doctor en Teoria, An\u00e0lisi i Documentaci\u00f3 Cinematogr\u00e0fica per la UPF de Barcelona (2016) i professor associat de la Facultat de Belles Arts de la UB. Ha escrit els llibres\u00a0<em>Resonancias f\u00edlmicas. El sonido en el cine estructural<\/em> (1960-1981), <em>Shangrila <\/em>(2017) i <em>Radicales libres. 50 pel\u00edculas esenciales del cine experimental<\/em>\u00a0(UOC, 2019).\u00a0Col\u00b7labora regularment amb HAMACA, Xc\u00e8ntric, LOOP i A*Desk.<\/p><p><strong>Pilar Cruz\u00a0<\/strong><\/p><p>Pilar Cruz \u00e9s comiss\u00e0ria i gestora cultural. Ha comissariat projectes per a l\u2019Espai 13 (Fundaci\u00f3 Mir\u00f3), CaixaForum, Sala d&#8217;Art Jove, Arts Santa M\u00f2nica, Can Felipa i Festival Perif\u00e8ries, entre d\u2019altres. Va ser seleccionada a la primera edici\u00f3 de Komisario Berriak. Va codirigir, juntament amb l\u2018antrop\u00f2leg Marc Roig, el projecte Liminal GR (mems de cultura contempor\u00e0nia) a l&#8217;Antic Teatre, i \u00e9s cofundadora, juntament amb l\u2019artista Fito Conesa, de Deg\u00e9nero ediciones. Actualment, forma part de l\u2019equip comissarial de La Capella i assessora el projecte Temporals de l\u2019ICU<\/p>\t\t\t\t\t\t\t\t<\/div>\n\t\t\t\t<\/div>\n\t\t\t\t\t<\/div>\n\t\t<\/div>\n\t\t\t\t\t<\/div>\n\t\t<\/section>\n\t\t\t\t<\/div>\n\t\t                <\/div>\n\n                <div class=\"htmega-toggle-button\">\n                    <a href=\"#\" class=\"togglebutton-1342ad7 normal_btn\">Dia\u0300legs SCAN<svg xmlns=\"http:\/\/www.w3.org\/2000\/svg\" width=\"734\" height=\"737\" viewBox=\"0 0 734 737\" fill=\"none\"><path fill-rule=\"evenodd\" clip-rule=\"evenodd\" d=\"M0.162659 403.237L0.162659 333.779L694.736 333.779V403.237L0.162659 403.237Z\" fill=\"black\"><\/path><path fill-rule=\"evenodd\" clip-rule=\"evenodd\" d=\"M315.696 687.744L684.056 319.384L733.171 368.499L364.811 736.859L315.696 687.744Z\" fill=\"black\"><\/path><path fill-rule=\"evenodd\" clip-rule=\"evenodd\" d=\"M315.696 49.264L364.811 0.14933L733.171 368.509L684.056 417.624L315.696 49.264Z\" fill=\"black\"><\/path><\/svg><\/a><a href=\"#\" class=\"togglebutton-1342ad7 opened_btn\">Dia\u0300legs SCAN<svg xmlns=\"http:\/\/www.w3.org\/2000\/svg\" width=\"738\" height=\"734\" viewBox=\"0 0 738 734\" fill=\"none\"><path fill-rule=\"evenodd\" clip-rule=\"evenodd\" d=\"M333.933 0H403.392V694.573H333.933V0Z\" fill=\"black\"><\/path><path fill-rule=\"evenodd\" clip-rule=\"evenodd\" d=\"M49.4267 315.533L417.787 683.893L368.672 733.008L0.312012 364.648L49.4267 315.533Z\" fill=\"black\"><\/path><path fill-rule=\"evenodd\" clip-rule=\"evenodd\" d=\"M687.907 315.533L737.021 364.648L368.661 733.008L319.547 683.893L687.907 315.533Z\" fill=\"black\"><\/path><\/svg><\/a>                <\/div>\n\n            <\/div>\n\n            <script>\n                jQuery(document).ready(function($) {\n                    'use strict';\n                    $(\".togglebutton-1342ad7\").on('click', function(){\n                        $(\".htmega-toggle-content-1342ad7\").slideToggle('slow');\n                        $(this).removeAttr(\"href\");\n                        $(this).parent().toggleClass(\"open\");\n                    });\n                });\n            <\/script>\n        \t\t\t\t<\/div>\n\t\t\t\t<\/div>\n\t\t\t\t\t<\/div>\n\t\t<\/div>\n\t\t\t\t\t<\/div>\n\t\t<\/section>\n\t\t\t\t<section class=\"elementor-section elementor-top-section elementor-element elementor-element-88b041c elementor-section-full_width lsection elementor-section-height-default elementor-section-height-default\" data-id=\"88b041c\" data-element_type=\"section\" data-e-type=\"section\">\n\t\t\t\t\t\t<div class=\"elementor-container elementor-column-gap-default\">\n\t\t\t\t\t<div class=\"elementor-column elementor-col-100 elementor-top-column elementor-element elementor-element-8246756\" data-id=\"8246756\" data-element_type=\"column\" data-e-type=\"column\">\n\t\t\t<div class=\"elementor-widget-wrap elementor-element-populated\">\n\t\t\t\t\t\t<div class=\"elementor-element elementor-element-db1b67a lseccion elementor-widget elementor-widget-htmega-toggle-addons\" data-id=\"db1b67a\" data-element_type=\"widget\" data-e-type=\"widget\" data-widget_type=\"htmega-toggle-addons.default\">\n\t\t\t\t<div class=\"elementor-widget-container\">\n\t\t\t\t\t            <div class=\"htmega-toggle-area\" >\n                \n                <div class=\"htmega-toggle-content-db1b67a\" style=\"display: none;\">\n                    \t\t<div data-elementor-type=\"page\" data-elementor-id=\"3012\" class=\"elementor elementor-3012\" data-elementor-post-type=\"elementor_library\">\n\t\t\t\t\t\t<section class=\"elementor-section elementor-top-section elementor-element elementor-element-940f20b elementor-section-full_width elementor-section-height-default elementor-section-height-default\" data-id=\"940f20b\" data-element_type=\"section\" data-e-type=\"section\" id=\"content\">\n\t\t\t\t\t\t<div class=\"elementor-container elementor-column-gap-default\">\n\t\t\t\t\t<div class=\"elementor-column elementor-col-50 elementor-top-column elementor-element elementor-element-22e5b4c col1\" data-id=\"22e5b4c\" data-element_type=\"column\" data-e-type=\"column\">\n\t\t\t<div class=\"elementor-widget-wrap elementor-element-populated\">\n\t\t\t\t\t\t<div class=\"elementor-element elementor-element-3075269 elementor-widget elementor-widget-text-editor\" data-id=\"3075269\" data-element_type=\"widget\" data-e-type=\"widget\" data-widget_type=\"text-editor.default\">\n\t\t\t\t<div class=\"elementor-widget-container\">\n\t\t\t\t\t\t\t\t\t<p><b>Comiss\u00e0ria:<\/b><br \/>Natasha Christia<\/p><p><strong>Inauguraci\u00f3:<\/strong><br \/>Dijous 1 de desembre de 2022, a les 20 h<\/p><p><strong>Visita a l<\/strong><strong>\u2019<\/strong><strong>exposici\u00f3:<br \/><\/strong><strong>De l<\/strong><strong>\u2019<\/strong><strong>1 de desembre de 2022 al <\/strong><strong>15 de gener de 2023<br \/><\/strong>Museu d\u2019Art Modern de Tarragona (MAMT)<br \/>Carrer de Santa Anna, 11 Tarragona<br \/>De dimarts a divendres, de 10 a 18 h; dissabtes, de 10 a 14 h i de 16 a 18 h; diumenges i festius, d\u201911 a 14 h<br \/>Dilluns tancat<\/p><p><strong><u>Activitats paral\u00b7leles<\/u><\/strong><\/p><p><strong>Divendres 2 de desembre de 2022<br \/><\/strong><strong>19 h.<\/strong> Visita comentada a l\u2019exposici\u00f3 a c\u00e0rrec de la comiss\u00e0ria <strong>Natasha Christia<\/strong><\/p><p><b>Dissabte 3 de desembre de 2022<br \/>D&#8217;11 a 13.30 h<\/b><br \/>Classe magistral amb Natasha Christia <strong><em>El fotollibre: Historiografies del conflicte contemporani<br \/><\/em><\/strong>La publicaci\u00f3 il\u00b7lustrada, el fotollibre i el seu paper com a mitj\u00e0 de propaganda i protesta antib\u00e8l\u00b7lica, aix\u00ed com el reflex dels cismes ideol\u00f2gics i les reivindicacions civils dels segles XX i XXI<\/p><p>*Cal inscriure\u2019s al correu <strong>hola@scan.cat<\/strong><\/p><p><strong>Divendres 16 de desembre de 2022. <span style=\"color: #ff0000;\">AJORNAT FINS AL 13 DE GENER DE 2022 A LA MATEIXA HORA I LLOC<\/span><br \/><\/strong><strong>A les 18 h. <\/strong>Visita comentada a l\u2019exposici\u00f3 a c\u00e0rrec de la comiss\u00e0ria <strong>Natasha Christia<br \/><\/strong><strong>A les 19 h. <\/strong><em>La imatge reclutada<\/em>. Trobada amb <strong>Ricard Mart\u00ednez<\/strong> entorn del rol de la fotografia com a mitj\u00e0 de propaganda durant la Guerra Civil a trav\u00e9s del seu mitj\u00e0 de difusi\u00f3 principal: la p\u00e0gina impresa<br \/><strong>Ricard Mart\u00ednez<\/strong> \u00e9s artista visual i fundador d\u2019<em>Arqueologia del Punt de Vista<\/em>. El seu treball es basa principalment en la refotografia i se centra en l\u2019estudi i utilitzaci\u00f3 del registre gr\u00e0fic durant la Guerra Civil espanyola.<\/p><p>Totes les activitats s\u00f3n gratu\u00eftes. Accessible per a persones amb mobilitat redu\u00efda.<\/p><p><strong>Organitza:<\/strong> Museu d\u2019Art Modern de Tarragona (MAMT) i SCAN Tarragona<\/p><p><img loading=\"lazy\" decoding=\"async\" class=\"alignnone wp-image-4403\" src=\"https:\/\/scan.cat\/wp-content\/uploads\/2022\/10\/logoDiputacioMuseu2-300x146.jpg\" alt=\"\" width=\"200\" height=\"97\" title=\"\" srcset=\"https:\/\/scan.cat\/wp-content\/uploads\/2022\/10\/logoDiputacioMuseu2-300x146.jpg 300w, https:\/\/scan.cat\/wp-content\/uploads\/2022\/10\/logoDiputacioMuseu2.jpg 603w\" sizes=\"(max-width: 200px) 100vw, 200px\" \/><\/p><div><strong>Col\u00b7labora:<br \/><\/strong>Biblioteca Pepita Ferrer<\/div><div>\u00a0<\/div>\t\t\t\t\t\t\t\t<\/div>\n\t\t\t\t<\/div>\n\t\t\t\t<div class=\"elementor-element elementor-element-79929cf elementor-widget elementor-widget-image\" data-id=\"79929cf\" data-element_type=\"widget\" data-e-type=\"widget\" data-widget_type=\"image.default\">\n\t\t\t\t<div class=\"elementor-widget-container\">\n\t\t\t\t\t\t\t\t\t\t\t\t\t\t\t<img loading=\"lazy\" decoding=\"async\" width=\"271\" height=\"100\" src=\"https:\/\/scan.cat\/wp-content\/uploads\/2022\/07\/pepita.jpg\" class=\"attachment-full size-full wp-image-3643\" alt=\"\" title=\"\">\t\t\t\t\t\t\t\t\t\t\t\t\t\t\t<\/div>\n\t\t\t\t<\/div>\n\t\t\t\t\t<\/div>\n\t\t<\/div>\n\t\t\t\t<div class=\"elementor-column elementor-col-50 elementor-top-column elementor-element elementor-element-4de87cb col2\" data-id=\"4de87cb\" data-element_type=\"column\" data-e-type=\"column\">\n\t\t\t<div class=\"elementor-widget-wrap elementor-element-populated\">\n\t\t\t\t\t\t<div class=\"elementor-element elementor-element-3f7780f elementor-widget elementor-widget-text-editor\" data-id=\"3f7780f\" data-element_type=\"widget\" data-e-type=\"widget\" data-widget_type=\"text-editor.default\">\n\t\t\t\t<div class=\"elementor-widget-container\">\n\t\t\t\t\t\t\t\t\t<p><em>Guerra a dist\u00e0ncia<br \/><\/em><strong><em>SCAN Photobooks<\/em><\/strong><\/p><p><strong>Llibres internacionals de producci\u00f3 independent que promouen una actitud cr\u00edtica amb el relat medi\u00e0tic dominant sobre la guerra. <\/strong><\/p><p><img loading=\"lazy\" decoding=\"async\" class=\"alignnone size-large wp-image-4524\" src=\"https:\/\/scan.cat\/wp-content\/uploads\/2022\/11\/PHOTOBOOKS-1024x648.jpg\" alt=\"\" width=\"1024\" height=\"648\" title=\"\" srcset=\"https:\/\/scan.cat\/wp-content\/uploads\/2022\/11\/PHOTOBOOKS-1024x648.jpg 1024w, https:\/\/scan.cat\/wp-content\/uploads\/2022\/11\/PHOTOBOOKS-300x190.jpg 300w, https:\/\/scan.cat\/wp-content\/uploads\/2022\/11\/PHOTOBOOKS-768x486.jpg 768w, https:\/\/scan.cat\/wp-content\/uploads\/2022\/11\/PHOTOBOOKS-1536x971.jpg 1536w, https:\/\/scan.cat\/wp-content\/uploads\/2022\/11\/PHOTOBOOKS-2048x1295.jpg 2048w\" sizes=\"(max-width: 1024px) 100vw, 1024px\" \/><\/p><p>Les publicacions de l\u2019exposici\u00f3 <em>War at a distance<\/em> s\u00f3n la culminaci\u00f3 d\u2019iniciatives independents que impulsen posicions ideol\u00f2giques contr\u00e0ries a la guerra al marge del relat medi\u00e0tic dominant. Totes es regeixen per una actitud reflexiva cap al mitj\u00e0, aix\u00ed com per un enfocament cr\u00edtic en q\u00fcestions d\u2019autoritat que posa \u00e8mfasi en les fonts de producci\u00f3 i disseminaci\u00f3 de les imatges, i per una marcada intenci\u00f3 de llan\u00e7ar llum sobre l\u2019absurd de la maquin\u00e0ria militar. Sobretot, posen l\u2019accent en all\u00f2 que el cineasta alemany Harun Farocki va denominar \u00abguerra a la dist\u00e0ncia\u00bb a <em>War at a Distance<\/em> (2003): la \u00abdist\u00e0ncia\u00bb en l\u2019era de la hiperconnectivitat entesa com a condici\u00f3 intr\u00ednseca per consumir el repertori visual de la guerra mediatitzada o, a l\u2019inrev\u00e9s, com a acte de resist\u00e8ncia i emancipaci\u00f3; tamb\u00e9 la dist\u00e0ncia com a manca de proximitat afectiva entre qui ha patit la guerra i qui no, o la dist\u00e0ncia que genera la pr\u00f2pia imatge amb la seva opacitat. I, finalment, la dist\u00e0ncia com a experi\u00e8ncia d\u2019una guerra inaprehensible (com s\u00f3n les guerres no declarades i les guerres h\u00edbrides).<\/p><p>Natasha Christia<\/p>\t\t\t\t\t\t\t\t<\/div>\n\t\t\t\t<\/div>\n\t\t\t\t\t<\/div>\n\t\t<\/div>\n\t\t\t\t\t<\/div>\n\t\t<\/section>\n\t\t\t\t<\/div>\n\t\t                <\/div>\n\n                <div class=\"htmega-toggle-button\">\n                    <a href=\"#\" class=\"togglebutton-db1b67a normal_btn\">Photobooks SCAN <svg xmlns=\"http:\/\/www.w3.org\/2000\/svg\" width=\"734\" height=\"737\" viewBox=\"0 0 734 737\" fill=\"none\"><path fill-rule=\"evenodd\" clip-rule=\"evenodd\" d=\"M0.162659 403.237L0.162659 333.779L694.736 333.779V403.237L0.162659 403.237Z\" fill=\"black\"><\/path><path fill-rule=\"evenodd\" clip-rule=\"evenodd\" d=\"M315.696 687.744L684.056 319.384L733.171 368.499L364.811 736.859L315.696 687.744Z\" fill=\"black\"><\/path><path fill-rule=\"evenodd\" clip-rule=\"evenodd\" d=\"M315.696 49.264L364.811 0.14933L733.171 368.509L684.056 417.624L315.696 49.264Z\" fill=\"black\"><\/path><\/svg><\/a><a href=\"#\" class=\"togglebutton-db1b67a opened_btn\">Photobooks SCAN <svg xmlns=\"http:\/\/www.w3.org\/2000\/svg\" width=\"738\" height=\"734\" viewBox=\"0 0 738 734\" fill=\"none\"><path fill-rule=\"evenodd\" clip-rule=\"evenodd\" d=\"M333.933 0H403.392V694.573H333.933V0Z\" fill=\"black\"><\/path><path fill-rule=\"evenodd\" clip-rule=\"evenodd\" d=\"M49.4267 315.533L417.787 683.893L368.672 733.008L0.312012 364.648L49.4267 315.533Z\" fill=\"black\"><\/path><path fill-rule=\"evenodd\" clip-rule=\"evenodd\" d=\"M687.907 315.533L737.021 364.648L368.661 733.008L319.547 683.893L687.907 315.533Z\" fill=\"black\"><\/path><\/svg><\/a>                <\/div>\n\n            <\/div>\n\n            <script>\n                jQuery(document).ready(function($) {\n                    'use strict';\n                    $(\".togglebutton-db1b67a\").on('click', function(){\n                        $(\".htmega-toggle-content-db1b67a\").slideToggle('slow');\n                        $(this).removeAttr(\"href\");\n                        $(this).parent().toggleClass(\"open\");\n                    });\n                });\n            <\/script>\n        \t\t\t\t<\/div>\n\t\t\t\t<\/div>\n\t\t\t\t\t<\/div>\n\t\t<\/div>\n\t\t\t\t\t<\/div>\n\t\t<\/section>\n\t\t\t\t<section class=\"elementor-section elementor-top-section elementor-element elementor-element-7cdb9a3 elementor-section-full_width lsection elementor-section-height-default elementor-section-height-default\" data-id=\"7cdb9a3\" data-element_type=\"section\" data-e-type=\"section\">\n\t\t\t\t\t\t<div class=\"elementor-container elementor-column-gap-default\">\n\t\t\t\t\t<div class=\"elementor-column elementor-col-100 elementor-top-column elementor-element elementor-element-30ce417\" data-id=\"30ce417\" data-element_type=\"column\" data-e-type=\"column\">\n\t\t\t<div class=\"elementor-widget-wrap elementor-element-populated\">\n\t\t\t\t\t\t<div class=\"elementor-element elementor-element-f094177 lseccion elementor-widget elementor-widget-htmega-toggle-addons\" data-id=\"f094177\" data-element_type=\"widget\" data-e-type=\"widget\" data-widget_type=\"htmega-toggle-addons.default\">\n\t\t\t\t<div class=\"elementor-widget-container\">\n\t\t\t\t\t            <div class=\"htmega-toggle-area\" >\n                \n                <div class=\"htmega-toggle-content-f094177\" style=\"display: none;\">\n                    \t\t<div data-elementor-type=\"page\" data-elementor-id=\"2083\" class=\"elementor elementor-2083\" data-elementor-post-type=\"elementor_library\">\n\t\t\t\t\t\t<section class=\"elementor-section elementor-top-section elementor-element elementor-element-940f20b elementor-section-full_width elementor-section-height-default elementor-section-height-default\" data-id=\"940f20b\" data-element_type=\"section\" data-e-type=\"section\" id=\"content\">\n\t\t\t\t\t\t<div class=\"elementor-container elementor-column-gap-default\">\n\t\t\t\t\t<div class=\"elementor-column elementor-col-50 elementor-top-column elementor-element elementor-element-22e5b4c col1\" data-id=\"22e5b4c\" data-element_type=\"column\" data-e-type=\"column\">\n\t\t\t<div class=\"elementor-widget-wrap elementor-element-populated\">\n\t\t\t\t\t\t<div class=\"elementor-element elementor-element-3075269 elementor-widget elementor-widget-text-editor\" data-id=\"3075269\" data-element_type=\"widget\" data-e-type=\"widget\" data-widget_type=\"text-editor.default\">\n\t\t\t\t<div class=\"elementor-widget-container\">\n\t\t\t\t\t\t\t\t\t<p><b>Comissariat:<\/b>\u00a0<br \/><span style=\"background-color: var(--base-3); color: var(--contrast);\">Sem\u00edramis Gonz\u00e1lez<\/span><span style=\"background-color: var(--base-3); color: var(--contrast);\">\u00a0<br \/><\/span><span style=\"background-color: var(--base-3); color: var(--contrast);\">Frederic Montorn\u00e9s\u00a0<\/span><\/p><p><b>Data de l\u2019activitat:<br \/><\/b>19 de novembre de 2022<\/p><p><b>Horari per a professionals:<br \/><\/b>de les 10 h a les 18.30 h<\/p><p><b>Horari obert al p\u00fablic:<br \/><\/b>de les 15.30 h a les 18.30 h<\/p><p><b>Lloc:<br \/><\/b>Teatret del Serrallo (El Serrallo, Tarragona)\u00a0<\/p><p><strong>Disseny de l&#8217;espai:<\/strong><br \/>Elba Romero<br \/><span style=\"background-color: var(--base-3); color: var(--contrast);\"><br \/><b>Organitza:<br \/><\/b><\/span><span style=\"background-color: var(--base-3); color: var(--contrast);\">SCAN Tarragona<\/span><\/p><p><span style=\"font-weight: bold;\">Col\u00b7labora:<\/span><br \/>Teatret del Serrallo\u00a0<br \/>Port de Tarragona<\/p>\t\t\t\t\t\t\t\t<\/div>\n\t\t\t\t<\/div>\n\t\t\t\t<div class=\"elementor-element elementor-element-b05745f elementor-widget elementor-widget-image\" data-id=\"b05745f\" data-element_type=\"widget\" data-e-type=\"widget\" data-widget_type=\"image.default\">\n\t\t\t\t<div class=\"elementor-widget-container\">\n\t\t\t\t\t\t\t\t\t\t\t\t\t\t\t<img loading=\"lazy\" decoding=\"async\" width=\"501\" height=\"499\" src=\"https:\/\/scan.cat\/wp-content\/uploads\/2022\/07\/Teatret_Serrallo.jpg\" class=\"attachment-full size-full wp-image-3315\" alt=\"\" srcset=\"https:\/\/scan.cat\/wp-content\/uploads\/2022\/07\/Teatret_Serrallo.jpg 501w, https:\/\/scan.cat\/wp-content\/uploads\/2022\/07\/Teatret_Serrallo-300x300.jpg 300w, https:\/\/scan.cat\/wp-content\/uploads\/2022\/07\/Teatret_Serrallo-150x150.jpg 150w\" sizes=\"(max-width: 501px) 100vw, 501px\" title=\"\">\t\t\t\t\t\t\t\t\t\t\t\t\t\t\t<\/div>\n\t\t\t\t<\/div>\n\t\t\t\t<div class=\"elementor-element elementor-element-aa93f31 elementor-widget elementor-widget-image\" data-id=\"aa93f31\" data-element_type=\"widget\" data-e-type=\"widget\" data-widget_type=\"image.default\">\n\t\t\t\t<div class=\"elementor-widget-container\">\n\t\t\t\t\t\t\t\t\t\t\t\t\t\t\t<img loading=\"lazy\" decoding=\"async\" width=\"210\" height=\"100\" src=\"https:\/\/scan.cat\/wp-content\/uploads\/2022\/07\/Port-de-tarragona.jpg\" class=\"attachment-full size-full wp-image-3806\" alt=\"\" title=\"\">\t\t\t\t\t\t\t\t\t\t\t\t\t\t\t<\/div>\n\t\t\t\t<\/div>\n\t\t\t\t\t<\/div>\n\t\t<\/div>\n\t\t\t\t<div class=\"elementor-column elementor-col-50 elementor-top-column elementor-element elementor-element-4de87cb col2\" data-id=\"4de87cb\" data-element_type=\"column\" data-e-type=\"column\">\n\t\t\t<div class=\"elementor-widget-wrap elementor-element-populated\">\n\t\t\t\t\t\t<div class=\"elementor-element elementor-element-3f7780f elementor-widget elementor-widget-text-editor\" data-id=\"3f7780f\" data-element_type=\"widget\" data-e-type=\"widget\" data-widget_type=\"text-editor.default\">\n\t\t\t\t<div class=\"elementor-widget-container\">\n\t\t\t\t\t\t\t\t\t<p><span style=\"background-color: var(--base-3); color: var(--contrast);\">Un any m\u00e9s, SCAN Tarragona, posa en marxa la cinquena edici\u00f3 de <\/span><em style=\"background-color: var(--base-3); color: var(--contrast);\">Full Contact<\/em><span style=\"background-color: var(--base-3); color: var(--contrast);\">\u00a0per donar suport i impuls al col\u00b7lectiu d\u2019artistes emergents que tenen la fotografia com a mitj\u00e0 d\u2019expressi\u00f3 essencial i facilitar-los un espai de trobada professional amb els agents del m\u00f3n de l\u2019art.<\/span><\/p><p><em>Full Contact<\/em> \u00e9s, doncs, una trobada professional i un visionament de portafolis innovador i \u00fanic, on prevalen les relacions humanes. \u00c9s un espai relacional i \u00fatil en el qual un grup d\u2019artistes emergents, seleccionats pels comissaris <strong>Sem\u00edramis Gonz\u00e1lez<\/strong> i <strong>Frederic Montorn\u00e9s <\/strong>a partir dels projectes rebuts a la convocat\u00f2ria Full Contact 2022, s\u00f3n convidats per l\u2019SCAN a compartir el seu treball fotogr\u00e0fic amb els <em>followers<\/em>, o agents del m\u00f3n de l\u2019art, amb l\u2019objectiu d\u2019obtenir <em>feedback<\/em> sobre la seva obra, ampliar la xarxa de contactes o, si s\u2019escau, iniciar col\u00b7laboracions amb altres creadors o agents.<\/p>\t\t\t\t\t\t\t\t<\/div>\n\t\t\t\t<\/div>\n\t\t\t\t<div class=\"elementor-element elementor-element-c344ac1 elementor-align-start elementor-icon-list--layout-traditional elementor-list-item-link-full_width elementor-widget elementor-widget-icon-list\" data-id=\"c344ac1\" data-element_type=\"widget\" data-e-type=\"widget\" data-widget_type=\"icon-list.default\">\n\t\t\t\t<div class=\"elementor-widget-container\">\n\t\t\t\t\t\t\t<ul class=\"elementor-icon-list-items\">\n\t\t\t\t\t\t\t<li class=\"elementor-icon-list-item\">\n\t\t\t\t\t\t\t\t\t\t\t<a href=\"https:\/\/scan.cat\/artistes-participants\/\" target=\"_blank\">\n\n\t\t\t\t\t\t\t\t\t\t\t\t<span class=\"elementor-icon-list-icon\">\n\t\t\t\t\t\t\t<svg xmlns=\"http:\/\/www.w3.org\/2000\/svg\" width=\"734\" height=\"737\" viewBox=\"0 0 734 737\" fill=\"none\"><path fill-rule=\"evenodd\" clip-rule=\"evenodd\" d=\"M0.162659 403.237L0.162659 333.779L694.736 333.779V403.237L0.162659 403.237Z\" fill=\"black\"><\/path><path fill-rule=\"evenodd\" clip-rule=\"evenodd\" d=\"M315.696 687.744L684.056 319.384L733.171 368.499L364.811 736.859L315.696 687.744Z\" fill=\"black\"><\/path><path fill-rule=\"evenodd\" clip-rule=\"evenodd\" d=\"M315.696 49.264L364.811 0.14933L733.171 368.509L684.056 417.624L315.696 49.264Z\" fill=\"black\"><\/path><\/svg>\t\t\t\t\t\t<\/span>\n\t\t\t\t\t\t\t\t\t\t<span class=\"elementor-icon-list-text\">Artistes seleccionats<\/span>\n\t\t\t\t\t\t\t\t\t\t\t<\/a>\n\t\t\t\t\t\t\t\t\t<\/li>\n\t\t\t\t\t\t\t\t<li class=\"elementor-icon-list-item\">\n\t\t\t\t\t\t\t\t\t\t\t<a href=\"https:\/\/scan.cat\/followers-experts-convidats\/\" target=\"_blank\">\n\n\t\t\t\t\t\t\t\t\t\t\t\t<span class=\"elementor-icon-list-icon\">\n\t\t\t\t\t\t\t<svg xmlns=\"http:\/\/www.w3.org\/2000\/svg\" width=\"734\" height=\"737\" viewBox=\"0 0 734 737\" fill=\"none\"><path fill-rule=\"evenodd\" clip-rule=\"evenodd\" d=\"M0.162659 403.237L0.162659 333.779L694.736 333.779V403.237L0.162659 403.237Z\" fill=\"black\"><\/path><path fill-rule=\"evenodd\" clip-rule=\"evenodd\" d=\"M315.696 687.744L684.056 319.384L733.171 368.499L364.811 736.859L315.696 687.744Z\" fill=\"black\"><\/path><path fill-rule=\"evenodd\" clip-rule=\"evenodd\" d=\"M315.696 49.264L364.811 0.14933L733.171 368.509L684.056 417.624L315.696 49.264Z\" fill=\"black\"><\/path><\/svg>\t\t\t\t\t\t<\/span>\n\t\t\t\t\t\t\t\t\t\t<span class=\"elementor-icon-list-text\">Followers \/ experts seleccionats<\/span>\n\t\t\t\t\t\t\t\t\t\t\t<\/a>\n\t\t\t\t\t\t\t\t\t<\/li>\n\t\t\t\t\t\t<\/ul>\n\t\t\t\t\t\t<\/div>\n\t\t\t\t<\/div>\n\t\t\t\t\t<\/div>\n\t\t<\/div>\n\t\t\t\t\t<\/div>\n\t\t<\/section>\n\t\t\t\t<\/div>\n\t\t                <\/div>\n\n                <div class=\"htmega-toggle-button\">\n                    <a href=\"#\" class=\"togglebutton-f094177 normal_btn\">Full Contact SCAN<svg xmlns=\"http:\/\/www.w3.org\/2000\/svg\" width=\"734\" height=\"737\" viewBox=\"0 0 734 737\" fill=\"none\"><path fill-rule=\"evenodd\" clip-rule=\"evenodd\" d=\"M0.162659 403.237L0.162659 333.779L694.736 333.779V403.237L0.162659 403.237Z\" fill=\"black\"><\/path><path fill-rule=\"evenodd\" clip-rule=\"evenodd\" d=\"M315.696 687.744L684.056 319.384L733.171 368.499L364.811 736.859L315.696 687.744Z\" fill=\"black\"><\/path><path fill-rule=\"evenodd\" clip-rule=\"evenodd\" d=\"M315.696 49.264L364.811 0.14933L733.171 368.509L684.056 417.624L315.696 49.264Z\" fill=\"black\"><\/path><\/svg><\/a><a href=\"#\" class=\"togglebutton-f094177 opened_btn\">Full Contact SCAN<svg xmlns=\"http:\/\/www.w3.org\/2000\/svg\" width=\"738\" height=\"734\" viewBox=\"0 0 738 734\" fill=\"none\"><path fill-rule=\"evenodd\" clip-rule=\"evenodd\" d=\"M333.933 0H403.392V694.573H333.933V0Z\" fill=\"black\"><\/path><path fill-rule=\"evenodd\" clip-rule=\"evenodd\" d=\"M49.4267 315.533L417.787 683.893L368.672 733.008L0.312012 364.648L49.4267 315.533Z\" fill=\"black\"><\/path><path fill-rule=\"evenodd\" clip-rule=\"evenodd\" d=\"M687.907 315.533L737.021 364.648L368.661 733.008L319.547 683.893L687.907 315.533Z\" fill=\"black\"><\/path><\/svg><\/a>                <\/div>\n\n            <\/div>\n\n            <script>\n                jQuery(document).ready(function($) {\n                    'use strict';\n                    $(\".togglebutton-f094177\").on('click', function(){\n                        $(\".htmega-toggle-content-f094177\").slideToggle('slow');\n                        $(this).removeAttr(\"href\");\n                        $(this).parent().toggleClass(\"open\");\n                    });\n                });\n            <\/script>\n        \t\t\t\t<\/div>\n\t\t\t\t<\/div>\n\t\t\t\t\t<\/div>\n\t\t<\/div>\n\t\t\t\t\t<\/div>\n\t\t<\/section>\n\t\t\t\t<section class=\"elementor-section elementor-top-section elementor-element elementor-element-fc8162a elementor-section-full_width lsection elementor-section-height-default elementor-section-height-default\" data-id=\"fc8162a\" data-element_type=\"section\" data-e-type=\"section\">\n\t\t\t\t\t\t<div class=\"elementor-container elementor-column-gap-default\">\n\t\t\t\t\t<div class=\"elementor-column elementor-col-100 elementor-top-column elementor-element elementor-element-0c82010\" data-id=\"0c82010\" data-element_type=\"column\" data-e-type=\"column\">\n\t\t\t<div class=\"elementor-widget-wrap elementor-element-populated\">\n\t\t\t\t\t\t<div class=\"elementor-element elementor-element-40c3063 lseccion elementor-widget elementor-widget-htmega-toggle-addons\" data-id=\"40c3063\" data-element_type=\"widget\" data-e-type=\"widget\" data-widget_type=\"htmega-toggle-addons.default\">\n\t\t\t\t<div class=\"elementor-widget-container\">\n\t\t\t\t\t            <div class=\"htmega-toggle-area\" >\n                \n                <div class=\"htmega-toggle-content-40c3063\" style=\"display: none;\">\n                    \t\t<div data-elementor-type=\"page\" data-elementor-id=\"1957\" class=\"elementor elementor-1957\" data-elementor-post-type=\"elementor_library\">\n\t\t\t\t\t\t<section class=\"elementor-section elementor-top-section elementor-element elementor-element-940f20b elementor-section-full_width elementor-reverse-mobile elementor-section-height-default elementor-section-height-default\" data-id=\"940f20b\" data-element_type=\"section\" data-e-type=\"section\" id=\"content\">\n\t\t\t\t\t\t<div class=\"elementor-container elementor-column-gap-default\">\n\t\t\t\t\t<div class=\"elementor-column elementor-col-50 elementor-top-column elementor-element elementor-element-22e5b4c col1\" data-id=\"22e5b4c\" data-element_type=\"column\" data-e-type=\"column\">\n\t\t\t<div class=\"elementor-widget-wrap elementor-element-populated\">\n\t\t\t\t\t\t<div class=\"elementor-element elementor-element-3075269 elementor-widget elementor-widget-text-editor\" data-id=\"3075269\" data-element_type=\"widget\" data-e-type=\"widget\" data-widget_type=\"text-editor.default\">\n\t\t\t\t<div class=\"elementor-widget-container\">\n\t\t\t\t\t\t\t\t\t<p><strong>Consulta de llibres <br \/>BiblioSCAN<\/strong><strong><br \/><br \/><\/strong>Del 18 de novembre de 2022 al 8 de gener de 2023<br \/>Biblioteca Pepita Ferrer<br \/>Pla\u00e7a Pilar Pradells, s\/n<br \/>43006 Torreforta &#8211; Tarragona<br \/>Tel. 977 55 65 67<\/p><p><strong>Horari:<br \/><\/strong>De dilluns a divendres de 10 h a 19 h<br \/>Dissabte de 10 h a 13 h<\/p><p><strong>Organitza:<br \/><\/strong>Biblioteca Pepita Ferrer<\/p>\t\t\t\t\t\t\t\t<\/div>\n\t\t\t\t<\/div>\n\t\t\t\t<div class=\"elementor-element elementor-element-4c93fdf elementor-widget elementor-widget-image\" data-id=\"4c93fdf\" data-element_type=\"widget\" data-e-type=\"widget\" data-widget_type=\"image.default\">\n\t\t\t\t<div class=\"elementor-widget-container\">\n\t\t\t\t\t\t\t\t\t\t\t\t\t\t\t<img loading=\"lazy\" decoding=\"async\" width=\"300\" height=\"111\" src=\"https:\/\/scan.cat\/wp-content\/uploads\/2022\/10\/logoPepitaFerrer_mini.png\" class=\"attachment-full size-full wp-image-1960\" alt=\"\" title=\"\">\t\t\t\t\t\t\t\t\t\t\t\t\t\t\t<\/div>\n\t\t\t\t<\/div>\n\t\t\t\t\t<\/div>\n\t\t<\/div>\n\t\t\t\t<div class=\"elementor-column elementor-col-50 elementor-top-column elementor-element elementor-element-4de87cb col2\" data-id=\"4de87cb\" data-element_type=\"column\" data-e-type=\"column\">\n\t\t\t<div class=\"elementor-widget-wrap elementor-element-populated\">\n\t\t\t\t\t\t<div class=\"elementor-element elementor-element-3f7780f elementor-widget elementor-widget-text-editor\" data-id=\"3f7780f\" data-element_type=\"widget\" data-e-type=\"widget\" data-widget_type=\"text-editor.default\">\n\t\t\t\t<div class=\"elementor-widget-container\">\n\t\t\t\t\t\t\t\t\t<p><strong>BIBLIOSCAN<\/strong><br><strong>Biblioteca Pepita Ferrer<\/strong><\/p>\n<p>L\u2019aparador del bibliomercat pret\u00e9n sensibilitzar als i les visitants sobre el tema de la guerra amb un muntatge basat en la fotografia <em>Dia 8 <\/em>de Schevchenko<em>, <\/em>investigador i escriptor de K\u00ediv. La imatge, en la qual apareix una finestra de l\u2019habitatge de l\u2019autor, convertida en icona de la resist\u00e8ncia ucra\u00efnesa, convida a reflexionar sobre el doble joc d\u2019utilitzar els llibres i la cultura com a arma contra la barb\u00e0rie de la guerra.<\/p>\n<p>A l\u2019aparador tamb\u00e9 s\u2019hi podr\u00e0 trobar una guia amb una extensa bibliografia sobre el tema en diferents g\u00e8neres: c\u00f2mics, novel\u00b7les, assaig, llibres de fotografies, \u00e0lbums il\u00b7lustrats i contes per a infants i joves, amb la possibilitat de demanar-los en pr\u00e9stec a la Sala d\u2019adults de la Biblioteca Pepita Ferrer.<\/p>\n<p><strong>BiblioSCAN&nbsp;<\/strong>\u00e9s un llistat de llibres i c\u00f2mics recomanats al voltant de la tem\u00e0tica del festival, que en aquesta edici\u00f3 de 2022 \u00e9s la <strong>guerra<\/strong>.<\/p>\t\t\t\t\t\t\t\t<\/div>\n\t\t\t\t<\/div>\n\t\t\t\t\t<\/div>\n\t\t<\/div>\n\t\t\t\t\t<\/div>\n\t\t<\/section>\n\t\t\t\t<\/div>\n\t\t                <\/div>\n\n                <div class=\"htmega-toggle-button\">\n                    <a href=\"#\" class=\"togglebutton-40c3063 normal_btn\">BiblioSCAN. Biblioteca Pepita Ferrer <svg xmlns=\"http:\/\/www.w3.org\/2000\/svg\" width=\"734\" height=\"737\" viewBox=\"0 0 734 737\" fill=\"none\"><path fill-rule=\"evenodd\" clip-rule=\"evenodd\" d=\"M0.162659 403.237L0.162659 333.779L694.736 333.779V403.237L0.162659 403.237Z\" fill=\"black\"><\/path><path fill-rule=\"evenodd\" clip-rule=\"evenodd\" d=\"M315.696 687.744L684.056 319.384L733.171 368.499L364.811 736.859L315.696 687.744Z\" fill=\"black\"><\/path><path fill-rule=\"evenodd\" clip-rule=\"evenodd\" d=\"M315.696 49.264L364.811 0.14933L733.171 368.509L684.056 417.624L315.696 49.264Z\" fill=\"black\"><\/path><\/svg><\/a><a href=\"#\" class=\"togglebutton-40c3063 opened_btn\">BiblioSCAN. Biblioteca Pepita Ferrer <svg xmlns=\"http:\/\/www.w3.org\/2000\/svg\" width=\"738\" height=\"734\" viewBox=\"0 0 738 734\" fill=\"none\"><path fill-rule=\"evenodd\" clip-rule=\"evenodd\" d=\"M333.933 0H403.392V694.573H333.933V0Z\" fill=\"black\"><\/path><path fill-rule=\"evenodd\" clip-rule=\"evenodd\" d=\"M49.4267 315.533L417.787 683.893L368.672 733.008L0.312012 364.648L49.4267 315.533Z\" fill=\"black\"><\/path><path fill-rule=\"evenodd\" clip-rule=\"evenodd\" d=\"M687.907 315.533L737.021 364.648L368.661 733.008L319.547 683.893L687.907 315.533Z\" fill=\"black\"><\/path><\/svg><\/a>                <\/div>\n\n            <\/div>\n\n            <script>\n                jQuery(document).ready(function($) {\n                    'use strict';\n                    $(\".togglebutton-40c3063\").on('click', function(){\n                        $(\".htmega-toggle-content-40c3063\").slideToggle('slow');\n                        $(this).removeAttr(\"href\");\n                        $(this).parent().toggleClass(\"open\");\n                    });\n                });\n            <\/script>\n        \t\t\t\t<\/div>\n\t\t\t\t<\/div>\n\t\t\t\t\t<\/div>\n\t\t<\/div>\n\t\t\t\t\t<\/div>\n\t\t<\/section>\n\t\t\t\t<section class=\"elementor-section elementor-top-section elementor-element elementor-element-ff3d779 elementor-section-full_width lsection elementor-section-height-default elementor-section-height-default\" data-id=\"ff3d779\" data-element_type=\"section\" data-e-type=\"section\">\n\t\t\t\t\t\t<div class=\"elementor-container elementor-column-gap-default\">\n\t\t\t\t\t<div class=\"elementor-column elementor-col-100 elementor-top-column elementor-element elementor-element-0bed1f5\" data-id=\"0bed1f5\" data-element_type=\"column\" data-e-type=\"column\">\n\t\t\t<div class=\"elementor-widget-wrap elementor-element-populated\">\n\t\t\t\t\t\t<div class=\"elementor-element elementor-element-87e4e0e lseccion elementor-widget elementor-widget-htmega-toggle-addons\" data-id=\"87e4e0e\" data-element_type=\"widget\" data-e-type=\"widget\" data-widget_type=\"htmega-toggle-addons.default\">\n\t\t\t\t<div class=\"elementor-widget-container\">\n\t\t\t\t\t            <div class=\"htmega-toggle-area\" >\n                \n                <div class=\"htmega-toggle-content-87e4e0e\" style=\"display: none;\">\n                    \t\t<div data-elementor-type=\"page\" data-elementor-id=\"3138\" class=\"elementor elementor-3138\" data-elementor-post-type=\"elementor_library\">\n\t\t\t\t\t\t<section class=\"elementor-section elementor-top-section elementor-element elementor-element-940f20b elementor-section-full_width elementor-section-height-default elementor-section-height-default\" data-id=\"940f20b\" data-element_type=\"section\" data-e-type=\"section\" id=\"content\">\n\t\t\t\t\t\t<div class=\"elementor-container elementor-column-gap-default\">\n\t\t\t\t\t<div class=\"elementor-column elementor-col-50 elementor-top-column elementor-element elementor-element-22e5b4c col1\" data-id=\"22e5b4c\" data-element_type=\"column\" data-e-type=\"column\">\n\t\t\t<div class=\"elementor-widget-wrap elementor-element-populated\">\n\t\t\t\t\t\t<div class=\"elementor-element elementor-element-3075269 elementor-widget elementor-widget-text-editor\" data-id=\"3075269\" data-element_type=\"widget\" data-e-type=\"widget\" data-widget_type=\"text-editor.default\">\n\t\t\t\t<div class=\"elementor-widget-container\">\n\t\t\t\t\t\t\t\t\t<p><span style=\"text-decoration: underline;\"><strong>Consulta de llibres BIBLIOSCAN<\/strong><\/span><br \/><br \/><strong>Del 18 de novembre de 2022 al 2 de desembre de 2022<br \/><\/strong>Biblioteca P\u00fablica de Tarragona\u00a0<strong><br \/><\/strong>Carrer Fortuny, 30<br \/>De dilluns a divendres de 10 h a 20 h. Dissabte de 10 h a 14h<\/p><p><strong>Organitza:<\/strong><br \/>Biblioteca P\u00fablica de Tarragona<\/p><p><strong>Col\u00b7labora:<\/strong><br \/>SCAN Tarragona<\/p><p>Activitat gratu\u00efta. Acc\u00e9s a persones amb mobilitat redu\u00efda.<\/p>\t\t\t\t\t\t\t\t<\/div>\n\t\t\t\t<\/div>\n\t\t\t\t<section class=\"elementor-section elementor-inner-section elementor-element elementor-element-cff3a7a elementor-section-boxed elementor-section-height-default elementor-section-height-default\" data-id=\"cff3a7a\" data-element_type=\"section\" data-e-type=\"section\">\n\t\t\t\t\t\t<div class=\"elementor-container elementor-column-gap-default\">\n\t\t\t\t\t<div class=\"elementor-column elementor-col-100 elementor-inner-column elementor-element elementor-element-89f5d32\" data-id=\"89f5d32\" data-element_type=\"column\" data-e-type=\"column\">\n\t\t\t<div class=\"elementor-widget-wrap elementor-element-populated\">\n\t\t\t\t\t\t<div class=\"elementor-element elementor-element-960838f elementor-widget elementor-widget-image\" data-id=\"960838f\" data-element_type=\"widget\" data-e-type=\"widget\" data-widget_type=\"image.default\">\n\t\t\t\t<div class=\"elementor-widget-container\">\n\t\t\t\t\t\t\t\t\t\t\t\t\t\t\t<img decoding=\"async\" width=\"683\" height=\"108\" src=\"https:\/\/scan.cat\/wp-content\/uploads\/2022\/10\/cultura_h2.jpg\" class=\"attachment-full size-full wp-image-3123\" alt=\"\" srcset=\"https:\/\/scan.cat\/wp-content\/uploads\/2022\/10\/cultura_h2.jpg 683w, https:\/\/scan.cat\/wp-content\/uploads\/2022\/10\/cultura_h2-300x47.jpg 300w\" sizes=\"(max-width: 683px) 100vw, 683px\" title=\"\">\t\t\t\t\t\t\t\t\t\t\t\t\t\t\t<\/div>\n\t\t\t\t<\/div>\n\t\t\t\t<div class=\"elementor-element elementor-element-f4597b6 elementor-widget elementor-widget-image\" data-id=\"f4597b6\" data-element_type=\"widget\" data-e-type=\"widget\" data-widget_type=\"image.default\">\n\t\t\t\t<div class=\"elementor-widget-container\">\n\t\t\t\t\t\t\t\t\t\t\t\t\t\t\t<img loading=\"lazy\" decoding=\"async\" width=\"356\" height=\"166\" src=\"https:\/\/scan.cat\/wp-content\/uploads\/2022\/07\/logo2blau.jpg\" class=\"attachment-full size-full wp-image-3272\" alt=\"\" srcset=\"https:\/\/scan.cat\/wp-content\/uploads\/2022\/07\/logo2blau.jpg 356w, https:\/\/scan.cat\/wp-content\/uploads\/2022\/07\/logo2blau-300x140.jpg 300w\" sizes=\"(max-width: 356px) 100vw, 356px\" title=\"\">\t\t\t\t\t\t\t\t\t\t\t\t\t\t\t<\/div>\n\t\t\t\t<\/div>\n\t\t\t\t\t<\/div>\n\t\t<\/div>\n\t\t\t\t\t<\/div>\n\t\t<\/section>\n\t\t\t\t\t<\/div>\n\t\t<\/div>\n\t\t\t\t<div class=\"elementor-column elementor-col-50 elementor-top-column elementor-element elementor-element-4de87cb col2\" data-id=\"4de87cb\" data-element_type=\"column\" data-e-type=\"column\">\n\t\t\t<div class=\"elementor-widget-wrap elementor-element-populated\">\n\t\t\t\t\t\t<div class=\"elementor-element elementor-element-3f7780f elementor-widget elementor-widget-text-editor\" data-id=\"3f7780f\" data-element_type=\"widget\" data-e-type=\"widget\" data-widget_type=\"text-editor.default\">\n\t\t\t\t<div class=\"elementor-widget-container\">\n\t\t\t\t\t\t\t\t\t<p><strong>BIBLIOSCAN<br><\/strong><strong>Biblioteca P\u00fablica de Tarragona<\/strong><\/p>\n<p><strong>BiblioSCAN<\/strong> \u00e9s un llistat de llibres recomanats sobre fotografia i entorn de la tem\u00e0tica del festival, que en aquesta edici\u00f3 de 2022 \u00e9s la <strong>guerra<\/strong>.<\/p>\n<p>A la Biblioteca P\u00fablica de Tarragona els visitants trobaran, en un aparador situat al vest\u00edbul principal, llibres de refer\u00e8ncia al voltant de la hist\u00f2ria de la fotografia, la t\u00e8cnica digital, sobre l\u2019art i el nu, sobre com es fan els retrats, i tamb\u00e9 llibres d\u2019assaig de car\u00e0cter documental i fotoperiod\u00edstic.<\/p>\n<p>Entre d\u2019altres autors, a la Biblioteca P\u00fablica de Tarragona trobareu llibres d\u2019Antonio Garci, Steve McCurry, Jackie Higgins, Simon Edelstein, Rodrigo Abd, Sergio Arias Ram\u00f3n, World Press Photo (2021), David Yarrow, Mike Kus, Michael Freeman, Matt Stuart o Annie Leibovitz.<\/p>\n<p>Aquesta \u00e9s una iniciativa de les <strong>biblioteques de Tarragona i el festival SCAN.<\/strong><\/p>\t\t\t\t\t\t\t\t<\/div>\n\t\t\t\t<\/div>\n\t\t\t\t\t<\/div>\n\t\t<\/div>\n\t\t\t\t\t<\/div>\n\t\t<\/section>\n\t\t\t\t<\/div>\n\t\t                <\/div>\n\n                <div class=\"htmega-toggle-button\">\n                    <a href=\"#\" class=\"togglebutton-87e4e0e normal_btn\">BiblioSCAN. Biblioteca Pu\u0301blica de Tarragona<svg xmlns=\"http:\/\/www.w3.org\/2000\/svg\" width=\"734\" height=\"737\" viewBox=\"0 0 734 737\" fill=\"none\"><path fill-rule=\"evenodd\" clip-rule=\"evenodd\" d=\"M0.162659 403.237L0.162659 333.779L694.736 333.779V403.237L0.162659 403.237Z\" fill=\"black\"><\/path><path fill-rule=\"evenodd\" clip-rule=\"evenodd\" d=\"M315.696 687.744L684.056 319.384L733.171 368.499L364.811 736.859L315.696 687.744Z\" fill=\"black\"><\/path><path fill-rule=\"evenodd\" clip-rule=\"evenodd\" d=\"M315.696 49.264L364.811 0.14933L733.171 368.509L684.056 417.624L315.696 49.264Z\" fill=\"black\"><\/path><\/svg><\/a><a href=\"#\" class=\"togglebutton-87e4e0e opened_btn\">BiblioSCAN. Biblioteca Pu\u0301blica de Tarragona<svg xmlns=\"http:\/\/www.w3.org\/2000\/svg\" width=\"738\" height=\"734\" viewBox=\"0 0 738 734\" fill=\"none\"><path fill-rule=\"evenodd\" clip-rule=\"evenodd\" d=\"M333.933 0H403.392V694.573H333.933V0Z\" fill=\"black\"><\/path><path fill-rule=\"evenodd\" clip-rule=\"evenodd\" d=\"M49.4267 315.533L417.787 683.893L368.672 733.008L0.312012 364.648L49.4267 315.533Z\" fill=\"black\"><\/path><path fill-rule=\"evenodd\" clip-rule=\"evenodd\" d=\"M687.907 315.533L737.021 364.648L368.661 733.008L319.547 683.893L687.907 315.533Z\" fill=\"black\"><\/path><\/svg><\/a>                <\/div>\n\n            <\/div>\n\n            <script>\n                jQuery(document).ready(function($) {\n                    'use strict';\n                    $(\".togglebutton-87e4e0e\").on('click', function(){\n                        $(\".htmega-toggle-content-87e4e0e\").slideToggle('slow');\n                        $(this).removeAttr(\"href\");\n                        $(this).parent().toggleClass(\"open\");\n                    });\n                });\n            <\/script>\n        \t\t\t\t<\/div>\n\t\t\t\t<\/div>\n\t\t\t\t\t<\/div>\n\t\t<\/div>\n\t\t\t\t\t<\/div>\n\t\t<\/section>\n\t\t\t\t<section class=\"elementor-section elementor-top-section elementor-element elementor-element-6a2475f elementor-section-full_width lsection elementor-section-height-default elementor-section-height-default\" data-id=\"6a2475f\" data-element_type=\"section\" data-e-type=\"section\">\n\t\t\t\t\t\t<div class=\"elementor-container elementor-column-gap-default\">\n\t\t\t\t\t<div class=\"elementor-column elementor-col-100 elementor-top-column elementor-element elementor-element-88aaf7c\" data-id=\"88aaf7c\" data-element_type=\"column\" data-e-type=\"column\">\n\t\t\t<div class=\"elementor-widget-wrap elementor-element-populated\">\n\t\t\t\t\t\t<div class=\"elementor-element elementor-element-637d530 lseccion elementor-widget elementor-widget-htmega-toggle-addons\" data-id=\"637d530\" data-element_type=\"widget\" data-e-type=\"widget\" data-widget_type=\"htmega-toggle-addons.default\">\n\t\t\t\t<div class=\"elementor-widget-container\">\n\t\t\t\t\t            <div class=\"htmega-toggle-area\" >\n                \n                <div class=\"htmega-toggle-content-637d530\" style=\"display: none;\">\n                    \t\t<div data-elementor-type=\"page\" data-elementor-id=\"2666\" class=\"elementor elementor-2666\" data-elementor-post-type=\"elementor_library\">\n\t\t\t\t\t\t<section class=\"elementor-section elementor-top-section elementor-element elementor-element-940f20b elementor-section-full_width elementor-reverse-mobile elementor-section-height-default elementor-section-height-default\" data-id=\"940f20b\" data-element_type=\"section\" data-e-type=\"section\" id=\"content\">\n\t\t\t\t\t\t<div class=\"elementor-container elementor-column-gap-default\">\n\t\t\t\t\t<div class=\"elementor-column elementor-col-50 elementor-top-column elementor-element elementor-element-22e5b4c col1\" data-id=\"22e5b4c\" data-element_type=\"column\" data-e-type=\"column\">\n\t\t\t<div class=\"elementor-widget-wrap elementor-element-populated\">\n\t\t\t\t\t\t<div class=\"elementor-element elementor-element-3075269 elementor-widget elementor-widget-text-editor\" data-id=\"3075269\" data-element_type=\"widget\" data-e-type=\"widget\" data-widget_type=\"text-editor.default\">\n\t\t\t\t<div class=\"elementor-widget-container\">\n\t\t\t\t\t\t\t\t\t<p>Dies<strong> i punt de sortida de la ruta:<\/strong><\/p><p><strong>10 de desembre<\/strong> a les 11 h, al Fort\u00ed de la Oliva<\/p><p><span style=\"background-color: var(--base-3); color: var(--contrast);\"><strong>11 de desembre<\/strong> a les 11 h, a la pla\u00e7a de la Font, davant de l\u2019Ajuntament de Tarragona<br \/><\/span><span style=\"background-color: var(--base-3); color: var(--contrast);\">(Cada participant pot optar a participar un dels dies o ambd\u00f3s).<\/span><\/p><p><strong>Cal portar:<br \/><\/strong>C\u00e0mera de fotos (la c\u00e0mera del m\u00f2bil tamb\u00e9 serveix)<\/p><p><b>Per inscriure&#8217;s cal enviar un e-mail a: <\/b>hola@scan.cat<b><br \/><\/b><\/p><p><strong>Amb l&#8217;assessorament hist\u00f2ric<\/strong> de Ramon Alogu\u00edn Pallach<\/p><p><strong>Organitzen:<\/strong><br \/>Xarxa de Centres C\u00edvics<br \/>SCAN Tarragona<\/p>\t\t\t\t\t\t\t\t<\/div>\n\t\t\t\t<\/div>\n\t\t\t\t<div class=\"elementor-element elementor-element-51ae15a elementor-widget elementor-widget-image\" data-id=\"51ae15a\" data-element_type=\"widget\" data-e-type=\"widget\" data-widget_type=\"image.default\">\n\t\t\t\t<div class=\"elementor-widget-container\">\n\t\t\t\t\t\t\t\t\t\t\t\t\t\t\t<img loading=\"lazy\" decoding=\"async\" width=\"195\" height=\"100\" src=\"https:\/\/scan.cat\/wp-content\/uploads\/2022\/07\/Tarragona_turisme.jpg\" class=\"attachment-full size-full wp-image-3639\" alt=\"\" title=\"\">\t\t\t\t\t\t\t\t\t\t\t\t\t\t\t<\/div>\n\t\t\t\t<\/div>\n\t\t\t\t<div class=\"elementor-element elementor-element-9cb8fce elementor-widget elementor-widget-image\" data-id=\"9cb8fce\" data-element_type=\"widget\" data-e-type=\"widget\" data-widget_type=\"image.default\">\n\t\t\t\t<div class=\"elementor-widget-container\">\n\t\t\t\t\t\t\t\t\t\t\t\t\t\t\t<img loading=\"lazy\" decoding=\"async\" width=\"201\" height=\"100\" src=\"https:\/\/scan.cat\/wp-content\/uploads\/2022\/07\/Xarxa_centres.jpg\" class=\"attachment-full size-full wp-image-3631\" alt=\"\" title=\"\">\t\t\t\t\t\t\t\t\t\t\t\t\t\t\t<\/div>\n\t\t\t\t<\/div>\n\t\t\t\t\t<\/div>\n\t\t<\/div>\n\t\t\t\t<div class=\"elementor-column elementor-col-50 elementor-top-column elementor-element elementor-element-4de87cb col2\" data-id=\"4de87cb\" data-element_type=\"column\" data-e-type=\"column\">\n\t\t\t<div class=\"elementor-widget-wrap elementor-element-populated\">\n\t\t\t\t\t\t<div class=\"elementor-element elementor-element-3f7780f elementor-widget elementor-widget-text-editor\" data-id=\"3f7780f\" data-element_type=\"widget\" data-e-type=\"widget\" data-widget_type=\"text-editor.default\">\n\t\t\t\t<div class=\"elementor-widget-container\">\n\t\t\t\t\t\t\t\t\t<p><strong>Ruta fotogr\u00e0fica SCAN<\/strong><\/p><p>L\u2019SCAN i els Centres C\u00edvics de Tarragona convoquen totes les persones amants de la fotografia i la hist\u00f2ria a trobar i registrar amb els sensors de les seves c\u00e0meres les petjades que el pas del temps ha impr\u00e8s a la ciutat de Tarragona.<\/p><p>En aquesta primera edici\u00f3 ens centrarem a cercar, acompanyats pel divulgador d\u2019hist\u00f2ria local Ramon Alogu\u00edn, els rastres que la Guerra del Franc\u00e8s i la Guerra Civil espanyola han deixat en els murs, carrers i places de Tarragona i els fotografiarem. Amb el material obtingut construirem un mapa fotogr\u00e0fic que es podr\u00e0 visitar a l\u2019espai Turisme de Tarragona entre el 29 de desembre de 2022 i el 29 de gener de 2023.<\/p><p>Aquesta activitat l\u00fadica, divertida i de descoberta de la ciutat est\u00e0 pensada per al p\u00fablic de totes les edats i el familiar.<\/p>\t\t\t\t\t\t\t\t<\/div>\n\t\t\t\t<\/div>\n\t\t\t\t<div class=\"elementor-element elementor-element-1a8df9b elementor-widget elementor-widget-text-editor\" data-id=\"1a8df9b\" data-element_type=\"widget\" data-e-type=\"widget\" data-widget_type=\"text-editor.default\">\n\t\t\t\t<div class=\"elementor-widget-container\">\n\t\t\t\t\t\t\t\t\t<p><strong>Sobre els participants que vulguin mostrar les fotografies a l\u2019exposici\u00f3 de l\u2019Espai Turisme: <\/strong>Un cop acabada la ruta, els participants enviaran als centres c\u00edvics la seva millor fotografia de cadascun dels vestigis retratats. Una comissi\u00f3 formada per membres del festival SCAN i dels Centres C\u00edvics ser\u00e0 la responsable de fer-ne la selecci\u00f3. El nom de totes les persones participants estar\u00e0 reconegut als cr\u00e8dits de l\u2019exposici\u00f3.<\/p><p><strong>Data l\u00edmit per enviar les fotografies:<\/strong> 18 de desembre de 2022.<\/p><p><strong>La ruta fotogr\u00e0fica SCAN<\/strong> \u00e9s un recorregut per la ciutat de Tarragona a c\u00e0rrec de l\u2019arquitecte <strong>Ramon Alogu\u00edn Pallach <\/strong>(Tarragona, 1951).<\/p><p>Alogu\u00edn ha treballat per a l\u2019administraci\u00f3 local, al Departament de Cultura de la Generalitat i a la Universitat Rovira i Virgili, dirigint el servei de recursos materials.\u00a0\u00a0<\/p><p>Des de 2015 col\u00b7labora fent xerrades, visites guiades i publicacions de difusi\u00f3 del patrimoni hist\u00f2ric amb diverses institucions de la ciutat.<\/p>\t\t\t\t\t\t\t\t<\/div>\n\t\t\t\t<\/div>\n\t\t\t\t\t<\/div>\n\t\t<\/div>\n\t\t\t\t\t<\/div>\n\t\t<\/section>\n\t\t\t\t<\/div>\n\t\t                <\/div>\n\n                <div class=\"htmega-toggle-button\">\n                    <a href=\"#\" class=\"togglebutton-637d530 normal_btn\">Ruta fotogr\u00e0fica SCAN<svg xmlns=\"http:\/\/www.w3.org\/2000\/svg\" width=\"734\" height=\"737\" viewBox=\"0 0 734 737\" fill=\"none\"><path fill-rule=\"evenodd\" clip-rule=\"evenodd\" d=\"M0.162659 403.237L0.162659 333.779L694.736 333.779V403.237L0.162659 403.237Z\" fill=\"black\"><\/path><path fill-rule=\"evenodd\" clip-rule=\"evenodd\" d=\"M315.696 687.744L684.056 319.384L733.171 368.499L364.811 736.859L315.696 687.744Z\" fill=\"black\"><\/path><path fill-rule=\"evenodd\" clip-rule=\"evenodd\" d=\"M315.696 49.264L364.811 0.14933L733.171 368.509L684.056 417.624L315.696 49.264Z\" fill=\"black\"><\/path><\/svg><\/a><a href=\"#\" class=\"togglebutton-637d530 opened_btn\">Ruta fotogr\u00e0fica SCAN<svg xmlns=\"http:\/\/www.w3.org\/2000\/svg\" width=\"738\" height=\"734\" viewBox=\"0 0 738 734\" fill=\"none\"><path fill-rule=\"evenodd\" clip-rule=\"evenodd\" d=\"M333.933 0H403.392V694.573H333.933V0Z\" fill=\"black\"><\/path><path fill-rule=\"evenodd\" clip-rule=\"evenodd\" d=\"M49.4267 315.533L417.787 683.893L368.672 733.008L0.312012 364.648L49.4267 315.533Z\" fill=\"black\"><\/path><path fill-rule=\"evenodd\" clip-rule=\"evenodd\" d=\"M687.907 315.533L737.021 364.648L368.661 733.008L319.547 683.893L687.907 315.533Z\" fill=\"black\"><\/path><\/svg><\/a>                <\/div>\n\n            <\/div>\n\n            <script>\n                jQuery(document).ready(function($) {\n                    'use strict';\n                    $(\".togglebutton-637d530\").on('click', function(){\n                        $(\".htmega-toggle-content-637d530\").slideToggle('slow');\n                        $(this).removeAttr(\"href\");\n                        $(this).parent().toggleClass(\"open\");\n                    });\n                });\n            <\/script>\n        \t\t\t\t<\/div>\n\t\t\t\t<\/div>\n\t\t\t\t\t<\/div>\n\t\t<\/div>\n\t\t\t\t\t<\/div>\n\t\t<\/section>\n\t\t\t\t<section class=\"elementor-section elementor-top-section elementor-element elementor-element-6d93536 elementor-section-full_width lsection elementor-section-height-default elementor-section-height-default\" data-id=\"6d93536\" data-element_type=\"section\" data-e-type=\"section\">\n\t\t\t\t\t\t<div class=\"elementor-container elementor-column-gap-default\">\n\t\t\t\t\t<div class=\"elementor-column elementor-col-100 elementor-top-column elementor-element elementor-element-e5f70c3\" data-id=\"e5f70c3\" data-element_type=\"column\" data-e-type=\"column\">\n\t\t\t<div class=\"elementor-widget-wrap elementor-element-populated\">\n\t\t\t\t\t\t<div class=\"elementor-element elementor-element-3185497 lseccion elementor-widget elementor-widget-htmega-toggle-addons\" data-id=\"3185497\" data-element_type=\"widget\" data-e-type=\"widget\" data-widget_type=\"htmega-toggle-addons.default\">\n\t\t\t\t<div class=\"elementor-widget-container\">\n\t\t\t\t\t            <div class=\"htmega-toggle-area\" >\n                \n                <div class=\"htmega-toggle-content-3185497\" style=\"display: none;\">\n                    \t\t<div data-elementor-type=\"single-post\" data-elementor-id=\"1895\" class=\"elementor elementor-1895\" data-elementor-post-type=\"elementor_library\">\n\t\t\t\t\t<section class=\"elementor-section elementor-top-section elementor-element elementor-element-940f20b elementor-section-full_width elementor-section-height-default elementor-section-height-default\" data-id=\"940f20b\" data-element_type=\"section\" data-e-type=\"section\">\n\t\t\t\t\t\t<div class=\"elementor-container elementor-column-gap-default\">\n\t\t\t\t\t<div class=\"elementor-column elementor-col-50 elementor-top-column elementor-element elementor-element-22e5b4c\" data-id=\"22e5b4c\" data-element_type=\"column\" data-e-type=\"column\">\n\t\t\t<div class=\"elementor-widget-wrap elementor-element-populated\">\n\t\t\t\t\t\t<div class=\"elementor-element elementor-element-64a85a8 elementor-widget elementor-widget-text-editor\" data-id=\"64a85a8\" data-element_type=\"widget\" data-e-type=\"widget\" data-widget_type=\"text-editor.default\">\n\t\t\t\t<div class=\"elementor-widget-container\">\n\t\t\t\t\t\t\t\t\t<p><strong>Data:<br><\/strong>24 de novembre de 2022<\/p>\n<p><strong>Lloc:<br><\/strong>EADT Tarragona<br>Sant Pere i Sant Pau<br>43007 Tarragona<br>Tel. <a href=\"tel:977211253\">977 21 12 53<\/a><br><a href=\"https:\/\/www.dipta.cat\/eadt\/\" target=\"_blank\" rel=\"noopener\"><u>https:\/\/www.dipta.cat\/eadt\/<\/u><\/a><\/p>\n<p><strong>Organitza:<br><\/strong>Escola d\u2019Art i Disseny de Tarragona (EADT) <br>Diputaci\u00f3 de Tarragona<\/p>\t\t\t\t\t\t\t\t<\/div>\n\t\t\t\t<\/div>\n\t\t\t\t<div class=\"elementor-element elementor-element-0ce86e4 elementor-widget elementor-widget-image\" data-id=\"0ce86e4\" data-element_type=\"widget\" data-e-type=\"widget\" data-widget_type=\"image.default\">\n\t\t\t\t<div class=\"elementor-widget-container\">\n\t\t\t\t\t\t\t\t\t\t\t\t\t\t\t<img loading=\"lazy\" decoding=\"async\" width=\"500\" height=\"132\" src=\"https:\/\/scan.cat\/wp-content\/uploads\/2022\/07\/09_negre.svg\" class=\"attachment-full size-full wp-image-952\" alt=\"\" title=\"\">\t\t\t\t\t\t\t\t\t\t\t\t\t\t\t<\/div>\n\t\t\t\t<\/div>\n\t\t\t\t<div class=\"elementor-element elementor-element-14e857e elementor-widget elementor-widget-image\" data-id=\"14e857e\" data-element_type=\"widget\" data-e-type=\"widget\" data-widget_type=\"image.default\">\n\t\t\t\t<div class=\"elementor-widget-container\">\n\t\t\t\t\t\t\t\t\t\t\t\t\t\t\t<img loading=\"lazy\" decoding=\"async\" width=\"500\" height=\"129\" src=\"https:\/\/scan.cat\/wp-content\/uploads\/2022\/07\/10_negre.svg\" class=\"attachment-full size-full wp-image-955\" alt=\"\" title=\"\">\t\t\t\t\t\t\t\t\t\t\t\t\t\t\t<\/div>\n\t\t\t\t<\/div>\n\t\t\t\t\t<\/div>\n\t\t<\/div>\n\t\t\t\t<div class=\"elementor-column elementor-col-50 elementor-top-column elementor-element elementor-element-4de87cb\" data-id=\"4de87cb\" data-element_type=\"column\" data-e-type=\"column\">\n\t\t\t<div class=\"elementor-widget-wrap elementor-element-populated\">\n\t\t\t\t\t\t<div class=\"elementor-element elementor-element-3f7780f elementor-widget elementor-widget-text-editor\" data-id=\"3f7780f\" data-element_type=\"widget\" data-e-type=\"widget\" data-widget_type=\"text-editor.default\">\n\t\t\t\t<div class=\"elementor-widget-container\">\n\t\t\t\t\t\t\t\t\t<p><i style=\"font-weight: bold;\">Guerra a la vista! <\/i><br \/><b>Taller sobre les imatges de la guerra<br \/><\/b><span style=\"color: var(--contrast);\">A c\u00e0rrec d\u2019<b>Andr\u00e9s Hispano<\/b> i <b>F\u00e8lix P\u00e9rez-Hita<\/b><\/span><\/p><p>El conflicte recent a Ucra\u00efna ens ha arribat a trav\u00e9s d\u2019imatges terribles, immediates, commovedores i espectaculars. S\u00f3n captades per drons, m\u00f2bils, periodistes o m\u00edssils. Sabem que moltes s\u00f3n fabricacions, que pertanyen a altres escenaris o s\u00f3n manipulades d\u2019infinites maneres. \u00c9s la guerra de les imatges, una guerra paral\u00b7lela a la del camp de batalla que era present en pintures, gravats, fotografies i pantalles. Una guerra en qu\u00e8 realitat i ficci\u00f3 es nodreixen i confonen m\u00fatuament. La posici\u00f3 de l\u2019espectador, educat ja en aquests abusos i l\u00edmits difuminats, va de l\u2019emprenyament a la fascinaci\u00f3. En aquest taller, partint de les imatges que ens han arribat d\u2019Ucra\u00efna, tra\u00e7arem una hist\u00f2ria de les guerres gr\u00e0fiques, de les estrat\u00e8gies i models, trucs i t\u00e8cniques d\u2019aquest i d\u2019altres conflictes, que ens han condu\u00eft al convenciment que, en efecte, quan esclata la guerra, la veritat \u00e9s una v\u00edctima enterrada ja fa temps.<\/p><p><strong>Taller<\/strong><\/p><p>Al taller veurem i comentarem amb els assistents diferents moments assenyalats de la representaci\u00f3 dels conflictes armats (tan documentals com ficcions), parant especial atenci\u00f3 a les m\u00e9s modernes formes de representar i comunicar la guerra. D\u2019entre tot all\u00f2 que veurem, anirem capturant imatges fixes o petits fragments per acabar creant una mena d\u2019atles visual sobre la representaci\u00f3 de la viol\u00e8ncia organitzada, amb all\u00f2 que ens sembli m\u00e9s convenient per a la reflexi\u00f3. El resultat ser\u00e0 un o m\u00e9s panells dedicats a diferents aspectes del tema.<\/p><p>El rep\u00e0s visual anir\u00e0 des de les primeres imatges de conflictes armats (Roger Fenton, la Comuna de Par\u00eds de 1871, etc.), passant per Griffith, Eisenstein, Pudovkin, Kubrick\u2026 fins a arribar a reflexions visuals m\u00e9s modernes com les d\u2019Adam Curtis, Errol Morris o Harun Farocki.<\/p><p><strong>Andr\u00e9s Hispano<\/strong> (1964)<\/p><p>Realitzador, comissari expositiu i articulista. Ha codirigit els programes <em>Boing Buddha <\/em>(a BTV), <em>Baixa Fidelitat<\/em> (a XTVL) i <em>Soy C\u00e1mara<\/em> (a TVE\/CCCB). Va dirigir les<em> Nits Tem\u00e0tiques<\/em> a BTV (1997-2002) i va formar part del suplement <em>Cultura\/s <\/em>de <em>La Vanguardia<\/em> (202-2014). Ha comissariat les exposicions <em>That\u2019s not entertainment!<\/em> (CCCB, amb Tomi Pinent), <em>Pantalla Global<\/em> (CCCB, amb Gilles Lipovetsky) i <em>El Rei de la casa<\/em> (Palau de la Virreina, amb Marc Roig), entre d\u2019altres. Actualment comissaria exposicions al festival Panor\u00e0mic i dona classes a LCI, Elisava i d\u2019altres centres. Col\u00b7labora en tasques de preproducci\u00f3 cinematogr\u00e0fica, com a consultor visual. Va escriure <em>David Lynch, claroscuro americano<\/em> (1997) i va participar en el curs i posterior llibre, <em>Pol\u00edtica y (Po)\u00c9tica de las im\u00e1genes de Guerra<\/em>, organitzat per Antonio Monegal (2007).<\/p><p><strong>F\u00e9lix P\u00e9rez-Hita<\/strong> \u00e9s realitzador, guionista, editor de v\u00eddeo i comissari. Llicenciat en Hist\u00f2ria de l\u2019Art per la UB, va dirigir, amb Andr\u00e9s Hispano i Ingrid Guardiola, <em>Soy C\u00e1mara: el programa del CCCB<\/em>, 2010-2020. \u00c9s membre assessor del Festival Panor\u00e0mic (Granollers), amb Joan Fontcuberta i Andr\u00e9s Hispano, centrat en la relaci\u00f3 entre cinema i fotografia. Amb A. Bast\u00f3n, des del 2012, dirigeix el projecte <em>Hilomental: sessions videol\u00f2giques<\/em>. Va treballar com a realitzador, guionista i editor al <em>Boing Boing Buddha<\/em> (BTV) \u2014de 1999 al 2004\u2014 i en una vintena de nits tem\u00e0tiques sobre cultura per a BarcelonaTV. Membre fundador d\u2019<em>Horitz\u00f3.tv<\/em>,<em> Tvlata<\/em> (Salvador de Bahia, Brasil 2007) i <em>Gabinet de Crisi <\/em>(2001-2008), amb Arturo Bast\u00f3n i Kikol Grau. Ha format part, com a artista o comissari, d\u2019una vintena d\u2019exposicions a museus nacionals. Ha impartit classes sobre hist\u00f2ria i teoria de la imatge a diverses universitats i centres d\u2019art. Ha col\u00b7laborat en m\u00e0sters i seminaris a: ESCAC (Barcelona), ECAM (Madrid), ERAM (Girona), Bau (Barcelona), Universitat de Lleida, Bccn, MUSAC (Le\u00f3n), Universitat Pompeu Fabra, M\u00e1rgenes (Madrid), Territorios y Fronteras (Bilbao), Cultura y ciudadan\u00eda (San Sebasti\u00e0 2022). Ha escrit per a Archipi\u00e9lago, Mania (UB), Culture\/s (La Vanguardia) i El Estado Mental, entre d\u2019altres publicacions.<\/p>\t\t\t\t\t\t\t\t<\/div>\n\t\t\t\t<\/div>\n\t\t\t\t\t<\/div>\n\t\t<\/div>\n\t\t\t\t\t<\/div>\n\t\t<\/section>\n\t\t\t\t<\/div>\n\t\t                <\/div>\n\n                <div class=\"htmega-toggle-button\">\n                    <a href=\"#\" class=\"togglebutton-3185497 normal_btn\">Taller. Escola d'Art i Disseny de Tarragona (EADT)<svg xmlns=\"http:\/\/www.w3.org\/2000\/svg\" width=\"734\" height=\"737\" viewBox=\"0 0 734 737\" fill=\"none\"><path fill-rule=\"evenodd\" clip-rule=\"evenodd\" d=\"M0.162659 403.237L0.162659 333.779L694.736 333.779V403.237L0.162659 403.237Z\" fill=\"black\"><\/path><path fill-rule=\"evenodd\" clip-rule=\"evenodd\" d=\"M315.696 687.744L684.056 319.384L733.171 368.499L364.811 736.859L315.696 687.744Z\" fill=\"black\"><\/path><path fill-rule=\"evenodd\" clip-rule=\"evenodd\" d=\"M315.696 49.264L364.811 0.14933L733.171 368.509L684.056 417.624L315.696 49.264Z\" fill=\"black\"><\/path><\/svg><\/a><a href=\"#\" class=\"togglebutton-3185497 opened_btn\">Taller. Escola d'Art i Disseny de Tarragona (EADT)<svg xmlns=\"http:\/\/www.w3.org\/2000\/svg\" width=\"738\" height=\"734\" viewBox=\"0 0 738 734\" fill=\"none\"><path fill-rule=\"evenodd\" clip-rule=\"evenodd\" d=\"M333.933 0H403.392V694.573H333.933V0Z\" fill=\"black\"><\/path><path fill-rule=\"evenodd\" clip-rule=\"evenodd\" d=\"M49.4267 315.533L417.787 683.893L368.672 733.008L0.312012 364.648L49.4267 315.533Z\" fill=\"black\"><\/path><path fill-rule=\"evenodd\" clip-rule=\"evenodd\" d=\"M687.907 315.533L737.021 364.648L368.661 733.008L319.547 683.893L687.907 315.533Z\" fill=\"black\"><\/path><\/svg><\/a>                <\/div>\n\n            <\/div>\n\n            <script>\n                jQuery(document).ready(function($) {\n                    'use strict';\n                    $(\".togglebutton-3185497\").on('click', function(){\n                        $(\".htmega-toggle-content-3185497\").slideToggle('slow');\n                        $(this).removeAttr(\"href\");\n                        $(this).parent().toggleClass(\"open\");\n                    });\n                });\n            <\/script>\n        \t\t\t\t<\/div>\n\t\t\t\t<\/div>\n\t\t\t\t\t<\/div>\n\t\t<\/div>\n\t\t\t\t\t<\/div>\n\t\t<\/section>\n\t\t\t\t<section class=\"elementor-section elementor-top-section elementor-element elementor-element-65ab6af elementor-section-full_width lsection elementor-section-height-default elementor-section-height-default\" data-id=\"65ab6af\" data-element_type=\"section\" data-e-type=\"section\">\n\t\t\t\t\t\t<div class=\"elementor-container elementor-column-gap-default\">\n\t\t\t\t\t<div class=\"elementor-column elementor-col-100 elementor-top-column elementor-element elementor-element-ce5d44c\" data-id=\"ce5d44c\" data-element_type=\"column\" data-e-type=\"column\">\n\t\t\t<div class=\"elementor-widget-wrap elementor-element-populated\">\n\t\t\t\t\t\t<div class=\"elementor-element elementor-element-aac1ce0 lseccion elementor-widget elementor-widget-htmega-toggle-addons\" data-id=\"aac1ce0\" data-element_type=\"widget\" data-e-type=\"widget\" data-widget_type=\"htmega-toggle-addons.default\">\n\t\t\t\t<div class=\"elementor-widget-container\">\n\t\t\t\t\t            <div class=\"htmega-toggle-area\" >\n                \n                <div class=\"htmega-toggle-content-aac1ce0\" style=\"display: none;\">\n                    \t\t<div data-elementor-type=\"page\" data-elementor-id=\"2064\" class=\"elementor elementor-2064\" data-elementor-post-type=\"elementor_library\">\n\t\t\t\t\t\t<section class=\"elementor-section elementor-top-section elementor-element elementor-element-940f20b elementor-section-full_width elementor-section-height-default elementor-section-height-default\" data-id=\"940f20b\" data-element_type=\"section\" data-e-type=\"section\" id=\"content\">\n\t\t\t\t\t\t<div class=\"elementor-container elementor-column-gap-default\">\n\t\t\t\t\t<div class=\"elementor-column elementor-col-50 elementor-top-column elementor-element elementor-element-22e5b4c col1\" data-id=\"22e5b4c\" data-element_type=\"column\" data-e-type=\"column\">\n\t\t\t<div class=\"elementor-widget-wrap elementor-element-populated\">\n\t\t\t\t\t\t<div class=\"elementor-element elementor-element-3075269 elementor-widget elementor-widget-text-editor\" data-id=\"3075269\" data-element_type=\"widget\" data-e-type=\"widget\" data-widget_type=\"text-editor.default\">\n\t\t\t\t<div class=\"elementor-widget-container\">\n\t\t\t\t\t\t\t\t\t<p><strong>Lloc on es fa el taller:<br \/><\/strong>Casal d\u2019entitats de Sant Salvador<br \/>Avinguda Sant Salvador 114 <br \/>43130 Tarragona<\/p><p><strong>Dates:<br \/><\/strong>1, 2 i 3 de desembre de 2022<\/p><p>*Places exhaurides<\/p><p><strong>Col\u00b7labora:<\/strong> <br \/>Associaci\u00f3 Bloc 23<\/p>\t\t\t\t\t\t\t\t<\/div>\n\t\t\t\t<\/div>\n\t\t\t\t\t<\/div>\n\t\t<\/div>\n\t\t\t\t<div class=\"elementor-column elementor-col-50 elementor-top-column elementor-element elementor-element-4de87cb col2\" data-id=\"4de87cb\" data-element_type=\"column\" data-e-type=\"column\">\n\t\t\t<div class=\"elementor-widget-wrap elementor-element-populated\">\n\t\t\t\t\t\t<div class=\"elementor-element elementor-element-3f7780f elementor-widget elementor-widget-text-editor\" data-id=\"3f7780f\" data-element_type=\"widget\" data-e-type=\"widget\" data-widget_type=\"text-editor.default\">\n\t\t\t\t<div class=\"elementor-widget-container\">\n\t\t\t\t\t\t\t\t\t<p><b><i>A la carga<\/i><br \/>Taller de fotomuntatge<br \/><\/b><span style=\"background-color: var(--base-3); color: var(--contrast);\">A c\u00e0rrec de <b>Juli\u00e1n Bar\u00f3n<\/b><\/span><\/p><p>Taller planificat per practicar t\u00e8cniques de muntatge amb imatges, tant en l\u2019assemblatge manual o digital, i explorar com l\u2019art pot transmetre temes carregats d\u2019emocions i una producci\u00f3 significativa de s\u00edmbols, aix\u00ed com entendre conceptes com ara l\u2019autoria.<\/p><p>A l\u2019inici del taller es compondr\u00e0 un arxiu com\u00fa d\u2019imatges vinculades a la guerra en totes les seves manifestacions, per la qual cosa es convida les persones participants a portar tot tipus de documents, fotos, revistes, diaris, captures de pantalla de videojocs i altres materials que es puguin utilitzar en el taller. I a la c\u00e0rrega!<\/p><p><strong>Juli\u00e1n Bar\u00f3n <\/strong>(Castell\u00f3 de la Plana, 1978) \u00e9s fot\u00f2graf, docent i impulsor de projectes que empren la imatge com a eina social de pensament. Ha treballat com a professor de desenvolupament de projectes fotogr\u00e0fics a Blank Paper Escuela Online, Val\u00e8ncia i Castell\u00f3. En els seus projectes mant\u00e9 una voluntat permanent de plantejar perspectives capaces de contribuir a afeblir la r\u00edgida imaginaci\u00f3 col\u00b7lectiva i a q\u00fcestionar els discursos oficials que construeixen la mem\u00f2ria, la hist\u00f2ria i la identitat mitjan\u00e7ant la imatge. En els \u00faltims anys, s\u2019ha involucrat en la creaci\u00f3 i coordinaci\u00f3 de projectes, tallers o laboratoris d\u2019idees amb perfil pedag\u00f2gic i col\u00b7laboratiu com Horizon, imagenred.org, Contrataller, El blat, alimentaci\u00f3 col\u00b7lectiva, THE CAGE, Carpetas, o Ser libro.<\/p><p><strong>Biografia de l<\/strong>\u2019<strong>associaci\u00f3<\/strong><\/p><p>Bloc 23 \u00e9s una associaci\u00f3 juvenil de fot\u00f2grafs del barri de Sant Salvador, Tarragona, nascuda amb la finalitat d\u2019estudiar, promocionar, desenvolupar i potenciar la fotografia com a fet cultural i document social. El projecte pret\u00e9n crear oportunitats per a joves en l\u2019\u00e0mbit creatiu i aprofundir en el sentit cr\u00edtic i est\u00e8tic de l\u2019audiovisual.<\/p><p><strong>SCAN als barris<\/strong><\/p><p>El taller <em>A la carga<\/em> forma part del programa SCAN als barris. L\u2019objectiu \u00e9s que la fotografia, com a eina creativa i llenguatge de comunicaci\u00f3, com\u00fa de tota la poblaci\u00f3, tingui pres\u00e8ncia activa, tamb\u00e9, entre els diferents col\u00b7lectius de persones joves que viuen a les zones perif\u00e8riques de la ciutat de Tarragona i, alhora, esdevingui el punt de partida per esperonar el debat i la reflexi\u00f3 entorn del m\u00f3n que ens envolta.<\/p>\t\t\t\t\t\t\t\t<\/div>\n\t\t\t\t<\/div>\n\t\t\t\t\t<\/div>\n\t\t<\/div>\n\t\t\t\t\t<\/div>\n\t\t<\/section>\n\t\t\t\t<\/div>\n\t\t                <\/div>\n\n                <div class=\"htmega-toggle-button\">\n                    <a href=\"#\" class=\"togglebutton-aac1ce0 normal_btn\"> Taller. Associaci\u00f3 Bloc 23<svg xmlns=\"http:\/\/www.w3.org\/2000\/svg\" width=\"734\" height=\"737\" viewBox=\"0 0 734 737\" fill=\"none\"><path fill-rule=\"evenodd\" clip-rule=\"evenodd\" d=\"M0.162659 403.237L0.162659 333.779L694.736 333.779V403.237L0.162659 403.237Z\" fill=\"black\"><\/path><path fill-rule=\"evenodd\" clip-rule=\"evenodd\" d=\"M315.696 687.744L684.056 319.384L733.171 368.499L364.811 736.859L315.696 687.744Z\" fill=\"black\"><\/path><path fill-rule=\"evenodd\" clip-rule=\"evenodd\" d=\"M315.696 49.264L364.811 0.14933L733.171 368.509L684.056 417.624L315.696 49.264Z\" fill=\"black\"><\/path><\/svg><\/a><a href=\"#\" class=\"togglebutton-aac1ce0 opened_btn\"> Taller. Associaci\u00f3 Bloc 23<svg xmlns=\"http:\/\/www.w3.org\/2000\/svg\" width=\"738\" height=\"734\" viewBox=\"0 0 738 734\" fill=\"none\"><path fill-rule=\"evenodd\" clip-rule=\"evenodd\" d=\"M333.933 0H403.392V694.573H333.933V0Z\" fill=\"black\"><\/path><path fill-rule=\"evenodd\" clip-rule=\"evenodd\" d=\"M49.4267 315.533L417.787 683.893L368.672 733.008L0.312012 364.648L49.4267 315.533Z\" fill=\"black\"><\/path><path fill-rule=\"evenodd\" clip-rule=\"evenodd\" d=\"M687.907 315.533L737.021 364.648L368.661 733.008L319.547 683.893L687.907 315.533Z\" fill=\"black\"><\/path><\/svg><\/a>                <\/div>\n\n            <\/div>\n\n            <script>\n                jQuery(document).ready(function($) {\n                    'use strict';\n                    $(\".togglebutton-aac1ce0\").on('click', function(){\n                        $(\".htmega-toggle-content-aac1ce0\").slideToggle('slow');\n                        $(this).removeAttr(\"href\");\n                        $(this).parent().toggleClass(\"open\");\n                    });\n                });\n            <\/script>\n        \t\t\t\t<\/div>\n\t\t\t\t<\/div>\n\t\t\t\t\t<\/div>\n\t\t<\/div>\n\t\t\t\t\t<\/div>\n\t\t<\/section>\n\t\t\t\t<section class=\"elementor-section elementor-top-section elementor-element elementor-element-4a97f15 elementor-section-full_width lsection elementor-section-height-default elementor-section-height-default\" data-id=\"4a97f15\" data-element_type=\"section\" data-e-type=\"section\">\n\t\t\t\t\t\t<div class=\"elementor-container elementor-column-gap-default\">\n\t\t\t\t\t<div class=\"elementor-column elementor-col-100 elementor-top-column elementor-element elementor-element-0f8722c\" data-id=\"0f8722c\" data-element_type=\"column\" data-e-type=\"column\">\n\t\t\t<div class=\"elementor-widget-wrap elementor-element-populated\">\n\t\t\t\t\t\t<div class=\"elementor-element elementor-element-8649258 lseccion elementor-widget elementor-widget-htmega-toggle-addons\" data-id=\"8649258\" data-element_type=\"widget\" data-e-type=\"widget\" data-widget_type=\"htmega-toggle-addons.default\">\n\t\t\t\t<div class=\"elementor-widget-container\">\n\t\t\t\t\t            <div class=\"htmega-toggle-area\" >\n                \n                <div class=\"htmega-toggle-content-8649258\" style=\"display: none;\">\n                    \t\t<div data-elementor-type=\"page\" data-elementor-id=\"2472\" class=\"elementor elementor-2472\" data-elementor-post-type=\"elementor_library\">\n\t\t\t\t\t\t<section class=\"elementor-section elementor-top-section elementor-element elementor-element-940f20b elementor-section-full_width elementor-reverse-mobile elementor-section-height-default elementor-section-height-default\" data-id=\"940f20b\" data-element_type=\"section\" data-e-type=\"section\" id=\"content\">\n\t\t\t\t\t\t<div class=\"elementor-container elementor-column-gap-default\">\n\t\t\t\t\t<div class=\"elementor-column elementor-col-50 elementor-top-column elementor-element elementor-element-22e5b4c col1\" data-id=\"22e5b4c\" data-element_type=\"column\" data-e-type=\"column\">\n\t\t\t<div class=\"elementor-widget-wrap elementor-element-populated\">\n\t\t\t\t\t\t<div class=\"elementor-element elementor-element-3075269 elementor-widget elementor-widget-text-editor\" data-id=\"3075269\" data-element_type=\"widget\" data-e-type=\"widget\" data-widget_type=\"text-editor.default\">\n\t\t\t\t<div class=\"elementor-widget-container\">\n\t\t\t\t\t\t\t\t\t<p><strong>Lloc:<br><\/strong>Espai Jove Kesse<br>Carrer de Sant Antoni Maria Claret, 12-14<br>43002 Tarragona<\/p>\n<p><strong>Dates:<\/strong><br>27 i 28 de desembre, de 10 h a 12 h<br>29 de desembre, de 10 h a 13 h<\/p>\n<p><strong><em>Alpes. \u00daltima salida<\/em><\/strong> <a href=\"https:\/\/www.facebook.com\/Alpes.ultimasalida\/\" target=\"_blank\" rel=\"noopener\"><u>https:\/\/www.facebook.com\/Alpes.ultimasalida\/<\/u><\/a><\/p>\n<p><b>Inscripcions gratu\u00eftes a:<br><\/b> <a href=\"https:\/\/tarragonajove.org\/\" target=\"_blank\" rel=\"noopener\">h<u>ttps:\/\/tarragonajove.org\/<\/u><\/a><\/p>\n<p>Cal tenir m\u00e9s de 16 anys<\/p>\n<p><strong>Organitza:<br><\/strong>Servei Municipal de Joventut i Cooperaci\u00f3<\/p>\n<p><b>Fotografia:<\/b><br><span style=\"background-color: var(--base-3); color: var(--contrast);\">Vallv\u00e9. Fons Municipal. Centre d\u2019Imatges de Tarragona \/ L\u2019Arxiu<\/span><\/p>\t\t\t\t\t\t\t\t<\/div>\n\t\t\t\t<\/div>\n\t\t\t\t<div class=\"elementor-element elementor-element-b06387d elementor-widget elementor-widget-image\" data-id=\"b06387d\" data-element_type=\"widget\" data-e-type=\"widget\" data-widget_type=\"image.default\">\n\t\t\t\t<div class=\"elementor-widget-container\">\n\t\t\t\t\t\t\t\t\t\t\t\t\t\t\t<img loading=\"lazy\" decoding=\"async\" width=\"266\" height=\"100\" src=\"https:\/\/scan.cat\/wp-content\/uploads\/2022\/07\/Tarragona_Jove.jpg\" class=\"attachment-full size-full wp-image-3629\" alt=\"\" title=\"\">\t\t\t\t\t\t\t\t\t\t\t\t\t\t\t<\/div>\n\t\t\t\t<\/div>\n\t\t\t\t\t<\/div>\n\t\t<\/div>\n\t\t\t\t<div class=\"elementor-column elementor-col-50 elementor-top-column elementor-element elementor-element-4de87cb col2\" data-id=\"4de87cb\" data-element_type=\"column\" data-e-type=\"column\">\n\t\t\t<div class=\"elementor-widget-wrap elementor-element-populated\">\n\t\t\t\t\t\t<div class=\"elementor-element elementor-element-4c93fdf elementor-widget elementor-widget-image\" data-id=\"4c93fdf\" data-element_type=\"widget\" data-e-type=\"widget\" data-widget_type=\"image.default\">\n\t\t\t\t<div class=\"elementor-widget-container\">\n\t\t\t\t\t\t\t\t\t\t\t\t\t\t\t<img loading=\"lazy\" decoding=\"async\" width=\"532\" height=\"711\" src=\"https:\/\/scan.cat\/wp-content\/uploads\/2022\/10\/Foto_Aprimeralinia_plac\u0327a-toros1.png\" class=\"attachment-full size-full wp-image-2475\" alt=\"\" srcset=\"https:\/\/scan.cat\/wp-content\/uploads\/2022\/10\/Foto_Aprimeralinia_plac\u0327a-toros1.png 532w, https:\/\/scan.cat\/wp-content\/uploads\/2022\/10\/Foto_Aprimeralinia_plac\u0327a-toros1-224x300.png 224w\" sizes=\"(max-width: 532px) 100vw, 532px\" title=\"\">\t\t\t\t\t\t\t\t\t\t\t\t\t\t\t<\/div>\n\t\t\t\t<\/div>\n\t\t\t\t<div class=\"elementor-element elementor-element-3f7780f elementor-widget elementor-widget-text-editor\" data-id=\"3f7780f\" data-element_type=\"widget\" data-e-type=\"widget\" data-widget_type=\"text-editor.default\">\n\t\t\t\t<div class=\"elementor-widget-container\">\n\t\t\t\t\t\t\t\t\t<p><strong>Taller<i>&nbsp;<\/i>\u00abA PRIMERA L\u00cdNIA\u00bb<\/strong><strong style=\"background-color: var(--base-3); color: var(--contrast);\"><br><\/strong><span style=\"color: var(--contrast); background-color: var(--base-3);\">A c\u00e0rrec de Carles Uriarte<\/span><\/p>\n<p>La fotografia com a mitj\u00e0 d\u2019expressi\u00f3 i autoconeixement, que estableix una connexi\u00f3 interna amb les emocions i els sentiments d\u2019all\u00f2 que ens representa una situaci\u00f3 de viol\u00e8ncia. Per mitj\u00e0 d\u2019exercicis pr\u00e0ctics, a m\u00e9s de con\u00e8ixer les caracter\u00edstiques i la t\u00e8cnica fotogr\u00e0fica, en Carles ens portar\u00e0 a descobrir indrets de la ciutat que s\u00f3n escenaris de conflictes hist\u00f2rics, de disputes i d\u2019encontres actuals.<\/p>\n<p>La viol\u00e8ncia entra cada dia per la porta de casa nostra, a trav\u00e9s de la televisi\u00f3 o les xarxes socials. Algunes formes de viol\u00e8ncia les reconeixem, per\u00f2 n\u2019hi ha d\u2019altres a les quals no els posem nom. Les formes s\u00f3n m\u00faltiples i els seus efectes i conseq\u00fc\u00e8ncies tamb\u00e9.<\/p>\n<p>M\u00e9s enll\u00e0 dels conflictes quotidians i presents a la nostra ciutat, fotografiats des de m\u00faltiples angles, el dia 29 acompanyaran el taller en Carlos, la Sandra, en Robert i l\u2019\u00c0lex, quatre joves tarragonins que el 2019 van viatjar als Alps italians per documentar i fotografiar la viol\u00e8ncia que viuen joves provinents d\u2019altres pa\u00efsos que despr\u00e9s de creuar el S\u00e0hara i el mar mediterrani, intenten travessar els Alps en busca d\u2019un futur diferent al qual els espera a casa seva.<\/p>\n<p><strong>Carles Uriarte<\/strong>, animador sociocultural i educador, treballa amb joves des de fa m\u00e9s de 20 anys i \u00e9s un apassionat del mon audiovisual i astron\u00f2mic.<\/p>\t\t\t\t\t\t\t\t<\/div>\n\t\t\t\t<\/div>\n\t\t\t\t\t<\/div>\n\t\t<\/div>\n\t\t\t\t\t<\/div>\n\t\t<\/section>\n\t\t\t\t<\/div>\n\t\t                <\/div>\n\n                <div class=\"htmega-toggle-button\">\n                    <a href=\"#\" class=\"togglebutton-8649258 normal_btn\">Taller. Espai Jove Kesse<svg xmlns=\"http:\/\/www.w3.org\/2000\/svg\" width=\"734\" height=\"737\" viewBox=\"0 0 734 737\" fill=\"none\"><path fill-rule=\"evenodd\" clip-rule=\"evenodd\" d=\"M0.162659 403.237L0.162659 333.779L694.736 333.779V403.237L0.162659 403.237Z\" fill=\"black\"><\/path><path fill-rule=\"evenodd\" clip-rule=\"evenodd\" d=\"M315.696 687.744L684.056 319.384L733.171 368.499L364.811 736.859L315.696 687.744Z\" fill=\"black\"><\/path><path fill-rule=\"evenodd\" clip-rule=\"evenodd\" d=\"M315.696 49.264L364.811 0.14933L733.171 368.509L684.056 417.624L315.696 49.264Z\" fill=\"black\"><\/path><\/svg><\/a><a href=\"#\" class=\"togglebutton-8649258 opened_btn\">Taller. Espai Jove Kesse<svg xmlns=\"http:\/\/www.w3.org\/2000\/svg\" width=\"738\" height=\"734\" viewBox=\"0 0 738 734\" fill=\"none\"><path fill-rule=\"evenodd\" clip-rule=\"evenodd\" d=\"M333.933 0H403.392V694.573H333.933V0Z\" fill=\"black\"><\/path><path fill-rule=\"evenodd\" clip-rule=\"evenodd\" d=\"M49.4267 315.533L417.787 683.893L368.672 733.008L0.312012 364.648L49.4267 315.533Z\" fill=\"black\"><\/path><path fill-rule=\"evenodd\" clip-rule=\"evenodd\" d=\"M687.907 315.533L737.021 364.648L368.661 733.008L319.547 683.893L687.907 315.533Z\" fill=\"black\"><\/path><\/svg><\/a>                <\/div>\n\n            <\/div>\n\n            <script>\n                jQuery(document).ready(function($) {\n                    'use strict';\n                    $(\".togglebutton-8649258\").on('click', function(){\n                        $(\".htmega-toggle-content-8649258\").slideToggle('slow');\n                        $(this).removeAttr(\"href\");\n                        $(this).parent().toggleClass(\"open\");\n                    });\n                });\n            <\/script>\n        \t\t\t\t<\/div>\n\t\t\t\t<\/div>\n\t\t\t\t\t<\/div>\n\t\t<\/div>\n\t\t\t\t\t<\/div>\n\t\t<\/section>\n\t\t\t\t<section class=\"elementor-section elementor-top-section elementor-element elementor-element-2da632a elementor-section-full_width lsection elementor-section-height-default elementor-section-height-default\" data-id=\"2da632a\" data-element_type=\"section\" data-e-type=\"section\">\n\t\t\t\t\t\t<div class=\"elementor-container elementor-column-gap-default\">\n\t\t\t\t\t<div class=\"elementor-column elementor-col-100 elementor-top-column elementor-element elementor-element-ea8dbd9\" data-id=\"ea8dbd9\" data-element_type=\"column\" data-e-type=\"column\">\n\t\t\t<div class=\"elementor-widget-wrap elementor-element-populated\">\n\t\t\t\t\t\t<div class=\"elementor-element elementor-element-6ae78b5 lseccion elementor-widget elementor-widget-htmega-toggle-addons\" data-id=\"6ae78b5\" data-element_type=\"widget\" data-e-type=\"widget\" data-widget_type=\"htmega-toggle-addons.default\">\n\t\t\t\t<div class=\"elementor-widget-container\">\n\t\t\t\t\t            <div class=\"htmega-toggle-area\" >\n                \n                <div class=\"htmega-toggle-content-6ae78b5\" style=\"display: none;\">\n                    \t\t<div data-elementor-type=\"page\" data-elementor-id=\"2053\" class=\"elementor elementor-2053\" data-elementor-post-type=\"elementor_library\">\n\t\t\t\t\t\t<section class=\"elementor-section elementor-top-section elementor-element elementor-element-940f20b elementor-section-full_width elementor-reverse-mobile elementor-section-height-default elementor-section-height-default\" data-id=\"940f20b\" data-element_type=\"section\" data-e-type=\"section\" id=\"content\">\n\t\t\t\t\t\t<div class=\"elementor-container elementor-column-gap-default\">\n\t\t\t\t\t<div class=\"elementor-column elementor-col-50 elementor-top-column elementor-element elementor-element-22e5b4c col1\" data-id=\"22e5b4c\" data-element_type=\"column\" data-e-type=\"column\">\n\t\t\t<div class=\"elementor-widget-wrap elementor-element-populated\">\n\t\t\t\t\t\t<div class=\"elementor-element elementor-element-3075269 elementor-widget elementor-widget-text-editor\" data-id=\"3075269\" data-element_type=\"widget\" data-e-type=\"widget\" data-widget_type=\"text-editor.default\">\n\t\t\t\t<div class=\"elementor-widget-container\">\n\t\t\t\t\t\t\t\t\t<p><strong>Taller Onada<\/strong><br>Divendres dia 9 de desembre d\u201911 h a 13.30 h<br>(En cas de mal temps es posposar\u00e0 l\u2019activitat al dia 16 de desembre)<\/p>\n<p><strong>Taller <\/strong><strong>dones migrades<\/strong> <br>Dissabte dia 10 de desembre de 10 h a 13 h<\/p>\n<p><strong>Espai on es fan els tallers<br><\/strong>Biblioteca Municipal Pepita Ferrer<br>Barri Torreforta<br>Pla\u00e7a del Tarragon\u00e8s, s\/n. <br>43006 Tarragona<\/p>\n<p>Tallers tancats a les entitats col\u00b7laboradores.<\/p>\n<p><strong>Organitza:<\/strong> <br>Biblioteca Pepita Ferrer <br>SCAN Tarragona<\/p>\n<p><strong>Dirigeix:<\/strong>&nbsp;<br>ClicCme<\/p>\t\t\t\t\t\t\t\t<\/div>\n\t\t\t\t<\/div>\n\t\t\t\t<div class=\"elementor-element elementor-element-4c93fdf elementor-widget elementor-widget-image\" data-id=\"4c93fdf\" data-element_type=\"widget\" data-e-type=\"widget\" data-widget_type=\"image.default\">\n\t\t\t\t<div class=\"elementor-widget-container\">\n\t\t\t\t\t\t\t\t\t\t\t\t\t\t\t<img loading=\"lazy\" decoding=\"async\" width=\"300\" height=\"111\" src=\"https:\/\/scan.cat\/wp-content\/uploads\/2022\/10\/logoPepitaFerrer_mini.png\" class=\"attachment-full size-full wp-image-1960\" alt=\"\" title=\"\">\t\t\t\t\t\t\t\t\t\t\t\t\t\t\t<\/div>\n\t\t\t\t<\/div>\n\t\t\t\t\t<\/div>\n\t\t<\/div>\n\t\t\t\t<div class=\"elementor-column elementor-col-50 elementor-top-column elementor-element elementor-element-4de87cb col2\" data-id=\"4de87cb\" data-element_type=\"column\" data-e-type=\"column\">\n\t\t\t<div class=\"elementor-widget-wrap elementor-element-populated\">\n\t\t\t\t\t\t<div class=\"elementor-element elementor-element-3f7780f elementor-widget elementor-widget-text-editor\" data-id=\"3f7780f\" data-element_type=\"widget\" data-e-type=\"widget\" data-widget_type=\"text-editor.default\">\n\t\t\t\t<div class=\"elementor-widget-container\">\n\t\t\t\t\t\t\t\t\t<p><strong>Tallers de fotografia a la Biblioteca Pepita Ferrer<\/strong><\/p><p><strong>Taller de cianot\u00edpies per a persones de l<\/strong><strong>\u2019<\/strong><strong>associaci\u00f3 ONADA<\/strong><\/p><p>Intervenci\u00f3 amb la t\u00e8cnica de la cianot\u00edpia, que es treballa des del seu vessant m\u00e9s experimental i creatiu. On el mateix proc\u00e9s de treball sigui una experi\u00e8ncia f\u00edsica i sensorial, des de l\u2019observaci\u00f3 i tria d\u2019objectes i materials amb els quals farem la intervenci\u00f3, fins a la realitzaci\u00f3 de la c\u00f2pia fotogr\u00e0fica.<\/p><p><strong>Taller de fotografia per a dones migrades<\/strong><\/p><p>Durem a terme una reflexi\u00f3 en forma de petit fotollibre, un per dona, sobre els seus processos de migraci\u00f3, de viatge, interior o literal, d\u2019on venen a on han arribat, com vivien, com viuen, qu\u00e8 han deixat, qu\u00e8 han trobat, com i quines emocions les han acompanyat en aquests\u00abviatges\u00bb .<\/p><p><strong>Tallers a c\u00e0rrec d&#8217;Eug\u00e8nia Ortiz Antoranz (CliCme_inclusi\u00f3)<\/strong><\/p><p>CliCme inclusi\u00f3 \u00e9s una plataforma que treballa amb el llenguatge de la fotografia amb un objectiu transformador, d\u2019intervenci\u00f3 social i connexi\u00f3 amb l\u2019entorn i les persones.<\/p><p>CliCme ent\u00e9n la fotografia com una forma vers\u00e0til i accessible d\u2019expressi\u00f3 creativa que ofereix oportunitats per a una inclusi\u00f3 veritablement significativa. La fotografia permet a qualsevol persona compartir la seva perspectiva o experi\u00e8ncia d\u2019una manera que \u00e9s instant\u00e0niament atractiva i accessible a tothom, i a m\u00e9s a m\u00e9s, t\u00e9 el potencial d\u2019evocar emocions i desafiar els estereotips. CliCme utilitza els processos creatius per inspirar les persones.<\/p><p><a href=\"http:\/\/www.clicme.es\/\" target=\"_blank\" rel=\"noopener\"><u>www.clicme.es<\/u><\/a><\/p>\t\t\t\t\t\t\t\t<\/div>\n\t\t\t\t<\/div>\n\t\t\t\t\t<\/div>\n\t\t<\/div>\n\t\t\t\t\t<\/div>\n\t\t<\/section>\n\t\t\t\t<\/div>\n\t\t                <\/div>\n\n                <div class=\"htmega-toggle-button\">\n                    <a href=\"#\" class=\"togglebutton-6ae78b5 normal_btn\">Taller. Biblioteca Pepita Ferrer<svg xmlns=\"http:\/\/www.w3.org\/2000\/svg\" width=\"734\" height=\"737\" viewBox=\"0 0 734 737\" fill=\"none\"><path fill-rule=\"evenodd\" clip-rule=\"evenodd\" d=\"M0.162659 403.237L0.162659 333.779L694.736 333.779V403.237L0.162659 403.237Z\" fill=\"black\"><\/path><path fill-rule=\"evenodd\" clip-rule=\"evenodd\" d=\"M315.696 687.744L684.056 319.384L733.171 368.499L364.811 736.859L315.696 687.744Z\" fill=\"black\"><\/path><path fill-rule=\"evenodd\" clip-rule=\"evenodd\" d=\"M315.696 49.264L364.811 0.14933L733.171 368.509L684.056 417.624L315.696 49.264Z\" fill=\"black\"><\/path><\/svg><\/a><a href=\"#\" class=\"togglebutton-6ae78b5 opened_btn\">Taller. Biblioteca Pepita Ferrer<svg xmlns=\"http:\/\/www.w3.org\/2000\/svg\" width=\"738\" height=\"734\" viewBox=\"0 0 738 734\" fill=\"none\"><path fill-rule=\"evenodd\" clip-rule=\"evenodd\" d=\"M333.933 0H403.392V694.573H333.933V0Z\" fill=\"black\"><\/path><path fill-rule=\"evenodd\" clip-rule=\"evenodd\" d=\"M49.4267 315.533L417.787 683.893L368.672 733.008L0.312012 364.648L49.4267 315.533Z\" fill=\"black\"><\/path><path fill-rule=\"evenodd\" clip-rule=\"evenodd\" d=\"M687.907 315.533L737.021 364.648L368.661 733.008L319.547 683.893L687.907 315.533Z\" fill=\"black\"><\/path><\/svg><\/a>                <\/div>\n\n            <\/div>\n\n            <script>\n                jQuery(document).ready(function($) {\n                    'use strict';\n                    $(\".togglebutton-6ae78b5\").on('click', function(){\n                        $(\".htmega-toggle-content-6ae78b5\").slideToggle('slow');\n                        $(this).removeAttr(\"href\");\n                        $(this).parent().toggleClass(\"open\");\n                    });\n                });\n            <\/script>\n        \t\t\t\t<\/div>\n\t\t\t\t<\/div>\n\t\t\t\t\t<\/div>\n\t\t<\/div>\n\t\t\t\t\t<\/div>\n\t\t<\/section>\n\t\t\t\t<section class=\"elementor-section elementor-top-section elementor-element elementor-element-e0cf3c2 elementor-section-full_width lsection elementor-section-height-default elementor-section-height-default\" data-id=\"e0cf3c2\" data-element_type=\"section\" data-e-type=\"section\">\n\t\t\t\t\t\t<div class=\"elementor-container elementor-column-gap-default\">\n\t\t\t\t\t<div class=\"elementor-column elementor-col-100 elementor-top-column elementor-element elementor-element-69a22e4\" data-id=\"69a22e4\" data-element_type=\"column\" data-e-type=\"column\">\n\t\t\t<div class=\"elementor-widget-wrap elementor-element-populated\">\n\t\t\t\t\t\t<div class=\"elementor-element elementor-element-4029df9 lseccion elementor-widget elementor-widget-htmega-toggle-addons\" data-id=\"4029df9\" data-element_type=\"widget\" data-e-type=\"widget\" data-widget_type=\"htmega-toggle-addons.default\">\n\t\t\t\t<div class=\"elementor-widget-container\">\n\t\t\t\t\t            <div class=\"htmega-toggle-area\" >\n                \n                <div class=\"htmega-toggle-content-4029df9\" style=\"display: none;\">\n                    \t\t<div data-elementor-type=\"page\" data-elementor-id=\"2021\" class=\"elementor elementor-2021\" data-elementor-post-type=\"elementor_library\">\n\t\t\t\t\t\t<section class=\"elementor-section elementor-top-section elementor-element elementor-element-940f20b elementor-section-full_width elementor-reverse-mobile elementor-section-height-default elementor-section-height-default\" data-id=\"940f20b\" data-element_type=\"section\" data-e-type=\"section\" id=\"content\">\n\t\t\t\t\t\t<div class=\"elementor-container elementor-column-gap-default\">\n\t\t\t\t\t<div class=\"elementor-column elementor-col-50 elementor-top-column elementor-element elementor-element-22e5b4c col1\" data-id=\"22e5b4c\" data-element_type=\"column\" data-e-type=\"column\">\n\t\t\t<div class=\"elementor-widget-wrap elementor-element-populated\">\n\t\t\t\t\t\t<div class=\"elementor-element elementor-element-3075269 elementor-widget elementor-widget-text-editor\" data-id=\"3075269\" data-element_type=\"widget\" data-e-type=\"widget\" data-widget_type=\"text-editor.default\">\n\t\t\t\t<div class=\"elementor-widget-container\">\n\t\t\t\t\t\t\t\t\t<p>Dia:<br \/>24 de novembre de 2022<br \/><span style=\"font-weight: bold;\"><br \/><\/span><span style=\"font-weight: bold;\">Hora:<br \/><\/span><span style=\"color: var(--contrast); background-color: var(--base-3);\">19 h<\/span><strong><br \/><\/strong><\/p><p><strong>Fitxa t\u00e8cnica:<br \/><\/strong>T\u00edtol original: <em>Brutal Moods<br \/><\/em>Direcci\u00f3, gui\u00f3 i documentaci\u00f3: Marta Bisbal Torres<br \/>Producci\u00f3: Marta Bisbal Torres<br \/>Pa\u00eds de producci\u00f3: Catalunya, Espanya<br \/>Durada: 58 min<br \/>Any de producci\u00f3: 2022<br \/>Muntatge: Juan Carrano<br \/>Mescla de so: Mart\u00ed Albert<br \/>Correcci\u00f3 de color: Pablo Lago Dantas<br \/>Disseny gr\u00e0fic: Jaime Narv\u00e1ez<br \/>Amb el suport de: Roca Umbert F\u00e0brica de les Arts \/ Generalitat de Catalunya, Departament de Cultura<\/p><p><strong>Espai:<\/strong><strong><br \/><\/strong>COAC Tarragona (sala de confer\u00e8ncies)<br \/>Carrer Sant Lloren\u00e7, 20-22<br \/>43003 Tarragona<br \/>Tel. 977 24 93 67<br \/><u><a href=\"https:\/\/www.arquitectes.cat\/demarcacions-home\/tarragona\" target=\"_blank\" rel=\"noopener\">https:\/\/www.arquitectes.cat\/demarcacions-home\/tarragona<\/a><br \/><a href=\"mailto:tarragona@coac.cat\">tarragona@coac.cat<\/a><\/u><\/p><p>Entrada gratu\u00efta<br \/>Accessible a persones amb mobilitat redu\u00efda<\/p><p><strong>Organitzen:<\/strong><br \/>COAC<br \/>SCAN Tarragona<\/p>\t\t\t\t\t\t\t\t<\/div>\n\t\t\t\t<\/div>\n\t\t\t\t<div class=\"elementor-element elementor-element-98eca97 elementor-widget elementor-widget-image\" data-id=\"98eca97\" data-element_type=\"widget\" data-e-type=\"widget\" data-widget_type=\"image.default\">\n\t\t\t\t<div class=\"elementor-widget-container\">\n\t\t\t\t\t\t\t\t\t\t\t\t\t\t\t<img decoding=\"async\" src=\"https:\/\/scan.cat\/wp-content\/uploads\/elementor\/thumbs\/logo_COAC_00-ribf61zpbtxj76hev0h0higjng5c9irry74g8eufpi.jpg\" title=\"logo_COAC_00\" alt=\"logo_COAC_00\" loading=\"lazy\" \/>\t\t\t\t\t\t\t\t\t\t\t\t\t\t\t<\/div>\n\t\t\t\t<\/div>\n\t\t\t\t\t<\/div>\n\t\t<\/div>\n\t\t\t\t<div class=\"elementor-column elementor-col-50 elementor-top-column elementor-element elementor-element-4de87cb col2\" data-id=\"4de87cb\" data-element_type=\"column\" data-e-type=\"column\">\n\t\t\t<div class=\"elementor-widget-wrap elementor-element-populated\">\n\t\t\t\t\t\t<div class=\"elementor-element elementor-element-4c93fdf elementor-widget elementor-widget-image\" data-id=\"4c93fdf\" data-element_type=\"widget\" data-e-type=\"widget\" data-widget_type=\"image.default\">\n\t\t\t\t<div class=\"elementor-widget-container\">\n\t\t\t\t\t\t\t\t\t\t\t\t\t\t\t<img loading=\"lazy\" decoding=\"async\" width=\"1771\" height=\"2506\" src=\"https:\/\/scan.cat\/wp-content\/uploads\/2022\/10\/Brutal-Moods_Fitxa-te\u0300cnica_Scan-1.jpg\" class=\"attachment-full size-full wp-image-2024\" alt=\"\" srcset=\"https:\/\/scan.cat\/wp-content\/uploads\/2022\/10\/Brutal-Moods_Fitxa-te\u0300cnica_Scan-1.jpg 1771w, https:\/\/scan.cat\/wp-content\/uploads\/2022\/10\/Brutal-Moods_Fitxa-te\u0300cnica_Scan-1-212x300.jpg 212w, https:\/\/scan.cat\/wp-content\/uploads\/2022\/10\/Brutal-Moods_Fitxa-te\u0300cnica_Scan-1-724x1024.jpg 724w, https:\/\/scan.cat\/wp-content\/uploads\/2022\/10\/Brutal-Moods_Fitxa-te\u0300cnica_Scan-1-768x1087.jpg 768w, https:\/\/scan.cat\/wp-content\/uploads\/2022\/10\/Brutal-Moods_Fitxa-te\u0300cnica_Scan-1-1085x1536.jpg 1085w, https:\/\/scan.cat\/wp-content\/uploads\/2022\/10\/Brutal-Moods_Fitxa-te\u0300cnica_Scan-1-1447x2048.jpg 1447w\" sizes=\"(max-width: 1771px) 100vw, 1771px\" title=\"\">\t\t\t\t\t\t\t\t\t\t\t\t\t\t\t<\/div>\n\t\t\t\t<\/div>\n\t\t\t\t<div class=\"elementor-element elementor-element-3f7780f elementor-widget elementor-widget-text-editor\" data-id=\"3f7780f\" data-element_type=\"widget\" data-e-type=\"widget\" data-widget_type=\"text-editor.default\">\n\t\t\t\t<div class=\"elementor-widget-container\">\n\t\t\t\t\t\t\t\t\t<p><i style=\"font-weight: bold;\">Brutal Moods<\/i><br \/><b>Projecci\u00f3 cinematogr\u00e0fica i col\u00b7loqui<br \/><\/b><span style=\"background-color: var(--base-3); color: var(--contrast);\">A c\u00e0rrec de <b>Marta Bisbal<\/b><\/span><\/p><p>Quin efecte pot arribar a tenir l\u2019arquitectura sobre l\u2019individu, ja sigui a nivell f\u00edsic, mental o emocional, i com influeix aquesta en les din\u00e0miques d\u2019interacci\u00f3 social que es donen en l\u2019espai p\u00fablic i privat?<\/p><p>De construccions robustes i monumentals, s\u00edmbols de domini i control, a blocs d\u2019habitatges decadents i laber\u00edntics ubicats en barris perif\u00e8rics. Diferents formes d\u2019arquitectura actuen com a mecanismes d\u2019opressi\u00f3 i alienaci\u00f3, que condueixen a estats de confusi\u00f3, pertorbaci\u00f3, i a una p\u00e8rdua irremeiable d\u2019identitat individual i col\u00b7lectiva. A partir de l\u2019apropiaci\u00f3 d\u2019imatges, <em>Brutal Moods<\/em> indaga de quina manera el cinema ha representat les edificacions brutalistes en les seves ficcions i en quina mesura ha pogut contribuir a generar els diversos imaginaris dist\u00f2pics amb els quals s\u2019associa avui aquest moviment arquitect\u00f2nic.<\/p><p>El film ha estat seleccionat a les seccions oficials de diferents festivals a Montreal, Bras\u00edlia, Madrid, Oldenburg, Toronto, Berl\u00edn o Los Angeles.<\/p><p><strong>Marta Bisbal Torres<\/strong> (Mollerussa, 1974) \u00e9s artista visual. \u00c9s doctora en Dret, m\u00e0ster en Periodisme i t\u00e9 estudis de Fotografia. Els seus projectes, que es formalitzen en instal\u00b7lacions que integren diferents mitjans, com el cinema, el v\u00eddeo, la fotografia i el so, proposen una exploraci\u00f3 de l\u2019espai, el temps i les seves diferents formes de representaci\u00f3.<\/p><p>Amb la finalitat de plantejar una reflexi\u00f3 sobre l\u2019espai, l\u2019arquitectura i les maneres d\u2019habitar-los, l\u2019autora recorre a l\u2019apropiaci\u00f3, tant d\u2019imatges i textos com d\u2019objectes diversos. Aquests materials s\u2019extreuen del seu context original amb l\u2019objectiu de generar noves relacions i, en darrer terme, reformular el seu discurs i activar el present.<\/p><p><a href=\"http:\/\/www.martabisbal.com\" target=\"_blank\" rel=\"noopener\"><u><strong>www.martabisbal.com<\/strong><\/u><\/a><\/p>\t\t\t\t\t\t\t\t<\/div>\n\t\t\t\t<\/div>\n\t\t\t\t\t<\/div>\n\t\t<\/div>\n\t\t\t\t\t<\/div>\n\t\t<\/section>\n\t\t\t\t<\/div>\n\t\t                <\/div>\n\n                <div class=\"htmega-toggle-button\">\n                    <a href=\"#\" class=\"togglebutton-4029df9 normal_btn\">Projecci\u00f3 <i>Brutal Moods<\/i><svg xmlns=\"http:\/\/www.w3.org\/2000\/svg\" width=\"734\" height=\"737\" viewBox=\"0 0 734 737\" fill=\"none\"><path fill-rule=\"evenodd\" clip-rule=\"evenodd\" d=\"M0.162659 403.237L0.162659 333.779L694.736 333.779V403.237L0.162659 403.237Z\" fill=\"black\"><\/path><path fill-rule=\"evenodd\" clip-rule=\"evenodd\" d=\"M315.696 687.744L684.056 319.384L733.171 368.499L364.811 736.859L315.696 687.744Z\" fill=\"black\"><\/path><path fill-rule=\"evenodd\" clip-rule=\"evenodd\" d=\"M315.696 49.264L364.811 0.14933L733.171 368.509L684.056 417.624L315.696 49.264Z\" fill=\"black\"><\/path><\/svg><\/a><a href=\"#\" class=\"togglebutton-4029df9 opened_btn\">Projecci\u00f3 <i>Brutal Moods<\/i><svg xmlns=\"http:\/\/www.w3.org\/2000\/svg\" width=\"738\" height=\"734\" viewBox=\"0 0 738 734\" fill=\"none\"><path fill-rule=\"evenodd\" clip-rule=\"evenodd\" d=\"M333.933 0H403.392V694.573H333.933V0Z\" fill=\"black\"><\/path><path fill-rule=\"evenodd\" clip-rule=\"evenodd\" d=\"M49.4267 315.533L417.787 683.893L368.672 733.008L0.312012 364.648L49.4267 315.533Z\" fill=\"black\"><\/path><path fill-rule=\"evenodd\" clip-rule=\"evenodd\" d=\"M687.907 315.533L737.021 364.648L368.661 733.008L319.547 683.893L687.907 315.533Z\" fill=\"black\"><\/path><\/svg><\/a>                <\/div>\n\n            <\/div>\n\n            <script>\n                jQuery(document).ready(function($) {\n                    'use strict';\n                    $(\".togglebutton-4029df9\").on('click', function(){\n                        $(\".htmega-toggle-content-4029df9\").slideToggle('slow');\n                        $(this).removeAttr(\"href\");\n                        $(this).parent().toggleClass(\"open\");\n                    });\n                });\n            <\/script>\n        \t\t\t\t<\/div>\n\t\t\t\t<\/div>\n\t\t\t\t\t<\/div>\n\t\t<\/div>\n\t\t\t\t\t<\/div>\n\t\t<\/section>\n\t\t\t\t<section class=\"elementor-section elementor-top-section elementor-element elementor-element-8015eac elementor-section-full_width lsection elementor-section-height-default elementor-section-height-default\" data-id=\"8015eac\" data-element_type=\"section\" data-e-type=\"section\">\n\t\t\t\t\t\t<div class=\"elementor-container elementor-column-gap-default\">\n\t\t\t\t\t<div class=\"elementor-column elementor-col-100 elementor-top-column elementor-element elementor-element-24969bd\" data-id=\"24969bd\" data-element_type=\"column\" data-e-type=\"column\">\n\t\t\t<div class=\"elementor-widget-wrap elementor-element-populated\">\n\t\t\t\t\t\t<div class=\"elementor-element elementor-element-76a025a lseccion elementor-widget elementor-widget-htmega-toggle-addons\" data-id=\"76a025a\" data-element_type=\"widget\" data-e-type=\"widget\" data-widget_type=\"htmega-toggle-addons.default\">\n\t\t\t\t<div class=\"elementor-widget-container\">\n\t\t\t\t\t            <div class=\"htmega-toggle-area\" >\n                \n                <div class=\"htmega-toggle-content-76a025a\" style=\"display: none;\">\n                    \t\t<div data-elementor-type=\"page\" data-elementor-id=\"2029\" class=\"elementor elementor-2029\" data-elementor-post-type=\"elementor_library\">\n\t\t\t\t\t\t<section class=\"elementor-section elementor-top-section elementor-element elementor-element-940f20b elementor-section-full_width elementor-reverse-mobile elementor-section-height-default elementor-section-height-default\" data-id=\"940f20b\" data-element_type=\"section\" data-e-type=\"section\" id=\"content\">\n\t\t\t\t\t\t<div class=\"elementor-container elementor-column-gap-default\">\n\t\t\t\t\t<div class=\"elementor-column elementor-col-50 elementor-top-column elementor-element elementor-element-22e5b4c col1\" data-id=\"22e5b4c\" data-element_type=\"column\" data-e-type=\"column\">\n\t\t\t<div class=\"elementor-widget-wrap elementor-element-populated\">\n\t\t\t\t\t\t<div class=\"elementor-element elementor-element-3075269 elementor-widget elementor-widget-text-editor\" data-id=\"3075269\" data-element_type=\"widget\" data-e-type=\"widget\" data-widget_type=\"text-editor.default\">\n\t\t\t\t<div class=\"elementor-widget-container\">\n\t\t\t\t\t\t\t\t\t<p class=\"PoromisinA\" style=\"line-height: 140%; margin: 0cm 0cm 12.0pt 0cm;\"><span class=\"Ninguno\"><b><span lang=\"ES-TRAD\">Data:<\/span><\/b><span lang=\"ES-TRAD\"> <br \/>19 de novembre de 2022<br \/><b><br \/>Horari: <br \/><\/b>15.30 h<br \/><b><br \/>Lloc:<\/b> <br \/>Teatret del Port de Tarragona (El Serrallo, Tarragona)<br \/>En el marc de <i>Full Contact<\/i><\/span><\/span><\/p><p class=\"PoromisinA\" style=\"line-height: 140%; margin: 0cm 0cm 12.0pt 0cm;\"><span class=\"Ninguno\"><span lang=\"ES-TRAD\">Activitat per a tots els p\u00fablics<br \/><\/span><\/span><span class=\"Ninguno\"><span lang=\"ES-TRAD\" style=\"font-family: Helvetica;\">Accessible a persones amb mobilitat redu\u00efda<\/span><span lang=\"ES-TRAD\"><br \/>Entrada gratu\u00efta<\/span><\/span><\/p><p class=\"PoromisinA\" style=\"line-height: 140%; margin: 0cm 0cm 12.0pt 0cm;\"><span class=\"Ninguno\"><b><span lang=\"ES-TRAD\">Col\u00b7labora:<\/span><\/b> <br \/><\/span><span lang=\"ES-TRAD\">Teatret del Serrallo <br \/>Port de Tarragona<br \/>Clavoardiendo<br \/><\/span><\/p>\t\t\t\t\t\t\t\t<\/div>\n\t\t\t\t<\/div>\n\t\t\t\t<div class=\"elementor-element elementor-element-f0e85ff elementor-widget elementor-widget-image\" data-id=\"f0e85ff\" data-element_type=\"widget\" data-e-type=\"widget\" data-widget_type=\"image.default\">\n\t\t\t\t<div class=\"elementor-widget-container\">\n\t\t\t\t\t\t\t\t\t\t\t\t\t\t\t<img loading=\"lazy\" decoding=\"async\" width=\"501\" height=\"499\" src=\"https:\/\/scan.cat\/wp-content\/uploads\/2022\/07\/Teatret_Serrallo.jpg\" class=\"attachment-full size-full wp-image-3315\" alt=\"\" srcset=\"https:\/\/scan.cat\/wp-content\/uploads\/2022\/07\/Teatret_Serrallo.jpg 501w, https:\/\/scan.cat\/wp-content\/uploads\/2022\/07\/Teatret_Serrallo-300x300.jpg 300w, https:\/\/scan.cat\/wp-content\/uploads\/2022\/07\/Teatret_Serrallo-150x150.jpg 150w\" sizes=\"(max-width: 501px) 100vw, 501px\" title=\"\">\t\t\t\t\t\t\t\t\t\t\t\t\t\t\t<\/div>\n\t\t\t\t<\/div>\n\t\t\t\t<div class=\"elementor-element elementor-element-883cde2 elementor-widget elementor-widget-image\" data-id=\"883cde2\" data-element_type=\"widget\" data-e-type=\"widget\" data-widget_type=\"image.default\">\n\t\t\t\t<div class=\"elementor-widget-container\">\n\t\t\t\t\t\t\t\t\t\t\t\t\t\t\t<img loading=\"lazy\" decoding=\"async\" width=\"210\" height=\"100\" src=\"https:\/\/scan.cat\/wp-content\/uploads\/2022\/07\/Port-de-tarragona.jpg\" class=\"attachment-full size-full wp-image-3806\" alt=\"\" title=\"\">\t\t\t\t\t\t\t\t\t\t\t\t\t\t\t<\/div>\n\t\t\t\t<\/div>\n\t\t\t\t\t<\/div>\n\t\t<\/div>\n\t\t\t\t<div class=\"elementor-column elementor-col-50 elementor-top-column elementor-element elementor-element-4de87cb col2\" data-id=\"4de87cb\" data-element_type=\"column\" data-e-type=\"column\">\n\t\t\t<div class=\"elementor-widget-wrap elementor-element-populated\">\n\t\t\t\t\t\t<div class=\"elementor-element elementor-element-4c93fdf elementor-widget elementor-widget-image\" data-id=\"4c93fdf\" data-element_type=\"widget\" data-e-type=\"widget\" data-widget_type=\"image.default\">\n\t\t\t\t<div class=\"elementor-widget-container\">\n\t\t\t\t\t\t\t\t\t\t\t\t\t\t\t<img loading=\"lazy\" decoding=\"async\" width=\"1000\" height=\"1000\" src=\"https:\/\/scan.cat\/wp-content\/uploads\/2022\/10\/ElogioAlaMirada.jpg\" class=\"attachment-full size-full wp-image-2033\" alt=\"\" srcset=\"https:\/\/scan.cat\/wp-content\/uploads\/2022\/10\/ElogioAlaMirada.jpg 1000w, https:\/\/scan.cat\/wp-content\/uploads\/2022\/10\/ElogioAlaMirada-300x300.jpg 300w, https:\/\/scan.cat\/wp-content\/uploads\/2022\/10\/ElogioAlaMirada-150x150.jpg 150w, https:\/\/scan.cat\/wp-content\/uploads\/2022\/10\/ElogioAlaMirada-768x768.jpg 768w\" sizes=\"(max-width: 1000px) 100vw, 1000px\" title=\"\">\t\t\t\t\t\t\t\t\t\t\t\t\t\t\t<\/div>\n\t\t\t\t<\/div>\n\t\t\t\t<div class=\"elementor-element elementor-element-3f7780f elementor-widget elementor-widget-text-editor\" data-id=\"3f7780f\" data-element_type=\"widget\" data-e-type=\"widget\" data-widget_type=\"text-editor.default\">\n\t\t\t\t<div class=\"elementor-widget-container\">\n\t\t\t\t\t\t\t\t\t<p><strong>Presentaci\u00f3 del llibre <em>Elogio de la mirada<\/em><\/strong><br \/>A c\u00e0rrec de l\u2019autora del llibre, <b>Carmen Dalmau<\/b>, i l\u2019editor <b>Roberto Villal\u00f3n<\/b><\/p><p><i>El llibre Elogio de la mirada<\/i>, de Carmen Dalmau, \u00e9s un rescat de la mirada contra la fotografia entesa com a certificat d\u2019all\u00f2 real, com a arxiu de la mem\u00f2ria, com a etern present, com a escriptura amb llum o com mera t\u00e8cnica mec\u00e0nica. Com a veritat, com a objecte. Posiciona la fotografia com a continu\u00eftat amb la pintura dins del flux la hist\u00f2ria de l\u2019art, elogiant aquesta mirada com a essencial per aproximar-nos al mitj\u00e0, negant aquestes lletanies que, un cop rere l\u2019altre, es repeteixen per parlar de fotografia.<\/p><p><strong>Carmen Dalmau<\/strong> (Madrid, Espanya, 1960), llicenciada en Hist\u00f2ria de l\u2019Art i Hist\u00f2ria moderna i contempor\u00e0nia per la Universitat Aut\u00f2noma de Madrid, \u00e9s comiss\u00e0ria independent d\u2019exposicions, cr\u00edtica d\u2019art i formadora. Ha estat directora de Galeria Cero (Madrid). \u00c9s professora d\u2019Hist\u00f2ria de l\u2019art i est\u00e8tica en el M\u00e0ster de fotografia d\u2019EFTI; vicepresidenta de la Plataforma Centro de Fotograf\u00eda e Imagen, autora del blog de fotografia antevuestrosojos i col\u00b7laboradora de <span style=\"text-decoration: underline;\"><em><a href=\"https:\/\/clavoardiendo-magazine.com\/\" target=\"_blank\" rel=\"noopener\"><strong>clavoardiendo-magazine.com<\/strong><\/a><\/em><\/span><\/p>\t\t\t\t\t\t\t\t<\/div>\n\t\t\t\t<\/div>\n\t\t\t\t\t<\/div>\n\t\t<\/div>\n\t\t\t\t\t<\/div>\n\t\t<\/section>\n\t\t\t\t<\/div>\n\t\t                <\/div>\n\n                <div class=\"htmega-toggle-button\">\n                    <a href=\"#\" class=\"togglebutton-76a025a normal_btn\">Presentaci\u00f3 del llibre <i>Elogio de la mirada<\/i><svg xmlns=\"http:\/\/www.w3.org\/2000\/svg\" width=\"734\" height=\"737\" viewBox=\"0 0 734 737\" fill=\"none\"><path fill-rule=\"evenodd\" clip-rule=\"evenodd\" d=\"M0.162659 403.237L0.162659 333.779L694.736 333.779V403.237L0.162659 403.237Z\" fill=\"black\"><\/path><path fill-rule=\"evenodd\" clip-rule=\"evenodd\" d=\"M315.696 687.744L684.056 319.384L733.171 368.499L364.811 736.859L315.696 687.744Z\" fill=\"black\"><\/path><path fill-rule=\"evenodd\" clip-rule=\"evenodd\" d=\"M315.696 49.264L364.811 0.14933L733.171 368.509L684.056 417.624L315.696 49.264Z\" fill=\"black\"><\/path><\/svg><\/a><a href=\"#\" class=\"togglebutton-76a025a opened_btn\">Presentaci\u00f3 del llibre <i>Elogio de la mirada<\/i><svg xmlns=\"http:\/\/www.w3.org\/2000\/svg\" width=\"738\" height=\"734\" viewBox=\"0 0 738 734\" fill=\"none\"><path fill-rule=\"evenodd\" clip-rule=\"evenodd\" d=\"M333.933 0H403.392V694.573H333.933V0Z\" fill=\"black\"><\/path><path fill-rule=\"evenodd\" clip-rule=\"evenodd\" d=\"M49.4267 315.533L417.787 683.893L368.672 733.008L0.312012 364.648L49.4267 315.533Z\" fill=\"black\"><\/path><path fill-rule=\"evenodd\" clip-rule=\"evenodd\" d=\"M687.907 315.533L737.021 364.648L368.661 733.008L319.547 683.893L687.907 315.533Z\" fill=\"black\"><\/path><\/svg><\/a>                <\/div>\n\n            <\/div>\n\n            <script>\n                jQuery(document).ready(function($) {\n                    'use strict';\n                    $(\".togglebutton-76a025a\").on('click', function(){\n                        $(\".htmega-toggle-content-76a025a\").slideToggle('slow');\n                        $(this).removeAttr(\"href\");\n                        $(this).parent().toggleClass(\"open\");\n                    });\n                });\n            <\/script>\n        \t\t\t\t<\/div>\n\t\t\t\t<\/div>\n\t\t\t\t\t<\/div>\n\t\t<\/div>\n\t\t\t\t\t<\/div>\n\t\t<\/section>\n\t\t\t\t<\/div>\n\t\t","protected":false},"excerpt":{"rendered":"<p>Actividades LugarEspai La GreyCarrer Sant Lloren\u00e7,3 HorarioDe 17 h a 19 h Contrary to popular belief, Lorem Ipsum is not simply random text. It has roots in a piece of classical Latin literature from 45 BC, making it over 2000 years old. Richard McClintock, a Latin professor at Hampden-Sydney College in Virginia, looked up one &#8230; <a title=\"Actividades\" class=\"read-more\" href=\"https:\/\/scan.cat\/es\/actividades\/\" aria-label=\"Leer m\u00e1s sobre Actividades\">Leer m\u00e1s<\/a><\/p>\n","protected":false},"author":2,"featured_media":0,"parent":0,"menu_order":0,"comment_status":"closed","ping_status":"closed","template":"","meta":{"footnotes":""},"class_list":["post-2802","page","type-page","status-publish"],"_links":{"self":[{"href":"https:\/\/scan.cat\/es\/wp-json\/wp\/v2\/pages\/2802","targetHints":{"allow":["GET"]}}],"collection":[{"href":"https:\/\/scan.cat\/es\/wp-json\/wp\/v2\/pages"}],"about":[{"href":"https:\/\/scan.cat\/es\/wp-json\/wp\/v2\/types\/page"}],"author":[{"embeddable":true,"href":"https:\/\/scan.cat\/es\/wp-json\/wp\/v2\/users\/2"}],"replies":[{"embeddable":true,"href":"https:\/\/scan.cat\/es\/wp-json\/wp\/v2\/comments?post=2802"}],"version-history":[{"count":77,"href":"https:\/\/scan.cat\/es\/wp-json\/wp\/v2\/pages\/2802\/revisions"}],"predecessor-version":[{"id":10686,"href":"https:\/\/scan.cat\/es\/wp-json\/wp\/v2\/pages\/2802\/revisions\/10686"}],"wp:attachment":[{"href":"https:\/\/scan.cat\/es\/wp-json\/wp\/v2\/media?parent=2802"}],"curies":[{"name":"wp","href":"https:\/\/api.w.org\/{rel}","templated":true}]}}