{"id":2814,"date":"2022-09-27T07:34:39","date_gmt":"2022-09-27T07:34:39","guid":{"rendered":"https:\/\/scan.cat\/programacion\/"},"modified":"2022-10-27T11:30:22","modified_gmt":"2022-10-27T11:30:22","slug":"programacion","status":"publish","type":"page","link":"https:\/\/scan.cat\/es\/programacion\/","title":{"rendered":"Programaci\u00f3n"},"content":{"rendered":"\t\t<div data-elementor-type=\"wp-page\" data-elementor-id=\"2814\" class=\"elementor elementor-2814 elementor-1492\" data-elementor-post-type=\"page\">\n\t\t\t\t\t\t<section class=\"elementor-section elementor-top-section elementor-element elementor-element-8e53432 elementor-section-full_width elementor-section-height-default elementor-section-height-default\" data-id=\"8e53432\" data-element_type=\"section\" data-e-type=\"section\" id=\"cabecera\">\n\t\t\t\t\t\t<div class=\"elementor-container elementor-column-gap-default\">\n\t\t\t\t\t<div class=\"elementor-column elementor-col-100 elementor-top-column elementor-element elementor-element-c6b70d5\" data-id=\"c6b70d5\" data-element_type=\"column\" data-e-type=\"column\">\n\t\t\t<div class=\"elementor-widget-wrap elementor-element-populated\">\n\t\t\t\t\t\t<div class=\"elementor-element elementor-element-a95ba99 elementor-widget elementor-widget-heading\" data-id=\"a95ba99\" data-element_type=\"widget\" data-e-type=\"widget\" data-widget_type=\"heading.default\">\n\t\t\t\t<div class=\"elementor-widget-container\">\n\t\t\t\t\t<h1 class=\"elementor-heading-title elementor-size-default\">PROGRAMACI\u00d3N<\/h1>\t\t\t\t<\/div>\n\t\t\t\t<\/div>\n\t\t\t\t\t<\/div>\n\t\t<\/div>\n\t\t\t\t\t<\/div>\n\t\t<\/section>\n\t\t\t\t<section class=\"elementor-section elementor-top-section elementor-element elementor-element-d062bbd elementor-section-full_width lsection elementor-section-height-default elementor-section-height-default\" data-id=\"d062bbd\" data-element_type=\"section\" data-e-type=\"section\">\n\t\t\t\t\t\t<div class=\"elementor-container elementor-column-gap-default\">\n\t\t\t\t\t<div class=\"elementor-column elementor-col-100 elementor-top-column elementor-element elementor-element-167a284\" data-id=\"167a284\" data-element_type=\"column\" data-e-type=\"column\">\n\t\t\t<div class=\"elementor-widget-wrap elementor-element-populated\">\n\t\t\t\t\t\t<div class=\"elementor-element elementor-element-b7bfeee lseccion elementor-widget elementor-widget-htmega-toggle-addons\" data-id=\"b7bfeee\" data-element_type=\"widget\" data-e-type=\"widget\" data-widget_type=\"htmega-toggle-addons.default\">\n\t\t\t\t<div class=\"elementor-widget-container\">\n\t\t\t\t\t            <div class=\"htmega-toggle-area\" >\n                \n                <div class=\"htmega-toggle-content-b7bfeee\" style=\"display: none;\">\n                    \t\t<div data-elementor-type=\"section\" data-elementor-id=\"4225\" class=\"elementor elementor-4225 elementor-2968 elementor-2968\" data-elementor-post-type=\"elementor_library\">\n\t\t\t\t\t<section class=\"elementor-section elementor-top-section elementor-element elementor-element-b6dbce8 elementor-section-full_width elementor-section-height-default elementor-section-height-default\" data-id=\"b6dbce8\" data-element_type=\"section\" data-e-type=\"section\">\n\t\t\t\t\t\t<div class=\"elementor-container elementor-column-gap-default\">\n\t\t\t\t\t<div class=\"elementor-column elementor-col-100 elementor-top-column elementor-element elementor-element-cc41145\" data-id=\"cc41145\" data-element_type=\"column\" data-e-type=\"column\">\n\t\t\t<div class=\"elementor-widget-wrap elementor-element-populated\">\n\t\t\t\t\t\t<div class=\"elementor-element elementor-element-0789557 elementor-widget elementor-widget-text-editor\" data-id=\"0789557\" data-element_type=\"widget\" data-e-type=\"widget\" data-widget_type=\"text-editor.default\">\n\t\t\t\t<div class=\"elementor-widget-container\">\n\t\t\t\t\t\t\t\t\t<p><span style=\"text-decoration: underline;\"><strong>Jueves 17 de noviembre (acto avanzado)<\/strong><\/span><\/p><p><strong>18:30 h<\/strong><br \/><b>Di\u00e1logos SCAN<\/b><br \/><b><i>LUCES, C\u00c1MARA, TIROS.<\/i><i> Guerra y cultura visual<\/i><\/b><br \/>A cargo de <strong>Alexandra Laudo [Hero\u00ednas de la Cultura] <\/strong><\/p><p><b><i>El car\u00e1cter predatorio de la imagen fotogr\u00e1fica<\/i><\/b><br \/><strong>Arola Valls<br \/><\/strong><br \/>Serveis Territorials de Cultura de la Generalitat de Catalunya<br \/>Carrer Major, 14. Tarragona<br \/>Colaboran la Universitat Rovira i Virgili (URV) y SSTT de Cultura de la Generalitat de Catalunya<br \/><b>Entrada gratuita.<\/b> Accesible para personas con movilidad reducida<\/p><p><strong><span style=\"text-decoration: underline;\">Viernes 18 de noviembre<\/span><\/strong><\/p><p><b>RUTA INAUGURAL DEL FESTIVAL SCAN<\/b><\/p><p><strong>18:30 h<\/strong><br \/><strong>Inauguraci\u00f3n de la exposici\u00f3n <i>Far away from home: the voices, the body and the periphery<\/i><\/strong><br \/>Con la presencia de la artista <strong>Hristina Tasheva<\/strong> (ganadora del premio Full Contact 2018)<\/p><p>Personal Galeria Tarragona<br \/>Carrer Major, 36. Tarragona<br \/>Colabora Personal Galer\u00eda Tarragona<br \/><b>Entrada gratuita.<\/b> Accesible para personas con movilidad reducida<\/p><p><strong>19 h<\/strong><br \/><strong>Abertura de la exposici\u00f3n <em>Grafitos, balazos y temple<\/em><\/strong><br \/>Autor: Juli\u00e1n Bar\u00f3n<\/p><p>La Grey, espai de creaci\u00f3 contempor\u00e0nia<br \/>Carrer de Sant Lloren\u00e7, 3. Tarragona<br \/>Organizan: La Grey, espai de creaci\u00f3 contempor\u00e0nia y SCAN Tarragona<br \/><b>Entrada gratuita.<\/b> Accesible para personas con movilidad reducida<\/p><p><strong>19:30 h<\/strong><br \/><strong>Inauguraci\u00f3n oficial de SCAN y de la exposici\u00f3n <em>Wartime!<\/em><\/strong><br \/>Programa <em style=\"font-weight: bold;\">Talent Latent<\/em><br \/>Comisario: <strong>Sema d\u2019Acosta<\/strong><br \/>Artistas: <strong>David Favrod, Fernando Bayona, Konrad Dobrucki, Laura Zorrila, Lluc Queralt, Madelaine Ekserciyan, Mar\u00eda Mar\u00eda Acha-Kutscher, Masha Wysocka y Roberto Aguirrezabala<\/strong><\/p><p>M\u00e8dol. Centre d\u2019Arts Contempor\u00e0nies<br \/>Casa Canals. Carrer d&#8217;en Granada, 11. Tarragona<br \/>Colabora: M\u00e8dol Centre d\u2019Arts Contempor\u00e0nies de Tarragona y Laboratoris EGM<br \/><b>Entrada gratuita.<\/b> Accesible para personas con movilidad reducida<\/p><p><span style=\"text-decoration: underline;\"><strong>S\u00e1bado 19 de noviembre<\/strong><\/span><\/p><p><strong>Full Contact<br \/><\/strong><span style=\"color: var(--contrast); background-color: var(--base-3);\">Encuentro profesional y revisi\u00f3n de portafolios entre una selecci\u00f3n de fot\u00f3grafos emergentes, seleccionados por los comisarios <\/span><span style=\"font-weight: bold; color: var(--contrast); background-color: var(--base-3);\">Sem\u00edramis Gonz\u00e1lez i Frederic Montorn\u00e9s<\/span>, <span style=\"color: var(--contrast); background-color: var(--base-3);\">y agentes del mundo del arte<\/span><strong><br \/><\/strong><span style=\"color: var(--contrast); font-weight: bold;\">De las 10:30 a las 18:30 h <\/span><span style=\"background-color: var(--base-3); color: var(--contrast);\">(*Encuentro profesional, solo con acreditaci\u00f3n)<br \/><\/span><span style=\"color: var(--contrast); font-weight: bold;\">De las 15:30 a las 18:30 h<\/span><span style=\"background-color: var(--base-3); color: var(--contrast);\">(*Abierto al p\u00fablico hasta que se complete el aforo)<br \/><\/span><span style=\"background-color: var(--base-3); color: var(--contrast);\"><br \/>Teatret del Serrallo &#8211; Port de Tarragona<br \/><\/span><span style=\"background-color: var(--base-3); color: var(--contrast);\">Colabora: Port de Tarragona<br \/><\/span><b style=\"background-color: var(--base-3); color: var(--contrast);\">Entrada gratuita<\/b><span style=\"background-color: var(--base-3); color: var(--contrast);\">.<\/span><b style=\"background-color: var(--base-3); color: var(--contrast);\"> <\/b><span style=\"background-color: var(--base-3); color: var(--contrast);\">Accesible para personas con movilidad reducida<\/span><\/p><p><strong>15:30 h<\/strong><br \/><strong>Presentaci\u00f3n del libro <em>Elogio de la mirada<\/em><\/strong> (Full Contact)<br \/>A cargo de la autora <strong>Carmen Dalmau<\/strong> y el editor <strong>Roberto Villal\u00f3n<\/strong><\/p><p>Teatret del Serrallo &#8211; Port de Tarragona<br \/>Tarragona<br \/>Colabora: Port de Tarragona<br \/><b>Entrada gratuita.<\/b> Accesible para personas con movilidad reducida<\/p><p><strong>19 h<\/strong><br \/><strong>Visita comentada en la exposici\u00f3n <\/strong> <em><strong>Far away from home: the voices, the body and the periphery<\/strong><\/em><br \/>A cargo de la artista <strong>Hristina Tasheva<\/strong> (en ingl\u00e9s)<\/p><p>Personal Galer\u00eda Tarragona<br \/>Carrer Major, 36. Tarragona<\/p><p><b>Entrada gratuita.<\/b> Accesible para personas con movilidad reducida<strong><br \/><\/strong><\/p><p><span style=\"text-decoration: underline;\"><strong>Domingo 20 de noviembre<\/strong><\/span><\/p><p><strong>12 h<\/strong><br \/><strong>Visita comentada en la exposici\u00f3n <em>Wartime!<br \/><\/em><\/strong> Programa <i><b>Talent Latent<\/b><\/i><br \/>A cargo del comisario <strong>Sema D\u2019Acosta<\/strong><\/p><p>M\u00e8dol. Centre d\u2019Arts Contempor\u00e0nies<br \/>Casa Canals.<br \/>Carrer d&#8217;en Granada, 11. Tarragona<br \/>Colabora: M\u00e8dol Centre d\u2019Arts Contempor\u00e0nies de Tarragona y Laboratoris EGM<br \/><b>Entrada gratuita.<\/b> Accesible para personas con movilidad reducida<\/p><p><strong><span style=\"text-decoration: underline;\">Jueves 24 de noviembre<\/span><\/strong><\/p><p><strong>19 h<\/strong><br \/><strong>Proyecci\u00f3n cinematogr\u00e1fica <em>Brutal Moods<\/em> y coloquio posterior<\/strong><br \/>A cargo de la autora <strong>Marta Bisbal<\/strong><\/p><p>Sala de actos COAC Tarragona <br \/>Carrer de Sant Lloren\u00e7, 20-22. Tarragona<br \/>Organizan: Demarcaci\u00f3 de Tarragona del Col\u00b7legi d\u2019Arquitectes de Catalunya (COAC) y SCAN<br \/><b>Entrada gratuita.<\/b> Accesible para personas con movilidad reducida<\/p><p><span style=\"text-decoration: underline;\"><strong>S\u00e1bado 26 de noviembre<\/strong><\/span><\/p><p><strong>18:30 h<\/strong><br \/><strong>Inauguraci\u00f3n de la exposici\u00f3n <em>El triomf de la por. Spam<\/em><\/strong><br \/>Comisaria: <strong>Maria Ozcoidi<\/strong><br \/>Artistas: <strong>Alexandra Garcia, Vicky Ben\u00edtez, \u00c0lvar Calvet, Nikolay Vetoshkin, Ruben Perdomo, Oier Gil Zapirain, Ro Caminal, Peio Izcue y Ferm\u00edn D\u00edez de Ulzurrun<\/strong><\/p><p>P\u00e0rquing<br \/>Carretera de Santes Creus, 31. Els Pallaresos<br \/>Organiza: P\u00e0rquing<br \/><b>Entrada gratuita.<\/b> Accesible para personas con movilidad reducida<\/p><p><i>*Para m\u00e1s informaci\u00f3n sobre las actividades y las exposiciones visite los respectivos apartados del men\u00fa web<br \/><span style=\"background-color: var(--base-3); color: var(--contrast);\">*La informaci\u00f3n sobre los talleres que organiza SCAN con las entidades la encontrar\u00e1 en el apartado <a href=\"https:\/\/scan.cat\/activitats\/\"><u>actividades<\/u><\/a> del sitio web<\/span><\/i><\/p>\t\t\t\t\t\t\t\t<\/div>\n\t\t\t\t<\/div>\n\t\t\t\t\t<\/div>\n\t\t<\/div>\n\t\t\t\t\t<\/div>\n\t\t<\/section>\n\t\t\t\t<\/div>\n\t\t                <\/div>\n\n                <div class=\"htmega-toggle-button\">\n                    <a href=\"#\" class=\"togglebutton-b7bfeee normal_btn\">Noviembre<svg xmlns=\"http:\/\/www.w3.org\/2000\/svg\" width=\"734\" height=\"737\" viewBox=\"0 0 734 737\" fill=\"none\"><path fill-rule=\"evenodd\" clip-rule=\"evenodd\" d=\"M0.162659 403.237L0.162659 333.779L694.736 333.779V403.237L0.162659 403.237Z\" fill=\"black\"><\/path><path fill-rule=\"evenodd\" clip-rule=\"evenodd\" d=\"M315.696 687.744L684.056 319.384L733.171 368.499L364.811 736.859L315.696 687.744Z\" fill=\"black\"><\/path><path fill-rule=\"evenodd\" clip-rule=\"evenodd\" d=\"M315.696 49.264L364.811 0.14933L733.171 368.509L684.056 417.624L315.696 49.264Z\" fill=\"black\"><\/path><\/svg><\/a><a href=\"#\" class=\"togglebutton-b7bfeee opened_btn\">Noviembre<svg xmlns=\"http:\/\/www.w3.org\/2000\/svg\" width=\"738\" height=\"734\" viewBox=\"0 0 738 734\" fill=\"none\"><path fill-rule=\"evenodd\" clip-rule=\"evenodd\" d=\"M333.933 0H403.392V694.573H333.933V0Z\" fill=\"black\"><\/path><path fill-rule=\"evenodd\" clip-rule=\"evenodd\" d=\"M49.4267 315.533L417.787 683.893L368.672 733.008L0.312012 364.648L49.4267 315.533Z\" fill=\"black\"><\/path><path fill-rule=\"evenodd\" clip-rule=\"evenodd\" d=\"M687.907 315.533L737.021 364.648L368.661 733.008L319.547 683.893L687.907 315.533Z\" fill=\"black\"><\/path><\/svg><\/a>                <\/div>\n\n            <\/div>\n\n            <script>\n                jQuery(document).ready(function($) {\n                    'use strict';\n                    $(\".togglebutton-b7bfeee\").on('click', function(){\n                        $(\".htmega-toggle-content-b7bfeee\").slideToggle('slow');\n                        $(this).removeAttr(\"href\");\n                        $(this).parent().toggleClass(\"open\");\n                    });\n                });\n            <\/script>\n        \t\t\t\t<\/div>\n\t\t\t\t<\/div>\n\t\t\t\t\t<\/div>\n\t\t<\/div>\n\t\t\t\t\t<\/div>\n\t\t<\/section>\n\t\t\t\t<section class=\"elementor-section elementor-top-section elementor-element elementor-element-b0fe1dc elementor-section-full_width lsection elementor-section-height-default elementor-section-height-default\" data-id=\"b0fe1dc\" data-element_type=\"section\" data-e-type=\"section\">\n\t\t\t\t\t\t<div class=\"elementor-container elementor-column-gap-default\">\n\t\t\t\t\t<div class=\"elementor-column elementor-col-100 elementor-top-column elementor-element elementor-element-33acee9\" data-id=\"33acee9\" data-element_type=\"column\" data-e-type=\"column\">\n\t\t\t<div class=\"elementor-widget-wrap elementor-element-populated\">\n\t\t\t\t\t\t<div class=\"elementor-element elementor-element-f74350e lseccion elementor-widget elementor-widget-htmega-toggle-addons\" data-id=\"f74350e\" data-element_type=\"widget\" data-e-type=\"widget\" data-widget_type=\"htmega-toggle-addons.default\">\n\t\t\t\t<div class=\"elementor-widget-container\">\n\t\t\t\t\t            <div class=\"htmega-toggle-area\" >\n                \n                <div class=\"htmega-toggle-content-f74350e\" style=\"display: none;\">\n                    \t\t<div data-elementor-type=\"page\" data-elementor-id=\"4221\" class=\"elementor elementor-4221 elementor-2989 elementor-2989\" data-elementor-post-type=\"elementor_library\">\n\t\t\t\t\t\t<section class=\"elementor-section elementor-top-section elementor-element elementor-element-b6dbce8 elementor-section-full_width elementor-section-height-default elementor-section-height-default\" data-id=\"b6dbce8\" data-element_type=\"section\" data-e-type=\"section\">\n\t\t\t\t\t\t<div class=\"elementor-container elementor-column-gap-default\">\n\t\t\t\t\t<div class=\"elementor-column elementor-col-100 elementor-top-column elementor-element elementor-element-cc41145\" data-id=\"cc41145\" data-element_type=\"column\" data-e-type=\"column\">\n\t\t\t<div class=\"elementor-widget-wrap elementor-element-populated\">\n\t\t\t\t\t\t<div class=\"elementor-element elementor-element-0789557 elementor-widget elementor-widget-text-editor\" data-id=\"0789557\" data-element_type=\"widget\" data-e-type=\"widget\" data-widget_type=\"text-editor.default\">\n\t\t\t\t<div class=\"elementor-widget-container\">\n\t\t\t\t\t\t\t\t\t<p><strong><u>Jueves 1 de diciembre<\/u><\/strong><\/p><p><strong>18:30 h<br \/><\/strong><strong>Di\u00e1logos SCAN<br \/><em>LUCES, C\u00c1MARA, TIROS. Guerra y cultura visual<br \/><\/em><\/strong>A cargo de <strong>Alexandra Laudo [Hero\u00ednas de la Cultura]<br \/><\/strong> <strong><em><br \/>Ampliaci\u00f3n del campo de batalla. M\u00e1s all\u00e1 del cine b\u00e9lico y las noticias televisivas de la guerra<br \/><\/em><\/strong><strong>Albert Alcoz<br \/><\/strong><br \/>Museu d\u2019Art Modern de Tarragona (MAMT)<br \/>Carrer de Santa Anna, 11. Tarragona<br \/>Colaboran: Universitat Rovira i Virgili (URV) y MAMT<br \/><b>Entrada gratuita.<\/b> Accesible para personas con movilidad reducida<\/p><p><strong>19:30 h<br \/><\/strong><strong>Inauguraci\u00f3n de la exposici\u00f3n <em>Get Ready de <\/em>Marcel Pey<br \/><\/strong>Presentaci\u00f3n a cargo de <strong>Chantal Grande<br \/><\/strong><br \/>Museu d\u2019Art Modern de Tarragona (MAMT)<br \/>Carrer de Santa Anna, 11. Tarragona<br \/>Organiza: Museu d\u2019Art Modern de Tarragona (MAMT) y SCAN Tarragona<br \/><b>Entrada gratuita.<\/b> Accesible para personas con movilidad reducida<\/p><p><strong>20 h<br \/><\/strong><strong>SCAN Photobooks <br \/>Inauguraci\u00f3n de la exposici\u00f3n <em>War at a distance<br \/><\/em><\/strong>A cargo de <strong>Natasha Christia<br \/><\/strong><br \/>Museu d\u2019Art Modern de Tarragona (MAMT)<br \/>Carrer de Santa Anna, 11. Tarragona<br \/>Organiza: Museu d\u2019Art Modern de Tarragona (MAMT) y SCAN Tarragona<br \/><b>Entrada gratuita.<\/b> Accesible para personas con movilidad reducida<\/p><p><strong><u>Viernes 2 de diciembre<\/u><\/strong><\/p><p><strong>19 h<br \/><\/strong><strong>SCAN Photobooks<br \/><\/strong>Visita guiada a la exposici\u00f3n <strong><em>War at a distance<br \/><\/em><\/strong>A cargo de <strong>Natasha Christia<br \/><\/strong><br \/>Museu d\u2019Art Modern de Tarragona (MAMT)<br \/>Carrer de Santa Anna, 11. Tarragona<br \/>Organiza: Museu d\u2019Art Modern de Tarragona (MAMT) y SCAN Tarragona<br \/><b>Entrada gratuita.<\/b> Accesible para personas con movilidad reducida<\/p><p><strong><u>S\u00e1bado 3 de diciembre<\/u><\/strong><\/p><p><strong>De 11:00 a 13:30 h<br \/><\/strong><strong>SCAN Photobooks<em>\u00a0<br \/>El fotolibro. Historias del conflicto contempor\u00e1neo<br \/><\/em><\/strong>Clase magistral a cargo de la comisaria <strong>Natasha Christia<br \/><\/strong><br \/>Museu d\u2019Art Modern de Tarragona (MAMT)<br \/>Carrer de Santa Anna, 11. Tarragona<br \/>Organiza: Museu d\u2019Art Modern de Tarragona (MAMT) y SCAN Tarragona<br \/>Accesible para personas con movilidad reducida<\/p><p><strong>Es necesario reservar plaza al email\u00a0<\/strong> <a href=\"mailto:hola@scan.cat\">hola@scan.cat<\/a><\/p><p><strong>18 h<br \/><\/strong><strong>Inauguraci\u00f3n y presentaci\u00f3n de la exposici\u00f3n <em>Maquis<br \/><\/em><\/strong>A cargo del autor<strong>Jes\u00fas Monterde<br \/><\/strong><br \/>Antic Ajuntament (claustro primer piso)<br \/>Carrer Major, 39. Tarragona<br \/><b>Entrada gratuita<\/b><\/p><p><strong>19 h<br \/><\/strong><strong>Inauguraci\u00f3n y presentaci\u00f3n de la exposici\u00f3n <em>Grafitos, balazos y temple<br \/><\/em><\/strong>A cargo del autor <strong>Juli\u00e1n Bar\u00f3n<br \/><\/strong><br \/>La Grey, espai de creaci\u00f3 contempor\u00e0nia<br \/>Carrer de Sant Lloren\u00e7, 3. Tarragona<br \/>Organizan: La Grey, espai de creaci\u00f3 contempor\u00e0nia y SCAN Tarragona<br \/><b>Entrada gratuita.<\/b> Accesible para personas con movilidad reducida<\/p><p><strong><u>S\u00e1bado 10 de diciembre<\/u><\/strong><\/p><p><strong>De 11:00 a 13:30 h<br \/>Ruta fotogr\u00e1fica SCAN<br \/><em>La Guerra a Tarragona<\/em> (ruta 1)<br \/>Punto de encuentro:<\/strong>Fort\u00ed de la Oliva<br \/>Ruta por diferentes puntos de Tarragona con vestigios de la Guerra del Franc\u00e9s y la Guerra Civil espa\u00f1ola<br \/>Presentaci\u00f3n a cargo de <strong>Ramon Alogu\u00edn Pallach<\/strong><\/p><p>Hay que traer c\u00e1mara fotogr\u00e1fica y m\u00f3vil<br \/>Inscripciones en el correo: <strong>centrescivics@tarragona.cat<br \/><\/strong>Organizan: Centres C\u00edvics y SCAN Tarragona<br \/>Colabora: URV &#8211; Campus extens<br \/><b>Entrada gratuita.<\/b> Accesible para personas con movilidad reducida<\/p><p><strong><u>Domingo 11 de diciembre<\/u><\/strong><\/p><p><strong>De 11:00 a 13:30 h<br \/>Ruta fotogr\u00e1fica SCAN\u00a0<br \/><em>La Guerra a Tarragona<\/em> (ruta 2)<br \/>Punto de encuentro:<\/strong> Plaza de la Font, delante del Ajuntament de Tarragona<br \/>Ruta por diferentes puntos de Tarragona con vestigios de la Guerra del Franc\u00e9s y la Guerra Civil espa\u00f1ola<br \/>Presentaci\u00f3n a cargo de <strong>Ramon Alogu\u00edn Pallach<\/strong><\/p><p>Hay que traer c\u00e1mara fotogr\u00e1fica y m\u00f3vil<br \/>Inscripciones en: <strong>centrescivics@tarragona.cat<br \/><\/strong>Organitzan: Centres C\u00edvics y SCAN Tarragona<br \/>Colabora: URV &#8211; Campus extens<br \/><b>Entrada gratuita.<\/b> Accesible para personas con movilidad reducida<\/p><p><strong><u>Jueves 15 de diciembre<\/u><\/strong><\/p><p><strong>18:30 h<br \/><\/strong><strong>Di\u00e1logos SCAN\u00a0<br \/><em>LUCES, C\u00c1MARA, TIROS. Guerra y cultura visual<br \/><\/em><\/strong>A cargo de <strong>Alexandra Laudo [Hero\u00ednas de la Cultura] <\/strong><\/p><p><strong><em>Zelenski, Vogue y la guerra de la imagen\u00a0<br \/><\/em><\/strong><span style=\"background-color: var(--base-3); color: var(--contrast);\"><b>Pilar Cruz<br \/><\/b>(*M\u00e1s informaci\u00f3n en el apartado Actividades)<b><br \/><\/b><\/span><span style=\"background-color: var(--base-3); color: var(--contrast);\"><br \/>Museu d\u2019Art Modern de Tarragona (MAMT)<br \/><\/span><span style=\"background-color: var(--base-3); color: var(--contrast);\">Carrer de Santa Anna, 11. Tarragona<br \/><\/span><span style=\"background-color: var(--base-3); color: var(--contrast);\">Colaboran la Universitat Rovira i Virgili (URV) y MAMT<br \/><\/span><b style=\"background-color: var(--base-3); color: var(--contrast);\">Entrada gratuita<\/b><span style=\"background-color: var(--base-3); color: var(--contrast);\">. Accesible para personas con movilidad reducida<\/span><\/p><p><strong><u>Viernes 16 de diciembre<\/u><\/strong><\/p><p><strong>18 h<br \/><\/strong><b>SCAN Photobooks<br \/><\/b>Visita guiada a la exposici\u00f3n <strong><em>War at a distance<\/em><br \/><\/strong>A cargo de la comisaria <strong>Natasha Christia<\/strong><\/p><p><span style=\"background-color: var(--base-3); color: var(--contrast);\">Museu d\u2019Art Modern de Tarragona (MAMT)<br \/><\/span><span style=\"background-color: var(--base-3); color: var(--contrast);\">Carrer de Santa Anna, 11. Tarragona<br \/><\/span><span style=\"background-color: var(--base-3); color: var(--contrast);\">Organizan: Museu d\u2019Art Modern de Tarragona (MAMT) ySCAN Tarragona<br \/><\/span><b style=\"background-color: var(--base-3); color: var(--contrast);\">Entrada gratuita<\/b><span style=\"background-color: var(--base-3); color: var(--contrast);\">. Accesible para personas con movilidad reducida<\/span><\/p><p><strong>19 h<br \/><\/strong><strong>SCAN Photobooks<br \/><em>La imagen reclutada<\/em><br \/><\/strong>Encuentro de <b>Natasha Christia<\/b> con el artista visual y fundador de Arqueologia Punt de Vista <strong>Ricard Mart\u00ednez<\/strong> entorno del rol de la fotograf\u00eda como medio de propaganda durante la Guerra Civil espanyola<\/p><p>Museu d\u2019Art Modern de Tarragona (MAMT)<br \/>Carrer de Santa Anna, 11. Tarragona<br \/>Organiza: Museu d\u2019Art Modern de Tarragona (MAMT) y SCAN Tarragona<br \/><b>Entrada gratuita.<\/b> Accesible para personas con movilidad reducida<\/p><p><strong><u>27, 28 y 29 de diciembre\u00a0<\/u><\/strong><\/p><p><span style=\"background-color: var(--base-3); color: var(--contrast);\">Taller de fotograf\u00eda <em><b>A primera l\u00ednea <\/b><\/em>c<\/span><span style=\"background-color: var(--base-3); color: var(--contrast);\">on <\/span><span style=\"background-color: var(--base-3); color: var(--contrast);\"><b>Carles Uriarte<\/b><\/span><span style=\"background-color: var(--base-3); color: var(--contrast);\"><br \/><\/span><span style=\"background-color: var(--base-3); color: var(--contrast);\"><br \/>Espai Jove Kesse<br \/><\/span><span style=\"background-color: var(--base-3); color: var(--contrast);\">Carrer de Sant Antoni Maria Claret, 12-14. Tarragona<br \/><\/span><strong style=\"background-color: var(--base-3); color: var(--contrast);\">Horario: <\/strong>m<span style=\"background-color: var(--base-3); color: var(--contrast);\">artes 27 y mi\u00e9rcoles 28 de 11 a 12 h; jueves 29 de 11 a 13 h<br \/><\/span><span style=\"background-color: var(--base-3); color: var(--contrast);\">Inscripciones: <\/span><a href=\"http:\/\/tarragonajove.org\" target=\"_blank\" rel=\"noopener\"><strong>http:\/\/tarragonajove.org<\/strong><\/a><b><br \/><\/b><span style=\"background-color: var(--base-3); color: var(--contrast);\">Organiza: Espai Jove Kesse<br \/><\/span><span style=\"background-color: var(--base-3); color: var(--contrast);\">Colaboran: Tarragona Jove y Tarragona Cooperaci\u00f3<br \/><\/span><span style=\"background-color: var(--base-3); color: var(--contrast);\">Actividad gratuita previa inscripci\u00f3n. Para mayores de 16 a\u00f1os<\/span><\/p><p><strong><u>Mi\u00e9rcoles 28 de diciembre<\/u><\/strong><\/p><p><strong>18 h y 19 h<br \/>Visita guiada a la exposici\u00f3n <em>Alpes, \u00faltima salida\u00a0<br \/><\/em><\/strong>Con los autores de la exposici\u00f3n: <strong>Carlos Dom\u00e8nech, Sandra Pascual, Robert Gass\u00f3 y \u00c1lex Folguera<\/strong><\/p><p>Espai Jove Kesse<br \/>Carrer de Sant Antoni Maria Claret, 12-14. Tarragona<br \/>Es necesario realizar inscripci\u00f3n previa en: <a href=\"https:\/\/tarragonajove.org\/\" target=\"_blank\" rel=\"noopener\"><strong>https:\/\/tarragonajove.org\/<\/strong> <br \/><\/a> Organiza: Espai Jove Kesse<br \/>Colaboran: Tarragona Jove y Tarragona Cooperaci\u00f3<br \/><b>Entrada gratuita.<\/b> Accesible para personas con movilidad reducida<\/p><p><strong><u>Jueves 29 de diciembre<\/u><\/strong><\/p><p><strong>17:30 h<\/strong><br \/><strong>Ruta fotogr\u00e1fica SCAN<br \/><\/strong><strong style=\"background-color: var(--base-3); color: var(--contrast);\">Inauguraci\u00f3n de la exposici\u00f3n <em>La guerra en Tarragona<\/em><\/strong><span style=\"background-color: var(--base-3); color: var(--contrast);\">\u00a0<br \/><\/span>Proyecto expositivo de car\u00e1cter colaborativo con la participaci\u00f3n de la ciudadan\u00eda<\/p><p><span style=\"background-color: var(--base-3); color: var(--contrast);\">Espai Turisme<br \/><\/span><span style=\"background-color: var(--base-3); color: var(--contrast);\">Carrer Major, 37. Tarragona<br \/><\/span><span style=\"background-color: var(--base-3); color: var(--contrast);\">Organizan: Turisme Tarragona, Centres C\u00edvics de Tarragona y SCAN Tarragona<br \/><\/span><\/p><p><span style=\"background-color: var(--base-3); color: var(--contrast);\">\u00a0<\/span><i style=\"background-color: var(--base-3); color: var(--contrast);\">*Para m\u00e1s informaci\u00f3n sobre las actividades y las exposiciones visite los respectivos apartados del men\u00fa web<br \/><\/i><i style=\"background-color: var(--base-3); color: var(--contrast);\"><span style=\"background-color: var(--base-3); color: var(--contrast);\">*La informaci\u00f3n sobre los talleres que organiza SCAN con las entidades la encontrar\u00e1 en el apartado <a href=\"https:\/\/scan.cat\/activitats\/\"><u>actividades<\/u><\/a> de la web<br \/><\/span><\/i><\/p>\t\t\t\t\t\t\t\t<\/div>\n\t\t\t\t<\/div>\n\t\t\t\t\t<\/div>\n\t\t<\/div>\n\t\t\t\t\t<\/div>\n\t\t<\/section>\n\t\t\t\t<\/div>\n\t\t                <\/div>\n\n                <div class=\"htmega-toggle-button\">\n                    <a href=\"#\" class=\"togglebutton-f74350e normal_btn\">Diciembre<svg xmlns=\"http:\/\/www.w3.org\/2000\/svg\" width=\"734\" height=\"737\" viewBox=\"0 0 734 737\" fill=\"none\"><path fill-rule=\"evenodd\" clip-rule=\"evenodd\" d=\"M0.162659 403.237L0.162659 333.779L694.736 333.779V403.237L0.162659 403.237Z\" fill=\"black\"><\/path><path fill-rule=\"evenodd\" clip-rule=\"evenodd\" d=\"M315.696 687.744L684.056 319.384L733.171 368.499L364.811 736.859L315.696 687.744Z\" fill=\"black\"><\/path><path fill-rule=\"evenodd\" clip-rule=\"evenodd\" d=\"M315.696 49.264L364.811 0.14933L733.171 368.509L684.056 417.624L315.696 49.264Z\" fill=\"black\"><\/path><\/svg><\/a><a href=\"#\" class=\"togglebutton-f74350e opened_btn\">Diciembre<svg xmlns=\"http:\/\/www.w3.org\/2000\/svg\" width=\"738\" height=\"734\" viewBox=\"0 0 738 734\" fill=\"none\"><path fill-rule=\"evenodd\" clip-rule=\"evenodd\" d=\"M333.933 0H403.392V694.573H333.933V0Z\" fill=\"black\"><\/path><path fill-rule=\"evenodd\" clip-rule=\"evenodd\" d=\"M49.4267 315.533L417.787 683.893L368.672 733.008L0.312012 364.648L49.4267 315.533Z\" fill=\"black\"><\/path><path fill-rule=\"evenodd\" clip-rule=\"evenodd\" d=\"M687.907 315.533L737.021 364.648L368.661 733.008L319.547 683.893L687.907 315.533Z\" fill=\"black\"><\/path><\/svg><\/a>                <\/div>\n\n            <\/div>\n\n            <script>\n                jQuery(document).ready(function($) {\n                    'use strict';\n                    $(\".togglebutton-f74350e\").on('click', function(){\n                        $(\".htmega-toggle-content-f74350e\").slideToggle('slow');\n                        $(this).removeAttr(\"href\");\n                        $(this).parent().toggleClass(\"open\");\n                    });\n                });\n            <\/script>\n        \t\t\t\t<\/div>\n\t\t\t\t<\/div>\n\t\t\t\t\t<\/div>\n\t\t<\/div>\n\t\t\t\t\t<\/div>\n\t\t<\/section>\n\t\t\t\t<section class=\"elementor-section elementor-top-section elementor-element elementor-element-074fac8 elementor-section-full_width lsection elementor-section-height-default elementor-section-height-default\" data-id=\"074fac8\" data-element_type=\"section\" data-e-type=\"section\">\n\t\t\t\t\t\t<div class=\"elementor-container elementor-column-gap-default\">\n\t\t\t\t\t<div class=\"elementor-column elementor-col-100 elementor-top-column elementor-element elementor-element-6f2f0fb\" data-id=\"6f2f0fb\" data-element_type=\"column\" data-e-type=\"column\">\n\t\t\t<div class=\"elementor-widget-wrap elementor-element-populated\">\n\t\t\t\t\t\t<div class=\"elementor-element elementor-element-cc57574 lseccion elementor-widget elementor-widget-htmega-toggle-addons\" data-id=\"cc57574\" data-element_type=\"widget\" data-e-type=\"widget\" data-widget_type=\"htmega-toggle-addons.default\">\n\t\t\t\t<div class=\"elementor-widget-container\">\n\t\t\t\t\t            <div class=\"htmega-toggle-area\" >\n                \n                <div class=\"htmega-toggle-content-cc57574\" style=\"display: none;\">\n                    \t\t<div data-elementor-type=\"page\" data-elementor-id=\"3619\" class=\"elementor elementor-3619 elementor-2995 elementor-2995\" data-elementor-post-type=\"elementor_library\">\n\t\t\t\t\t\t<section class=\"elementor-section elementor-top-section elementor-element elementor-element-b6dbce8 elementor-section-full_width elementor-section-height-default elementor-section-height-default\" data-id=\"b6dbce8\" data-element_type=\"section\" data-e-type=\"section\">\n\t\t\t\t\t\t<div class=\"elementor-container elementor-column-gap-default\">\n\t\t\t\t\t<div class=\"elementor-column elementor-col-100 elementor-top-column elementor-element elementor-element-cc41145\" data-id=\"cc41145\" data-element_type=\"column\" data-e-type=\"column\">\n\t\t\t<div class=\"elementor-widget-wrap elementor-element-populated\">\n\t\t\t\t\t\t<div class=\"elementor-element elementor-element-0789557 elementor-widget elementor-widget-text-editor\" data-id=\"0789557\" data-element_type=\"widget\" data-e-type=\"widget\" data-widget_type=\"text-editor.default\">\n\t\t\t\t<div class=\"elementor-widget-container\">\n\t\t\t\t\t\t\t\t\t<p><strong><u>Domingo 8 de enero<\/u><\/strong><\/p><p><b>12 h<\/b><u style=\"font-weight: bold;\"><br \/><\/u><b>Visita comentada a la exposici\u00f3n<\/b><em style=\"font-weight: bold;\">Wartime!<br \/><\/em>Programa<strong><em>Talent Latent<br \/><\/em><\/strong><br \/>M\u00e8dol. Centre d\u2019Arts Contempor\u00e0nies<br \/>Casa Canals. Carrer de Granada, 11. Tarragona<br \/>Colabora: M\u00e8dol Centre d\u2019Arts Contempor\u00e0nies de Tarragona<br \/><b>Entrada gratuita.<\/b> Accesible para personas con movilidad reducida<\/p><p><span style=\"font-weight: bold;\"><u>S\u00e1bado 14 de enero<\/u><\/span><i><span style=\"background-color: var(--base-3); color: var(--contrast);\"><br \/><\/span><\/i><\/p><p><span style=\"font-weight: bold;\">12 h<br \/><\/span><i style=\"background-color: var(--base-3); color: var(--contrast);\"><span style=\"font-weight: bold;\">La construcci\u00f3n del miedo como herramienta de dominaci\u00f3n<br \/><\/span><\/i><span style=\"color: var(--contrast); background-color: var(--base-3);\">Charla<\/span> <span style=\"background-color: var(--base-3); color: var(--contrast);\">a cargo del autor<\/span> <span style=\"font-weight: bold; background-color: var(--base-3); color: var(--contrast);\">Jordi Mart\u00ed Font<\/span> <span style=\"background-color: var(--base-3); color: var(--contrast);\">y la editorial <span style=\"font-weight: bold;\">Lo Diable Gros<\/span><\/span><\/p><p>Esta actividad se celebrar\u00e1 con motivo del <i>finissage<\/i> de la exposici\u00f3n EL <b><i>TRIUNFO DEL MIEDO \u2013 SPAM<\/i><\/b> <br \/>Adem\u00e1s, tambi\u00e9n habr\u00e1 una visita guiada por la exposici\u00f3n a cargo de los artistas y la comisaria <b>Maria Ozcoidi<\/b><\/p><p>P\u00e0rquing<br \/><span style=\"background-color: var(--base-3); color: var(--contrast);\">Carretera de Santes Creus, 31<br \/><\/span><span style=\"background-color: var(--base-3); color: var(--contrast);\">Els Pallaresos, Tarragona<br \/><\/span><span style=\"background-color: var(--base-3); color: var(--contrast);\"><span style=\"font-weight: bold;\">Entrada gratuita.<\/span> Accesible para personas con movilidad reducida<\/span><\/p><p><i>*Para m\u00e1s informaci\u00f3n sobre las actividades y las exposiciones visite los respectivos apartados del men\u00fa web<br \/><span style=\"background-color: var(--base-3); color: var(--contrast);\">*La informaci\u00f3n sobre los talleres que SCAN hace con las entidades la encontrar\u00e1 en el apartado <a href=\"https:\/\/scan.cat\/activitats\/\"><u>actividades<\/u><\/a> del sitio web<\/span><\/i><span style=\"background-color: var(--base-3); color: var(--contrast);\"><br \/><\/span><\/p>\t\t\t\t\t\t\t\t<\/div>\n\t\t\t\t<\/div>\n\t\t\t\t\t<\/div>\n\t\t<\/div>\n\t\t\t\t\t<\/div>\n\t\t<\/section>\n\t\t\t\t<\/div>\n\t\t                <\/div>\n\n                <div class=\"htmega-toggle-button\">\n                    <a href=\"#\" class=\"togglebutton-cc57574 normal_btn\">Enero<svg xmlns=\"http:\/\/www.w3.org\/2000\/svg\" width=\"734\" height=\"737\" viewBox=\"0 0 734 737\" fill=\"none\"><path fill-rule=\"evenodd\" clip-rule=\"evenodd\" d=\"M0.162659 403.237L0.162659 333.779L694.736 333.779V403.237L0.162659 403.237Z\" fill=\"black\"><\/path><path fill-rule=\"evenodd\" clip-rule=\"evenodd\" d=\"M315.696 687.744L684.056 319.384L733.171 368.499L364.811 736.859L315.696 687.744Z\" fill=\"black\"><\/path><path fill-rule=\"evenodd\" clip-rule=\"evenodd\" d=\"M315.696 49.264L364.811 0.14933L733.171 368.509L684.056 417.624L315.696 49.264Z\" fill=\"black\"><\/path><\/svg><\/a><a href=\"#\" class=\"togglebutton-cc57574 opened_btn\">Enero<svg xmlns=\"http:\/\/www.w3.org\/2000\/svg\" width=\"738\" height=\"734\" viewBox=\"0 0 738 734\" fill=\"none\"><path fill-rule=\"evenodd\" clip-rule=\"evenodd\" d=\"M333.933 0H403.392V694.573H333.933V0Z\" fill=\"black\"><\/path><path fill-rule=\"evenodd\" clip-rule=\"evenodd\" d=\"M49.4267 315.533L417.787 683.893L368.672 733.008L0.312012 364.648L49.4267 315.533Z\" fill=\"black\"><\/path><path fill-rule=\"evenodd\" clip-rule=\"evenodd\" d=\"M687.907 315.533L737.021 364.648L368.661 733.008L319.547 683.893L687.907 315.533Z\" fill=\"black\"><\/path><\/svg><\/a>                <\/div>\n\n            <\/div>\n\n            <script>\n                jQuery(document).ready(function($) {\n                    'use strict';\n                    $(\".togglebutton-cc57574\").on('click', function(){\n                        $(\".htmega-toggle-content-cc57574\").slideToggle('slow');\n                        $(this).removeAttr(\"href\");\n                        $(this).parent().toggleClass(\"open\");\n                    });\n                });\n            <\/script>\n        \t\t\t\t<\/div>\n\t\t\t\t<\/div>\n\t\t\t\t\t<\/div>\n\t\t<\/div>\n\t\t\t\t\t<\/div>\n\t\t<\/section>\n\t\t\t\t<\/div>\n\t\t","protected":false},"excerpt":{"rendered":"<p>PROGRAMACI\u00d3N NoviembreNoviembre Jueves 17 de noviembre (acto avanzado) 18.30 hDi\u00e1logos SCANLUCES, C\u00c1MARA, TIROS. Guerra y cultura visualA cura de Alexandra Laudo [Hero\u00ednas de la Cultura] El car\u00e1cter predatorio de la imagen fotogr\u00e1ficaArola VallsServeis Territorials de Cultura de la Generalitat de CatalunyaC. Major, 14. TarragonaColaboran la Universitat Rovira i Virgili (URV) y SSTT de Cultura de &#8230; <a title=\"Programaci\u00f3n\" class=\"read-more\" href=\"https:\/\/scan.cat\/es\/programacion\/\" aria-label=\"Leer m\u00e1s sobre Programaci\u00f3n\">Leer m\u00e1s<\/a><\/p>\n","protected":false},"author":2,"featured_media":0,"parent":0,"menu_order":0,"comment_status":"closed","ping_status":"closed","template":"","meta":{"footnotes":""},"class_list":["post-2814","page","type-page","status-publish"],"_links":{"self":[{"href":"https:\/\/scan.cat\/es\/wp-json\/wp\/v2\/pages\/2814","targetHints":{"allow":["GET"]}}],"collection":[{"href":"https:\/\/scan.cat\/es\/wp-json\/wp\/v2\/pages"}],"about":[{"href":"https:\/\/scan.cat\/es\/wp-json\/wp\/v2\/types\/page"}],"author":[{"embeddable":true,"href":"https:\/\/scan.cat\/es\/wp-json\/wp\/v2\/users\/2"}],"replies":[{"embeddable":true,"href":"https:\/\/scan.cat\/es\/wp-json\/wp\/v2\/comments?post=2814"}],"version-history":[{"count":17,"href":"https:\/\/scan.cat\/es\/wp-json\/wp\/v2\/pages\/2814\/revisions"}],"predecessor-version":[{"id":4263,"href":"https:\/\/scan.cat\/es\/wp-json\/wp\/v2\/pages\/2814\/revisions\/4263"}],"wp:attachment":[{"href":"https:\/\/scan.cat\/es\/wp-json\/wp\/v2\/media?parent=2814"}],"curies":[{"name":"wp","href":"https:\/\/api.w.org\/{rel}","templated":true}]}}