{"id":7259,"date":"2023-09-19T15:54:30","date_gmt":"2023-09-19T15:54:30","guid":{"rendered":"https:\/\/scan.cat\/otras-actividades-y-talleres\/"},"modified":"2023-10-03T16:23:34","modified_gmt":"2023-10-03T16:23:34","slug":"otras-actividades-y-talleres","status":"publish","type":"page","link":"https:\/\/scan.cat\/es\/otras-actividades-y-talleres\/","title":{"rendered":"Otras actividades y talleres"},"content":{"rendered":"\t\t<div data-elementor-type=\"wp-page\" data-elementor-id=\"7259\" class=\"elementor elementor-7259 elementor-6964\" data-elementor-post-type=\"page\">\n\t\t\t\t\t\t<section class=\"elementor-section elementor-top-section elementor-element elementor-element-2f7ee0ba elementor-section-full_width elementor-section-height-default elementor-section-height-default\" data-id=\"2f7ee0ba\" data-element_type=\"section\" data-e-type=\"section\" id=\"cabecera\">\n\t\t\t\t\t\t<div class=\"elementor-container elementor-column-gap-default\">\n\t\t\t\t\t<div class=\"elementor-column elementor-col-100 elementor-top-column elementor-element elementor-element-39baf243\" data-id=\"39baf243\" data-element_type=\"column\" data-e-type=\"column\">\n\t\t\t<div class=\"elementor-widget-wrap elementor-element-populated\">\n\t\t\t\t\t\t<div class=\"elementor-element elementor-element-36e8dfc3 elementor-widget elementor-widget-heading\" data-id=\"36e8dfc3\" data-element_type=\"widget\" data-e-type=\"widget\" data-widget_type=\"heading.default\">\n\t\t\t\t<div class=\"elementor-widget-container\">\n\t\t\t\t\t<h1 class=\"elementor-heading-title elementor-size-default\">OTRAS ACTIVIDADES Y TALLERES<\/h1>\t\t\t\t<\/div>\n\t\t\t\t<\/div>\n\t\t\t\t\t<\/div>\n\t\t<\/div>\n\t\t\t\t\t<\/div>\n\t\t<\/section>\n\t\t\t\t<section class=\"elementor-section elementor-top-section elementor-element elementor-element-12b6294 elementor-section-full_width lseccion elementor-section-height-default elementor-section-height-default\" data-id=\"12b6294\" data-element_type=\"section\" data-e-type=\"section\" id=\"dsec\">\n\t\t\t\t\t\t<div class=\"elementor-container elementor-column-gap-default\">\n\t\t\t\t\t<div class=\"elementor-column elementor-col-50 elementor-top-column elementor-element elementor-element-50e23b1\" data-id=\"50e23b1\" data-element_type=\"column\" data-e-type=\"column\">\n\t\t\t<div class=\"elementor-widget-wrap elementor-element-populated\">\n\t\t\t\t\t\t<div class=\"elementor-element elementor-element-1ae584d elementor-widget elementor-widget-image\" data-id=\"1ae584d\" data-element_type=\"widget\" data-e-type=\"widget\" data-widget_type=\"image.default\">\n\t\t\t\t<div class=\"elementor-widget-container\">\n\t\t\t\t\t\t\t\t\t\t\t\t\t\t\t<img fetchpriority=\"high\" decoding=\"async\" width=\"1024\" height=\"683\" src=\"https:\/\/scan.cat\/wp-content\/uploads\/2022\/07\/Scan_2018_29-1024x683.jpg\" class=\"attachment-large size-large wp-image-871\" alt=\"\" srcset=\"https:\/\/scan.cat\/wp-content\/uploads\/2022\/07\/Scan_2018_29-1024x683.jpg 1024w, https:\/\/scan.cat\/wp-content\/uploads\/2022\/07\/Scan_2018_29-300x200.jpg 300w, https:\/\/scan.cat\/wp-content\/uploads\/2022\/07\/Scan_2018_29-768x512.jpg 768w, https:\/\/scan.cat\/wp-content\/uploads\/2022\/07\/Scan_2018_29-1536x1024.jpg 1536w, https:\/\/scan.cat\/wp-content\/uploads\/2022\/07\/Scan_2018_29.jpg 1573w\" sizes=\"(max-width: 1024px) 100vw, 1024px\" title=\"\">\t\t\t\t\t\t\t\t\t\t\t\t\t\t\t<\/div>\n\t\t\t\t<\/div>\n\t\t\t\t<div class=\"elementor-element elementor-element-46dda67 elementor-widget elementor-widget-text-editor\" data-id=\"46dda67\" data-element_type=\"widget\" data-e-type=\"widget\" data-widget_type=\"text-editor.default\">\n\t\t\t\t<div class=\"elementor-widget-container\">\n\t\t\t\t\t\t\t\t\t<p><strong>Lugar<br \/><\/strong>Espai La Grey<br \/>Carrer Sant Lloren\u00e7,3 <strong><br \/><\/strong><\/p>\n<p><strong>Horario<br \/><\/strong>De 17 h a 19 h<\/p>\n\t\t\t\t\t\t\t\t<\/div>\n\t\t\t\t<\/div>\n\t\t\t\t\t<\/div>\n\t\t<\/div>\n\t\t\t\t<div class=\"elementor-column elementor-col-50 elementor-top-column elementor-element elementor-element-71ca64a\" data-id=\"71ca64a\" data-element_type=\"column\" data-e-type=\"column\">\n\t\t\t<div class=\"elementor-widget-wrap elementor-element-populated\">\n\t\t\t\t\t\t<div class=\"elementor-element elementor-element-42db296 elementor-widget elementor-widget-text-editor\" data-id=\"42db296\" data-element_type=\"widget\" data-e-type=\"widget\" data-widget_type=\"text-editor.default\">\n\t\t\t\t<div class=\"elementor-widget-container\">\n\t\t\t\t\t\t\t\t\t<p>Contrary to popular belief, Lorem Ipsum is not simply random text. It has roots in a piece of classical Latin literature from 45 BC, making it over 2000 years old. Richard McClintock, a Latin professor at Hampden-Sydney College in Virginia, looked up one of the more obscure Latin words, consectetur, from a Lorem Ipsum passage, and going through the cites of the word in classical literature, discovered the undoubtable source. Lorem Ipsum comes from sections 1.10.32 and 1.10.33 of \u00abde Finibus Bonorum et Malorum\u00bb (The Extremes of Good and Evil) by Cicero, written in 45 BC. This book is a treatise on the theory of ethics, very popular during the Renaissance. The first line of Lorem Ipsum, \u00abLorem ipsum dolor sit amet..\u00bb, comes from a line in section 1.10.32.<\/p>\n<p>The standard chunk of Lorem Ipsum used since the 1500s is reproduced below for those interested. Sections 1.10.32 and 1.10.33 from \u00abde Finibus Bonorum et Malorum\u00bb by Cicero are also reproduced in their exact original form, accompanied by English versions from the 1914 translation by H. Rackham.<\/p>\n\t\t\t\t\t\t\t\t<\/div>\n\t\t\t\t<\/div>\n\t\t\t\t\t<\/div>\n\t\t<\/div>\n\t\t\t\t\t<\/div>\n\t\t<\/section>\n\t\t\t\t<section class=\"elementor-section elementor-top-section elementor-element elementor-element-fc8162a elementor-section-full_width lsection elementor-section-height-default elementor-section-height-default\" data-id=\"fc8162a\" data-element_type=\"section\" data-e-type=\"section\">\n\t\t\t\t\t\t<div class=\"elementor-container elementor-column-gap-default\">\n\t\t\t\t\t<div class=\"elementor-column elementor-col-100 elementor-top-column elementor-element elementor-element-0c82010\" data-id=\"0c82010\" data-element_type=\"column\" data-e-type=\"column\">\n\t\t\t<div class=\"elementor-widget-wrap elementor-element-populated\">\n\t\t\t\t\t\t<div class=\"elementor-element elementor-element-40c3063 lseccion elementor-widget elementor-widget-htmega-toggle-addons\" data-id=\"40c3063\" data-element_type=\"widget\" data-e-type=\"widget\" data-widget_type=\"htmega-toggle-addons.default\">\n\t\t\t\t<div class=\"elementor-widget-container\">\n\t\t\t\t\t            <div class=\"htmega-toggle-area\" >\n                \n                <div class=\"htmega-toggle-content-40c3063\" style=\"display: none;\">\n                    \t\t<div data-elementor-type=\"page\" data-elementor-id=\"7026\" class=\"elementor elementor-7026 elementor-7005 elementor-7005\" data-elementor-post-type=\"elementor_library\">\n\t\t\t\t\t\t<section class=\"elementor-section elementor-top-section elementor-element elementor-element-940f20b elementor-section-full_width elementor-reverse-mobile elementor-section-height-default elementor-section-height-default\" data-id=\"940f20b\" data-element_type=\"section\" data-e-type=\"section\" id=\"content\">\n\t\t\t\t\t\t<div class=\"elementor-container elementor-column-gap-default\">\n\t\t\t\t\t<div class=\"elementor-column elementor-col-50 elementor-top-column elementor-element elementor-element-22e5b4c col1\" data-id=\"22e5b4c\" data-element_type=\"column\" data-e-type=\"column\">\n\t\t\t<div class=\"elementor-widget-wrap elementor-element-populated\">\n\t\t\t\t\t\t<div class=\"elementor-element elementor-element-3075269 elementor-widget elementor-widget-text-editor\" data-id=\"3075269\" data-element_type=\"widget\" data-e-type=\"widget\" data-widget_type=\"text-editor.default\">\n\t\t\t\t<div class=\"elementor-widget-container\">\n\t\t\t\t\t\t\t\t\t<p><strong><u>En la Biblioteca P\u00fablica de Tarragona<\/u><\/strong><\/p>\n<p><strong>Fechas<\/strong><br \/>Del 30 de octubre al 30 de noviembre de 2023<\/p>\n<p><strong>Lugar<\/strong><br \/>Biblioteca P\u00fablica de Tarragona<br \/>C. Fortuny, 30<br \/>43001 Tarragona<br \/>977 240 331 | ext. 16505<br \/><a href=\"https:\/\/bibliotecatarragona.gencat.cat\" target=\"_blank\" rel=\"noopener\">https:\/\/bibliotecatarragona.gencat.cat<\/a><\/p>\n<p><a href=\"https:\/\/maps.app.goo.gl\/ZSwVZ7HjPf5ZhtXw5\" target=\"_blank\" rel=\"noopener\"><span style=\"text-decoration: underline;\">Como llegar<\/span><\/a><\/p>\n<p><strong>Horario<\/strong><br \/>De lunes a viernes de 10 a 20 h<br \/>S\u00e1bado de 10 a 14 h<\/p>\n<\/p>\n<p><strong><u>En la Biblioteca Pepita Ferrer<\/u><\/strong><\/p>\n<p><strong>Fechas<\/strong><br \/>Del 13 de octubre de 2023 al 14 de enero de 2024<\/p>\n<p><strong>Lugar<\/strong><br \/>Biblioteca Pepita Ferrer<br \/>Pl. Pilar Pradells, s\/n <br \/>43006 Torreforta (Tarragona)<br \/>Tel. 977 55 65 67<\/p>\n<p><a href=\"https:\/\/maps.app.goo.gl\/azU9yU8WS6sed6zZ6\" target=\"_blank\" rel=\"noopener\"><span style=\"text-decoration: underline;\">Como llegar<\/span><\/a><\/p>\n<p><strong> <\/strong><strong>Horario<\/strong><br \/>De lunes a viernes de 10 a 19 h<br \/>S\u00e1bado de 10 a 13 h<\/p>\n<p><strong>Organizan<\/strong><br \/>Biblioteca P\u00fablica de Tarragona<br \/>Biblioteca Pepita Ferrer<br \/>SCAN Tarragona<\/p>\n\t\t\t\t\t\t\t\t<\/div>\n\t\t\t\t<\/div>\n\t\t\t\t<div class=\"elementor-element elementor-element-4c93fdf elementor-widget__width-inherit elementor-widget elementor-widget-image\" data-id=\"4c93fdf\" data-element_type=\"widget\" data-e-type=\"widget\" data-widget_type=\"image.default\">\n\t\t\t\t<div class=\"elementor-widget-container\">\n\t\t\t\t\t\t\t\t\t\t\t\t\t\t\t<img decoding=\"async\" width=\"434\" height=\"352\" src=\"https:\/\/scan.cat\/wp-content\/uploads\/2023\/09\/bibliotecaPublica.png\" class=\"attachment-full size-full wp-image-7010\" alt=\"\" srcset=\"https:\/\/scan.cat\/wp-content\/uploads\/2023\/09\/bibliotecaPublica.png 434w, https:\/\/scan.cat\/wp-content\/uploads\/2023\/09\/bibliotecaPublica-300x243.png 300w\" sizes=\"(max-width: 434px) 100vw, 434px\" title=\"\">\t\t\t\t\t\t\t\t\t\t\t\t\t\t\t<\/div>\n\t\t\t\t<\/div>\n\t\t\t\t<div class=\"elementor-element elementor-element-313c4fe elementor-widget__width-inherit elementor-widget elementor-widget-image\" data-id=\"313c4fe\" data-element_type=\"widget\" data-e-type=\"widget\" data-widget_type=\"image.default\">\n\t\t\t\t<div class=\"elementor-widget-container\">\n\t\t\t\t\t\t\t\t\t\t\t\t\t\t\t<img decoding=\"async\" width=\"300\" height=\"111\" src=\"https:\/\/scan.cat\/wp-content\/uploads\/2022\/10\/logoPepitaFerrer_mini.png\" class=\"attachment-full size-full wp-image-1960\" alt=\"\" title=\"\">\t\t\t\t\t\t\t\t\t\t\t\t\t\t\t<\/div>\n\t\t\t\t<\/div>\n\t\t\t\t\t<\/div>\n\t\t<\/div>\n\t\t\t\t<div class=\"elementor-column elementor-col-50 elementor-top-column elementor-element elementor-element-4de87cb col2\" data-id=\"4de87cb\" data-element_type=\"column\" data-e-type=\"column\">\n\t\t\t<div class=\"elementor-widget-wrap elementor-element-populated\">\n\t\t\t\t\t\t<div class=\"elementor-element elementor-element-47f4d78 elementor--h-position-center elementor--v-position-middle elementor-arrows-position-inside elementor-widget elementor-widget-slides\" data-id=\"47f4d78\" data-element_type=\"widget\" data-e-type=\"widget\" data-settings=\"{&quot;navigation&quot;:&quot;arrows&quot;,&quot;autoplay&quot;:&quot;yes&quot;,&quot;pause_on_hover&quot;:&quot;yes&quot;,&quot;pause_on_interaction&quot;:&quot;yes&quot;,&quot;autoplay_speed&quot;:5000,&quot;infinite&quot;:&quot;yes&quot;,&quot;transition&quot;:&quot;slide&quot;,&quot;transition_speed&quot;:500}\" data-widget_type=\"slides.default\">\n\t\t\t\t<div class=\"elementor-widget-container\">\n\t\t\t\t\t\t\t\t\t<div class=\"elementor-swiper\">\n\t\t\t\t\t<div class=\"elementor-slides-wrapper elementor-main-swiper swiper\" role=\"region\" aria-roledescription=\"carousel\" aria-label=\"Diapositivas\" dir=\"ltr\" data-animation=\"fadeInUp\">\n\t\t\t\t<div class=\"swiper-wrapper elementor-slides\">\n\t\t\t\t\t\t\t\t\t\t<div class=\"elementor-repeater-item-5fe5d1e swiper-slide\" role=\"group\" aria-roledescription=\"slide\"><div class=\"swiper-slide-bg\" role=\"img\" aria-label=\"promos-xarxes-jesus-290923-ajuntament6\"><\/div><div class=\"swiper-slide-inner\" ><div class=\"swiper-slide-contents\"><\/div><\/div><\/div><div class=\"elementor-repeater-item-7a7f531 swiper-slide\" role=\"group\" aria-roledescription=\"slide\"><div class=\"swiper-slide-bg\" role=\"img\" aria-label=\"promos-xarxes-jesus-290923-ajuntament5\"><\/div><div class=\"swiper-slide-inner\" ><div class=\"swiper-slide-contents\"><\/div><\/div><\/div>\t\t\t\t<\/div>\n\t\t\t\t\t\t\t\t\t\t\t\t\t\t\t<div class=\"elementor-swiper-button elementor-swiper-button-prev\" role=\"button\" tabindex=\"0\" aria-label=\"Diapositiva anterior\">\n\t\t\t\t\t\t\t<i aria-hidden=\"true\" class=\"eicon-chevron-left\"><\/i>\t\t\t\t\t\t<\/div>\n\t\t\t\t\t\t<div class=\"elementor-swiper-button elementor-swiper-button-next\" role=\"button\" tabindex=\"0\" aria-label=\"Diapositiva siguiente\">\n\t\t\t\t\t\t\t<i aria-hidden=\"true\" class=\"eicon-chevron-right\"><\/i>\t\t\t\t\t\t<\/div>\n\t\t\t\t\t\t\t\t\t\t\t\t\t\t\t\t\t<\/div>\n\t\t\t\t<\/div>\n\t\t\t\t\t\t\t\t<\/div>\n\t\t\t\t<\/div>\n\t\t\t\t<div class=\"elementor-element elementor-element-3f7780f elementor-widget elementor-widget-text-editor\" data-id=\"3f7780f\" data-element_type=\"widget\" data-e-type=\"widget\" data-widget_type=\"text-editor.default\">\n\t\t\t\t<div class=\"elementor-widget-container\">\n\t\t\t\t\t\t\t\t\t<p><strong>BIBLIOSCAN<\/strong><\/p>\n<p>BIBLIOSCAN es un listado de libros de fotograf\u00eda, algunos vinculados a la tem\u00e1tica anual del festival, que las bibliotecas de Tarragona (la Biblioteca P\u00fablica de Tarragona y la Biblioteca Pepita Ferrer de Torreforta) ofrecen al p\u00fablico lector.<\/p>\n<p>Se presenta una gu\u00eda con una extensa bibliograf\u00eda de libros de g\u00e9neros varios vinculados al mundo de la fotograf\u00eda: c\u00f3mics, novelas, ensayo, fotolibros, \u00e1lbumes ilustrados o cuentos infantiles y juveniles. Los usuarios y usuarias de la biblioteca tienen la posibilidad de pedirlos en pr\u00e9stamo.<\/p>\n\t\t\t\t\t\t\t\t<\/div>\n\t\t\t\t<\/div>\n\t\t\t\t\t<\/div>\n\t\t<\/div>\n\t\t\t\t\t<\/div>\n\t\t<\/section>\n\t\t\t\t<\/div>\n\t\t                <\/div>\n\n                <div class=\"htmega-toggle-button\">\n                    <a href=\"#\" class=\"togglebutton-40c3063 normal_btn\">BiblioSCAN<svg xmlns=\"http:\/\/www.w3.org\/2000\/svg\" width=\"734\" height=\"737\" viewBox=\"0 0 734 737\" fill=\"none\"><path fill-rule=\"evenodd\" clip-rule=\"evenodd\" d=\"M0.162659 403.237L0.162659 333.779L694.736 333.779V403.237L0.162659 403.237Z\" fill=\"black\"><\/path><path fill-rule=\"evenodd\" clip-rule=\"evenodd\" d=\"M315.696 687.744L684.056 319.384L733.171 368.499L364.811 736.859L315.696 687.744Z\" fill=\"black\"><\/path><path fill-rule=\"evenodd\" clip-rule=\"evenodd\" d=\"M315.696 49.264L364.811 0.14933L733.171 368.509L684.056 417.624L315.696 49.264Z\" fill=\"black\"><\/path><\/svg><\/a><a href=\"#\" class=\"togglebutton-40c3063 opened_btn\">BiblioSCAN<svg xmlns=\"http:\/\/www.w3.org\/2000\/svg\" width=\"738\" height=\"734\" viewBox=\"0 0 738 734\" fill=\"none\"><path fill-rule=\"evenodd\" clip-rule=\"evenodd\" d=\"M333.933 0H403.392V694.573H333.933V0Z\" fill=\"black\"><\/path><path fill-rule=\"evenodd\" clip-rule=\"evenodd\" d=\"M49.4267 315.533L417.787 683.893L368.672 733.008L0.312012 364.648L49.4267 315.533Z\" fill=\"black\"><\/path><path fill-rule=\"evenodd\" clip-rule=\"evenodd\" d=\"M687.907 315.533L737.021 364.648L368.661 733.008L319.547 683.893L687.907 315.533Z\" fill=\"black\"><\/path><\/svg><\/a>                <\/div>\n\n            <\/div>\n\n            <script>\n                jQuery(document).ready(function($) {\n                    'use strict';\n                    $(\".togglebutton-40c3063\").on('click', function(){\n                        $(\".htmega-toggle-content-40c3063\").slideToggle('slow');\n                        $(this).removeAttr(\"href\");\n                        $(this).parent().toggleClass(\"open\");\n                    });\n                });\n            <\/script>\n        \t\t\t\t<\/div>\n\t\t\t\t<\/div>\n\t\t\t\t\t<\/div>\n\t\t<\/div>\n\t\t\t\t\t<\/div>\n\t\t<\/section>\n\t\t\t\t<section class=\"elementor-section elementor-top-section elementor-element elementor-element-2919080 elementor-section-full_width lsection elementor-section-height-default elementor-section-height-default\" data-id=\"2919080\" data-element_type=\"section\" data-e-type=\"section\">\n\t\t\t\t\t\t<div class=\"elementor-container elementor-column-gap-default\">\n\t\t\t\t\t<div class=\"elementor-column elementor-col-100 elementor-top-column elementor-element elementor-element-827499d\" data-id=\"827499d\" data-element_type=\"column\" data-e-type=\"column\">\n\t\t\t<div class=\"elementor-widget-wrap elementor-element-populated\">\n\t\t\t\t\t\t<div class=\"elementor-element elementor-element-1342ad7 lseccion elementor-widget elementor-widget-htmega-toggle-addons\" data-id=\"1342ad7\" data-element_type=\"widget\" data-e-type=\"widget\" data-widget_type=\"htmega-toggle-addons.default\">\n\t\t\t\t<div class=\"elementor-widget-container\">\n\t\t\t\t\t            <div class=\"htmega-toggle-area\" >\n                \n                <div class=\"htmega-toggle-content-1342ad7\" style=\"display: none;\">\n                    \t\t<div data-elementor-type=\"page\" data-elementor-id=\"7048\" class=\"elementor elementor-7048 elementor-7028 elementor-7028\" data-elementor-post-type=\"elementor_library\">\n\t\t\t\t\t\t<section class=\"elementor-section elementor-top-section elementor-element elementor-element-940f20b elementor-section-full_width elementor-reverse-mobile elementor-section-height-default elementor-section-height-default\" data-id=\"940f20b\" data-element_type=\"section\" data-e-type=\"section\" id=\"content\">\n\t\t\t\t\t\t<div class=\"elementor-container elementor-column-gap-default\">\n\t\t\t\t\t<div class=\"elementor-column elementor-col-50 elementor-top-column elementor-element elementor-element-22e5b4c col1\" data-id=\"22e5b4c\" data-element_type=\"column\" data-e-type=\"column\">\n\t\t\t<div class=\"elementor-widget-wrap elementor-element-populated\">\n\t\t\t\t\t\t<div class=\"elementor-element elementor-element-3075269 elementor-widget elementor-widget-text-editor\" data-id=\"3075269\" data-element_type=\"widget\" data-e-type=\"widget\" data-widget_type=\"text-editor.default\">\n\t\t\t\t<div class=\"elementor-widget-container\">\n\t\t\t\t\t\t\t\t\t<p><strong>Charla y visita guiada vinculada a la exposici\u00f3n<\/strong> <strong><em>Domus Barcino<\/em><\/strong><strong>, de Jordi Baron.<\/strong><\/p>\n<p><strong>Fecha de la charla<\/strong><br>Jueves 21 de diciembre de 2023<\/p>\n<p><strong>Hora<\/strong><br>19 h<\/p>\n<p><strong>Lugar<\/strong><br>Personal Galeria Tarragona<br>C. Major, 36<br>43003 Tarragona<\/p>\n<p><strong>Informaci\u00f3n<\/strong><strong><br><\/strong>Acceso para personas con movilidad reducida<br>Entrada libre<\/p>\n<p><a href=\"https:\/\/maps.app.goo.gl\/7Yzz89veTg8CQ9ha6\" target=\"_blank\" rel=\"noopener\"><span style=\"text-decoration: underline;\">Como llegar<\/span><\/a><\/p>\n<p><strong>Artista<\/strong><br>Jordi Baron<\/p>\n<p><strong>Organiza<\/strong><br>SCAN Tarragona<\/p>\n<p><strong>Colabor<\/strong><strong>a<br><\/strong> Personal Galeria Tarragona<\/p>\t\t\t\t\t\t\t\t<\/div>\n\t\t\t\t<\/div>\n\t\t\t\t<div class=\"elementor-element elementor-element-95208d9 elementor-widget elementor-widget-image\" data-id=\"95208d9\" data-element_type=\"widget\" data-e-type=\"widget\" data-widget_type=\"image.default\">\n\t\t\t\t<div class=\"elementor-widget-container\">\n\t\t\t\t\t\t\t\t\t\t\t\t\t\t\t<img loading=\"lazy\" decoding=\"async\" width=\"300\" height=\"100\" src=\"https:\/\/scan.cat\/wp-content\/uploads\/2022\/07\/Personal_galeria.png\" class=\"attachment-full size-full wp-image-3373\" alt=\"\" title=\"\">\t\t\t\t\t\t\t\t\t\t\t\t\t\t\t<\/div>\n\t\t\t\t<\/div>\n\t\t\t\t\t<\/div>\n\t\t<\/div>\n\t\t\t\t<div class=\"elementor-column elementor-col-50 elementor-top-column elementor-element elementor-element-4de87cb col2\" data-id=\"4de87cb\" data-element_type=\"column\" data-e-type=\"column\">\n\t\t\t<div class=\"elementor-widget-wrap elementor-element-populated\">\n\t\t\t\t\t\t<div class=\"elementor-element elementor-element-3f7780f elementor-widget elementor-widget-text-editor\" data-id=\"3f7780f\" data-element_type=\"widget\" data-e-type=\"widget\" data-widget_type=\"text-editor.default\">\n\t\t\t\t<div class=\"elementor-widget-container\">\n\t\t\t\t\t\t\t\t\t<p><strong>Les engrunes del temps: vida privada, natura morta<br \/>Jordi Baron<\/strong><\/p>\n\t\t\t\t\t\t\t\t<\/div>\n\t\t\t\t<\/div>\n\t\t\t\t<div class=\"elementor-element elementor-element-0d5319a elementor-widget elementor-widget-image\" data-id=\"0d5319a\" data-element_type=\"widget\" data-e-type=\"widget\" data-widget_type=\"image.default\">\n\t\t\t\t<div class=\"elementor-widget-container\">\n\t\t\t\t\t\t\t\t\t\t\t\t\t\t\t<img loading=\"lazy\" decoding=\"async\" width=\"2560\" height=\"1707\" src=\"https:\/\/scan.cat\/wp-content\/uploads\/2023\/09\/IMG_0506F\u00a9JordiBaron-scaled.jpg\" class=\"attachment-full size-full wp-image-7041\" alt=\"\" srcset=\"https:\/\/scan.cat\/wp-content\/uploads\/2023\/09\/IMG_0506F\u00a9JordiBaron-scaled.jpg 2560w, https:\/\/scan.cat\/wp-content\/uploads\/2023\/09\/IMG_0506F\u00a9JordiBaron-300x200.jpg 300w, https:\/\/scan.cat\/wp-content\/uploads\/2023\/09\/IMG_0506F\u00a9JordiBaron-1024x683.jpg 1024w, https:\/\/scan.cat\/wp-content\/uploads\/2023\/09\/IMG_0506F\u00a9JordiBaron-768x512.jpg 768w, https:\/\/scan.cat\/wp-content\/uploads\/2023\/09\/IMG_0506F\u00a9JordiBaron-1536x1024.jpg 1536w, https:\/\/scan.cat\/wp-content\/uploads\/2023\/09\/IMG_0506F\u00a9JordiBaron-2048x1365.jpg 2048w\" sizes=\"(max-width: 2560px) 100vw, 2560px\" title=\"\">\t\t\t\t\t\t\t\t\t\t\t\t\t\t\t<\/div>\n\t\t\t\t<\/div>\n\t\t\t\t<div class=\"elementor-element elementor-element-afd4dc8 elementor-widget elementor-widget-text-editor\" data-id=\"afd4dc8\" data-element_type=\"widget\" data-e-type=\"widget\" data-widget_type=\"text-editor.default\">\n\t\t\t\t<div class=\"elementor-widget-container\">\n\t\t\t\t\t\t\t\t\t<p><em>Copyright de las fotograf\u00edass: Jordi Baron<\/em><em>.<\/em><strong><br \/><\/strong><strong><em><br \/><\/em><\/strong>En relaci\u00f3n con la muestra <em>Domus Barcino<\/em>, expuesta en la galer\u00eda Personal de Tarra-gona, Jordi Baron hablar\u00e1 de su proyecto y de la g\u00e9nesis para documentar la <em>foto-finish<\/em> de la memoria burguesa del Eixample de Barcelona durante los \u00faltimos veinte a\u00f1os.<\/p>\n<p>El fot\u00f3grafo nos adentrar\u00e1 tambi\u00e9n en el mundo del coleccionismo de archivos y foto-graf\u00edas antiguas, estrechamente vinculado a todos sus pasos creativos.<\/p>\n<\/p>\n<p><strong>Jordi Baron<\/strong> es fot\u00f3grafo, anticuario y coleccionista de fotograf\u00edas antiguas. Cada una de estas facetas alimenta a las otras dos. Su obra fotogr\u00e1fica, desarrollada desde finales de los a\u00f1os noventa, se ha visto plasmada en tres grandes proyectos: <em>\u00cddolos<\/em>  (2002-2004),  <em>Barcelona fichero antropol\u00f3gico<\/em> (2006-2010) y <em>Monalisa<\/em> (2016- 2018), en los que explora c\u00f3mo las tradiciones iconogr\u00e1ficas y los procesos de la fotograf\u00eda decimon\u00f3nica dejan su huella en la pr\u00e1ctica y en las representaciones actuales.<\/p>\n<p>Desde sus inicios hasta la actualidad lleva a cabo el proyecto <em>Domus Barcino<\/em>. Una serie de fotograf\u00edas sobre el proceso de vaciado de los muebles y objetos personales de pisos de Barcelona una vez que sus ocupantes ya han fallecido.<\/p>\n<p><a href=\"https:\/\/jordibaron.com\" target=\"_blank\" rel=\"noopener\"><em><u>jordibaron.com<\/u><\/em><\/a><\/p>\n\t\t\t\t\t\t\t\t<\/div>\n\t\t\t\t<\/div>\n\t\t\t\t\t<\/div>\n\t\t<\/div>\n\t\t\t\t\t<\/div>\n\t\t<\/section>\n\t\t\t\t<\/div>\n\t\t                <\/div>\n\n                <div class=\"htmega-toggle-button\">\n                    <a href=\"#\" class=\"togglebutton-1342ad7 normal_btn\">Conferencia Jordi Baron<svg xmlns=\"http:\/\/www.w3.org\/2000\/svg\" width=\"734\" height=\"737\" viewBox=\"0 0 734 737\" fill=\"none\"><path fill-rule=\"evenodd\" clip-rule=\"evenodd\" d=\"M0.162659 403.237L0.162659 333.779L694.736 333.779V403.237L0.162659 403.237Z\" fill=\"black\"><\/path><path fill-rule=\"evenodd\" clip-rule=\"evenodd\" d=\"M315.696 687.744L684.056 319.384L733.171 368.499L364.811 736.859L315.696 687.744Z\" fill=\"black\"><\/path><path fill-rule=\"evenodd\" clip-rule=\"evenodd\" d=\"M315.696 49.264L364.811 0.14933L733.171 368.509L684.056 417.624L315.696 49.264Z\" fill=\"black\"><\/path><\/svg><\/a><a href=\"#\" class=\"togglebutton-1342ad7 opened_btn\">Conferencia Jordi Baron<svg xmlns=\"http:\/\/www.w3.org\/2000\/svg\" width=\"738\" height=\"734\" viewBox=\"0 0 738 734\" fill=\"none\"><path fill-rule=\"evenodd\" clip-rule=\"evenodd\" d=\"M333.933 0H403.392V694.573H333.933V0Z\" fill=\"black\"><\/path><path fill-rule=\"evenodd\" clip-rule=\"evenodd\" d=\"M49.4267 315.533L417.787 683.893L368.672 733.008L0.312012 364.648L49.4267 315.533Z\" fill=\"black\"><\/path><path fill-rule=\"evenodd\" clip-rule=\"evenodd\" d=\"M687.907 315.533L737.021 364.648L368.661 733.008L319.547 683.893L687.907 315.533Z\" fill=\"black\"><\/path><\/svg><\/a>                <\/div>\n\n            <\/div>\n\n            <script>\n                jQuery(document).ready(function($) {\n                    'use strict';\n                    $(\".togglebutton-1342ad7\").on('click', function(){\n                        $(\".htmega-toggle-content-1342ad7\").slideToggle('slow');\n                        $(this).removeAttr(\"href\");\n                        $(this).parent().toggleClass(\"open\");\n                    });\n                });\n            <\/script>\n        \t\t\t\t<\/div>\n\t\t\t\t<\/div>\n\t\t\t\t\t<\/div>\n\t\t<\/div>\n\t\t\t\t\t<\/div>\n\t\t<\/section>\n\t\t\t\t<section class=\"elementor-section elementor-top-section elementor-element elementor-element-88b041c elementor-section-full_width lsection elementor-section-height-default elementor-section-height-default\" data-id=\"88b041c\" data-element_type=\"section\" data-e-type=\"section\">\n\t\t\t\t\t\t<div class=\"elementor-container elementor-column-gap-default\">\n\t\t\t\t\t<div class=\"elementor-column elementor-col-100 elementor-top-column elementor-element elementor-element-8246756\" data-id=\"8246756\" data-element_type=\"column\" data-e-type=\"column\">\n\t\t\t<div class=\"elementor-widget-wrap elementor-element-populated\">\n\t\t\t\t\t\t<div class=\"elementor-element elementor-element-db1b67a lseccion elementor-widget elementor-widget-htmega-toggle-addons\" data-id=\"db1b67a\" data-element_type=\"widget\" data-e-type=\"widget\" data-widget_type=\"htmega-toggle-addons.default\">\n\t\t\t\t<div class=\"elementor-widget-container\">\n\t\t\t\t\t            <div class=\"htmega-toggle-area\" >\n                \n                <div class=\"htmega-toggle-content-db1b67a\" style=\"display: none;\">\n                    \t\t<div data-elementor-type=\"page\" data-elementor-id=\"7083\" class=\"elementor elementor-7083 elementor-7053 elementor-7053\" data-elementor-post-type=\"elementor_library\">\n\t\t\t\t\t\t<section class=\"elementor-section elementor-top-section elementor-element elementor-element-940f20b elementor-section-full_width elementor-reverse-mobile elementor-section-height-default elementor-section-height-default\" data-id=\"940f20b\" data-element_type=\"section\" data-e-type=\"section\" id=\"content\">\n\t\t\t\t\t\t<div class=\"elementor-container elementor-column-gap-default\">\n\t\t\t\t\t<div class=\"elementor-column elementor-col-50 elementor-top-column elementor-element elementor-element-22e5b4c col1\" data-id=\"22e5b4c\" data-element_type=\"column\" data-e-type=\"column\">\n\t\t\t<div class=\"elementor-widget-wrap elementor-element-populated\">\n\t\t\t\t\t\t<div class=\"elementor-element elementor-element-3075269 elementor-widget elementor-widget-text-editor\" data-id=\"3075269\" data-element_type=\"widget\" data-e-type=\"widget\" data-widget_type=\"text-editor.default\">\n\t\t\t\t<div class=\"elementor-widget-container\">\n\t\t\t\t\t\t\t\t\t<p><strong>Ruta fotogr\u00e1fica SCAN<\/strong><strong><br \/><\/strong><strong><em>Huellas<\/em><\/strong><\/p>\n<p><strong>D\u00eda<\/strong><strong><br \/><\/strong>Domingo 12 de noviembre de 2023<br \/>Punto de encuentro: Pla de la Seu<\/p>\n<p><strong>Hora<\/strong><strong><br \/><\/strong>De 10 a 14 h<\/p>\n<p><strong>Hay que llevar<\/strong><strong><br \/><\/strong>C\u00e1mara de fotos (la c\u00e1mara del m\u00f3vil tambi\u00e9n sirve)<\/p>\n<p><strong>Inscripci\u00f3n (gratuita) <br \/><\/strong><a href=\"https:\/\/www.tarragona.cat\/centrescivics\/activitats-i-cursos\/scan\/scan-2023-als-centres-civics\" target=\"_blank\" rel=\"noopener\">centrescivics.tarragona.cat<\/a><\/p>\n<p>Con el asesoramiento hist\u00f3rico de Ramon Alogu\u00edn Pallach<\/p>\n<p><strong>Informaci\u00f3n<\/strong><br \/>Actividad para todos los p\u00fablicos<\/p>\n<p><strong>Organizan<\/strong><br \/>Xarxa de Centres C\u00edvics<br \/>SCAN Tarragona<\/p>\n\t\t\t\t\t\t\t\t<\/div>\n\t\t\t\t<\/div>\n\t\t\t\t<div class=\"elementor-element elementor-element-b348d22 elementor-widget elementor-widget-image\" data-id=\"b348d22\" data-element_type=\"widget\" data-e-type=\"widget\" data-widget_type=\"image.default\">\n\t\t\t\t<div class=\"elementor-widget-container\">\n\t\t\t\t\t\t\t\t\t\t\t\t\t\t\t<img loading=\"lazy\" decoding=\"async\" width=\"201\" height=\"100\" src=\"https:\/\/scan.cat\/wp-content\/uploads\/2022\/07\/Xarxa_centres.jpg\" class=\"attachment-large size-large wp-image-3631\" alt=\"\" title=\"\">\t\t\t\t\t\t\t\t\t\t\t\t\t\t\t<\/div>\n\t\t\t\t<\/div>\n\t\t\t\t\t<\/div>\n\t\t<\/div>\n\t\t\t\t<div class=\"elementor-column elementor-col-50 elementor-top-column elementor-element elementor-element-4de87cb col2\" data-id=\"4de87cb\" data-element_type=\"column\" data-e-type=\"column\">\n\t\t\t<div class=\"elementor-widget-wrap elementor-element-populated\">\n\t\t\t\t\t\t<div class=\"elementor-element elementor-element-806c339 elementor-arrows-position-inside elementor-widget elementor-widget-image-carousel\" data-id=\"806c339\" data-element_type=\"widget\" data-e-type=\"widget\" data-settings=\"{&quot;slides_to_show&quot;:&quot;1&quot;,&quot;navigation&quot;:&quot;arrows&quot;,&quot;autoplay_speed&quot;:3500,&quot;speed&quot;:800,&quot;autoplay&quot;:&quot;yes&quot;,&quot;pause_on_hover&quot;:&quot;yes&quot;,&quot;pause_on_interaction&quot;:&quot;yes&quot;,&quot;infinite&quot;:&quot;yes&quot;,&quot;effect&quot;:&quot;slide&quot;}\" data-widget_type=\"image-carousel.default\">\n\t\t\t\t<div class=\"elementor-widget-container\">\n\t\t\t\t\t\t\t<div class=\"elementor-image-carousel-wrapper swiper\" role=\"region\" aria-roledescription=\"carousel\" aria-label=\"Carrusel de im\u00e1genes\" dir=\"ltr\">\n\t\t\t<div class=\"elementor-image-carousel swiper-wrapper swiper-image-stretch\" aria-live=\"off\">\n\t\t\t\t\t\t\t\t<div class=\"swiper-slide\" role=\"group\" aria-roledescription=\"slide\" aria-label=\"1 de 4\"><figure class=\"swiper-slide-inner\"><img decoding=\"async\" class=\"swiper-slide-image\" src=\"https:\/\/scan.cat\/wp-content\/uploads\/2023\/09\/RUTA-SCAN-PETJADES-1-1024x687.jpeg\" alt=\"RUTA SCAN PETJADES 1\" title=\"\"><\/figure><\/div><div class=\"swiper-slide\" role=\"group\" aria-roledescription=\"slide\" aria-label=\"2 de 4\"><figure class=\"swiper-slide-inner\"><img decoding=\"async\" class=\"swiper-slide-image\" src=\"https:\/\/scan.cat\/wp-content\/uploads\/2023\/09\/RUTA-SCAN-PETJADES-2-1024x768.jpg\" alt=\"RUTA SCAN PETJADES 2\" title=\"\"><\/figure><\/div><div class=\"swiper-slide\" role=\"group\" aria-roledescription=\"slide\" aria-label=\"3 de 4\"><figure class=\"swiper-slide-inner\"><img decoding=\"async\" class=\"swiper-slide-image\" src=\"https:\/\/scan.cat\/wp-content\/uploads\/2023\/09\/RUTA-SCAN-PETJADES-3-1024x534.jpeg\" alt=\"RUTA SCAN PETJADES 3\" title=\"\"><\/figure><\/div><div class=\"swiper-slide\" role=\"group\" aria-roledescription=\"slide\" aria-label=\"4 de 4\"><figure class=\"swiper-slide-inner\"><img decoding=\"async\" class=\"swiper-slide-image\" src=\"https:\/\/scan.cat\/wp-content\/uploads\/2023\/09\/RUTA-SCAN-PETJADES-4-1024x768.jpg\" alt=\"RUTA SCAN PETJADES 4\" title=\"\"><\/figure><\/div>\t\t\t<\/div>\n\t\t\t\t\t\t\t\t\t\t\t\t<div class=\"elementor-swiper-button elementor-swiper-button-prev\" role=\"button\" tabindex=\"0\">\n\t\t\t\t\t\t<i aria-hidden=\"true\" class=\"eicon-chevron-left\"><\/i>\t\t\t\t\t<\/div>\n\t\t\t\t\t<div class=\"elementor-swiper-button elementor-swiper-button-next\" role=\"button\" tabindex=\"0\">\n\t\t\t\t\t\t<i aria-hidden=\"true\" class=\"eicon-chevron-right\"><\/i>\t\t\t\t\t<\/div>\n\t\t\t\t\n\t\t\t\t\t\t\t\t\t<\/div>\n\t\t\t\t\t\t<\/div>\n\t\t\t\t<\/div>\n\t\t\t\t<div class=\"elementor-element elementor-element-3f7780f elementor-widget elementor-widget-text-editor\" data-id=\"3f7780f\" data-element_type=\"widget\" data-e-type=\"widget\" data-widget_type=\"text-editor.default\">\n\t\t\t\t<div class=\"elementor-widget-container\">\n\t\t\t\t\t\t\t\t\t<p><strong>Ruta fotogr\u00e1fica SCAN<\/strong><strong><br \/><\/strong><strong><em>Huellas<\/em><\/strong><\/p>\n\t\t\t\t\t\t\t\t<\/div>\n\t\t\t\t<\/div>\n\t\t\t\t<div class=\"elementor-element elementor-element-afd4dc8 elementor-widget elementor-widget-text-editor\" data-id=\"afd4dc8\" data-element_type=\"widget\" data-e-type=\"widget\" data-widget_type=\"text-editor.default\">\n\t\t\t\t<div class=\"elementor-widget-container\">\n\t\t\t\t\t\t\t\t\t<p>El SCAN y los centros c\u00edvicos de Tarragona convocan a todas las personas amantes de la fotograf\u00eda y la historia a encontrar y registrar con los sensores de sus c\u00e1maras las huellas que el paso del tiempo ha impreso en la ciudad de Tarragona.<\/p>\n<p>Hay que descubrir la se\u00f1al dejada por un cuerpo, ausente, al pasar encima de otro, presente. Es una huella o un rastro. No confundir con vestigio, cuando el cuerpo inicial sigue presente. Cruzaremos la ciudad de norte a sur, de la parte m\u00e1s alta hasta el nivel del mar, en busca de las huellas. Las fotografiaremos, las ordenaremos por su situaci\u00f3n y las clasificaremos en funci\u00f3n de su especie.<br \/><span style=\"background-color: var(--base-3); color: var(--contrast);\"><br \/>Una selecci\u00f3n de las fotograf\u00edas realizadas ser\u00e1 parte de una exposici\u00f3n fotogr\u00e1fica que se podr\u00e1 visitar en el Espai Turisme de Tarragona del 15 de diciembre de 2023 al 14 de enero de 2024. <\/span><\/p>\n<p>Una vez terminada la ruta, los participantes enviar\u00e1n a los centros c\u00edvicos su mejor fotograf\u00eda de cada uno de los vestigios retratados. Una comisi\u00f3n formada por miembros del Festival SCAN y de los centros c\u00edvicos ser\u00e1 la responsable de la selecci\u00f3n. El nombre de todos los participantes figurar\u00e1 en los cr\u00e9ditos de la exposici\u00f3n.<\/p>\n<p><strong>La ruta fotogr\u00e1fica SCAN<\/strong> es un recorrido por la ciudad de Tarragona a cargo del arquitecto <strong>Ramon Alogu\u00edn Pallach<\/strong> (Tarragona, 1951). Alogu\u00edn ha trabajado para la administraci\u00f3n local, en el Departamento de Cultura de la Generalitat y en la Universitat Rovira i Virgili, dirigiendo el servicio de recursos materiales. Desde 2015 colabora con varias instituciones de la ciudad realizando charlas, visitas guiadas y publicaciones de difusi\u00f3n del patrimonio hist\u00f3rico.<\/p><\/p>\n\t\t\t\t\t\t\t\t<\/div>\n\t\t\t\t<\/div>\n\t\t\t\t\t<\/div>\n\t\t<\/div>\n\t\t\t\t\t<\/div>\n\t\t<\/section>\n\t\t\t\t<\/div>\n\t\t                <\/div>\n\n                <div class=\"htmega-toggle-button\">\n                    <a href=\"#\" class=\"togglebutton-db1b67a normal_btn\">Ruta fotogr\u00e1fica SCAN Petjades<svg xmlns=\"http:\/\/www.w3.org\/2000\/svg\" width=\"734\" height=\"737\" viewBox=\"0 0 734 737\" fill=\"none\"><path fill-rule=\"evenodd\" clip-rule=\"evenodd\" d=\"M0.162659 403.237L0.162659 333.779L694.736 333.779V403.237L0.162659 403.237Z\" fill=\"black\"><\/path><path fill-rule=\"evenodd\" clip-rule=\"evenodd\" d=\"M315.696 687.744L684.056 319.384L733.171 368.499L364.811 736.859L315.696 687.744Z\" fill=\"black\"><\/path><path fill-rule=\"evenodd\" clip-rule=\"evenodd\" d=\"M315.696 49.264L364.811 0.14933L733.171 368.509L684.056 417.624L315.696 49.264Z\" fill=\"black\"><\/path><\/svg><\/a><a href=\"#\" class=\"togglebutton-db1b67a opened_btn\">Ruta fotogr\u00e1fica SCAN Petjades<svg xmlns=\"http:\/\/www.w3.org\/2000\/svg\" width=\"738\" height=\"734\" viewBox=\"0 0 738 734\" fill=\"none\"><path fill-rule=\"evenodd\" clip-rule=\"evenodd\" d=\"M333.933 0H403.392V694.573H333.933V0Z\" fill=\"black\"><\/path><path fill-rule=\"evenodd\" clip-rule=\"evenodd\" d=\"M49.4267 315.533L417.787 683.893L368.672 733.008L0.312012 364.648L49.4267 315.533Z\" fill=\"black\"><\/path><path fill-rule=\"evenodd\" clip-rule=\"evenodd\" d=\"M687.907 315.533L737.021 364.648L368.661 733.008L319.547 683.893L687.907 315.533Z\" fill=\"black\"><\/path><\/svg><\/a>                <\/div>\n\n            <\/div>\n\n            <script>\n                jQuery(document).ready(function($) {\n                    'use strict';\n                    $(\".togglebutton-db1b67a\").on('click', function(){\n                        $(\".htmega-toggle-content-db1b67a\").slideToggle('slow');\n                        $(this).removeAttr(\"href\");\n                        $(this).parent().toggleClass(\"open\");\n                    });\n                });\n            <\/script>\n        \t\t\t\t<\/div>\n\t\t\t\t<\/div>\n\t\t\t\t\t<\/div>\n\t\t<\/div>\n\t\t\t\t\t<\/div>\n\t\t<\/section>\n\t\t\t\t<section class=\"elementor-section elementor-top-section elementor-element elementor-element-2e37e6f elementor-section-full_width lsection elementor-section-height-default elementor-section-height-default\" data-id=\"2e37e6f\" data-element_type=\"section\" data-e-type=\"section\">\n\t\t\t\t\t\t<div class=\"elementor-container elementor-column-gap-default\">\n\t\t\t\t\t<div class=\"elementor-column elementor-col-100 elementor-top-column elementor-element elementor-element-a778287\" data-id=\"a778287\" data-element_type=\"column\" data-e-type=\"column\">\n\t\t\t<div class=\"elementor-widget-wrap elementor-element-populated\">\n\t\t\t\t\t\t<div class=\"elementor-element elementor-element-d3b8d2b lseccion elementor-widget elementor-widget-htmega-toggle-addons\" data-id=\"d3b8d2b\" data-element_type=\"widget\" data-e-type=\"widget\" data-widget_type=\"htmega-toggle-addons.default\">\n\t\t\t\t<div class=\"elementor-widget-container\">\n\t\t\t\t\t            <div class=\"htmega-toggle-area\" >\n                \n                <div class=\"htmega-toggle-content-d3b8d2b\" style=\"display: none;\">\n                    \t\t<div data-elementor-type=\"page\" data-elementor-id=\"7118\" class=\"elementor elementor-7118 elementor-7088 elementor-7088\" data-elementor-post-type=\"elementor_library\">\n\t\t\t\t\t\t<section class=\"elementor-section elementor-top-section elementor-element elementor-element-940f20b elementor-section-full_width elementor-reverse-mobile elementor-section-height-default elementor-section-height-default\" data-id=\"940f20b\" data-element_type=\"section\" data-e-type=\"section\" id=\"content\">\n\t\t\t\t\t\t<div class=\"elementor-container elementor-column-gap-default\">\n\t\t\t\t\t<div class=\"elementor-column elementor-col-50 elementor-top-column elementor-element elementor-element-22e5b4c col1\" data-id=\"22e5b4c\" data-element_type=\"column\" data-e-type=\"column\">\n\t\t\t<div class=\"elementor-widget-wrap elementor-element-populated\">\n\t\t\t\t\t\t<div class=\"elementor-element elementor-element-3075269 elementor-widget elementor-widget-text-editor\" data-id=\"3075269\" data-element_type=\"widget\" data-e-type=\"widget\" data-widget_type=\"text-editor.default\">\n\t\t\t\t<div class=\"elementor-widget-container\">\n\t\t\t\t\t\t\t\t\t<p><strong>Ruta fotogr\u00e1fica SCAN<\/strong><strong><br \/><\/strong><strong><em>Trazas de la arqueolog\u00eda industrial tarraconense <\/em><\/strong> <\/p>\n<p><strong>D\u00eda<\/strong><strong><br \/><\/strong>S\u00e1bado 18 de noviembre de 2023<\/p>\n<p><strong>Hora<\/strong><strong><br \/><\/strong>De 10 a 14 h<\/p>\n<p><strong>Hay que llevar<\/strong><strong><br \/><\/strong>C\u00e1mara de fotos (la c\u00e1mara del m\u00f3vil tambi\u00e9n sirve)<\/p>\n<p><strong>Inscripci\u00f3n (gratuita) <br \/><\/strong><a href=\"https:\/\/www.tarragona.cat\/centrescivics\/activitats-i-cursos\/scan\/scan-2023-als-centres-civics\" target=\"_blank\" rel=\"noopener\">centrescivics.tarragona.cat<\/a><\/p>\n<p>Con el asesoramiento hist\u00f3rico de Federico Bardaj\u00ed<\/p>\n<p><strong>Informaci\u00f3n<\/strong><br \/>Actividad para todos los p\u00fablicos<\/p>\n<p><strong>Organizan<\/strong><br \/>Xarxa de Centres C\u00edvics<br \/>Campus Extens de la URV<br \/>SCAN Tarragona<\/p>\n\t\t\t\t\t\t\t\t<\/div>\n\t\t\t\t<\/div>\n\t\t\t\t<div class=\"elementor-element elementor-element-b348d22 elementor-widget elementor-widget-image\" data-id=\"b348d22\" data-element_type=\"widget\" data-e-type=\"widget\" data-widget_type=\"image.default\">\n\t\t\t\t<div class=\"elementor-widget-container\">\n\t\t\t\t\t\t\t\t\t\t\t\t\t\t\t<img loading=\"lazy\" decoding=\"async\" width=\"1024\" height=\"236\" src=\"https:\/\/scan.cat\/wp-content\/uploads\/2023\/09\/log_campusextens_urv_tarragona-1024x236.png\" class=\"attachment-large size-large wp-image-7097\" alt=\"\" srcset=\"https:\/\/scan.cat\/wp-content\/uploads\/2023\/09\/log_campusextens_urv_tarragona-1024x236.png 1024w, https:\/\/scan.cat\/wp-content\/uploads\/2023\/09\/log_campusextens_urv_tarragona-300x69.png 300w, https:\/\/scan.cat\/wp-content\/uploads\/2023\/09\/log_campusextens_urv_tarragona-768x177.png 768w, https:\/\/scan.cat\/wp-content\/uploads\/2023\/09\/log_campusextens_urv_tarragona-1536x354.png 1536w, https:\/\/scan.cat\/wp-content\/uploads\/2023\/09\/log_campusextens_urv_tarragona-2048x472.png 2048w\" sizes=\"(max-width: 1024px) 100vw, 1024px\" title=\"\">\t\t\t\t\t\t\t\t\t\t\t\t\t\t\t<\/div>\n\t\t\t\t<\/div>\n\t\t\t\t<div class=\"elementor-element elementor-element-f8e7124 elementor-widget elementor-widget-image\" data-id=\"f8e7124\" data-element_type=\"widget\" data-e-type=\"widget\" data-widget_type=\"image.default\">\n\t\t\t\t<div class=\"elementor-widget-container\">\n\t\t\t\t\t\t\t\t\t\t\t\t\t\t\t<img loading=\"lazy\" decoding=\"async\" width=\"201\" height=\"100\" src=\"https:\/\/scan.cat\/wp-content\/uploads\/2022\/07\/Xarxa_centres.jpg\" class=\"attachment-full size-full wp-image-3631\" alt=\"\" title=\"\">\t\t\t\t\t\t\t\t\t\t\t\t\t\t\t<\/div>\n\t\t\t\t<\/div>\n\t\t\t\t\t<\/div>\n\t\t<\/div>\n\t\t\t\t<div class=\"elementor-column elementor-col-50 elementor-top-column elementor-element elementor-element-4de87cb col2\" data-id=\"4de87cb\" data-element_type=\"column\" data-e-type=\"column\">\n\t\t\t<div class=\"elementor-widget-wrap elementor-element-populated\">\n\t\t\t\t\t\t<div class=\"elementor-element elementor-element-3f7780f elementor-widget elementor-widget-text-editor\" data-id=\"3f7780f\" data-element_type=\"widget\" data-e-type=\"widget\" data-widget_type=\"text-editor.default\">\n\t\t\t\t<div class=\"elementor-widget-container\">\n\t\t\t\t\t\t\t\t\t<p><strong>Ruta fotogr\u00e1fica SCAN<\/strong><strong><br \/><\/strong><strong><em>Trazas de la arqueolog\u00eda industrial tarraconense <\/em><\/strong> <\/p>\n\t\t\t\t\t\t\t\t<\/div>\n\t\t\t\t<\/div>\n\t\t\t\t<div class=\"elementor-element elementor-element-afd4dc8 elementor-widget elementor-widget-text-editor\" data-id=\"afd4dc8\" data-element_type=\"widget\" data-e-type=\"widget\" data-widget_type=\"text-editor.default\">\n\t\t\t\t<div class=\"elementor-widget-container\">\n\t\t\t\t\t\t\t\t\t<p>El SCAN y los centros c\u00edvicos de Tarragona convocan a todas las personas amantes de la fotograf\u00eda y la historia a encontrar y registrar con los sensores de sus c\u00e1maras las huellas que el paso del tiempo ha impreso en la ciudad de Tarragona.<\/p>\n<p>Ruta a pie desde la Tabacalera, pasando por el r\u00edo Francol\u00ed hasta llegar al mar. Desde all\u00ed recorreremos parte de los pol\u00edgonos industriales Francol\u00ed y Entrevies, donde veremos y tendremos la oportunidad de fotografiar sobre todo las trazas de arqueolog\u00eda industrial (m\u00e1s de veinte f\u00e1bricas construidas entre los a\u00f1os cuarenta y setenta que desaparecieron con la crisis del petr\u00f3leo de mediados de 1970) y las luchas obreras y vecinales asociadas. Llegaremos a Torreforta y explicaremos los or\u00edgenes del barrio a mediados de los cuarenta, con la autoconstrucci\u00f3n de m\u00e1s de un centenar de viviendas unifamiliares entre 1945 y 1950. A cargo de Federico Bardaj\u00ed, historiador y antrop\u00f3logo social.<br \/><span style=\"background-color: var(--base-3); color: var(--contrast);\"><br \/>Con el material obtenido organizaremos una exposici\u00f3n fotogr\u00e1fica que se podr\u00e1 visitar en el Espai Turisme de Tarragona del 15 de diciembre de 2023 al 14 de enero de 2024. <\/span><\/p>\n<p>Una vez terminada la ruta, los participantes enviar\u00e1n a los centros c\u00edvicos su mejor fotograf\u00eda de cada uno de los vestigios retratados. Una comisi\u00f3n formada por miembros del Festival SCAN y de los centros c\u00edvicos ser\u00e1 la responsable de la selecci\u00f3n. El nombre de todos los participantes figurar\u00e1 en los cr\u00e9ditos de la exposici\u00f3n.<\/p>\n\t\t\t\t\t\t\t\t<\/div>\n\t\t\t\t<\/div>\n\t\t\t\t\t<\/div>\n\t\t<\/div>\n\t\t\t\t\t<\/div>\n\t\t<\/section>\n\t\t\t\t<\/div>\n\t\t                <\/div>\n\n                <div class=\"htmega-toggle-button\">\n                    <a href=\"#\" class=\"togglebutton-d3b8d2b normal_btn\">Ruta fotogr\u00e1fica SCAN Pol\u00edgono<svg xmlns=\"http:\/\/www.w3.org\/2000\/svg\" width=\"734\" height=\"737\" viewBox=\"0 0 734 737\" fill=\"none\"><path fill-rule=\"evenodd\" clip-rule=\"evenodd\" d=\"M0.162659 403.237L0.162659 333.779L694.736 333.779V403.237L0.162659 403.237Z\" fill=\"black\"><\/path><path fill-rule=\"evenodd\" clip-rule=\"evenodd\" d=\"M315.696 687.744L684.056 319.384L733.171 368.499L364.811 736.859L315.696 687.744Z\" fill=\"black\"><\/path><path fill-rule=\"evenodd\" clip-rule=\"evenodd\" d=\"M315.696 49.264L364.811 0.14933L733.171 368.509L684.056 417.624L315.696 49.264Z\" fill=\"black\"><\/path><\/svg><\/a><a href=\"#\" class=\"togglebutton-d3b8d2b opened_btn\">Ruta fotogr\u00e1fica SCAN Pol\u00edgono<svg xmlns=\"http:\/\/www.w3.org\/2000\/svg\" width=\"738\" height=\"734\" viewBox=\"0 0 738 734\" fill=\"none\"><path fill-rule=\"evenodd\" clip-rule=\"evenodd\" d=\"M333.933 0H403.392V694.573H333.933V0Z\" fill=\"black\"><\/path><path fill-rule=\"evenodd\" clip-rule=\"evenodd\" d=\"M49.4267 315.533L417.787 683.893L368.672 733.008L0.312012 364.648L49.4267 315.533Z\" fill=\"black\"><\/path><path fill-rule=\"evenodd\" clip-rule=\"evenodd\" d=\"M687.907 315.533L737.021 364.648L368.661 733.008L319.547 683.893L687.907 315.533Z\" fill=\"black\"><\/path><\/svg><\/a>                <\/div>\n\n            <\/div>\n\n            <script>\n                jQuery(document).ready(function($) {\n                    'use strict';\n                    $(\".togglebutton-d3b8d2b\").on('click', function(){\n                        $(\".htmega-toggle-content-d3b8d2b\").slideToggle('slow');\n                        $(this).removeAttr(\"href\");\n                        $(this).parent().toggleClass(\"open\");\n                    });\n                });\n            <\/script>\n        \t\t\t\t<\/div>\n\t\t\t\t<\/div>\n\t\t\t\t\t<\/div>\n\t\t<\/div>\n\t\t\t\t\t<\/div>\n\t\t<\/section>\n\t\t\t\t<section class=\"elementor-section elementor-top-section elementor-element elementor-element-38a8b16 elementor-section-full_width lsection elementor-section-height-default elementor-section-height-default\" data-id=\"38a8b16\" data-element_type=\"section\" data-e-type=\"section\">\n\t\t\t\t\t\t<div class=\"elementor-container elementor-column-gap-default\">\n\t\t\t\t\t<div class=\"elementor-column elementor-col-100 elementor-top-column elementor-element elementor-element-e168af2\" data-id=\"e168af2\" data-element_type=\"column\" data-e-type=\"column\">\n\t\t\t<div class=\"elementor-widget-wrap elementor-element-populated\">\n\t\t\t\t\t\t<div class=\"elementor-element elementor-element-9b556a8 lseccion elementor-widget elementor-widget-htmega-toggle-addons\" data-id=\"9b556a8\" data-element_type=\"widget\" data-e-type=\"widget\" data-widget_type=\"htmega-toggle-addons.default\">\n\t\t\t\t<div class=\"elementor-widget-container\">\n\t\t\t\t\t            <div class=\"htmega-toggle-area\" >\n                \n                <div class=\"htmega-toggle-content-9b556a8\" style=\"display: none;\">\n                    \t\t<div data-elementor-type=\"page\" data-elementor-id=\"7179\" class=\"elementor elementor-7179 elementor-7149 elementor-7149\" data-elementor-post-type=\"elementor_library\">\n\t\t\t\t\t\t<section class=\"elementor-section elementor-top-section elementor-element elementor-element-940f20b elementor-section-full_width elementor-reverse-mobile elementor-section-height-default elementor-section-height-default\" data-id=\"940f20b\" data-element_type=\"section\" data-e-type=\"section\" id=\"content\">\n\t\t\t\t\t\t<div class=\"elementor-container elementor-column-gap-default\">\n\t\t\t\t\t<div class=\"elementor-column elementor-col-50 elementor-top-column elementor-element elementor-element-22e5b4c col1\" data-id=\"22e5b4c\" data-element_type=\"column\" data-e-type=\"column\">\n\t\t\t<div class=\"elementor-widget-wrap elementor-element-populated\">\n\t\t\t\t\t\t<div class=\"elementor-element elementor-element-3075269 elementor-widget elementor-widget-text-editor\" data-id=\"3075269\" data-element_type=\"widget\" data-e-type=\"widget\" data-widget_type=\"text-editor.default\">\n\t\t\t\t<div class=\"elementor-widget-container\">\n\t\t\t\t\t\t\t\t\t<p><strong>Actividades paralelas<br><\/strong><strong>Retorno de lo intangible<\/strong><\/p>\n<p><strong><em>O\u00edr\/ver, el eco de lo intangible<\/em><\/strong><strong><br><\/strong>Visita dialogada en la exposici\u00f3n<br>Viernes 15 de diciembre de 2023, a las 18 h<\/p>\n<p><strong><em>Taula. Retorno a lo intangible<\/em><\/strong><br>Programa de radio en falso directo<br>Martes 9 de enero de 2023, a las 18 h<\/p>\n<p><strong>Lugar<\/strong><br>M\u00e8dol \u00b7 Centre d\u2019Arts Contempor\u00e0nies de Tarragona<br>C. d\u2019en Granada, 11<br>43003 Tarragona<br><\/p><p><a href=\"https:\/\/maps.app.goo.gl\/Rjm4cYGijqWvykiv5\" style=\"background-color: rgb(255, 255, 255);\" target=\"_blank\" rel=\"noopener\"><u>Como llegar<\/u><\/a><br><\/p>\n<p><strong>Comisarios<br><\/strong>Xavier de Luca<br>Houari Bouchenak<\/p>\n<p><strong>Informaci\u00f3n<br><\/strong>Acceso para personas con movilidad reducida<br>Entrada libre<\/p>\n<p><strong>Organizan<\/strong><br>SCAN Tarragona<br>M\u00e8dol Centre d\u2019Arts Contempor\u00e0nies de Tarragona<\/p>\n<p><strong>Colaboran<\/strong><br>Unesco Chair y Universitat Rovira i Virgili (URV)<\/p>\t\t\t\t\t\t\t\t<\/div>\n\t\t\t\t<\/div>\n\t\t\t\t<div class=\"elementor-element elementor-element-0d8e512 elementor-widget elementor-widget-image\" data-id=\"0d8e512\" data-element_type=\"widget\" data-e-type=\"widget\" data-widget_type=\"image.default\">\n\t\t\t\t<div class=\"elementor-widget-container\">\n\t\t\t\t\t\t\t\t\t\t\t\t\t\t\t<img loading=\"lazy\" decoding=\"async\" width=\"300\" height=\"68\" src=\"https:\/\/scan.cat\/wp-content\/uploads\/2022\/10\/MEDOL_NEGRE.png\" class=\"attachment-large size-large wp-image-4377\" alt=\"\" title=\"\">\t\t\t\t\t\t\t\t\t\t\t\t\t\t\t<\/div>\n\t\t\t\t<\/div>\n\t\t\t\t\t<\/div>\n\t\t<\/div>\n\t\t\t\t<div class=\"elementor-column elementor-col-50 elementor-top-column elementor-element elementor-element-4de87cb col2\" data-id=\"4de87cb\" data-element_type=\"column\" data-e-type=\"column\">\n\t\t\t<div class=\"elementor-widget-wrap elementor-element-populated\">\n\t\t\t\t\t\t<div class=\"elementor-element elementor-element-3f7780f elementor-widget elementor-widget-text-editor\" data-id=\"3f7780f\" data-element_type=\"widget\" data-e-type=\"widget\" data-widget_type=\"text-editor.default\">\n\t\t\t\t<div class=\"elementor-widget-container\">\n\t\t\t\t\t\t\t\t\t<p><strong><em>O\u00edr\/ver, el eco de lo intangible<\/em><\/strong><\/p>\n\t\t\t\t\t\t\t\t<\/div>\n\t\t\t\t<\/div>\n\t\t\t\t<div class=\"elementor-element elementor-element-c7aafa0 elementor-widget elementor-widget-image\" data-id=\"c7aafa0\" data-element_type=\"widget\" data-e-type=\"widget\" data-widget_type=\"image.default\">\n\t\t\t\t<div class=\"elementor-widget-container\">\n\t\t\t\t\t\t\t\t\t\t\t\t\t\t\t<img loading=\"lazy\" decoding=\"async\" width=\"1024\" height=\"1024\" src=\"https:\/\/scan.cat\/wp-content\/uploads\/2023\/09\/Taula-retorn-a-intengible-1024x1024.png\" class=\"attachment-large size-large wp-image-8300\" alt=\"\" srcset=\"https:\/\/scan.cat\/wp-content\/uploads\/2023\/09\/Taula-retorn-a-intengible-1024x1024.png 1024w, https:\/\/scan.cat\/wp-content\/uploads\/2023\/09\/Taula-retorn-a-intengible-300x300.png 300w, https:\/\/scan.cat\/wp-content\/uploads\/2023\/09\/Taula-retorn-a-intengible-150x150.png 150w, https:\/\/scan.cat\/wp-content\/uploads\/2023\/09\/Taula-retorn-a-intengible-768x768.png 768w, https:\/\/scan.cat\/wp-content\/uploads\/2023\/09\/Taula-retorn-a-intengible.png 1080w\" sizes=\"(max-width: 1024px) 100vw, 1024px\" title=\"\">\t\t\t\t\t\t\t\t\t\t\t\t\t\t\t<\/div>\n\t\t\t\t<\/div>\n\t\t\t\t<div class=\"elementor-element elementor-element-afd4dc8 elementor-widget elementor-widget-text-editor\" data-id=\"afd4dc8\" data-element_type=\"widget\" data-e-type=\"widget\" data-widget_type=\"text-editor.default\">\n\t\t\t\t<div class=\"elementor-widget-container\">\n\t\t\t\t\t\t\t\t\t<p>En colaboraci\u00f3n con <strong>Negra Mosca<\/strong>, un espacio de promoci\u00f3n de la fotograf\u00eda en Barce-lona, los comisarios Xavier de Luca y Houari Bouchenak ofrecen al p\u00fablico una visita dialogada a la exposici\u00f3n <em>Retorno de lo intangible.<\/em><\/p>\n<p>Es un tiempo para compartir, que a su vez supone una gran oportunidad para ir m\u00e1s all\u00e1 de las im\u00e1genes. Abriremos nuevas perspectivas y exploraremos el universo visual de cada serie fotogr\u00e1-fica. Exploraremos el rastro y activaremos las obras de Hakim Rezaoui, Amira Lamti, Sonia Merabet, Hana Gamal y Dani Pujalte.<\/p>\n<p><strong>Taula.<\/strong> <strong>Retorno a l<\/strong><strong>o<\/strong><strong>intangible <\/strong> <\/p>\n<p>A modo de clausura de la exposici\u00f3n, realizaremos un programa de radio en falso direc-to Los invitados son Eugeni Gay Mar\u00edn (El Observatorio), Irma Estrada y Dani Pujalte, que compartir\u00e1 los resultados de su taller en la Asociaci\u00f3 Bloc 23 de Tarragona.<\/p>\n<p>Todos los asistentes podr\u00e1n participar para completar las distintas interpretaciones de las obras presentes en la muestra.<\/p>\n<p>Taula \/ \u0637\u0627\u0648\u0644\u0629 [\u2018taw la]. palabra utilizada en catal\u00e1n y en \u00e1rabe para denominar el elemento consistente en una pieza lisa y plana sostenida horizontalmente por pies, que sirve para comer, escribir, trabajar, jugar, etc.<\/p>\n\t\t\t\t\t\t\t\t<\/div>\n\t\t\t\t<\/div>\n\t\t\t\t\t<\/div>\n\t\t<\/div>\n\t\t\t\t\t<\/div>\n\t\t<\/section>\n\t\t\t\t<\/div>\n\t\t                <\/div>\n\n                <div class=\"htmega-toggle-button\">\n                    <a href=\"#\" class=\"togglebutton-9b556a8 normal_btn\">Mesa. Regreso de lo intangible<svg xmlns=\"http:\/\/www.w3.org\/2000\/svg\" width=\"734\" height=\"737\" viewBox=\"0 0 734 737\" fill=\"none\"><path fill-rule=\"evenodd\" clip-rule=\"evenodd\" d=\"M0.162659 403.237L0.162659 333.779L694.736 333.779V403.237L0.162659 403.237Z\" fill=\"black\"><\/path><path fill-rule=\"evenodd\" clip-rule=\"evenodd\" d=\"M315.696 687.744L684.056 319.384L733.171 368.499L364.811 736.859L315.696 687.744Z\" fill=\"black\"><\/path><path fill-rule=\"evenodd\" clip-rule=\"evenodd\" d=\"M315.696 49.264L364.811 0.14933L733.171 368.509L684.056 417.624L315.696 49.264Z\" fill=\"black\"><\/path><\/svg><\/a><a href=\"#\" class=\"togglebutton-9b556a8 opened_btn\">Mesa. Regreso de lo intangible<svg xmlns=\"http:\/\/www.w3.org\/2000\/svg\" width=\"738\" height=\"734\" viewBox=\"0 0 738 734\" fill=\"none\"><path fill-rule=\"evenodd\" clip-rule=\"evenodd\" d=\"M333.933 0H403.392V694.573H333.933V0Z\" fill=\"black\"><\/path><path fill-rule=\"evenodd\" clip-rule=\"evenodd\" d=\"M49.4267 315.533L417.787 683.893L368.672 733.008L0.312012 364.648L49.4267 315.533Z\" fill=\"black\"><\/path><path fill-rule=\"evenodd\" clip-rule=\"evenodd\" d=\"M687.907 315.533L737.021 364.648L368.661 733.008L319.547 683.893L687.907 315.533Z\" fill=\"black\"><\/path><\/svg><\/a>                <\/div>\n\n            <\/div>\n\n            <script>\n                jQuery(document).ready(function($) {\n                    'use strict';\n                    $(\".togglebutton-9b556a8\").on('click', function(){\n                        $(\".htmega-toggle-content-9b556a8\").slideToggle('slow');\n                        $(this).removeAttr(\"href\");\n                        $(this).parent().toggleClass(\"open\");\n                    });\n                });\n            <\/script>\n        \t\t\t\t<\/div>\n\t\t\t\t<\/div>\n\t\t\t\t\t<\/div>\n\t\t<\/div>\n\t\t\t\t\t<\/div>\n\t\t<\/section>\n\t\t\t\t<section class=\"elementor-section elementor-top-section elementor-element elementor-element-286f365 elementor-section-full_width lsection elementor-section-height-default elementor-section-height-default\" data-id=\"286f365\" data-element_type=\"section\" data-e-type=\"section\">\n\t\t\t\t\t\t<div class=\"elementor-container elementor-column-gap-default\">\n\t\t\t\t\t<div class=\"elementor-column elementor-col-100 elementor-top-column elementor-element elementor-element-4519f1e\" data-id=\"4519f1e\" data-element_type=\"column\" data-e-type=\"column\">\n\t\t\t<div class=\"elementor-widget-wrap elementor-element-populated\">\n\t\t\t\t\t\t<div class=\"elementor-element elementor-element-442f885 lseccion elementor-widget elementor-widget-htmega-toggle-addons\" data-id=\"442f885\" data-element_type=\"widget\" data-e-type=\"widget\" data-widget_type=\"htmega-toggle-addons.default\">\n\t\t\t\t<div class=\"elementor-widget-container\">\n\t\t\t\t\t            <div class=\"htmega-toggle-area\" >\n                \n                <div class=\"htmega-toggle-content-442f885\" style=\"display: none;\">\n                    \t\t<div data-elementor-type=\"page\" data-elementor-id=\"7197\" class=\"elementor elementor-7197 elementor-7181 elementor-7181\" data-elementor-post-type=\"elementor_library\">\n\t\t\t\t\t\t<section class=\"elementor-section elementor-top-section elementor-element elementor-element-940f20b elementor-section-full_width elementor-reverse-mobile elementor-section-height-default elementor-section-height-default\" data-id=\"940f20b\" data-element_type=\"section\" data-e-type=\"section\" id=\"content\">\n\t\t\t\t\t\t<div class=\"elementor-container elementor-column-gap-default\">\n\t\t\t\t\t<div class=\"elementor-column elementor-col-50 elementor-top-column elementor-element elementor-element-22e5b4c col1\" data-id=\"22e5b4c\" data-element_type=\"column\" data-e-type=\"column\">\n\t\t\t<div class=\"elementor-widget-wrap elementor-element-populated\">\n\t\t\t\t\t\t<div class=\"elementor-element elementor-element-3075269 elementor-widget elementor-widget-text-editor\" data-id=\"3075269\" data-element_type=\"widget\" data-e-type=\"widget\" data-widget_type=\"text-editor.default\">\n\t\t\t\t<div class=\"elementor-widget-container\">\n\t\t\t\t\t\t\t\t\t<p><strong><em>La guerra no es un espect\u00e1culo<\/em><\/strong><strong><em><br><\/em><\/strong><strong>Gervasio S\u00e1nchez<\/strong><\/p>\n<p><strong>Fecha de la conferencia<\/strong><br>Viernes 15 de diciembre de 2023<\/p>\n<p><strong>Hora<\/strong><br>19.30 h<\/p>\n<p><strong>Lugar<\/strong><br>Museu d\u2019Art Modern de Tarragona<br>C. de Santa Anna, 11 <br>43003 Tarragona<\/p>\n<p><a href=\"https:\/\/maps.app.goo.gl\/7L3A1x4uK62wnzhA9\" target=\"_blank\" rel=\"noopener\"><u>Como llegar<\/u><\/a><\/p>\n<p><strong>Organizan<\/strong><br>SCAN Tarragona, Cooperaci\u00f3 Tarragona, Tarragona Jove<\/p>\n<p><strong>Colabora<\/strong><strong><br><\/strong>Museu d\u2019Art Modern de Tarragona, Diputaci\u00f3 de Tarragona<\/p>\t\t\t\t\t\t\t\t<\/div>\n\t\t\t\t<\/div>\n\t\t\t\t<div class=\"elementor-element elementor-element-0d8e512 elementor-widget elementor-widget-image\" data-id=\"0d8e512\" data-element_type=\"widget\" data-e-type=\"widget\" data-widget_type=\"image.default\">\n\t\t\t\t<div class=\"elementor-widget-container\">\n\t\t\t\t\t\t\t\t\t\t\t\t\t\t\t<img loading=\"lazy\" decoding=\"async\" width=\"603\" height=\"293\" src=\"https:\/\/scan.cat\/wp-content\/uploads\/2022\/10\/logoDiputacioMuseu2.jpg\" class=\"attachment-large size-large wp-image-4404\" alt=\"\" srcset=\"https:\/\/scan.cat\/wp-content\/uploads\/2022\/10\/logoDiputacioMuseu2.jpg 603w, https:\/\/scan.cat\/wp-content\/uploads\/2022\/10\/logoDiputacioMuseu2-300x146.jpg 300w\" sizes=\"(max-width: 603px) 100vw, 603px\" title=\"\">\t\t\t\t\t\t\t\t\t\t\t\t\t\t\t<\/div>\n\t\t\t\t<\/div>\n\t\t\t\t\t<\/div>\n\t\t<\/div>\n\t\t\t\t<div class=\"elementor-column elementor-col-50 elementor-top-column elementor-element elementor-element-4de87cb col2\" data-id=\"4de87cb\" data-element_type=\"column\" data-e-type=\"column\">\n\t\t\t<div class=\"elementor-widget-wrap elementor-element-populated\">\n\t\t\t\t\t\t<div class=\"elementor-element elementor-element-3f7780f elementor-widget elementor-widget-text-editor\" data-id=\"3f7780f\" data-element_type=\"widget\" data-e-type=\"widget\" data-widget_type=\"text-editor.default\">\n\t\t\t\t<div class=\"elementor-widget-container\">\n\t\t\t\t\t\t\t\t\t<p><strong><em>La guerra no es un espect\u00e1culo<\/em><\/strong><strong><em><br \/><\/em><\/strong><strong>Gervasio S\u00e1nchez<\/strong><\/p>\n\t\t\t\t\t\t\t\t<\/div>\n\t\t\t\t<\/div>\n\t\t\t\t<div class=\"elementor-element elementor-element-a443150 elementor-widget elementor-widget-image\" data-id=\"a443150\" data-element_type=\"widget\" data-e-type=\"widget\" data-widget_type=\"image.default\">\n\t\t\t\t<div class=\"elementor-widget-container\">\n\t\t\t\t\t\t\t\t\t\t\t\t\t\t\t<img loading=\"lazy\" decoding=\"async\" width=\"682\" height=\"1024\" src=\"https:\/\/scan.cat\/wp-content\/uploads\/2023\/09\/Gervasio-ByN-1736-29baixa-682x1024.jpg\" class=\"attachment-large size-large wp-image-7195\" alt=\"\" srcset=\"https:\/\/scan.cat\/wp-content\/uploads\/2023\/09\/Gervasio-ByN-1736-29baixa-682x1024.jpg 682w, https:\/\/scan.cat\/wp-content\/uploads\/2023\/09\/Gervasio-ByN-1736-29baixa-200x300.jpg 200w, https:\/\/scan.cat\/wp-content\/uploads\/2023\/09\/Gervasio-ByN-1736-29baixa-768x1152.jpg 768w, https:\/\/scan.cat\/wp-content\/uploads\/2023\/09\/Gervasio-ByN-1736-29baixa-1024x1536.jpg 1024w, https:\/\/scan.cat\/wp-content\/uploads\/2023\/09\/Gervasio-ByN-1736-29baixa.jpg 1333w\" sizes=\"(max-width: 682px) 100vw, 682px\" title=\"\">\t\t\t\t\t\t\t\t\t\t\t\t\t\t\t<\/div>\n\t\t\t\t<\/div>\n\t\t\t\t<div class=\"elementor-element elementor-element-afd4dc8 elementor-widget elementor-widget-text-editor\" data-id=\"afd4dc8\" data-element_type=\"widget\" data-e-type=\"widget\" data-widget_type=\"text-editor.default\">\n\t\t\t\t<div class=\"elementor-widget-container\">\n\t\t\t\t\t\t\t\t\t<p>Fotograf\u00eda \u00a9 Gervasio S\u00e1nchez<\/p>\n<p>La guerra, siempre la guerra, forma parte intr\u00ednseca de la naturaleza humana. Desde los tiempos inmemoriales las guerras han formado parte de nuestra cotidianidad. El fil\u00f3sofo, escritor e historiador estadounidense Will Durant, que vivi\u00f3 casi un siglo entre 1885 y 1981, aseguraba que solo ha habido veintinueve a\u00f1os en toda la historia de la humanidad sin guerras.<\/p>\n<p>Y es posible que esos veintinueve a\u00f1os de paz fueran una mera exageraci\u00f3n porque es dif\u00edcil saber qu\u00e9 pasaba hace cinco siglos en zonas del mundo desconocidas para las grandes potencias europeas.<\/p>\n<p>El propio Durant afirmaba que \u201cla guerra est\u00e1 entre los factores constantes de la historia, y ni la civilizaci\u00f3n ni la democracia la han ido eliminando\u201d y que \u201cla paz es un equilibrio vacilante, y solo se puede conservar por el reconocimiento de que otro es superior a uno o por lo menos tiene igual poder\u201d.<\/p>\n<p>Si tuviera que contar los muertos que han producido las guerras en las que he estado desde que en 1982 me top\u00e9 por primera vez con los desastres b\u00e9licos, estoy seguro de que me marear\u00eda ante el desglose de cifras mort\u00edferas.<\/p>\n<p>Estoy pensando en los centenares de miles de muertos que se produjeron en las gue-rras latinoamericanos en mis a\u00f1os ochenta en Guatemala, El Salvador, Nicaragua, Per\u00fa, o los millones de muertos de Sud\u00e1n, Afganist\u00e1n, Ruanda, Liberia, Sierra Leona en los noventa.<\/p>\n<p>Gervasio S\u00e1nchez<\/p>\n\t\t\t\t\t\t\t\t<\/div>\n\t\t\t\t<\/div>\n\t\t\t\t\t<\/div>\n\t\t<\/div>\n\t\t\t\t\t<\/div>\n\t\t<\/section>\n\t\t\t\t<\/div>\n\t\t                <\/div>\n\n                <div class=\"htmega-toggle-button\">\n                    <a href=\"#\" class=\"togglebutton-442f885 normal_btn\">Conferencia Gervasio S\u00e1nchez<svg xmlns=\"http:\/\/www.w3.org\/2000\/svg\" width=\"734\" height=\"737\" viewBox=\"0 0 734 737\" fill=\"none\"><path fill-rule=\"evenodd\" clip-rule=\"evenodd\" d=\"M0.162659 403.237L0.162659 333.779L694.736 333.779V403.237L0.162659 403.237Z\" fill=\"black\"><\/path><path fill-rule=\"evenodd\" clip-rule=\"evenodd\" d=\"M315.696 687.744L684.056 319.384L733.171 368.499L364.811 736.859L315.696 687.744Z\" fill=\"black\"><\/path><path fill-rule=\"evenodd\" clip-rule=\"evenodd\" d=\"M315.696 49.264L364.811 0.14933L733.171 368.509L684.056 417.624L315.696 49.264Z\" fill=\"black\"><\/path><\/svg><\/a><a href=\"#\" class=\"togglebutton-442f885 opened_btn\">Conferencia Gervasio S\u00e1nchez<svg xmlns=\"http:\/\/www.w3.org\/2000\/svg\" width=\"738\" height=\"734\" viewBox=\"0 0 738 734\" fill=\"none\"><path fill-rule=\"evenodd\" clip-rule=\"evenodd\" d=\"M333.933 0H403.392V694.573H333.933V0Z\" fill=\"black\"><\/path><path fill-rule=\"evenodd\" clip-rule=\"evenodd\" d=\"M49.4267 315.533L417.787 683.893L368.672 733.008L0.312012 364.648L49.4267 315.533Z\" fill=\"black\"><\/path><path fill-rule=\"evenodd\" clip-rule=\"evenodd\" d=\"M687.907 315.533L737.021 364.648L368.661 733.008L319.547 683.893L687.907 315.533Z\" fill=\"black\"><\/path><\/svg><\/a>                <\/div>\n\n            <\/div>\n\n            <script>\n                jQuery(document).ready(function($) {\n                    'use strict';\n                    $(\".togglebutton-442f885\").on('click', function(){\n                        $(\".htmega-toggle-content-442f885\").slideToggle('slow');\n                        $(this).removeAttr(\"href\");\n                        $(this).parent().toggleClass(\"open\");\n                    });\n                });\n            <\/script>\n        \t\t\t\t<\/div>\n\t\t\t\t<\/div>\n\t\t\t\t\t<\/div>\n\t\t<\/div>\n\t\t\t\t\t<\/div>\n\t\t<\/section>\n\t\t\t\t<section class=\"elementor-section elementor-top-section elementor-element elementor-element-a7df905 elementor-section-full_width lsection elementor-section-height-default elementor-section-height-default\" data-id=\"a7df905\" data-element_type=\"section\" data-e-type=\"section\">\n\t\t\t\t\t\t<div class=\"elementor-container elementor-column-gap-default\">\n\t\t\t\t\t<div class=\"elementor-column elementor-col-100 elementor-top-column elementor-element elementor-element-b048e28\" data-id=\"b048e28\" data-element_type=\"column\" data-e-type=\"column\">\n\t\t\t<div class=\"elementor-widget-wrap elementor-element-populated\">\n\t\t\t\t\t\t<div class=\"elementor-element elementor-element-0a2c723 lseccion elementor-widget elementor-widget-htmega-toggle-addons\" data-id=\"0a2c723\" data-element_type=\"widget\" data-e-type=\"widget\" data-widget_type=\"htmega-toggle-addons.default\">\n\t\t\t\t<div class=\"elementor-widget-container\">\n\t\t\t\t\t            <div class=\"htmega-toggle-area\" >\n                \n                <div class=\"htmega-toggle-content-0a2c723\" style=\"display: none;\">\n                    \t\t<div data-elementor-type=\"page\" data-elementor-id=\"7555\" class=\"elementor elementor-7555 elementor-7247 elementor-7247\" data-elementor-post-type=\"elementor_library\">\n\t\t\t\t\t\t<section class=\"elementor-section elementor-top-section elementor-element elementor-element-940f20b elementor-section-full_width elementor-reverse-mobile elementor-section-height-default elementor-section-height-default\" data-id=\"940f20b\" data-element_type=\"section\" data-e-type=\"section\" id=\"content\">\n\t\t\t\t\t\t<div class=\"elementor-container elementor-column-gap-default\">\n\t\t\t\t\t<div class=\"elementor-column elementor-col-50 elementor-top-column elementor-element elementor-element-22e5b4c col1\" data-id=\"22e5b4c\" data-element_type=\"column\" data-e-type=\"column\">\n\t\t\t<div class=\"elementor-widget-wrap elementor-element-populated\">\n\t\t\t\t\t\t<div class=\"elementor-element elementor-element-3075269 elementor-widget elementor-widget-text-editor\" data-id=\"3075269\" data-element_type=\"widget\" data-e-type=\"widget\" data-widget_type=\"text-editor.default\">\n\t\t\t\t<div class=\"elementor-widget-container\">\n\t\t\t\t\t\t\t\t\t<p><strong><em>La dignidad es lo que importa<\/em><\/strong><strong><em><br><\/em><\/strong><strong>Gervasio S\u00e1nchez<\/strong><\/p>\n<p><strong>Fechas del taller<\/strong><br>S\u00e1bado 16 y domingo 17 de diciembre de 2023<\/p>\n<p><strong>Hora<\/strong><br>S\u00e1bado 16 de diciembre de 16.30 a 19.30 h<br>Domingo 17 de diciembre de 10 a 13 h<\/p>\n<p><strong>Inscripciones<\/strong><br><a href=\"https:\/\/form.jotform.com\/232603957275058\" target=\"_blank\" rel=\"noopener\"><u>https:\/\/form.jotform.com\/232603957275058<\/u><\/a><br>Inscripciones hasta que se agoten las plazas<\/p>\n<p><strong>Lugar<\/strong><br>Museu d\u2019Art Modern de Tarragona<br>C. de Santa Anna, 11 <br>43003 Tarragona<\/p>\n<p><a href=\"https:\/\/maps.app.goo.gl\/7L3A1x4uK62wnzhA9\" target=\"_blank\" rel=\"noopener\"><span style=\"text-decoration: underline;\">Como llegar<\/span><\/a><\/p>\n<p><strong>M\u00e1s informaci\u00f3n<\/strong><br>Acceso para personas con movilidad reducida<\/p>\n<p><strong>Organizan<\/strong><br>SCAN Tarragona, Cooperaci\u00f3 Tarragona, Tarragona Jove<\/p>\n<p><strong>Colabora<\/strong><strong><br><\/strong>Museu d\u2019Art Modern de Tarragona, Diputaci\u00f3 de Tarragona<\/p>\t\t\t\t\t\t\t\t<\/div>\n\t\t\t\t<\/div>\n\t\t\t\t<div class=\"elementor-element elementor-element-0d8e512 elementor-widget elementor-widget-image\" data-id=\"0d8e512\" data-element_type=\"widget\" data-e-type=\"widget\" data-widget_type=\"image.default\">\n\t\t\t\t<div class=\"elementor-widget-container\">\n\t\t\t\t\t\t\t\t\t\t\t\t\t\t\t<img loading=\"lazy\" decoding=\"async\" width=\"410\" height=\"406\" src=\"https:\/\/scan.cat\/wp-content\/uploads\/2023\/09\/LogoTarragonaJOve.png\" class=\"attachment-large size-large wp-image-7211\" alt=\"\" srcset=\"https:\/\/scan.cat\/wp-content\/uploads\/2023\/09\/LogoTarragonaJOve.png 410w, https:\/\/scan.cat\/wp-content\/uploads\/2023\/09\/LogoTarragonaJOve-300x297.png 300w, https:\/\/scan.cat\/wp-content\/uploads\/2023\/09\/LogoTarragonaJOve-150x150.png 150w\" sizes=\"(max-width: 410px) 100vw, 410px\" title=\"\">\t\t\t\t\t\t\t\t\t\t\t\t\t\t\t<\/div>\n\t\t\t\t<\/div>\n\t\t\t\t<div class=\"elementor-element elementor-element-01c9756 elementor-widget elementor-widget-image\" data-id=\"01c9756\" data-element_type=\"widget\" data-e-type=\"widget\" data-widget_type=\"image.default\">\n\t\t\t\t<div class=\"elementor-widget-container\">\n\t\t\t\t\t\t\t\t\t\t\t\t\t\t\t<img loading=\"lazy\" decoding=\"async\" width=\"768\" height=\"768\" src=\"https:\/\/scan.cat\/wp-content\/uploads\/2023\/09\/Tarragona_Cooperacio.jpg\" class=\"attachment-large size-large wp-image-7254\" alt=\"\" srcset=\"https:\/\/scan.cat\/wp-content\/uploads\/2023\/09\/Tarragona_Cooperacio.jpg 768w, https:\/\/scan.cat\/wp-content\/uploads\/2023\/09\/Tarragona_Cooperacio-300x300.jpg 300w, https:\/\/scan.cat\/wp-content\/uploads\/2023\/09\/Tarragona_Cooperacio-150x150.jpg 150w\" sizes=\"(max-width: 768px) 100vw, 768px\" title=\"\">\t\t\t\t\t\t\t\t\t\t\t\t\t\t\t<\/div>\n\t\t\t\t<\/div>\n\t\t\t\t\t<\/div>\n\t\t<\/div>\n\t\t\t\t<div class=\"elementor-column elementor-col-50 elementor-top-column elementor-element elementor-element-4de87cb col2\" data-id=\"4de87cb\" data-element_type=\"column\" data-e-type=\"column\">\n\t\t\t<div class=\"elementor-widget-wrap elementor-element-populated\">\n\t\t\t\t\t\t<div class=\"elementor-element elementor-element-3f7780f elementor-widget elementor-widget-text-editor\" data-id=\"3f7780f\" data-element_type=\"widget\" data-e-type=\"widget\" data-widget_type=\"text-editor.default\">\n\t\t\t\t<div class=\"elementor-widget-container\">\n\t\t\t\t\t\t\t\t\t<p><strong><em>La dignidad es lo que importa<\/em><\/strong><strong><em><br \/><\/em><\/strong><strong>Gervasio S\u00e1nchez<\/strong><\/p>\n\t\t\t\t\t\t\t\t<\/div>\n\t\t\t\t<\/div>\n\t\t\t\t<div class=\"elementor-element elementor-element-552586b elementor-widget elementor-widget-image\" data-id=\"552586b\" data-element_type=\"widget\" data-e-type=\"widget\" data-widget_type=\"image.default\">\n\t\t\t\t<div class=\"elementor-widget-container\">\n\t\t\t\t\t\t\t\t\t\t\t\t\t\t\t<img loading=\"lazy\" decoding=\"async\" width=\"1024\" height=\"1024\" src=\"https:\/\/scan.cat\/wp-content\/uploads\/2023\/09\/Taller-Gervacio-1024x1024.png\" class=\"attachment-large size-large wp-image-8315\" alt=\"\" srcset=\"https:\/\/scan.cat\/wp-content\/uploads\/2023\/09\/Taller-Gervacio-1024x1024.png 1024w, https:\/\/scan.cat\/wp-content\/uploads\/2023\/09\/Taller-Gervacio-300x300.png 300w, https:\/\/scan.cat\/wp-content\/uploads\/2023\/09\/Taller-Gervacio-150x150.png 150w, https:\/\/scan.cat\/wp-content\/uploads\/2023\/09\/Taller-Gervacio-768x768.png 768w, https:\/\/scan.cat\/wp-content\/uploads\/2023\/09\/Taller-Gervacio.png 1080w\" sizes=\"(max-width: 1024px) 100vw, 1024px\" title=\"\">\t\t\t\t\t\t\t\t\t\t\t\t\t\t\t<\/div>\n\t\t\t\t<\/div>\n\t\t\t\t<div class=\"elementor-element elementor-element-afd4dc8 elementor-widget elementor-widget-text-editor\" data-id=\"afd4dc8\" data-element_type=\"widget\" data-e-type=\"widget\" data-widget_type=\"text-editor.default\">\n\t\t\t\t<div class=\"elementor-widget-container\">\n\t\t\t\t\t\t\t\t\t<p>Un taller con el fotoperiodista Gervasio S\u00e1nchez donde los participantes, adem\u00e1s de conocer la obra de este reputado reportero de guerra, comprender\u00e1n para qu\u00e9 sirve la fotograf\u00eda de conflictos b\u00e9licos, por qu\u00e9 es importante que los fotoperiodistas cubran los conflictos y c\u00f3mo ha evolucionado la profesi\u00f3n a lo largo de las tres \u00faltimas d\u00e9cadas.<\/p>\n<p><strong>Gervasio S\u00e1nchez<\/strong> (C\u00f3rdoba,1959) es periodista desde 1984. Sus trabajos se publican en el <em>Heraldo de Arag\u00f3n<\/em>, colabora con la Cadena Ser y la BBC, y desde 2001 dirige el Seminario de Fotograf\u00eda y Periodismo de Albarrac\u00edn. Es autor de una docena de libros fotogr\u00e1ficos y ha recibido una gran cantidad de premios, entre los que destacan la Medalla al M\u00e9rito Profesional del Gobierno de Arag\u00f3n (2004), la Gran Cruz de la Orden Civil de la Seguridad Social del Gobierno de Espa\u00f1a (2011) o el Premio Nacional de Fotograf\u00eda (2009). En 2015, TVE emiti\u00f3 el galardonado documental sobre Gervasio S\u00e1nchez dentro de su m\u00edtica serie <em>Imprescindibles.<\/em><\/p>\n\t\t\t\t\t\t\t\t<\/div>\n\t\t\t\t<\/div>\n\t\t\t\t\t<\/div>\n\t\t<\/div>\n\t\t\t\t\t<\/div>\n\t\t<\/section>\n\t\t\t\t<\/div>\n\t\t                <\/div>\n\n                <div class=\"htmega-toggle-button\">\n                    <a href=\"#\" class=\"togglebutton-0a2c723 normal_btn\">Taller Gervasio S\u00e1nchez<svg xmlns=\"http:\/\/www.w3.org\/2000\/svg\" width=\"734\" height=\"737\" viewBox=\"0 0 734 737\" fill=\"none\"><path fill-rule=\"evenodd\" clip-rule=\"evenodd\" d=\"M0.162659 403.237L0.162659 333.779L694.736 333.779V403.237L0.162659 403.237Z\" fill=\"black\"><\/path><path fill-rule=\"evenodd\" clip-rule=\"evenodd\" d=\"M315.696 687.744L684.056 319.384L733.171 368.499L364.811 736.859L315.696 687.744Z\" fill=\"black\"><\/path><path fill-rule=\"evenodd\" clip-rule=\"evenodd\" d=\"M315.696 49.264L364.811 0.14933L733.171 368.509L684.056 417.624L315.696 49.264Z\" fill=\"black\"><\/path><\/svg><\/a><a href=\"#\" class=\"togglebutton-0a2c723 opened_btn\">Taller Gervasio S\u00e1nchez<svg xmlns=\"http:\/\/www.w3.org\/2000\/svg\" width=\"738\" height=\"734\" viewBox=\"0 0 738 734\" fill=\"none\"><path fill-rule=\"evenodd\" clip-rule=\"evenodd\" d=\"M333.933 0H403.392V694.573H333.933V0Z\" fill=\"black\"><\/path><path fill-rule=\"evenodd\" clip-rule=\"evenodd\" d=\"M49.4267 315.533L417.787 683.893L368.672 733.008L0.312012 364.648L49.4267 315.533Z\" fill=\"black\"><\/path><path fill-rule=\"evenodd\" clip-rule=\"evenodd\" d=\"M687.907 315.533L737.021 364.648L368.661 733.008L319.547 683.893L687.907 315.533Z\" fill=\"black\"><\/path><\/svg><\/a>                <\/div>\n\n            <\/div>\n\n            <script>\n                jQuery(document).ready(function($) {\n                    'use strict';\n                    $(\".togglebutton-0a2c723\").on('click', function(){\n                        $(\".htmega-toggle-content-0a2c723\").slideToggle('slow');\n                        $(this).removeAttr(\"href\");\n                        $(this).parent().toggleClass(\"open\");\n                    });\n                });\n            <\/script>\n        \t\t\t\t<\/div>\n\t\t\t\t<\/div>\n\t\t\t\t\t<\/div>\n\t\t<\/div>\n\t\t\t\t\t<\/div>\n\t\t<\/section>\n\t\t\t\t<section class=\"elementor-section elementor-top-section elementor-element elementor-element-447483c elementor-section-full_width lsection elementor-section-height-default elementor-section-height-default\" data-id=\"447483c\" data-element_type=\"section\" data-e-type=\"section\">\n\t\t\t\t\t\t<div class=\"elementor-container elementor-column-gap-default\">\n\t\t\t\t\t<div class=\"elementor-column elementor-col-100 elementor-top-column elementor-element elementor-element-af46536\" data-id=\"af46536\" data-element_type=\"column\" data-e-type=\"column\">\n\t\t\t<div class=\"elementor-widget-wrap elementor-element-populated\">\n\t\t\t\t\t\t<div class=\"elementor-element elementor-element-91eda2f lseccion elementor-widget elementor-widget-htmega-toggle-addons\" data-id=\"91eda2f\" data-element_type=\"widget\" data-e-type=\"widget\" data-widget_type=\"htmega-toggle-addons.default\">\n\t\t\t\t<div class=\"elementor-widget-container\">\n\t\t\t\t\t            <div class=\"htmega-toggle-area\" >\n                \n                <div class=\"htmega-toggle-content-91eda2f\" style=\"display: none;\">\n                    \t\t<div data-elementor-type=\"page\" data-elementor-id=\"7239\" class=\"elementor elementor-7239 elementor-7223 elementor-7223\" data-elementor-post-type=\"elementor_library\">\n\t\t\t\t\t\t<section class=\"elementor-section elementor-top-section elementor-element elementor-element-940f20b elementor-section-full_width elementor-reverse-mobile elementor-section-height-default elementor-section-height-default\" data-id=\"940f20b\" data-element_type=\"section\" data-e-type=\"section\" id=\"content\">\n\t\t\t\t\t\t<div class=\"elementor-container elementor-column-gap-default\">\n\t\t\t\t\t<div class=\"elementor-column elementor-col-50 elementor-top-column elementor-element elementor-element-22e5b4c col1\" data-id=\"22e5b4c\" data-element_type=\"column\" data-e-type=\"column\">\n\t\t\t<div class=\"elementor-widget-wrap elementor-element-populated\">\n\t\t\t\t\t\t<div class=\"elementor-element elementor-element-3075269 elementor-widget elementor-widget-text-editor\" data-id=\"3075269\" data-element_type=\"widget\" data-e-type=\"widget\" data-widget_type=\"text-editor.default\">\n\t\t\t\t<div class=\"elementor-widget-container\">\n\t\t\t\t\t\t\t\t\t<p><strong>\u00bfSabemos leer las im\u00e1genes?<br \/>Taller con Gl\u00f2ria Picazo<\/strong><\/p>\n<p><strong>D\u00edas<br \/><\/strong>Lunes 6 y 13 de noviembre de 2023<\/p>\n<p><strong>Hora<\/strong><br \/>De 18 a 20 h<\/p>\n<p><strong>Lugar<\/strong><br \/>Biblioteca P\u00fablica de Tarragona<br \/>C. Fortuny, 30<br \/>43001 Tarragona<\/p>\n<p><a href=\"https:\/\/maps.app.goo.gl\/eme8oHwtFJ3cxs5H6\" target=\"_blank\" rel=\"noopener\"><span style=\"text-decoration: underline;\">Como llegar<\/span><\/a><\/p>\n<p><strong>Inscripciones gratuitas<\/strong><br \/>Por correo electr\u00f3nico en <a href=\"mailto:bptarragona.cultura@gencat.cat\"><u>bptarragona.cultura@gencat.cat<\/u><\/a><br \/>Por tel\u00e9fono al 977 240 331<br \/><span style=\"background-color: var(--base-3); color: var(--contrast);\">Presencialmente en la biblioteca<\/span><\/p>\n<p><strong>Informaci\u00f3n<\/strong><br \/>Acceso a personas con movilidad reducida<\/p>\n<p><strong> <\/strong><strong>Organiza<br \/><\/strong>Biblioteca P\u00fablica de Tarragona<\/p>\n<p><strong>Colabora<br \/><\/strong>SCAN Tarragona<\/p>\n\t\t\t\t\t\t\t\t<\/div>\n\t\t\t\t<\/div>\n\t\t\t\t<div class=\"elementor-element elementor-element-0d8e512 elementor-widget elementor-widget-image\" data-id=\"0d8e512\" data-element_type=\"widget\" data-e-type=\"widget\" data-widget_type=\"image.default\">\n\t\t\t\t<div class=\"elementor-widget-container\">\n\t\t\t\t\t\t\t\t\t\t\t\t\t\t\t<img loading=\"lazy\" decoding=\"async\" width=\"683\" height=\"108\" src=\"https:\/\/scan.cat\/wp-content\/uploads\/2023\/09\/cultura_h2.jpg\" class=\"attachment-large size-large wp-image-7233\" alt=\"\" srcset=\"https:\/\/scan.cat\/wp-content\/uploads\/2023\/09\/cultura_h2.jpg 683w, https:\/\/scan.cat\/wp-content\/uploads\/2023\/09\/cultura_h2-300x47.jpg 300w\" sizes=\"(max-width: 683px) 100vw, 683px\" title=\"\">\t\t\t\t\t\t\t\t\t\t\t\t\t\t\t<\/div>\n\t\t\t\t<\/div>\n\t\t\t\t<div class=\"elementor-element elementor-element-01c9756 elementor-widget elementor-widget-image\" data-id=\"01c9756\" data-element_type=\"widget\" data-e-type=\"widget\" data-widget_type=\"image.default\">\n\t\t\t\t<div class=\"elementor-widget-container\">\n\t\t\t\t\t\t\t\t\t\t\t\t\t\t\t<img loading=\"lazy\" decoding=\"async\" width=\"356\" height=\"166\" src=\"https:\/\/scan.cat\/wp-content\/uploads\/2023\/09\/logo2blau.jpg\" class=\"attachment-large size-large wp-image-7237\" alt=\"\" srcset=\"https:\/\/scan.cat\/wp-content\/uploads\/2023\/09\/logo2blau.jpg 356w, https:\/\/scan.cat\/wp-content\/uploads\/2023\/09\/logo2blau-300x140.jpg 300w\" sizes=\"(max-width: 356px) 100vw, 356px\" title=\"\">\t\t\t\t\t\t\t\t\t\t\t\t\t\t\t<\/div>\n\t\t\t\t<\/div>\n\t\t\t\t\t<\/div>\n\t\t<\/div>\n\t\t\t\t<div class=\"elementor-column elementor-col-50 elementor-top-column elementor-element elementor-element-4de87cb col2\" data-id=\"4de87cb\" data-element_type=\"column\" data-e-type=\"column\">\n\t\t\t<div class=\"elementor-widget-wrap elementor-element-populated\">\n\t\t\t\t\t\t<div class=\"elementor-element elementor-element-3f7780f elementor-widget elementor-widget-text-editor\" data-id=\"3f7780f\" data-element_type=\"widget\" data-e-type=\"widget\" data-widget_type=\"text-editor.default\">\n\t\t\t\t<div class=\"elementor-widget-container\">\n\t\t\t\t\t\t\t\t\t<p><strong>\u00bfSabemos leer las im\u00e1genes?<br \/>Taller con Gl\u00f2ria Picazo<\/strong><\/p>\n\t\t\t\t\t\t\t\t<\/div>\n\t\t\t\t<\/div>\n\t\t\t\t<div class=\"elementor-element elementor-element-2022a28 elementor-widget elementor-widget-image\" data-id=\"2022a28\" data-element_type=\"widget\" data-e-type=\"widget\" data-widget_type=\"image.default\">\n\t\t\t\t<div class=\"elementor-widget-container\">\n\t\t\t\t\t\t\t\t\t\t\t\t\t\t\t<img loading=\"lazy\" decoding=\"async\" width=\"1024\" height=\"1024\" src=\"https:\/\/scan.cat\/wp-content\/uploads\/2023\/09\/promos-xarxes-jesus-290923-ajuntament14-1024x1024.png\" class=\"attachment-large size-large wp-image-8202\" alt=\"\" srcset=\"https:\/\/scan.cat\/wp-content\/uploads\/2023\/09\/promos-xarxes-jesus-290923-ajuntament14-1024x1024.png 1024w, https:\/\/scan.cat\/wp-content\/uploads\/2023\/09\/promos-xarxes-jesus-290923-ajuntament14-300x300.png 300w, https:\/\/scan.cat\/wp-content\/uploads\/2023\/09\/promos-xarxes-jesus-290923-ajuntament14-150x150.png 150w, https:\/\/scan.cat\/wp-content\/uploads\/2023\/09\/promos-xarxes-jesus-290923-ajuntament14-768x768.png 768w, https:\/\/scan.cat\/wp-content\/uploads\/2023\/09\/promos-xarxes-jesus-290923-ajuntament14.png 1080w\" sizes=\"(max-width: 1024px) 100vw, 1024px\" title=\"\">\t\t\t\t\t\t\t\t\t\t\t\t\t\t\t<\/div>\n\t\t\t\t<\/div>\n\t\t\t\t<div class=\"elementor-element elementor-element-afd4dc8 elementor-widget elementor-widget-text-editor\" data-id=\"afd4dc8\" data-element_type=\"widget\" data-e-type=\"widget\" data-widget_type=\"text-editor.default\">\n\t\t\t\t<div class=\"elementor-widget-container\">\n\t\t\t\t\t\t\t\t\t<p><strong>\u00bfSabemos leer las im\u00e1genes?<\/strong><\/p>\n<p>El cineasta y fot\u00f3grafo Wim Wenders se\u00f1alaba que la c\u00e1mara es un ojo que mira hacia delante y hacia atr\u00e1s a la vez; hacia delante dispara una fotograf\u00eda, hacia atr\u00e1s&nbsp;graba una sombra difusa de la mente del fot\u00f3grafo. Si hacia adelante quiere captar un tema, hacia atr\u00e1s&nbsp;e vislumbra el deseo de apropiarse de lo que fotograf\u00eda. Moviendonos en este espacio&nbsp;intermedio&nbsp;entre&nbsp;aquello visto&nbsp;i&nbsp;aquello intuido, intentaremos averiguar qu\u00e9 hay m\u00e1s all\u00e1 de una imagen bien&nbsp;encontrada.<br><span style=\"background-color: var(--base-3); color: var(--contrast);\">Gl\u00f2ria Picazo<\/span><\/p>\n<p><strong style=\"color: var(--contrast); background-color: var(--base-3);\">Gl\u00f2ria Picazo<\/strong><span style=\"color: var(--contrast); background-color: var(--base-3);\"> es licenciada en Historia del Arte por la Universitat de Barcelona. Cr\u00edtica de arte y comisaria de exposiciones independiente. Ha colaborado con museos como el CAPC Mus\u00e9e d\u2019art contemporain de Burdeos y el MACBA de Barcelona, y de 2003 a 2015 dirigi\u00f3 el Centre d\u2019Art la Panera de Lleida.<\/span><\/p>\n<p>Ha impartido clases de arte contempor\u00e1neo y comisariado de exposiciones en m\u00e1steres de la Universitat de Barcelona, Universitat Internacional de Catalunya y Universitat Polit\u00e8cnica de Val\u00e8ncia, as\u00ed como en La Casa Encendida de Madrid y talleres en la QUAM de Vic.<\/p>\n<p>Ha sido asesora para las adquisiciones de las colecciones del FRAC C\u00f3rcega (2000-2021) y de 2017 a 2020 por la Comunidad de Madrid.<\/p>\n<p>Ha comisariado muestras como <em>Gina Pane<\/em> (Palau de la Virreina de Barcelona y Salas de la Diputaci\u00f3n de Huesca), <em>Orientalismos<\/em> y <em>N\u00f3madas y bibli\u00f3filos<\/em> en el Koldo Mitxelena de Donosti y <em>El instante eterno<\/em> en el EACC de Castell\u00f3n. Entre 2017 y 2018 present\u00f3 la exposici\u00f3n <em>Bibliotecas ins\u00f3litas<\/em> en La Casa Encendida de Madrid y en el Arts Santa M\u00f2nica de Barcelona.<\/p>\n<p>En 2010 puso en marcha el programa Art i Hospital, desde el Centre d\u2019Art la Panera, colaborando con el Hospital Arnau de Vilanova de Lleida.<\/p>\t\t\t\t\t\t\t\t<\/div>\n\t\t\t\t<\/div>\n\t\t\t\t\t<\/div>\n\t\t<\/div>\n\t\t\t\t\t<\/div>\n\t\t<\/section>\n\t\t\t\t<\/div>\n\t\t                <\/div>\n\n                <div class=\"htmega-toggle-button\">\n                    <a href=\"#\" class=\"togglebutton-91eda2f normal_btn\">Taller Gloria Picazo<svg xmlns=\"http:\/\/www.w3.org\/2000\/svg\" width=\"734\" height=\"737\" viewBox=\"0 0 734 737\" fill=\"none\"><path fill-rule=\"evenodd\" clip-rule=\"evenodd\" d=\"M0.162659 403.237L0.162659 333.779L694.736 333.779V403.237L0.162659 403.237Z\" fill=\"black\"><\/path><path fill-rule=\"evenodd\" clip-rule=\"evenodd\" d=\"M315.696 687.744L684.056 319.384L733.171 368.499L364.811 736.859L315.696 687.744Z\" fill=\"black\"><\/path><path fill-rule=\"evenodd\" clip-rule=\"evenodd\" d=\"M315.696 49.264L364.811 0.14933L733.171 368.509L684.056 417.624L315.696 49.264Z\" fill=\"black\"><\/path><\/svg><\/a><a href=\"#\" class=\"togglebutton-91eda2f opened_btn\">Taller Gloria Picazo<svg xmlns=\"http:\/\/www.w3.org\/2000\/svg\" width=\"738\" height=\"734\" viewBox=\"0 0 738 734\" fill=\"none\"><path fill-rule=\"evenodd\" clip-rule=\"evenodd\" d=\"M333.933 0H403.392V694.573H333.933V0Z\" fill=\"black\"><\/path><path fill-rule=\"evenodd\" clip-rule=\"evenodd\" d=\"M49.4267 315.533L417.787 683.893L368.672 733.008L0.312012 364.648L49.4267 315.533Z\" fill=\"black\"><\/path><path fill-rule=\"evenodd\" clip-rule=\"evenodd\" d=\"M687.907 315.533L737.021 364.648L368.661 733.008L319.547 683.893L687.907 315.533Z\" fill=\"black\"><\/path><\/svg><\/a>                <\/div>\n\n            <\/div>\n\n            <script>\n                jQuery(document).ready(function($) {\n                    'use strict';\n                    $(\".togglebutton-91eda2f\").on('click', function(){\n                        $(\".htmega-toggle-content-91eda2f\").slideToggle('slow');\n                        $(this).removeAttr(\"href\");\n                        $(this).parent().toggleClass(\"open\");\n                    });\n                });\n            <\/script>\n        \t\t\t\t<\/div>\n\t\t\t\t<\/div>\n\t\t\t\t\t<\/div>\n\t\t<\/div>\n\t\t\t\t\t<\/div>\n\t\t<\/section>\n\t\t\t\t<section class=\"elementor-section elementor-top-section elementor-element elementor-element-bebab2d elementor-section-full_width lsection elementor-section-height-default elementor-section-height-default\" data-id=\"bebab2d\" data-element_type=\"section\" data-e-type=\"section\">\n\t\t\t\t\t\t<div class=\"elementor-container elementor-column-gap-default\">\n\t\t\t\t\t<div class=\"elementor-column elementor-col-100 elementor-top-column elementor-element elementor-element-49103db\" data-id=\"49103db\" data-element_type=\"column\" data-e-type=\"column\">\n\t\t\t<div class=\"elementor-widget-wrap elementor-element-populated\">\n\t\t\t\t\t\t<div class=\"elementor-element elementor-element-2bd041b lseccion elementor-widget elementor-widget-htmega-toggle-addons\" data-id=\"2bd041b\" data-element_type=\"widget\" data-e-type=\"widget\" data-widget_type=\"htmega-toggle-addons.default\">\n\t\t\t\t<div class=\"elementor-widget-container\">\n\t\t\t\t\t            <div class=\"htmega-toggle-area\" >\n                \n                <div class=\"htmega-toggle-content-2bd041b\" style=\"display: none;\">\n                    \t\t<div data-elementor-type=\"page\" data-elementor-id=\"7213\" class=\"elementor elementor-7213 elementor-7202 elementor-7202\" data-elementor-post-type=\"elementor_library\">\n\t\t\t\t\t\t<section class=\"elementor-section elementor-top-section elementor-element elementor-element-940f20b elementor-section-full_width elementor-reverse-mobile elementor-section-height-default elementor-section-height-default\" data-id=\"940f20b\" data-element_type=\"section\" data-e-type=\"section\" id=\"content\">\n\t\t\t\t\t\t<div class=\"elementor-container elementor-column-gap-default\">\n\t\t\t\t\t<div class=\"elementor-column elementor-col-50 elementor-top-column elementor-element elementor-element-22e5b4c col1\" data-id=\"22e5b4c\" data-element_type=\"column\" data-e-type=\"column\">\n\t\t\t<div class=\"elementor-widget-wrap elementor-element-populated\">\n\t\t\t\t\t\t<div class=\"elementor-element elementor-element-3075269 elementor-widget elementor-widget-text-editor\" data-id=\"3075269\" data-element_type=\"widget\" data-e-type=\"widget\" data-widget_type=\"text-editor.default\">\n\t\t\t\t<div class=\"elementor-widget-container\">\n\t\t\t\t\t\t\t\t\t<p><strong><em>Efecto espejo. Laboratorio del reflejo<\/em><\/strong><strong><em><br \/><\/em><\/strong><strong><em>Estudio experimental de autorretrato fotogr\u00e1fico<\/em><\/strong><\/p>\n<p><strong>Taller con Alba Rodr\u00edguez N\u00fa\u00f1ez<\/strong><\/p>\n<p><strong>Fechas del taller<\/strong><br \/>27, 28 y 29 de diciembre de 2023<\/p>\n<p><b>Inauguraci\u00f3n de la exposici\u00f3n<\/b><br \/>18 de enero de 2024 a las 17.30 h<\/p>\n<p><strong>Lugar<\/strong><br \/>Espai Jove Kesse<br \/>C. Sant Antoni Maria Claret, 12-14<br \/>43003 Tarragona<\/p>\n<p><a style=\"background-color: #ffffff;\" href=\"https:\/\/maps.app.goo.gl\/gkFwBKWBS6cuHgvs6\" target=\"_blank\" rel=\"noopener\"><span style=\"text-decoration-line: underline;\">Como llegar<\/span><\/a><strong><br \/><\/strong><\/p>\n<p><strong>Horario<\/strong><br \/>De 11 a 13 h<\/p>\n<p><strong>Inscripciones<\/strong><br \/><a href=\"https:\/\/www.tarragonajove.org\" target=\"_blank\" rel=\"noopener\"><u>www.tarragonajove.org<\/u><\/a><\/p>\n<p><strong>Informaci\u00f3n<br \/><\/strong>Para personas de entre 12 y 35 a\u00f1os<strong><br \/><\/strong>Acceso para personas con movilidad reducida<br \/>Gratuito<\/p>\n<p><strong>Organiza<\/strong><br \/>Servei Municipal de Joventut y SCAN Tarragona<\/p>\n\t\t\t\t\t\t\t\t<\/div>\n\t\t\t\t<\/div>\n\t\t\t\t<div class=\"elementor-element elementor-element-0d8e512 elementor-widget elementor-widget-image\" data-id=\"0d8e512\" data-element_type=\"widget\" data-e-type=\"widget\" data-widget_type=\"image.default\">\n\t\t\t\t<div class=\"elementor-widget-container\">\n\t\t\t\t\t\t\t\t\t\t\t\t\t\t\t<img loading=\"lazy\" decoding=\"async\" width=\"410\" height=\"406\" src=\"https:\/\/scan.cat\/wp-content\/uploads\/2023\/09\/LogoTarragonaJOve.png\" class=\"attachment-large size-large wp-image-7211\" alt=\"\" srcset=\"https:\/\/scan.cat\/wp-content\/uploads\/2023\/09\/LogoTarragonaJOve.png 410w, https:\/\/scan.cat\/wp-content\/uploads\/2023\/09\/LogoTarragonaJOve-300x297.png 300w, https:\/\/scan.cat\/wp-content\/uploads\/2023\/09\/LogoTarragonaJOve-150x150.png 150w\" sizes=\"(max-width: 410px) 100vw, 410px\" title=\"\">\t\t\t\t\t\t\t\t\t\t\t\t\t\t\t<\/div>\n\t\t\t\t<\/div>\n\t\t\t\t\t<\/div>\n\t\t<\/div>\n\t\t\t\t<div class=\"elementor-column elementor-col-50 elementor-top-column elementor-element elementor-element-4de87cb col2\" data-id=\"4de87cb\" data-element_type=\"column\" data-e-type=\"column\">\n\t\t\t<div class=\"elementor-widget-wrap elementor-element-populated\">\n\t\t\t\t\t\t<div class=\"elementor-element elementor-element-3f7780f elementor-widget elementor-widget-text-editor\" data-id=\"3f7780f\" data-element_type=\"widget\" data-e-type=\"widget\" data-widget_type=\"text-editor.default\">\n\t\t\t\t<div class=\"elementor-widget-container\">\n\t\t\t\t\t\t\t\t\t<p><strong><em>Efecto espejo. Laboratorio del reflejo<\/em><\/strong><strong><em><br \/><\/em><\/strong><strong><em>Estudio experimental de autorretrato fotogr\u00e1fico<\/em><\/strong><\/p>\n<p><strong>Taller con Alba Rodr\u00edguez N\u00fa\u00f1ez<\/strong><\/p>\n\t\t\t\t\t\t\t\t<\/div>\n\t\t\t\t<\/div>\n\t\t\t\t<div class=\"elementor-element elementor-element-07ae314 elementor-widget elementor-widget-image\" data-id=\"07ae314\" data-element_type=\"widget\" data-e-type=\"widget\" data-widget_type=\"image.default\">\n\t\t\t\t<div class=\"elementor-widget-container\">\n\t\t\t\t\t\t\t\t\t\t\t\t\t\t\t<img loading=\"lazy\" decoding=\"async\" width=\"1024\" height=\"1024\" src=\"https:\/\/scan.cat\/wp-content\/uploads\/2023\/09\/Alba-rodriguez-1024x1024.png\" class=\"attachment-large size-large wp-image-8295\" alt=\"\" srcset=\"https:\/\/scan.cat\/wp-content\/uploads\/2023\/09\/Alba-rodriguez-1024x1024.png 1024w, https:\/\/scan.cat\/wp-content\/uploads\/2023\/09\/Alba-rodriguez-300x300.png 300w, https:\/\/scan.cat\/wp-content\/uploads\/2023\/09\/Alba-rodriguez-150x150.png 150w, https:\/\/scan.cat\/wp-content\/uploads\/2023\/09\/Alba-rodriguez-768x768.png 768w, https:\/\/scan.cat\/wp-content\/uploads\/2023\/09\/Alba-rodriguez.png 1080w\" sizes=\"(max-width: 1024px) 100vw, 1024px\" title=\"\">\t\t\t\t\t\t\t\t\t\t\t\t\t\t\t<\/div>\n\t\t\t\t<\/div>\n\t\t\t\t<div class=\"elementor-element elementor-element-45c9cb2 elementor-widget elementor-widget-text-editor\" data-id=\"45c9cb2\" data-element_type=\"widget\" data-e-type=\"widget\" data-widget_type=\"text-editor.default\">\n\t\t\t\t<div class=\"elementor-widget-container\">\n\t\t\t\t\t\t\t\t\t<p><em>Todo lo que nos irrita de los dem\u00e1s<br \/>nos puede llevar a una comprensi\u00f3n de nosotros mismos.<\/em><br \/>Carl Gustav Jung<\/p>\n\t\t\t\t\t\t\t\t<\/div>\n\t\t\t\t<\/div>\n\t\t\t\t<div class=\"elementor-element elementor-element-afd4dc8 elementor-widget elementor-widget-text-editor\" data-id=\"afd4dc8\" data-element_type=\"widget\" data-e-type=\"widget\" data-widget_type=\"text-editor.default\">\n\t\t\t\t<div class=\"elementor-widget-container\">\n\t\t\t\t\t\t\t\t\t<p><span style=\"background-color: var(--base-3); color: var(--contrast);\">La aceptaci\u00f3n y proyecci\u00f3n de nuestra vida se reflejan en las percepciones de un mundo en sociedad que recoge miradas, expresiones y emociones fruto de los trayectos personales y colectivos. En un ejercicio de contraposici\u00f3n interpersonal, descubriremos la t\u00e9cnica fotogr\u00e1fica del retrato y nos adentraremos en el autorretrato m\u00e1s anal\u00edtico para dejar en exposici\u00f3n trazas y rasgos propios de la etapa juvenil.<\/span><\/p>\n<p>* Hay que llevar c\u00e1mara o tel\u00e9fono m\u00f3vil.<br \/><span style=\"background-color: var(--base-3); color: var(--contrast);\"><br \/><b>Alba Rodr\u00edguez N\u00fa\u00f1ez<\/b><\/span><span style=\"background-color: var(--base-3); color: var(--contrast);\"> (Tarragona, 1984) estudi\u00f3 en Barcelona Primero en la Escuela de Dise\u00f1o y Arte Eina (2002-2006). Se le abri\u00f3 un nuevo mundo hacia la fotograf\u00eda y empez\u00f3 en el Instituto de Estudios Fotogr\u00e1ficos (2009); y continu\u00f3 en la escuela GrisArt, donde se especializ\u00f3 en iluminaci\u00f3n de estudio (2012). Ha colaborado en diferentes proyectos colectivos como: Display, De Temporada, Objectiu Barcelona y Photo Km0. Ha realizado tres residencias art\u00edsticas, dos dentro del proyecto europeo Expediciones y una en Transmissions. Ha expuesto en el marco del Festival SCAN, en el Centre d\u2019Art y en la galer\u00eda Forvm, en Tarragona. Tambi\u00e9n en la Virreina en Barcelona. Y en Mallorca, Francia, Polonia, Londres y Copenhague. Ha ganado dos premios Laus, un premio Repsol YPF, un Sony World Photography Awards, un premio del diario <\/span><em style=\"background-color: var(--base-3); color: var(--contrast);\">Ara<\/em> <span style=\"background-color: var(--base-3); color: var(--contrast);\">i Formentera Fotogr\u00e0fica, un premio del festival de cine Rec, una menci\u00f3n al premio Ma\u00f1\u00e9 i Flaquer y un premio Lux.<\/span><\/p>\n\t\t\t\t\t\t\t\t<\/div>\n\t\t\t\t<\/div>\n\t\t\t\t\t<\/div>\n\t\t<\/div>\n\t\t\t\t\t<\/div>\n\t\t<\/section>\n\t\t\t\t<\/div>\n\t\t                <\/div>\n\n                <div class=\"htmega-toggle-button\">\n                    <a href=\"#\" class=\"togglebutton-2bd041b normal_btn\">Taller Alba Rodr\u00edguez N\u00fa\u00f1ez<svg xmlns=\"http:\/\/www.w3.org\/2000\/svg\" width=\"734\" height=\"737\" viewBox=\"0 0 734 737\" fill=\"none\"><path fill-rule=\"evenodd\" clip-rule=\"evenodd\" d=\"M0.162659 403.237L0.162659 333.779L694.736 333.779V403.237L0.162659 403.237Z\" fill=\"black\"><\/path><path fill-rule=\"evenodd\" clip-rule=\"evenodd\" d=\"M315.696 687.744L684.056 319.384L733.171 368.499L364.811 736.859L315.696 687.744Z\" fill=\"black\"><\/path><path fill-rule=\"evenodd\" clip-rule=\"evenodd\" d=\"M315.696 49.264L364.811 0.14933L733.171 368.509L684.056 417.624L315.696 49.264Z\" fill=\"black\"><\/path><\/svg><\/a><a href=\"#\" class=\"togglebutton-2bd041b opened_btn\">Taller Alba Rodr\u00edguez N\u00fa\u00f1ez<svg xmlns=\"http:\/\/www.w3.org\/2000\/svg\" width=\"738\" height=\"734\" viewBox=\"0 0 738 734\" fill=\"none\"><path fill-rule=\"evenodd\" clip-rule=\"evenodd\" d=\"M333.933 0H403.392V694.573H333.933V0Z\" fill=\"black\"><\/path><path fill-rule=\"evenodd\" clip-rule=\"evenodd\" d=\"M49.4267 315.533L417.787 683.893L368.672 733.008L0.312012 364.648L49.4267 315.533Z\" fill=\"black\"><\/path><path fill-rule=\"evenodd\" clip-rule=\"evenodd\" d=\"M687.907 315.533L737.021 364.648L368.661 733.008L319.547 683.893L687.907 315.533Z\" fill=\"black\"><\/path><\/svg><\/a>                <\/div>\n\n            <\/div>\n\n            <script>\n                jQuery(document).ready(function($) {\n                    'use strict';\n                    $(\".togglebutton-2bd041b\").on('click', function(){\n                        $(\".htmega-toggle-content-2bd041b\").slideToggle('slow');\n                        $(this).removeAttr(\"href\");\n                        $(this).parent().toggleClass(\"open\");\n                    });\n                });\n            <\/script>\n        \t\t\t\t<\/div>\n\t\t\t\t<\/div>\n\t\t\t\t\t<\/div>\n\t\t<\/div>\n\t\t\t\t\t<\/div>\n\t\t<\/section>\n\t\t\t\t<section class=\"elementor-section elementor-top-section elementor-element elementor-element-a041642 elementor-section-full_width lsection elementor-section-height-default elementor-section-height-default\" data-id=\"a041642\" data-element_type=\"section\" data-e-type=\"section\">\n\t\t\t\t\t\t<div class=\"elementor-container elementor-column-gap-default\">\n\t\t\t\t\t<div class=\"elementor-column elementor-col-100 elementor-top-column elementor-element elementor-element-e793504\" data-id=\"e793504\" data-element_type=\"column\" data-e-type=\"column\">\n\t\t\t<div class=\"elementor-widget-wrap elementor-element-populated\">\n\t\t\t\t\t\t<div class=\"elementor-element elementor-element-13f0a8a lseccion elementor-widget elementor-widget-htmega-toggle-addons\" data-id=\"13f0a8a\" data-element_type=\"widget\" data-e-type=\"widget\" data-widget_type=\"htmega-toggle-addons.default\">\n\t\t\t\t<div class=\"elementor-widget-container\">\n\t\t\t\t\t            <div class=\"htmega-toggle-area\" >\n                \n                <div class=\"htmega-toggle-content-13f0a8a\" style=\"display: none;\">\n                    \t\t<div data-elementor-type=\"page\" data-elementor-id=\"7239\" class=\"elementor elementor-7239 elementor-7223 elementor-7223\" data-elementor-post-type=\"elementor_library\">\n\t\t\t\t\t\t<section class=\"elementor-section elementor-top-section elementor-element elementor-element-940f20b elementor-section-full_width elementor-reverse-mobile elementor-section-height-default elementor-section-height-default\" data-id=\"940f20b\" data-element_type=\"section\" data-e-type=\"section\" id=\"content\">\n\t\t\t\t\t\t<div class=\"elementor-container elementor-column-gap-default\">\n\t\t\t\t\t<div class=\"elementor-column elementor-col-50 elementor-top-column elementor-element elementor-element-22e5b4c col1\" data-id=\"22e5b4c\" data-element_type=\"column\" data-e-type=\"column\">\n\t\t\t<div class=\"elementor-widget-wrap elementor-element-populated\">\n\t\t\t\t\t\t<div class=\"elementor-element elementor-element-3075269 elementor-widget elementor-widget-text-editor\" data-id=\"3075269\" data-element_type=\"widget\" data-e-type=\"widget\" data-widget_type=\"text-editor.default\">\n\t\t\t\t<div class=\"elementor-widget-container\">\n\t\t\t\t\t\t\t\t\t<p><strong>\u00bfSabemos leer las im\u00e1genes?<br \/>Taller con Gl\u00f2ria Picazo<\/strong><\/p>\n<p><strong>D\u00edas<br \/><\/strong>Lunes 6 y 13 de noviembre de 2023<\/p>\n<p><strong>Hora<\/strong><br \/>De 18 a 20 h<\/p>\n<p><strong>Lugar<\/strong><br \/>Biblioteca P\u00fablica de Tarragona<br \/>C. Fortuny, 30<br \/>43001 Tarragona<\/p>\n<p><a href=\"https:\/\/maps.app.goo.gl\/eme8oHwtFJ3cxs5H6\" target=\"_blank\" rel=\"noopener\"><span style=\"text-decoration: underline;\">Como llegar<\/span><\/a><\/p>\n<p><strong>Inscripciones gratuitas<\/strong><br \/>Por correo electr\u00f3nico en <a href=\"mailto:bptarragona.cultura@gencat.cat\"><u>bptarragona.cultura@gencat.cat<\/u><\/a><br \/>Por tel\u00e9fono al 977 240 331<br \/><span style=\"background-color: var(--base-3); color: var(--contrast);\">Presencialmente en la biblioteca<\/span><\/p>\n<p><strong>Informaci\u00f3n<\/strong><br \/>Acceso a personas con movilidad reducida<\/p>\n<p><strong> <\/strong><strong>Organiza<br \/><\/strong>Biblioteca P\u00fablica de Tarragona<\/p>\n<p><strong>Colabora<br \/><\/strong>SCAN Tarragona<\/p>\n\t\t\t\t\t\t\t\t<\/div>\n\t\t\t\t<\/div>\n\t\t\t\t<div class=\"elementor-element elementor-element-0d8e512 elementor-widget elementor-widget-image\" data-id=\"0d8e512\" data-element_type=\"widget\" data-e-type=\"widget\" data-widget_type=\"image.default\">\n\t\t\t\t<div class=\"elementor-widget-container\">\n\t\t\t\t\t\t\t\t\t\t\t\t\t\t\t<img loading=\"lazy\" decoding=\"async\" width=\"683\" height=\"108\" src=\"https:\/\/scan.cat\/wp-content\/uploads\/2023\/09\/cultura_h2.jpg\" class=\"attachment-large size-large wp-image-7233\" alt=\"\" srcset=\"https:\/\/scan.cat\/wp-content\/uploads\/2023\/09\/cultura_h2.jpg 683w, https:\/\/scan.cat\/wp-content\/uploads\/2023\/09\/cultura_h2-300x47.jpg 300w\" sizes=\"(max-width: 683px) 100vw, 683px\" title=\"\">\t\t\t\t\t\t\t\t\t\t\t\t\t\t\t<\/div>\n\t\t\t\t<\/div>\n\t\t\t\t<div class=\"elementor-element elementor-element-01c9756 elementor-widget elementor-widget-image\" data-id=\"01c9756\" data-element_type=\"widget\" data-e-type=\"widget\" data-widget_type=\"image.default\">\n\t\t\t\t<div class=\"elementor-widget-container\">\n\t\t\t\t\t\t\t\t\t\t\t\t\t\t\t<img loading=\"lazy\" decoding=\"async\" width=\"356\" height=\"166\" src=\"https:\/\/scan.cat\/wp-content\/uploads\/2023\/09\/logo2blau.jpg\" class=\"attachment-large size-large wp-image-7237\" alt=\"\" srcset=\"https:\/\/scan.cat\/wp-content\/uploads\/2023\/09\/logo2blau.jpg 356w, https:\/\/scan.cat\/wp-content\/uploads\/2023\/09\/logo2blau-300x140.jpg 300w\" sizes=\"(max-width: 356px) 100vw, 356px\" title=\"\">\t\t\t\t\t\t\t\t\t\t\t\t\t\t\t<\/div>\n\t\t\t\t<\/div>\n\t\t\t\t\t<\/div>\n\t\t<\/div>\n\t\t\t\t<div class=\"elementor-column elementor-col-50 elementor-top-column elementor-element elementor-element-4de87cb col2\" data-id=\"4de87cb\" data-element_type=\"column\" data-e-type=\"column\">\n\t\t\t<div class=\"elementor-widget-wrap elementor-element-populated\">\n\t\t\t\t\t\t<div class=\"elementor-element elementor-element-3f7780f elementor-widget elementor-widget-text-editor\" data-id=\"3f7780f\" data-element_type=\"widget\" data-e-type=\"widget\" data-widget_type=\"text-editor.default\">\n\t\t\t\t<div class=\"elementor-widget-container\">\n\t\t\t\t\t\t\t\t\t<p><strong>\u00bfSabemos leer las im\u00e1genes?<br \/>Taller con Gl\u00f2ria Picazo<\/strong><\/p>\n\t\t\t\t\t\t\t\t<\/div>\n\t\t\t\t<\/div>\n\t\t\t\t<div class=\"elementor-element elementor-element-2022a28 elementor-widget elementor-widget-image\" data-id=\"2022a28\" data-element_type=\"widget\" data-e-type=\"widget\" data-widget_type=\"image.default\">\n\t\t\t\t<div class=\"elementor-widget-container\">\n\t\t\t\t\t\t\t\t\t\t\t\t\t\t\t<img loading=\"lazy\" decoding=\"async\" width=\"1024\" height=\"1024\" src=\"https:\/\/scan.cat\/wp-content\/uploads\/2023\/09\/promos-xarxes-jesus-290923-ajuntament14-1024x1024.png\" class=\"attachment-large size-large wp-image-8202\" alt=\"\" srcset=\"https:\/\/scan.cat\/wp-content\/uploads\/2023\/09\/promos-xarxes-jesus-290923-ajuntament14-1024x1024.png 1024w, https:\/\/scan.cat\/wp-content\/uploads\/2023\/09\/promos-xarxes-jesus-290923-ajuntament14-300x300.png 300w, https:\/\/scan.cat\/wp-content\/uploads\/2023\/09\/promos-xarxes-jesus-290923-ajuntament14-150x150.png 150w, https:\/\/scan.cat\/wp-content\/uploads\/2023\/09\/promos-xarxes-jesus-290923-ajuntament14-768x768.png 768w, https:\/\/scan.cat\/wp-content\/uploads\/2023\/09\/promos-xarxes-jesus-290923-ajuntament14.png 1080w\" sizes=\"(max-width: 1024px) 100vw, 1024px\" title=\"\">\t\t\t\t\t\t\t\t\t\t\t\t\t\t\t<\/div>\n\t\t\t\t<\/div>\n\t\t\t\t<div class=\"elementor-element elementor-element-afd4dc8 elementor-widget elementor-widget-text-editor\" data-id=\"afd4dc8\" data-element_type=\"widget\" data-e-type=\"widget\" data-widget_type=\"text-editor.default\">\n\t\t\t\t<div class=\"elementor-widget-container\">\n\t\t\t\t\t\t\t\t\t<p><strong>\u00bfSabemos leer las im\u00e1genes?<\/strong><\/p>\n<p>El cineasta y fot\u00f3grafo Wim Wenders se\u00f1alaba que la c\u00e1mara es un ojo que mira hacia delante y hacia atr\u00e1s a la vez; hacia delante dispara una fotograf\u00eda, hacia atr\u00e1s&nbsp;graba una sombra difusa de la mente del fot\u00f3grafo. Si hacia adelante quiere captar un tema, hacia atr\u00e1s&nbsp;e vislumbra el deseo de apropiarse de lo que fotograf\u00eda. Moviendonos en este espacio&nbsp;intermedio&nbsp;entre&nbsp;aquello visto&nbsp;i&nbsp;aquello intuido, intentaremos averiguar qu\u00e9 hay m\u00e1s all\u00e1 de una imagen bien&nbsp;encontrada.<br><span style=\"background-color: var(--base-3); color: var(--contrast);\">Gl\u00f2ria Picazo<\/span><\/p>\n<p><strong style=\"color: var(--contrast); background-color: var(--base-3);\">Gl\u00f2ria Picazo<\/strong><span style=\"color: var(--contrast); background-color: var(--base-3);\"> es licenciada en Historia del Arte por la Universitat de Barcelona. Cr\u00edtica de arte y comisaria de exposiciones independiente. Ha colaborado con museos como el CAPC Mus\u00e9e d\u2019art contemporain de Burdeos y el MACBA de Barcelona, y de 2003 a 2015 dirigi\u00f3 el Centre d\u2019Art la Panera de Lleida.<\/span><\/p>\n<p>Ha impartido clases de arte contempor\u00e1neo y comisariado de exposiciones en m\u00e1steres de la Universitat de Barcelona, Universitat Internacional de Catalunya y Universitat Polit\u00e8cnica de Val\u00e8ncia, as\u00ed como en La Casa Encendida de Madrid y talleres en la QUAM de Vic.<\/p>\n<p>Ha sido asesora para las adquisiciones de las colecciones del FRAC C\u00f3rcega (2000-2021) y de 2017 a 2020 por la Comunidad de Madrid.<\/p>\n<p>Ha comisariado muestras como <em>Gina Pane<\/em> (Palau de la Virreina de Barcelona y Salas de la Diputaci\u00f3n de Huesca), <em>Orientalismos<\/em> y <em>N\u00f3madas y bibli\u00f3filos<\/em> en el Koldo Mitxelena de Donosti y <em>El instante eterno<\/em> en el EACC de Castell\u00f3n. Entre 2017 y 2018 present\u00f3 la exposici\u00f3n <em>Bibliotecas ins\u00f3litas<\/em> en La Casa Encendida de Madrid y en el Arts Santa M\u00f2nica de Barcelona.<\/p>\n<p>En 2010 puso en marcha el programa Art i Hospital, desde el Centre d\u2019Art la Panera, colaborando con el Hospital Arnau de Vilanova de Lleida.<\/p>\t\t\t\t\t\t\t\t<\/div>\n\t\t\t\t<\/div>\n\t\t\t\t\t<\/div>\n\t\t<\/div>\n\t\t\t\t\t<\/div>\n\t\t<\/section>\n\t\t\t\t<\/div>\n\t\t                <\/div>\n\n                <div class=\"htmega-toggle-button\">\n                    <a href=\"#\" class=\"togglebutton-13f0a8a normal_btn\">Taller Gloria Oyarzabal<svg xmlns=\"http:\/\/www.w3.org\/2000\/svg\" width=\"734\" height=\"737\" viewBox=\"0 0 734 737\" fill=\"none\"><path fill-rule=\"evenodd\" clip-rule=\"evenodd\" d=\"M0.162659 403.237L0.162659 333.779L694.736 333.779V403.237L0.162659 403.237Z\" fill=\"black\"><\/path><path fill-rule=\"evenodd\" clip-rule=\"evenodd\" d=\"M315.696 687.744L684.056 319.384L733.171 368.499L364.811 736.859L315.696 687.744Z\" fill=\"black\"><\/path><path fill-rule=\"evenodd\" clip-rule=\"evenodd\" d=\"M315.696 49.264L364.811 0.14933L733.171 368.509L684.056 417.624L315.696 49.264Z\" fill=\"black\"><\/path><\/svg><\/a><a href=\"#\" class=\"togglebutton-13f0a8a opened_btn\">Taller Gloria Oyarzabal<svg xmlns=\"http:\/\/www.w3.org\/2000\/svg\" width=\"738\" height=\"734\" viewBox=\"0 0 738 734\" fill=\"none\"><path fill-rule=\"evenodd\" clip-rule=\"evenodd\" d=\"M333.933 0H403.392V694.573H333.933V0Z\" fill=\"black\"><\/path><path fill-rule=\"evenodd\" clip-rule=\"evenodd\" d=\"M49.4267 315.533L417.787 683.893L368.672 733.008L0.312012 364.648L49.4267 315.533Z\" fill=\"black\"><\/path><path fill-rule=\"evenodd\" clip-rule=\"evenodd\" d=\"M687.907 315.533L737.021 364.648L368.661 733.008L319.547 683.893L687.907 315.533Z\" fill=\"black\"><\/path><\/svg><\/a>                <\/div>\n\n            <\/div>\n\n            <script>\n                jQuery(document).ready(function($) {\n                    'use strict';\n                    $(\".togglebutton-13f0a8a\").on('click', function(){\n                        $(\".htmega-toggle-content-13f0a8a\").slideToggle('slow');\n                        $(this).removeAttr(\"href\");\n                        $(this).parent().toggleClass(\"open\");\n                    });\n                });\n            <\/script>\n        \t\t\t\t<\/div>\n\t\t\t\t<\/div>\n\t\t\t\t\t<\/div>\n\t\t<\/div>\n\t\t\t\t\t<\/div>\n\t\t<\/section>\n\t\t\t\t<section class=\"elementor-section elementor-top-section elementor-element elementor-element-c245b2a elementor-section-full_width lsection elementor-section-height-default elementor-section-height-default\" data-id=\"c245b2a\" data-element_type=\"section\" data-e-type=\"section\">\n\t\t\t\t\t\t<div class=\"elementor-container elementor-column-gap-default\">\n\t\t\t\t\t<div class=\"elementor-column elementor-col-100 elementor-top-column elementor-element elementor-element-73aaa0c\" data-id=\"73aaa0c\" data-element_type=\"column\" data-e-type=\"column\">\n\t\t\t<div class=\"elementor-widget-wrap elementor-element-populated\">\n\t\t\t\t\t\t<div class=\"elementor-element elementor-element-a7a5942 lseccion elementor-widget elementor-widget-htmega-toggle-addons\" data-id=\"a7a5942\" data-element_type=\"widget\" data-e-type=\"widget\" data-widget_type=\"htmega-toggle-addons.default\">\n\t\t\t\t<div class=\"elementor-widget-container\">\n\t\t\t\t\t            <div class=\"htmega-toggle-area\" >\n                \n                <div class=\"htmega-toggle-content-a7a5942\" style=\"display: none;\">\n                    \t\t<div data-elementor-type=\"page\" data-elementor-id=\"7221\" class=\"elementor elementor-7221 elementor-7215 elementor-7215\" data-elementor-post-type=\"elementor_library\">\n\t\t\t\t\t\t<section class=\"elementor-section elementor-top-section elementor-element elementor-element-940f20b elementor-section-full_width elementor-reverse-mobile elementor-section-height-default elementor-section-height-default\" data-id=\"940f20b\" data-element_type=\"section\" data-e-type=\"section\" id=\"content\">\n\t\t\t\t\t\t<div class=\"elementor-container elementor-column-gap-default\">\n\t\t\t\t\t<div class=\"elementor-column elementor-col-50 elementor-top-column elementor-element elementor-element-22e5b4c col1\" data-id=\"22e5b4c\" data-element_type=\"column\" data-e-type=\"column\">\n\t\t\t<div class=\"elementor-widget-wrap elementor-element-populated\">\n\t\t\t\t\t\t<div class=\"elementor-element elementor-element-3075269 elementor-widget elementor-widget-text-editor\" data-id=\"3075269\" data-element_type=\"widget\" data-e-type=\"widget\" data-widget_type=\"text-editor.default\">\n\t\t\t\t<div class=\"elementor-widget-container\">\n\t\t\t\t\t\t\t\t\t<p><strong><em>Siguiendo los caminos del rastro<\/em><\/strong><em>&nbsp;<br><\/em><strong>Taller con Dani Pujalte&nbsp;&nbsp;<\/strong> <\/p>\n<p><strong>Lugar<br><\/strong>Casal d\u2019entitats de Sant Salvador<br>Av. Sant Salvador, 114<br>43130 Tarragona<\/p>\n<p><strong>Informaci\u00f3n<\/strong><br>Actividad abierta a las personas miembros de la Asociaci\u00f3n Bloque 23<br><span style=\"background-color: var(--base-3); color: var(--contrast);\">Este taller cuelga de la exposici\u00f3n<\/span> <em style=\"background-color: var(--base-3); color: var(--contrast);\">Retorno al intangible<\/em> <span style=\"background-color: var(--base-3); color: var(--contrast);\">que, comisariada por Jiser Reflexions Mediterr\u00e0nies, se puede ver en el M\u00e8dol del 24 de noviembre de 2023 al 15 de enero de 2024<\/span><\/p>\n<p><strong>Organiza<\/strong><br>SCAN Tarragona<\/p>\n<p><strong>Colabora<\/strong><br>Associaci\u00f3 Bloc 23<\/p>\t\t\t\t\t\t\t\t<\/div>\n\t\t\t\t<\/div>\n\t\t\t\t<div class=\"elementor-element elementor-element-0d8e512 elementor-widget elementor-widget-image\" data-id=\"0d8e512\" data-element_type=\"widget\" data-e-type=\"widget\" data-widget_type=\"image.default\">\n\t\t\t\t<div class=\"elementor-widget-container\">\n\t\t\t\t\t\t\t\t\t\t\t\t\t\t\t<img loading=\"lazy\" decoding=\"async\" width=\"410\" height=\"406\" src=\"https:\/\/scan.cat\/wp-content\/uploads\/2023\/09\/LogoTarragonaJOve.png\" class=\"attachment-large size-large wp-image-7211\" alt=\"\" srcset=\"https:\/\/scan.cat\/wp-content\/uploads\/2023\/09\/LogoTarragonaJOve.png 410w, https:\/\/scan.cat\/wp-content\/uploads\/2023\/09\/LogoTarragonaJOve-300x297.png 300w, https:\/\/scan.cat\/wp-content\/uploads\/2023\/09\/LogoTarragonaJOve-150x150.png 150w\" sizes=\"(max-width: 410px) 100vw, 410px\" title=\"\">\t\t\t\t\t\t\t\t\t\t\t\t\t\t\t<\/div>\n\t\t\t\t<\/div>\n\t\t\t\t\t<\/div>\n\t\t<\/div>\n\t\t\t\t<div class=\"elementor-column elementor-col-50 elementor-top-column elementor-element elementor-element-4de87cb col2\" data-id=\"4de87cb\" data-element_type=\"column\" data-e-type=\"column\">\n\t\t\t<div class=\"elementor-widget-wrap elementor-element-populated\">\n\t\t\t\t\t\t<div class=\"elementor-element elementor-element-3f7780f elementor-widget elementor-widget-text-editor\" data-id=\"3f7780f\" data-element_type=\"widget\" data-e-type=\"widget\" data-widget_type=\"text-editor.default\">\n\t\t\t\t<div class=\"elementor-widget-container\">\n\t\t\t\t\t\t\t\t\t<p><strong><em>Siguiendo los caminos del rastro<\/em><\/strong><em><br \/><\/em><strong>Taller con Dani Pujalte <\/strong> <\/p>\n\t\t\t\t\t\t\t\t<\/div>\n\t\t\t\t<\/div>\n\t\t\t\t<div class=\"elementor-element elementor-element-1e64346 elementor-widget elementor-widget-image\" data-id=\"1e64346\" data-element_type=\"widget\" data-e-type=\"widget\" data-widget_type=\"image.default\">\n\t\t\t\t<div class=\"elementor-widget-container\">\n\t\t\t\t\t\t\t\t\t\t\t\t\t\t\t<img loading=\"lazy\" decoding=\"async\" width=\"1024\" height=\"767\" src=\"https:\/\/scan.cat\/wp-content\/uploads\/2023\/09\/Dani-Pujalte-04-1024x767.jpg\" class=\"attachment-large size-large wp-image-8290\" alt=\"\" srcset=\"https:\/\/scan.cat\/wp-content\/uploads\/2023\/09\/Dani-Pujalte-04-1024x767.jpg 1024w, https:\/\/scan.cat\/wp-content\/uploads\/2023\/09\/Dani-Pujalte-04-300x225.jpg 300w, https:\/\/scan.cat\/wp-content\/uploads\/2023\/09\/Dani-Pujalte-04-768x575.jpg 768w, https:\/\/scan.cat\/wp-content\/uploads\/2023\/09\/Dani-Pujalte-04.jpg 1172w\" sizes=\"(max-width: 1024px) 100vw, 1024px\" title=\"\">\t\t\t\t\t\t\t\t\t\t\t\t\t\t\t<\/div>\n\t\t\t\t<\/div>\n\t\t\t\t<div class=\"elementor-element elementor-element-b4b0140 elementor-widget elementor-widget-text-editor\" data-id=\"b4b0140\" data-element_type=\"widget\" data-e-type=\"widget\" data-widget_type=\"text-editor.default\">\n\t\t\t\t<div class=\"elementor-widget-container\">\n\t\t\t\t\t\t\t\t\t<p>Fotograf\u00eda \u00a9 Dani Pujalte<\/p>\n\t\t\t\t\t\t\t\t<\/div>\n\t\t\t\t<\/div>\n\t\t\t\t<div class=\"elementor-element elementor-element-afd4dc8 elementor-widget elementor-widget-text-editor\" data-id=\"afd4dc8\" data-element_type=\"widget\" data-e-type=\"widget\" data-widget_type=\"text-editor.default\">\n\t\t\t\t<div class=\"elementor-widget-container\">\n\t\t\t\t\t\t\t\t\t<p>Por iniciativa del Festival SCAN en colaboraci\u00f3n con Jiser, el fot\u00f3grafo Dani Pujalte dinamiza un taller fotogr\u00e1fico con j\u00f3venes de la <strong>Associaci\u00f3 Bloc 23.<\/strong><\/p>\n<p>Este taller, que se desarrollar\u00e1 a lo largo de tres sesiones entre noviembre y diciembre de 2023, pretende reflexionar sobre c\u00f3mo se construye una narraci\u00f3n fotogr\u00e1fica.<\/p>\n<p>El trabajo de los participantes en el taller ver\u00e1 sus frutos el 9 de enero de 2024 en el M\u00e8dol, en el marco de la mesa organizada por Jiser.<\/p>\n<p><a href=\"http:\/\/www.danipujalte.com\" target=\"_blank\" rel=\"noopener\">www.danipujalte.com<\/a><\/p>\n\t\t\t\t\t\t\t\t<\/div>\n\t\t\t\t<\/div>\n\t\t\t\t\t<\/div>\n\t\t<\/div>\n\t\t\t\t\t<\/div>\n\t\t<\/section>\n\t\t\t\t<\/div>\n\t\t                <\/div>\n\n                <div class=\"htmega-toggle-button\">\n                    <a href=\"#\" class=\"togglebutton-a7a5942 normal_btn\">Taller Dani Pujalte<svg xmlns=\"http:\/\/www.w3.org\/2000\/svg\" width=\"734\" height=\"737\" viewBox=\"0 0 734 737\" fill=\"none\"><path fill-rule=\"evenodd\" clip-rule=\"evenodd\" d=\"M0.162659 403.237L0.162659 333.779L694.736 333.779V403.237L0.162659 403.237Z\" fill=\"black\"><\/path><path fill-rule=\"evenodd\" clip-rule=\"evenodd\" d=\"M315.696 687.744L684.056 319.384L733.171 368.499L364.811 736.859L315.696 687.744Z\" fill=\"black\"><\/path><path fill-rule=\"evenodd\" clip-rule=\"evenodd\" d=\"M315.696 49.264L364.811 0.14933L733.171 368.509L684.056 417.624L315.696 49.264Z\" fill=\"black\"><\/path><\/svg><\/a><a href=\"#\" class=\"togglebutton-a7a5942 opened_btn\">Taller Dani Pujalte<svg xmlns=\"http:\/\/www.w3.org\/2000\/svg\" width=\"738\" height=\"734\" viewBox=\"0 0 738 734\" fill=\"none\"><path fill-rule=\"evenodd\" clip-rule=\"evenodd\" d=\"M333.933 0H403.392V694.573H333.933V0Z\" fill=\"black\"><\/path><path fill-rule=\"evenodd\" clip-rule=\"evenodd\" d=\"M49.4267 315.533L417.787 683.893L368.672 733.008L0.312012 364.648L49.4267 315.533Z\" fill=\"black\"><\/path><path fill-rule=\"evenodd\" clip-rule=\"evenodd\" d=\"M687.907 315.533L737.021 364.648L368.661 733.008L319.547 683.893L687.907 315.533Z\" fill=\"black\"><\/path><\/svg><\/a>                <\/div>\n\n            <\/div>\n\n            <script>\n                jQuery(document).ready(function($) {\n                    'use strict';\n                    $(\".togglebutton-a7a5942\").on('click', function(){\n                        $(\".htmega-toggle-content-a7a5942\").slideToggle('slow');\n                        $(this).removeAttr(\"href\");\n                        $(this).parent().toggleClass(\"open\");\n                    });\n                });\n            <\/script>\n        \t\t\t\t<\/div>\n\t\t\t\t<\/div>\n\t\t\t\t\t<\/div>\n\t\t<\/div>\n\t\t\t\t\t<\/div>\n\t\t<\/section>\n\t\t\t\t<section class=\"elementor-section elementor-top-section elementor-element elementor-element-a37bdca elementor-section-full_width lsection elementor-section-height-default elementor-section-height-default\" data-id=\"a37bdca\" data-element_type=\"section\" data-e-type=\"section\">\n\t\t\t\t\t\t<div class=\"elementor-container elementor-column-gap-default\">\n\t\t\t\t\t<div class=\"elementor-column elementor-col-100 elementor-top-column elementor-element elementor-element-686e905\" data-id=\"686e905\" data-element_type=\"column\" data-e-type=\"column\">\n\t\t\t<div class=\"elementor-widget-wrap elementor-element-populated\">\n\t\t\t\t\t\t<div class=\"elementor-element elementor-element-de80c22 lseccion elementor-widget elementor-widget-htmega-toggle-addons\" data-id=\"de80c22\" data-element_type=\"widget\" data-e-type=\"widget\" data-widget_type=\"htmega-toggle-addons.default\">\n\t\t\t\t<div class=\"elementor-widget-container\">\n\t\t\t\t\t            <div class=\"htmega-toggle-area\" >\n                \n                <div class=\"htmega-toggle-content-de80c22\" style=\"display: none;\">\n                    \t\t<div data-elementor-type=\"page\" data-elementor-id=\"7123\" class=\"elementor elementor-7123 elementor-7092 elementor-7092\" data-elementor-post-type=\"elementor_library\">\n\t\t\t\t\t\t<section class=\"elementor-section elementor-top-section elementor-element elementor-element-940f20b elementor-section-full_width elementor-reverse-mobile elementor-section-height-default elementor-section-height-default\" data-id=\"940f20b\" data-element_type=\"section\" data-e-type=\"section\" id=\"content\">\n\t\t\t\t\t\t<div class=\"elementor-container elementor-column-gap-default\">\n\t\t\t\t\t<div class=\"elementor-column elementor-col-50 elementor-top-column elementor-element elementor-element-22e5b4c col1\" data-id=\"22e5b4c\" data-element_type=\"column\" data-e-type=\"column\">\n\t\t\t<div class=\"elementor-widget-wrap elementor-element-populated\">\n\t\t\t\t\t\t<div class=\"elementor-element elementor-element-3075269 elementor-widget elementor-widget-text-editor\" data-id=\"3075269\" data-element_type=\"widget\" data-e-type=\"widget\" data-widget_type=\"text-editor.default\">\n\t\t\t\t<div class=\"elementor-widget-container\">\n\t\t\t\t\t\t\t\t\t<p><strong>Talleres fotogr\u00e1ficos CliCme <br \/>Biblioteca Pepita Ferrer<\/strong><\/p>\n<p><strong>Taller Topromi<\/strong><strong><br \/><\/strong>Viernes 3 de noviembre de 2023<\/p>\n<p><strong>Taller Onada<\/strong><br \/>Pagos del 1 de diciembre de 2023<\/p>\n<p><strong>Taller mujeres migradas<\/strong> <br \/>S\u00e1bado 2 de diciembre de 2023<\/p>\n<p><strong>Lugar<\/strong><strong><br \/><\/strong>Biblioteca Municipal Pepita Ferrer<br \/>Barrio Torreforta<br \/>Pl. del Tarragon\u00e8s, s\/n <br \/>43006 Tarragona<\/p>\n<p>Talleres destinados a las entidades colaboradoras<\/p>\n<p><strong>Organiza<\/strong><br \/>Biblioteca Pepita Ferrer <br \/>SCAN Tarragona<\/p>\n<p><strong>Dirige<\/strong><br \/>CliCme<\/p>\n\t\t\t\t\t\t\t\t<\/div>\n\t\t\t\t<\/div>\n\t\t\t\t<div class=\"elementor-element elementor-element-b348d22 elementor-widget elementor-widget-image\" data-id=\"b348d22\" data-element_type=\"widget\" data-e-type=\"widget\" data-widget_type=\"image.default\">\n\t\t\t\t<div class=\"elementor-widget-container\">\n\t\t\t\t\t\t\t\t\t\t\t\t\t\t\t<img loading=\"lazy\" decoding=\"async\" width=\"271\" height=\"100\" src=\"https:\/\/scan.cat\/wp-content\/uploads\/2022\/07\/pepita.jpg\" class=\"attachment-large size-large wp-image-3643\" alt=\"\" title=\"\">\t\t\t\t\t\t\t\t\t\t\t\t\t\t\t<\/div>\n\t\t\t\t<\/div>\n\t\t\t\t<div class=\"elementor-element elementor-element-0d8e512 elementor-widget elementor-widget-image\" data-id=\"0d8e512\" data-element_type=\"widget\" data-e-type=\"widget\" data-widget_type=\"image.default\">\n\t\t\t\t<div class=\"elementor-widget-container\">\n\t\t\t\t\t\t\t\t\t\t\t\t\t\t\t<img loading=\"lazy\" decoding=\"async\" width=\"1024\" height=\"449\" src=\"https:\/\/scan.cat\/wp-content\/uploads\/2023\/09\/CLIC-LOGO-INCLUSIO-COLOR-1024x449.jpg\" class=\"attachment-large size-large wp-image-7116\" alt=\"\" srcset=\"https:\/\/scan.cat\/wp-content\/uploads\/2023\/09\/CLIC-LOGO-INCLUSIO-COLOR-1024x449.jpg 1024w, https:\/\/scan.cat\/wp-content\/uploads\/2023\/09\/CLIC-LOGO-INCLUSIO-COLOR-300x132.jpg 300w, https:\/\/scan.cat\/wp-content\/uploads\/2023\/09\/CLIC-LOGO-INCLUSIO-COLOR-768x337.jpg 768w, https:\/\/scan.cat\/wp-content\/uploads\/2023\/09\/CLIC-LOGO-INCLUSIO-COLOR.jpg 1026w\" sizes=\"(max-width: 1024px) 100vw, 1024px\" title=\"\">\t\t\t\t\t\t\t\t\t\t\t\t\t\t\t<\/div>\n\t\t\t\t<\/div>\n\t\t\t\t\t<\/div>\n\t\t<\/div>\n\t\t\t\t<div class=\"elementor-column elementor-col-50 elementor-top-column elementor-element elementor-element-4de87cb col2\" data-id=\"4de87cb\" data-element_type=\"column\" data-e-type=\"column\">\n\t\t\t<div class=\"elementor-widget-wrap elementor-element-populated\">\n\t\t\t\t\t\t<div class=\"elementor-element elementor-element-3f7780f elementor-widget elementor-widget-text-editor\" data-id=\"3f7780f\" data-element_type=\"widget\" data-e-type=\"widget\" data-widget_type=\"text-editor.default\">\n\t\t\t\t<div class=\"elementor-widget-container\">\n\t\t\t\t\t\t\t\t\t<p><strong>Talleres fotogr\u00e1ficos CliCme <br \/>Biblioteca Pepita Ferrer<\/strong><\/p>\n\t\t\t\t\t\t\t\t<\/div>\n\t\t\t\t<\/div>\n\t\t\t\t<div class=\"elementor-element elementor-element-b97ea18 elementor-widget elementor-widget-image\" data-id=\"b97ea18\" data-element_type=\"widget\" data-e-type=\"widget\" data-widget_type=\"image.default\">\n\t\t\t\t<div class=\"elementor-widget-container\">\n\t\t\t\t\t\t\t\t\t\t\t\t\t\t\t<img loading=\"lazy\" decoding=\"async\" width=\"1024\" height=\"738\" src=\"https:\/\/scan.cat\/wp-content\/uploads\/2023\/09\/Taller-Clicme-1024x738.jpg\" class=\"attachment-large size-large wp-image-8305\" alt=\"\" srcset=\"https:\/\/scan.cat\/wp-content\/uploads\/2023\/09\/Taller-Clicme-1024x738.jpg 1024w, https:\/\/scan.cat\/wp-content\/uploads\/2023\/09\/Taller-Clicme-300x216.jpg 300w, https:\/\/scan.cat\/wp-content\/uploads\/2023\/09\/Taller-Clicme-768x554.jpg 768w, https:\/\/scan.cat\/wp-content\/uploads\/2023\/09\/Taller-Clicme-1536x1107.jpg 1536w, https:\/\/scan.cat\/wp-content\/uploads\/2023\/09\/Taller-Clicme.jpg 2048w\" sizes=\"(max-width: 1024px) 100vw, 1024px\" title=\"\">\t\t\t\t\t\t\t\t\t\t\t\t\t\t\t<\/div>\n\t\t\t\t<\/div>\n\t\t\t\t<div class=\"elementor-element elementor-element-afd4dc8 elementor-widget elementor-widget-text-editor\" data-id=\"afd4dc8\" data-element_type=\"widget\" data-e-type=\"widget\" data-widget_type=\"text-editor.default\">\n\t\t\t\t<div class=\"elementor-widget-container\">\n\t\t\t\t\t\t\t\t\t<p><strong>&nbsp;<\/strong>SCAN Tarragona, la Biblioteca Pepita Ferrer del barrio de Torreforta y CliCme unen sus esfuerzos para impulsar tres talleres de fotograf\u00eda para colectivos con riesgo de exclusi\u00f3n social.<\/p>\n<p>Estos talleres forman parte del programa SCAN Actiu y su finalidad es conseguir que cualquier persona, sea cual sea su condici\u00f3n y circunstancias, pueda tener acceso a la cultura y a los espacios de creaci\u00f3n como herramienta de empoderamiento y crecimiento personal.<\/p>\n<p>Para llevar a cabo estos talleres contamos con la colaboraci\u00f3n profesional de CliCme, con la participaci\u00f3n del grupo de mujeres africanas del barrio de Torreforta y de personas con discapacidad intelectual de la Fundaci\u00f3n Topromi y la Fundaci\u00f3n Onada.<\/p>\n<p><strong>Talleres a cargo de<\/strong><strong>Eug\u00e8nia Ortiz Antoranz (CliCme_inclusi\u00f3n)<\/strong><\/p>\n<p>CliCme inclusi\u00f3n es una plataforma que trabaja con el lenguaje de la fotograf\u00eda con un objetivo transformador, de intervenci\u00f3n social y conexi\u00f3n con el entorno y las personas.<\/p>\n<p>CliCme entiende la fotograf\u00eda como una forma vers\u00e1til y accesible de expresi\u00f3n creativa que ofrece oportunidades para una inclusi\u00f3n verdaderamente significativa. La fotograf\u00eda permite compartir una mirada o una experiencia de una forma que es instant\u00e1neamente atractiva y accesible a todo el mundo y tiene, adem\u00e1s, el potencial para evocar emociones y desafiar estereotipos. CliCme utiliza los procesos creativos para inspirar a las personas.<\/p>\n<p><a href=\"https:\/\/clicme.es\" target=\"_blank\" rel=\"noopener\"><u>clicme.es<\/u><\/a><\/p>\t\t\t\t\t\t\t\t<\/div>\n\t\t\t\t<\/div>\n\t\t\t\t\t<\/div>\n\t\t<\/div>\n\t\t\t\t\t<\/div>\n\t\t<\/section>\n\t\t\t\t<\/div>\n\t\t                <\/div>\n\n                <div class=\"htmega-toggle-button\">\n                    <a href=\"#\" class=\"togglebutton-de80c22 normal_btn\">Taller Clicme<svg xmlns=\"http:\/\/www.w3.org\/2000\/svg\" width=\"734\" height=\"737\" viewBox=\"0 0 734 737\" fill=\"none\"><path fill-rule=\"evenodd\" clip-rule=\"evenodd\" d=\"M0.162659 403.237L0.162659 333.779L694.736 333.779V403.237L0.162659 403.237Z\" fill=\"black\"><\/path><path fill-rule=\"evenodd\" clip-rule=\"evenodd\" d=\"M315.696 687.744L684.056 319.384L733.171 368.499L364.811 736.859L315.696 687.744Z\" fill=\"black\"><\/path><path fill-rule=\"evenodd\" clip-rule=\"evenodd\" d=\"M315.696 49.264L364.811 0.14933L733.171 368.509L684.056 417.624L315.696 49.264Z\" fill=\"black\"><\/path><\/svg><\/a><a href=\"#\" class=\"togglebutton-de80c22 opened_btn\">Taller Clicme<svg xmlns=\"http:\/\/www.w3.org\/2000\/svg\" width=\"738\" height=\"734\" viewBox=\"0 0 738 734\" fill=\"none\"><path fill-rule=\"evenodd\" clip-rule=\"evenodd\" d=\"M333.933 0H403.392V694.573H333.933V0Z\" fill=\"black\"><\/path><path fill-rule=\"evenodd\" clip-rule=\"evenodd\" d=\"M49.4267 315.533L417.787 683.893L368.672 733.008L0.312012 364.648L49.4267 315.533Z\" fill=\"black\"><\/path><path fill-rule=\"evenodd\" clip-rule=\"evenodd\" d=\"M687.907 315.533L737.021 364.648L368.661 733.008L319.547 683.893L687.907 315.533Z\" fill=\"black\"><\/path><\/svg><\/a>                <\/div>\n\n            <\/div>\n\n            <script>\n                jQuery(document).ready(function($) {\n                    'use strict';\n                    $(\".togglebutton-de80c22\").on('click', function(){\n                        $(\".htmega-toggle-content-de80c22\").slideToggle('slow');\n                        $(this).removeAttr(\"href\");\n                        $(this).parent().toggleClass(\"open\");\n                    });\n                });\n            <\/script>\n        \t\t\t\t<\/div>\n\t\t\t\t<\/div>\n\t\t\t\t\t<\/div>\n\t\t<\/div>\n\t\t\t\t\t<\/div>\n\t\t<\/section>\n\t\t\t\t<section class=\"elementor-section elementor-top-section elementor-element elementor-element-6714582 elementor-section-full_width lsection elementor-section-height-default elementor-section-height-default\" data-id=\"6714582\" data-element_type=\"section\" data-e-type=\"section\">\n\t\t\t\t\t\t<div class=\"elementor-container elementor-column-gap-default\">\n\t\t\t\t\t<div class=\"elementor-column elementor-col-100 elementor-top-column elementor-element elementor-element-ed00ab1\" data-id=\"ed00ab1\" data-element_type=\"column\" data-e-type=\"column\">\n\t\t\t<div class=\"elementor-widget-wrap elementor-element-populated\">\n\t\t\t\t\t\t<div class=\"elementor-element elementor-element-dbe8aea lseccion elementor-widget elementor-widget-htmega-toggle-addons\" data-id=\"dbe8aea\" data-element_type=\"widget\" data-e-type=\"widget\" data-widget_type=\"htmega-toggle-addons.default\">\n\t\t\t\t<div class=\"elementor-widget-container\">\n\t\t\t\t\t            <div class=\"htmega-toggle-area\" >\n                \n                <div class=\"htmega-toggle-content-dbe8aea\" style=\"display: none;\">\n                    \t\t<div data-elementor-type=\"page\" data-elementor-id=\"7553\" class=\"elementor elementor-7553 elementor-7530 elementor-7530\" data-elementor-post-type=\"elementor_library\">\n\t\t\t\t\t\t<section class=\"elementor-section elementor-top-section elementor-element elementor-element-940f20b elementor-section-full_width elementor-reverse-mobile elementor-section-height-default elementor-section-height-default\" data-id=\"940f20b\" data-element_type=\"section\" data-e-type=\"section\" id=\"content\">\n\t\t\t\t\t\t<div class=\"elementor-container elementor-column-gap-default\">\n\t\t\t\t\t<div class=\"elementor-column elementor-col-50 elementor-top-column elementor-element elementor-element-22e5b4c col1\" data-id=\"22e5b4c\" data-element_type=\"column\" data-e-type=\"column\">\n\t\t\t<div class=\"elementor-widget-wrap elementor-element-populated\">\n\t\t\t\t\t\t<div class=\"elementor-element elementor-element-3075269 elementor-widget elementor-widget-text-editor\" data-id=\"3075269\" data-element_type=\"widget\" data-e-type=\"widget\" data-widget_type=\"text-editor.default\">\n\t\t\t\t<div class=\"elementor-widget-container\">\n\t\t\t\t\t\t\t\t\t<p><strong><em>Arxiu F.S.O.<br><\/em><\/strong><strong>Pase de diapositivas y mesa redonda sobre la fotograf\u00eda de paisaje y el archivo<\/strong><\/p>\n<p><strong>Dia de la actividad<br><\/strong>S\u00e1bado 13 de enero de 2024<\/p>\n<p><strong>Hora<br><\/strong>12 h<\/p>\n<p><strong>Lugar<br><\/strong>El P\u00e0rquing&nbsp;<br>Carretera de Santes Creus, 31<br>Els Pallaresos<\/p>\n<p><strong>Artista<br><\/strong>Francesc S\u00e1nchez Olmos<\/p>\n<p><strong>Comisario<\/strong><br>Pau Minguet<\/p>\n<p><strong>Intervienen<\/strong><br>Teresa Ibars<br>N\u00faria F. Rius<br>Albert Gusi<\/p><p><b>Organiza<\/b><br>SCAN Tarragona<\/p>\n<p><\/p>\t\t\t\t\t\t\t\t<\/div>\n\t\t\t\t<\/div>\n\t\t\t\t\t<\/div>\n\t\t<\/div>\n\t\t\t\t<div class=\"elementor-column elementor-col-50 elementor-top-column elementor-element elementor-element-4de87cb col2\" data-id=\"4de87cb\" data-element_type=\"column\" data-e-type=\"column\">\n\t\t\t<div class=\"elementor-widget-wrap elementor-element-populated\">\n\t\t\t\t\t\t<div class=\"elementor-element elementor-element-3f7780f elementor-widget elementor-widget-text-editor\" data-id=\"3f7780f\" data-element_type=\"widget\" data-e-type=\"widget\" data-widget_type=\"text-editor.default\">\n\t\t\t\t<div class=\"elementor-widget-container\">\n\t\t\t\t\t\t\t\t\t<p><strong>Pase de diapositivas: <em>Arxiu F.S.O.<\/em><\/strong><\/p>\n\t\t\t\t\t\t\t\t<\/div>\n\t\t\t\t<\/div>\n\t\t\t\t<div class=\"elementor-element elementor-element-65f42ce elementor--h-position-center elementor--v-position-middle elementor-arrows-position-inside elementor-widget elementor-widget-slides\" data-id=\"65f42ce\" data-element_type=\"widget\" data-e-type=\"widget\" data-settings=\"{&quot;navigation&quot;:&quot;arrows&quot;,&quot;autoplay&quot;:&quot;yes&quot;,&quot;pause_on_hover&quot;:&quot;yes&quot;,&quot;pause_on_interaction&quot;:&quot;yes&quot;,&quot;autoplay_speed&quot;:5000,&quot;infinite&quot;:&quot;yes&quot;,&quot;transition&quot;:&quot;slide&quot;,&quot;transition_speed&quot;:500}\" data-widget_type=\"slides.default\">\n\t\t\t\t<div class=\"elementor-widget-container\">\n\t\t\t\t\t\t\t\t\t<div class=\"elementor-swiper\">\n\t\t\t\t\t<div class=\"elementor-slides-wrapper elementor-main-swiper swiper\" role=\"region\" aria-roledescription=\"carousel\" aria-label=\"Diapositivas\" dir=\"ltr\" data-animation=\"fadeInUp\">\n\t\t\t\t<div class=\"swiper-wrapper elementor-slides\">\n\t\t\t\t\t\t\t\t\t\t<div class=\"elementor-repeater-item-5fe5d1e swiper-slide\" role=\"group\" aria-roledescription=\"slide\"><div class=\"swiper-slide-bg\" role=\"img\" aria-label=\"PIC_0019\"><\/div><div class=\"swiper-slide-inner\" ><div class=\"swiper-slide-contents\"><\/div><\/div><\/div><div class=\"elementor-repeater-item-7a7f531 swiper-slide\" role=\"group\" aria-roledescription=\"slide\"><div class=\"swiper-slide-bg\" role=\"img\" aria-label=\"PIC_0011\"><\/div><div class=\"swiper-slide-inner\" ><div class=\"swiper-slide-contents\"><\/div><\/div><\/div><div class=\"elementor-repeater-item-27f96ba swiper-slide\" role=\"group\" aria-roledescription=\"slide\"><div class=\"swiper-slide-bg\" role=\"img\" aria-label=\"PIC_0010\"><\/div><div class=\"swiper-slide-inner\" ><div class=\"swiper-slide-contents\"><\/div><\/div><\/div>\t\t\t\t<\/div>\n\t\t\t\t\t\t\t\t\t\t\t\t\t\t\t<div class=\"elementor-swiper-button elementor-swiper-button-prev\" role=\"button\" tabindex=\"0\" aria-label=\"Diapositiva anterior\">\n\t\t\t\t\t\t\t<i aria-hidden=\"true\" class=\"eicon-chevron-left\"><\/i>\t\t\t\t\t\t<\/div>\n\t\t\t\t\t\t<div class=\"elementor-swiper-button elementor-swiper-button-next\" role=\"button\" tabindex=\"0\" aria-label=\"Diapositiva siguiente\">\n\t\t\t\t\t\t\t<i aria-hidden=\"true\" class=\"eicon-chevron-right\"><\/i>\t\t\t\t\t\t<\/div>\n\t\t\t\t\t\t\t\t\t\t\t\t\t\t\t\t\t<\/div>\n\t\t\t\t<\/div>\n\t\t\t\t\t\t\t\t<\/div>\n\t\t\t\t<\/div>\n\t\t\t\t<div class=\"elementor-element elementor-element-afd4dc8 elementor-widget elementor-widget-text-editor\" data-id=\"afd4dc8\" data-element_type=\"widget\" data-e-type=\"widget\" data-widget_type=\"text-editor.default\">\n\t\t\t\t<div class=\"elementor-widget-container\">\n\t\t\t\t\t\t\t\t\t<p>Fotograf\u00edas Arxiu F.S.O: Taga (1976), Prats d&#8217;Aguil\u00f3 (1979) i de cam\u00ed al Pedraforca (1977)<\/p>\n<p>La afici\u00f3n al excursionismo y a la fotograf\u00eda llevaron a Francesc S\u00e1nchez Olmos (1922-2010), Siscu, a confeccionar, a lo largo de su vida, un archivo visual complet\u00edsimo de pueblos, ciudades, carreteras, paisajes y picos del pa\u00eds.<\/p>\n<p>Su pasi\u00f3n por el territorio lo llev\u00f3, una vez jubilado, a realizar grabaciones de audio donde \u00e9l mismo narraba las rutas que hab\u00eda hecho a\u00f1os antes, comentando cada una de las diapositivas de las excursiones. Recuperamos ahora este material gestado desde la humildad y la discreci\u00f3n para repensar la forma de relacionarnos, incluso la forma de poseer, nuestro entorno m\u00e1s inmediato.<\/p>\n<p><strong>N\u00faria Fern\u00e1ndez Rius<\/strong> (1983) es doctora por la Universitat de Barcelona Es profesora del grado de Humanidades de la Universitat Pompeu Fabra y del grado en Artes y Dise\u00f1o de la Escuela Massana de Barcelona. Compagina la docencia con el ejercicio de la cr\u00edtica de arte en la revista <em>Bonart<\/em> y el comisariado de exposiciones de historia y teor\u00eda de la fotograf\u00eda. Es miembro del Grupo de Investigaci\u00f3n en Historia del Arte y del Dise\u00f1o Contempor\u00e1neos (GRACMON) de la Universitat de Barcelona y del History of Photography European Network.<\/p>\n<p><strong>Albert Gusi<\/strong> (Castellbisbal, 1970) es artista y director del Festival de fotograf\u00eda Panor\u00e0mic Granollers. Como artista trabaja con la fotograf\u00eda elaborando proyectos fuertemente vinculados al paisaje catal\u00e1n, por el que siente una profunda admiraci\u00f3n y estima En su obra observamos un continuo \u201cir y venir\u201d entre el territorio, el lugar y la fotograf\u00eda.<\/p>\n<p><strong>Teresa Ibars<\/strong> (Aitona,1962) es fan incondicional de su paisaje, en especial de los p\u00e1ramos y secanos, y de sus nieblas. Vive y trabaja en Lleida. Licenciada en Geograf\u00eda e Historia y Jefe del Servicio de Archivos, Estudios e Informaci\u00f3n de la Diputaci\u00f3n de Lleida. Es miembro de la ONG Archivers sense Fronteres. Ha trabajado en el tratamiento del fondo documental de Guillem Viladot depositado a la Fundaci\u00f3 Lo Pardal de Agramunt.<\/p>\n<p><strong>Pau Minguet<\/strong>, a pesar de haber nacido en Cornell\u00e0 de Llobregat, lleva a\u00f1os viviendo en Belltall, en la Baixa Segarra. Despu\u00e9s de estudiar Historia del Arte, con seis meses de periplo parisino, y un m\u00e1ster de Investigaci\u00f3n en Arte y Dise\u00f1o lleg\u00f3 al oasis cultural del desierto del Urgell: Agramunt. En la capital del Si\u00f3 dirige la Fundaci\u00f3 Guillem Viladot Lo Pardal desde el 2018.<\/p>\n\t\t\t\t\t\t\t\t<\/div>\n\t\t\t\t<\/div>\n\t\t\t\t\t<\/div>\n\t\t<\/div>\n\t\t\t\t\t<\/div>\n\t\t<\/section>\n\t\t\t\t<\/div>\n\t\t                <\/div>\n\n                <div class=\"htmega-toggle-button\">\n                    <a href=\"#\" class=\"togglebutton-dbe8aea normal_btn\">Arxiu F.S.O<svg xmlns=\"http:\/\/www.w3.org\/2000\/svg\" width=\"734\" height=\"737\" viewBox=\"0 0 734 737\" fill=\"none\"><path fill-rule=\"evenodd\" clip-rule=\"evenodd\" d=\"M0.162659 403.237L0.162659 333.779L694.736 333.779V403.237L0.162659 403.237Z\" fill=\"black\"><\/path><path fill-rule=\"evenodd\" clip-rule=\"evenodd\" d=\"M315.696 687.744L684.056 319.384L733.171 368.499L364.811 736.859L315.696 687.744Z\" fill=\"black\"><\/path><path fill-rule=\"evenodd\" clip-rule=\"evenodd\" d=\"M315.696 49.264L364.811 0.14933L733.171 368.509L684.056 417.624L315.696 49.264Z\" fill=\"black\"><\/path><\/svg><\/a><a href=\"#\" class=\"togglebutton-dbe8aea opened_btn\">Arxiu F.S.O<svg xmlns=\"http:\/\/www.w3.org\/2000\/svg\" width=\"738\" height=\"734\" viewBox=\"0 0 738 734\" fill=\"none\"><path fill-rule=\"evenodd\" clip-rule=\"evenodd\" d=\"M333.933 0H403.392V694.573H333.933V0Z\" fill=\"black\"><\/path><path fill-rule=\"evenodd\" clip-rule=\"evenodd\" d=\"M49.4267 315.533L417.787 683.893L368.672 733.008L0.312012 364.648L49.4267 315.533Z\" fill=\"black\"><\/path><path fill-rule=\"evenodd\" clip-rule=\"evenodd\" d=\"M687.907 315.533L737.021 364.648L368.661 733.008L319.547 683.893L687.907 315.533Z\" fill=\"black\"><\/path><\/svg><\/a>                <\/div>\n\n            <\/div>\n\n            <script>\n                jQuery(document).ready(function($) {\n                    'use strict';\n                    $(\".togglebutton-dbe8aea\").on('click', function(){\n                        $(\".htmega-toggle-content-dbe8aea\").slideToggle('slow');\n                        $(this).removeAttr(\"href\");\n                        $(this).parent().toggleClass(\"open\");\n                    });\n                });\n            <\/script>\n        \t\t\t\t<\/div>\n\t\t\t\t<\/div>\n\t\t\t\t\t<\/div>\n\t\t<\/div>\n\t\t\t\t\t<\/div>\n\t\t<\/section>\n\t\t\t\t<\/div>\n\t\t","protected":false},"excerpt":{"rendered":"<p>OTRAS ACTIVIDADES Y TALLERES LugarEspai La GreyCarrer Sant Lloren\u00e7,3 HorarioDe 17 h a 19 h Contrary to popular belief, Lorem Ipsum is not simply random text. It has roots in a piece of classical Latin literature from 45 BC, making it over 2000 years old. Richard McClintock, a Latin professor at Hampden-Sydney College in Virginia, &#8230; <a title=\"Otras actividades y talleres\" class=\"read-more\" href=\"https:\/\/scan.cat\/es\/otras-actividades-y-talleres\/\" aria-label=\"Leer m\u00e1s sobre Otras actividades y talleres\">Leer m\u00e1s<\/a><\/p>\n","protected":false},"author":2,"featured_media":0,"parent":0,"menu_order":0,"comment_status":"closed","ping_status":"closed","template":"","meta":{"footnotes":""},"class_list":["post-7259","page","type-page","status-publish"],"_links":{"self":[{"href":"https:\/\/scan.cat\/es\/wp-json\/wp\/v2\/pages\/7259","targetHints":{"allow":["GET"]}}],"collection":[{"href":"https:\/\/scan.cat\/es\/wp-json\/wp\/v2\/pages"}],"about":[{"href":"https:\/\/scan.cat\/es\/wp-json\/wp\/v2\/types\/page"}],"author":[{"embeddable":true,"href":"https:\/\/scan.cat\/es\/wp-json\/wp\/v2\/users\/2"}],"replies":[{"embeddable":true,"href":"https:\/\/scan.cat\/es\/wp-json\/wp\/v2\/comments?post=7259"}],"version-history":[{"count":16,"href":"https:\/\/scan.cat\/es\/wp-json\/wp\/v2\/pages\/7259\/revisions"}],"predecessor-version":[{"id":8165,"href":"https:\/\/scan.cat\/es\/wp-json\/wp\/v2\/pages\/7259\/revisions\/8165"}],"wp:attachment":[{"href":"https:\/\/scan.cat\/es\/wp-json\/wp\/v2\/media?parent=7259"}],"curies":[{"name":"wp","href":"https:\/\/api.w.org\/{rel}","templated":true}]}}