{"id":8111,"date":"2023-09-19T13:32:37","date_gmt":"2023-09-19T13:32:37","guid":{"rendered":"https:\/\/scan.cat\/programacion-2023\/"},"modified":"2023-10-03T16:24:50","modified_gmt":"2023-10-03T16:24:50","slug":"programacion-2023","status":"publish","type":"page","link":"https:\/\/scan.cat\/es\/programacion-2023\/","title":{"rendered":"Programaci\u00f3n-2023"},"content":{"rendered":"\t\t<div data-elementor-type=\"wp-page\" data-elementor-id=\"8111\" class=\"elementor elementor-8111 elementor-6778\" data-elementor-post-type=\"page\">\n\t\t\t\t\t\t<section class=\"elementor-section elementor-top-section elementor-element elementor-element-8e53432 elementor-section-full_width elementor-section-height-default elementor-section-height-default\" data-id=\"8e53432\" data-element_type=\"section\" data-e-type=\"section\" id=\"cabecera\">\n\t\t\t\t\t\t<div class=\"elementor-container elementor-column-gap-default\">\n\t\t\t\t\t<div class=\"elementor-column elementor-col-100 elementor-top-column elementor-element elementor-element-c6b70d5\" data-id=\"c6b70d5\" data-element_type=\"column\" data-e-type=\"column\">\n\t\t\t<div class=\"elementor-widget-wrap elementor-element-populated\">\n\t\t\t\t\t\t<div class=\"elementor-element elementor-element-a95ba99 elementor-widget elementor-widget-heading\" data-id=\"a95ba99\" data-element_type=\"widget\" data-e-type=\"widget\" data-widget_type=\"heading.default\">\n\t\t\t\t<div class=\"elementor-widget-container\">\n\t\t\t\t\t<h1 class=\"elementor-heading-title elementor-size-default\">PROGRAMACI\u00d3N<\/h1>\t\t\t\t<\/div>\n\t\t\t\t<\/div>\n\t\t\t\t\t<\/div>\n\t\t<\/div>\n\t\t\t\t\t<\/div>\n\t\t<\/section>\n\t\t\t\t<section class=\"elementor-section elementor-top-section elementor-element elementor-element-d062bbd elementor-section-full_width lsection elementor-section-height-default elementor-section-height-default\" data-id=\"d062bbd\" data-element_type=\"section\" data-e-type=\"section\">\n\t\t\t\t\t\t<div class=\"elementor-container elementor-column-gap-default\">\n\t\t\t\t\t<div class=\"elementor-column elementor-col-100 elementor-top-column elementor-element elementor-element-167a284\" data-id=\"167a284\" data-element_type=\"column\" data-e-type=\"column\">\n\t\t\t<div class=\"elementor-widget-wrap elementor-element-populated\">\n\t\t\t\t\t\t<div class=\"elementor-element elementor-element-b7bfeee lseccion elementor-widget elementor-widget-htmega-toggle-addons\" data-id=\"b7bfeee\" data-element_type=\"widget\" data-e-type=\"widget\" data-widget_type=\"htmega-toggle-addons.default\">\n\t\t\t\t<div class=\"elementor-widget-container\">\n\t\t\t\t\t            <div class=\"htmega-toggle-area\" >\n                \n                <div class=\"htmega-toggle-content-b7bfeee\" style=\"display: none;\">\n                    \t\t<div data-elementor-type=\"section\" data-elementor-id=\"7661\" class=\"elementor elementor-7661 elementor-6783 elementor-6783\" data-elementor-post-type=\"elementor_library\">\n\t\t\t\t\t<section class=\"elementor-section elementor-top-section elementor-element elementor-element-b6dbce8 elementor-section-full_width elementor-section-height-default elementor-section-height-default\" data-id=\"b6dbce8\" data-element_type=\"section\" data-e-type=\"section\">\n\t\t\t\t\t\t<div class=\"elementor-container elementor-column-gap-default\">\n\t\t\t\t\t<div class=\"elementor-column elementor-col-100 elementor-top-column elementor-element elementor-element-cc41145\" data-id=\"cc41145\" data-element_type=\"column\" data-e-type=\"column\">\n\t\t\t<div class=\"elementor-widget-wrap elementor-element-populated\">\n\t\t\t\t\t\t<div class=\"elementor-element elementor-element-a50e7bf elementor-widget__width-initial elementor-widget elementor-widget-text-editor\" data-id=\"a50e7bf\" data-element_type=\"widget\" data-e-type=\"widget\" data-widget_type=\"text-editor.default\">\n\t\t\t\t<div class=\"elementor-widget-container\">\n\t\t\t\t\t\t\t\t\t<p><span style=\"text-decoration: underline;\"><strong>Jueves 5<\/strong><\/span><\/p>\n<p><strong>10 h<br \/><\/strong><span style=\"background-color: var(--base-3); color: var(--contrast);\"><b>Inauguraci\u00f3n de la exposici\u00f3n<\/b><em style=\"font-weight: bold;\">Riquesa<\/em> <em><b>fict\u00edcia i falsa prosperitat. Imatges d\u2019economia de postguerra<br \/><\/b><\/em><\/span><span style=\"background-color: var(--base-3); color: var(--contrast);\">Coordinaci\u00f3n<\/span><span style=\"background-color: var(--base-3); color: var(--contrast);\"><b>Anna Figueras Torruella<br \/><\/b><\/span><span style=\"background-color: var(--base-3); color: var(--contrast);\">Museu Salvador Vilaseca (Sala Petita) <\/span><strong style=\"background-color: var(--base-3); color: var(--contrast);\">\u00b7<\/strong><span style=\"background-color: var(--base-3); color: var(--contrast);\">Reus<br \/><\/span><strong style=\"background-color: var(--base-3); color: var(--contrast);\">Organiza<\/strong><span style=\"background-color: var(--base-3); color: var(--contrast);\">Centre de la Imatge Mas Iglesias de Reus<br \/><\/span><strong style=\"background-color: var(--base-3); color: var(--contrast);\">Colabora<\/strong><span style=\"background-color: var(--base-3); color: var(--contrast);\"> SCAN Tarragona<\/span><\/p>\n<p><strong><u>Viernes 13<\/u><\/strong><\/p>\n<p><strong>10 h<br \/><\/strong><span style=\"color: var(--contrast);\"><b>Abrimos BIBLIOSCAN en la Biblioteca Pepita Ferrer<br \/><\/b><\/span><span style=\"color: var(--contrast); background-color: var(--base-3);\">Pl. Pilar Pradells, s\/n 43006 Torreforta <\/span><strong style=\"color: var(--contrast); background-color: var(--base-3);\">\u00b7 TGN<br \/><\/strong><strong style=\"color: var(--contrast); background-color: var(--base-3);\">Organiza<\/strong><span style=\"color: var(--contrast); background-color: var(--base-3);\">Biblioteca Pepita Ferrer<br \/><\/span><strong style=\"color: var(--contrast); background-color: var(--base-3);\">Colabora<\/strong><span style=\"color: var(--contrast); background-color: var(--base-3);\"> SCAN Tarragona<\/span><\/p>\n<p><strong> <\/strong><strong style=\"background-color: var(--base-3); color: var(--contrast);\">17.30 h<br \/><\/strong><strong style=\"background-color: var(--base-3); color: var(--contrast);\"><em>\u00d2cul<\/em><\/strong><strong style=\"background-color: var(--base-3); color: var(--contrast);\">. <em>El podcast del festival SCAN<\/em> \u00b7<\/strong> <span style=\"background-color: var(--base-3); color: var(--contrast);\">grabaci\u00f3n del episodio 1<br \/><\/span><strong style=\"color: var(--contrast); background-color: var(--base-3);\">Alexandra Laudo<\/strong><span style=\"color: var(--contrast); background-color: var(--base-3);\"> habla con<\/span><strong style=\"color: var(--contrast); background-color: var(--base-3);\">Mar\u00eda Santoyo <\/strong><span style=\"color: var(--contrast); background-color: var(--base-3);\">(directora de PhotoEspa\u00f1a 2023) i <\/span><strong style=\"color: var(--contrast); background-color: var(--base-3);\">Joan Fontcuberta<\/strong><span style=\"color: var(--contrast); background-color: var(--base-3);\">(artista, comisaria y escritora).<br \/><\/span><span style=\"color: var(--contrast); background-color: var(--base-3);\">Tinglado 2 <\/span><strong style=\"color: var(--contrast); background-color: var(--base-3);\">\u00b7<\/strong><span style=\"color: var(--contrast); background-color: var(--base-3);\"> Moll de Costa <\/span><strong style=\"color: var(--contrast); background-color: var(--base-3);\">\u00b7 TGN<br \/><\/strong><strong style=\"color: var(--contrast); background-color: var(--base-3);\">Organiza<\/strong> <span style=\"color: var(--contrast); background-color: var(--base-3);\">SCAN Tarragona<br \/><\/span><strong style=\"color: var(--contrast); background-color: var(--base-3);\">Colabora<\/strong><span style=\"color: var(--contrast); background-color: var(--base-3);\"> Port de Tarragona<\/span><strong style=\"color: var(--contrast); background-color: var(--base-3);\"> Patrocina<\/strong><span style=\"color: var(--contrast); background-color: var(--base-3);\"> BBVA<\/span><\/p>\n<p><strong>19 h<br \/><\/strong><b style=\"background-color: var(--base-3); color: var(--contrast);\">ACTO INAUGURAL DEL FESTIVAL SCAN<br \/><\/b><b style=\"background-color: var(--base-3); color: var(--contrast);\">Inauguraci\u00f3n de la exposici\u00f3n TALENT LATENT<br \/><\/b><em style=\"background-color: var(--base-3); color: var(--contrast);\"><b>Trazas de luz. Memorias de la imagen fotogr\u00e1fica<br \/><\/b><\/em><span style=\"color: var(--contrast); background-color: var(--base-3);\">Comisaria<\/span><strong style=\"color: var(--contrast); background-color: var(--base-3);\"> \u00c9rika Goyarrola<\/strong> <strong style=\"color: var(--contrast); background-color: var(--base-3);\">\u00b7<\/strong><span style=\"color: var(--contrast); background-color: var(--base-3);\"> artistas participantes <\/span><span style=\"color: var(--contrast); background-color: var(--base-3);\"><b>Ainhoa Resano \/ Alejandra Vacuii \/ Andr\u00e9s Solla \/ Diego Ballestrasse \/ Gloria Oyarzabal \/ Mar Flores Flo \/ Mahmoud Alhaj \/ Vanessa Roca \/ Mauro Saravia Belles \/ Pedro Mu\u00f1oz Fumero<br \/><\/b><\/span><span style=\"color: var(--contrast); background-color: var(--base-3);\">Tinglado 2 <\/span><strong style=\"color: var(--contrast); background-color: var(--base-3);\">\u00b7<\/strong><span style=\"color: var(--contrast); background-color: var(--base-3);\"> Moll de Costa <\/span><strong style=\"color: var(--contrast); background-color: var(--base-3);\">\u00b7 TGN<br \/><\/strong><strong style=\"color: var(--contrast); background-color: var(--base-3);\">Organiza<\/strong> <span style=\"color: var(--contrast); background-color: var(--base-3);\">SCAN Tarragona<br \/><\/span><strong style=\"color: var(--contrast); background-color: var(--base-3);\">Colabora<\/strong><span style=\"color: var(--contrast); background-color: var(--base-3);\"> Port de Tarragona<\/span><\/p>\n<p><strong><u>S\u00e1bado 14<\/u><\/strong><\/p>\n<p><strong>10 h<br \/><\/strong><strong style=\"background-color: var(--base-3); color: var(--contrast);\">FULL CONTACT<br \/><\/strong><strong style=\"background-color: var(--base-3); color: var(--contrast);\">Encuentro profesional entre artistas y agentes del mundo del arte <\/strong> <span style=\"background-color: var(--base-3); color: var(--contrast);\">(solo con acreditaci\u00f3n). Comisariado<\/span> <strong style=\"background-color: var(--base-3); color: var(--contrast);\"> Sem\u00edramis Gonz\u00e1lez<\/strong><span style=\"background-color: var(--base-3); color: var(--contrast);\"> y <\/span><strong style=\"background-color: var(--base-3); color: var(--contrast);\">Frederic Montorn\u00e9s<\/strong><span style=\"background-color: var(--base-3); color: var(--contrast);\">.<br \/><\/span><span style=\"background-color: var(--base-3); color: var(--contrast);\">Teatret del Serrallo <\/span><strong style=\"background-color: var(--base-3); color: var(--contrast);\">\u00b7<\/strong><span style=\"background-color: var(--base-3); color: var(--contrast);\"> Port de Tarragona <\/span><strong style=\"background-color: var(--base-3); color: var(--contrast);\">\u00b7 <\/strong><span style=\"background-color: var(--base-3); color: var(--contrast);\">Moll de pescadors, 1 <\/span><strong style=\"background-color: var(--base-3); color: var(--contrast);\">\u00b7 TGN<br \/><\/strong><strong style=\"background-color: var(--base-3); color: var(--contrast);\">Organiza<\/strong> <span style=\"background-color: var(--base-3); color: var(--contrast);\">SCAN Tarragona<br \/><\/span><strong style=\"background-color: var(--base-3); color: var(--contrast);\">Colabora<\/strong><span style=\"background-color: var(--base-3); color: var(--contrast);\"> Port de Tarragona <\/span><strong style=\"background-color: var(--base-3); color: var(--contrast);\">\u00b7<\/strong><span style=\"background-color: var(--base-3); color: var(--contrast);\"> Teatret del Serrallo<\/span><\/p>\n<p><strong><u>Domingo 15<\/u><\/strong><\/p>\n<p><strong>12 h<br \/><\/strong><span style=\"background-color: var(--base-3); color: var(--contrast);\"><b>Visita comentada a la exposici\u00f3n <\/b><em><b>Trazas de luz. Memorias de la imagen fotogr\u00e1fica<br \/><\/b><\/em><\/span><span style=\"color: var(--contrast); background-color: var(--base-3);\">A cargo de<\/span><strong style=\"color: var(--contrast); background-color: var(--base-3);\">\u00c9rika Goyarrola<\/strong><span style=\"color: var(--contrast); background-color: var(--base-3);\">.<br \/><\/span><span style=\"background-color: var(--base-3); color: var(--contrast);\">Tinglado 2 <\/span><strong style=\"background-color: var(--base-3); color: var(--contrast);\">\u00b7<\/strong><span style=\"background-color: var(--base-3); color: var(--contrast);\"> Moll de Costa <\/span><strong style=\"background-color: var(--base-3); color: var(--contrast);\">\u00b7 TGN<br \/><\/strong><strong style=\"background-color: var(--base-3); color: var(--contrast);\">Organiza<\/strong><span style=\"background-color: var(--base-3); color: var(--contrast);\">SCAN Tarragona <br \/><\/span><strong style=\"background-color: var(--base-3); color: var(--contrast);\">Colabora<\/strong><span style=\"background-color: var(--base-3); color: var(--contrast);\"> Port de Tarragona<\/span><\/p>\n<p><strong><u>Lunes 16<\/u><\/strong><\/p>\n<p><strong>Taller \u00b7 Escola d\u2019Art i Disseny de Tarragona <br \/><\/strong>Con<strong>Gloria Oyarzabal <\/strong>(dirigido a alumnos de la escuela).<br \/><span style=\"background-color: var(--base-3); color: var(--contrast);\">EADT Tarragona <\/span><strong style=\"background-color: var(--base-3); color: var(--contrast);\">\u00b7<\/strong><span style=\"background-color: var(--base-3); color: var(--contrast);\"> Sant Pere i Sant Pau <\/span><strong style=\"background-color: var(--base-3); color: var(--contrast);\">\u00b7 TGN<br \/><\/strong><strong style=\"background-color: var(--base-3); color: var(--contrast);\">Organiza<\/strong><span style=\"background-color: var(--base-3); color: var(--contrast);\"> Escola d\u2019Art i Disseny de Tarragona <\/span><strong style=\"background-color: var(--base-3); color: var(--contrast);\">\u00b7<\/strong><span style=\"background-color: var(--base-3); color: var(--contrast);\">Diputaci\u00f3 de Tarragona<br \/><\/span><strong style=\"color: var(--contrast); background-color: var(--base-3);\">Colabora<\/strong><span style=\"color: var(--contrast); background-color: var(--base-3);\"> SCAN Tarragona<\/span><\/p>\n<p><strong><u>Viernes 20<\/u><\/strong><\/p>\n<p><strong>19 h<br \/><\/strong><span style=\"background-color: var(--base-3); color: var(--contrast);\"><b>Inauguraci\u00f3n de la exposici\u00f3n<\/b><em style=\"font-weight: bold;\">Poluciones<\/em><b>\u00b7 Onofre Bachiller<br \/><\/b><\/span><span style=\"color: var(--contrast); background-color: var(--base-3);\">La Grey, espai de creaci\u00f3 contempor\u00e0nia<\/span><strong style=\"color: var(--contrast); background-color: var(--base-3);\"> \u00b7 <\/strong><span style=\"color: var(--contrast); background-color: var(--base-3);\">C. Sant Lloren\u00e7, 3 <\/span><strong style=\"color: var(--contrast); background-color: var(--base-3);\">\u00b7 TGN<br \/><\/strong><strong style=\"background-color: var(--base-3); color: var(--contrast);\">Organiza<\/strong><span style=\"background-color: var(--base-3); color: var(--contrast);\">La Grey <br \/><\/span> <strong style=\"background-color: var(--base-3); color: var(--contrast);\">Colabora <\/strong><span style=\"background-color: var(--base-3); color: var(--contrast);\">SCAN Tarragona<\/span><\/p>\n<p><strong><u>Viernes 27<\/u><\/strong><\/p>\n<p><strong>12 h<br \/><\/strong><span style=\"background-color: var(--base-3); color: var(--contrast);\"><b>Inauguraci\u00f3n de la exposici\u00f3n<\/b><em style=\"font-weight: bold;\">La dramaturgie des objets <\/em><b>\u00b7 Jean-Marie del Moral<br \/><\/b><\/span><span style=\"background-color: var(--base-3); color: var(--contrast);\">Comisaria <\/span><strong style=\"background-color: var(--base-3); color: var(--contrast);\">Nekane Aramburu<\/strong><span style=\"background-color: var(--base-3); color: var(--contrast);\">.<br \/><\/span><span style=\"background-color: var(--base-3); color: var(--contrast);\">Fundaci\u00f3 Apel\u00b7les Fenosa<\/span><strong style=\"background-color: var(--base-3); color: var(--contrast);\"> \u00b7<\/strong><span style=\"background-color: var(--base-3); color: var(--contrast);\"> C. Major, 25 <\/span><strong style=\"background-color: var(--base-3); color: var(--contrast);\">\u00b7<\/strong><span style=\"background-color: var(--base-3); color: var(--contrast);\">El Vendrell<br \/><\/span><strong style=\"background-color: var(--base-3); color: var(--contrast);\">Organiza<\/strong><span style=\"background-color: var(--base-3); color: var(--contrast);\">Fundaci\u00f3 Apel\u00b7les Fenosa <br \/><\/span> <strong style=\"background-color: var(--base-3); color: var(--contrast);\">Colabora <\/strong><span style=\"background-color: var(--base-3); color: var(--contrast);\">SCAN Tarragona<\/span><\/p>\n<p><strong> <\/strong><strong style=\"background-color: var(--base-3); color: var(--contrast);\">De 17 a 19.30 h<br \/><\/strong><span style=\"background-color: var(--base-3); color: var(--contrast);\"><b>Taller \u00b7 Fotograf\u00eda con smartphone aplicada a la arquitectura <br \/><\/b><\/span><span style=\"background-color: var(--base-3); color: var(--contrast);\">A cargo de <\/span><strong style=\"background-color: var(--base-3); color: var(--contrast);\">Albert Ru\u00e9<\/strong><span style=\"background-color: var(--base-3); color: var(--contrast);\">.<br \/><\/span><span style=\"background-color: var(--base-3); color: var(--contrast);\">Centre Cultural Antic Ajuntament<\/span> <strong style=\"background-color: var(--base-3); color: var(--contrast);\">\u00b7<\/strong> <span style=\"background-color: var(--base-3); color: var(--contrast);\">C. Major, 39<\/span> <strong style=\"background-color: var(--base-3); color: var(--contrast);\">\u00b7<\/strong> <span style=\"background-color: var(--base-3); color: var(--contrast);\"><b>TGN<br \/><\/b><\/span> <span style=\"background-color: var(--base-3); color: var(--contrast);\">Inscripciones en la web <a href=\"https:\/\/www.tarragona.cat\/centrescivics\/activitats-i-cursos\/scan\/scan-2023-als-centres-civics\" target=\"_blank\" rel=\"noopener\"><u>centrescivics.tarragona.cat<\/u><\/a><br \/><\/span><strong style=\"background-color: var(--base-3); color: var(--contrast);\">Organizan<\/strong><span style=\"background-color: var(--base-3); color: var(--contrast);\">Xarxa de Centres C\u00edvics <\/span><strong style=\"background-color: var(--base-3); color: var(--contrast);\">\u00b7<\/strong><span style=\"background-color: var(--base-3); color: var(--contrast);\"> SCAN Tarragona<\/span><\/p>\n<p><strong><u>S\u00e1bado 28<\/u><\/strong><\/p>\n<p><b>De 10 a 12 h<\/b><br \/><b>Taller \u00b7 Fotograf\u00eda con smartphone aplicada a la arquitectura<br \/><\/b><span style=\"background-color: var(--base-3); color: var(--contrast);\">A cargo de<\/span><strong style=\"background-color: var(--base-3); color: var(--contrast);\">Albert Ru\u00e9<\/strong><span style=\"background-color: var(--base-3); color: var(--contrast);\">.<br \/><\/span><span style=\"color: var(--contrast); background-color: var(--base-3);\">Centre Cultural Antic Ajuntament<\/span> <strong style=\"color: var(--contrast); background-color: var(--base-3);\">\u00b7<\/strong> <span style=\"color: var(--contrast); background-color: var(--base-3);\">C. Major, 39<\/span> <strong style=\"color: var(--contrast); background-color: var(--base-3);\">\u00b7<\/strong> <span style=\"color: var(--contrast); background-color: var(--base-3);\"><b>TGN<br \/><\/b><\/span><span style=\"background-color: var(--base-3); color: var(--contrast);\">* Inscripciones en la web <a href=\"https:\/\/www.tarragona.cat\/centrescivics\/activitats-i-cursos\/scan\/scan-2023-als-centres-civics\" target=\"_blank\" rel=\"noopener\"><u>centrescivics.tarragona.cat<\/u><\/a><br \/><\/span><strong style=\"color: var(--contrast); background-color: var(--base-3);\">Organizan<\/strong><span style=\"color: var(--contrast); background-color: var(--base-3);\">Xarxa de Centres C\u00edvics <\/span><strong style=\"color: var(--contrast); background-color: var(--base-3);\">\u00b7<\/strong><span style=\"color: var(--contrast); background-color: var(--base-3);\"> SCAN Tarragona<\/span><\/p>\n<p><strong><u>Domingo 29<\/u><\/strong><\/p>\n<p><strong>12 h<br \/><\/strong><span style=\"background-color: var(--base-3); color: var(--contrast);\"><b>Visita comentada a la exposici\u00f3n <\/b><em><b>Trazas de luz. Memorias de la imagen fotogr\u00e1fica<br \/><\/b><\/em><\/span><span style=\"background-color: var(--base-3); color: var(--contrast);\">A cargo de<\/span><strong style=\"background-color: var(--base-3); color: var(--contrast);\">\u00c9rika Goyarrola<\/strong><span style=\"background-color: var(--base-3); color: var(--contrast);\">.<br \/><\/span><span style=\"color: var(--contrast); background-color: var(--base-3);\">Tinglado 2 <\/span><strong style=\"color: var(--contrast); background-color: var(--base-3);\">\u00b7<\/strong><span style=\"color: var(--contrast); background-color: var(--base-3);\"> Moll de Costa <\/span><strong style=\"color: var(--contrast); background-color: var(--base-3);\">\u00b7 TGN<br \/><\/strong><strong style=\"color: var(--contrast); background-color: var(--base-3);\">Organiza <\/strong><span style=\"color: var(--contrast); background-color: var(--base-3);\">SCAN Tarragona<br \/><\/span><strong style=\"color: var(--contrast); background-color: var(--base-3);\">Colabora <\/strong><span style=\"color: var(--contrast); background-color: var(--base-3);\">Port de Tarragona<\/span><\/p>\n<p><strong><u>Lunes 30<\/u><\/strong><\/p>\n<p><strong>10 h<br \/><\/strong><span style=\"background-color: var(--base-3); color: var(--contrast);\"><b>Abrimos el BIBLOSCAN en la Biblioteca P\u00fablica de Tarragona<br \/><\/b><\/span><span style=\"background-color: var(--base-3); color: var(--contrast);\">Biblioteca P\u00fablica de Tarragona <\/span><strong style=\"background-color: var(--base-3); color: var(--contrast);\">\u00b7 <\/strong><span style=\"background-color: var(--base-3); color: var(--contrast);\">C. Fortuny, 30 <\/span><strong style=\"background-color: var(--base-3); color: var(--contrast);\">\u00b7 TGN<br \/><\/strong><strong style=\"background-color: var(--base-3); color: var(--contrast);\">Organiza<\/strong><span style=\"background-color: var(--base-3); color: var(--contrast);\">Biblioteca P\u00fablica de Tarragona <br \/><\/span><strong style=\"background-color: var(--base-3); color: var(--contrast);\">Colabora<\/strong><span style=\"background-color: var(--base-3); color: var(--contrast);\"> SCAN Tarragona<\/span><\/p>\n\t\t\t\t\t\t\t\t<\/div>\n\t\t\t\t<\/div>\n\t\t\t\t\t<\/div>\n\t\t<\/div>\n\t\t\t\t\t<\/div>\n\t\t<\/section>\n\t\t\t\t<\/div>\n\t\t                <\/div>\n\n                <div class=\"htmega-toggle-button\">\n                    <a href=\"#\" class=\"togglebutton-b7bfeee normal_btn\">Octubre<svg xmlns=\"http:\/\/www.w3.org\/2000\/svg\" width=\"734\" height=\"737\" viewBox=\"0 0 734 737\" fill=\"none\"><path fill-rule=\"evenodd\" clip-rule=\"evenodd\" d=\"M0.162659 403.237L0.162659 333.779L694.736 333.779V403.237L0.162659 403.237Z\" fill=\"black\"><\/path><path fill-rule=\"evenodd\" clip-rule=\"evenodd\" d=\"M315.696 687.744L684.056 319.384L733.171 368.499L364.811 736.859L315.696 687.744Z\" fill=\"black\"><\/path><path fill-rule=\"evenodd\" clip-rule=\"evenodd\" d=\"M315.696 49.264L364.811 0.14933L733.171 368.509L684.056 417.624L315.696 49.264Z\" fill=\"black\"><\/path><\/svg><\/a><a href=\"#\" class=\"togglebutton-b7bfeee opened_btn\">Octubre<svg xmlns=\"http:\/\/www.w3.org\/2000\/svg\" width=\"738\" height=\"734\" viewBox=\"0 0 738 734\" fill=\"none\"><path fill-rule=\"evenodd\" clip-rule=\"evenodd\" d=\"M333.933 0H403.392V694.573H333.933V0Z\" fill=\"black\"><\/path><path fill-rule=\"evenodd\" clip-rule=\"evenodd\" d=\"M49.4267 315.533L417.787 683.893L368.672 733.008L0.312012 364.648L49.4267 315.533Z\" fill=\"black\"><\/path><path fill-rule=\"evenodd\" clip-rule=\"evenodd\" d=\"M687.907 315.533L737.021 364.648L368.661 733.008L319.547 683.893L687.907 315.533Z\" fill=\"black\"><\/path><\/svg><\/a>                <\/div>\n\n            <\/div>\n\n            <script>\n                jQuery(document).ready(function($) {\n                    'use strict';\n                    $(\".togglebutton-b7bfeee\").on('click', function(){\n                        $(\".htmega-toggle-content-b7bfeee\").slideToggle('slow');\n                        $(this).removeAttr(\"href\");\n                        $(this).parent().toggleClass(\"open\");\n                    });\n                });\n            <\/script>\n        \t\t\t\t<\/div>\n\t\t\t\t<\/div>\n\t\t\t\t\t<\/div>\n\t\t<\/div>\n\t\t\t\t\t<\/div>\n\t\t<\/section>\n\t\t\t\t<section class=\"elementor-section elementor-top-section elementor-element elementor-element-b0fe1dc elementor-section-full_width lsection elementor-section-height-default elementor-section-height-default\" data-id=\"b0fe1dc\" data-element_type=\"section\" data-e-type=\"section\">\n\t\t\t\t\t\t<div class=\"elementor-container elementor-column-gap-default\">\n\t\t\t\t\t<div class=\"elementor-column elementor-col-100 elementor-top-column elementor-element elementor-element-33acee9\" data-id=\"33acee9\" data-element_type=\"column\" data-e-type=\"column\">\n\t\t\t<div class=\"elementor-widget-wrap elementor-element-populated\">\n\t\t\t\t\t\t<div class=\"elementor-element elementor-element-f74350e lseccion elementor-widget elementor-widget-htmega-toggle-addons\" data-id=\"f74350e\" data-element_type=\"widget\" data-e-type=\"widget\" data-widget_type=\"htmega-toggle-addons.default\">\n\t\t\t\t<div class=\"elementor-widget-container\">\n\t\t\t\t\t            <div class=\"htmega-toggle-area\" >\n                \n                <div class=\"htmega-toggle-content-f74350e\" style=\"display: none;\">\n                    \t\t<div data-elementor-type=\"section\" data-elementor-id=\"7665\" class=\"elementor elementor-7665 elementor-6792 elementor-6792\" data-elementor-post-type=\"elementor_library\">\n\t\t\t\t\t<section class=\"elementor-section elementor-top-section elementor-element elementor-element-b6dbce8 elementor-section-full_width elementor-section-height-default elementor-section-height-default\" data-id=\"b6dbce8\" data-element_type=\"section\" data-e-type=\"section\">\n\t\t\t\t\t\t<div class=\"elementor-container elementor-column-gap-default\">\n\t\t\t\t\t<div class=\"elementor-column elementor-col-100 elementor-top-column elementor-element elementor-element-cc41145\" data-id=\"cc41145\" data-element_type=\"column\" data-e-type=\"column\">\n\t\t\t<div class=\"elementor-widget-wrap elementor-element-populated\">\n\t\t\t\t\t\t<div class=\"elementor-element elementor-element-a50e7bf elementor-widget__width-initial elementor-widget elementor-widget-text-editor\" data-id=\"a50e7bf\" data-element_type=\"widget\" data-e-type=\"widget\" data-widget_type=\"text-editor.default\">\n\t\t\t\t<div class=\"elementor-widget-container\">\n\t\t\t\t\t\t\t\t\t<p><span style=\"text-decoration: underline;\"><strong>Lunes 6<\/strong><\/span><\/p>\n<p><strong>De 18 a 20 h<br \/><\/strong><strong>Taller \u00b7 <em>\u00bfSabemos leer las im\u00e1genes<\/em>?<\/strong> (part 1)<br \/>A cargo de <strong>Gl\u00f2ria Picazo<\/strong>.<br \/>* Inscripciones en <a href=\"mailto:bptarragona.cultura@gencat.cat\"><u>bptarragona.cultura@gencat.cat<\/u><\/a> o en el tel\u00e9fono 977 240 331<br \/>Biblioteca P\u00fablica de Tarragona <strong>\u00b7 <\/strong>C. Fortuny, 30 <strong>\u00b7 TGN<br \/><\/strong><strong>Organiza<\/strong> Biblioteca P\u00fablica de Tarragona <br \/><strong>Colabora<\/strong> SCAN Tarragona<\/p>\n<p><span style=\"text-decoration: underline;\"><strong>Domingo 12<\/strong><\/span><\/p>\n<p><strong>De 10 a 14 h<br \/><\/strong><strong>Ruta fotogr\u00e1fica SCAN \u00b7 <\/strong><strong><em>Huellas<br \/><\/em><\/strong>Itinerario popular por diferentes espacios de Tarragona. <br \/>A cargo de <strong>Ramon Aloguin Pallach<\/strong>. <strong>*<br \/><\/strong>Inscripciones en <a href=\"https:\/\/www.tarragona.cat\/centrescivics\/activitats-i-cursos\/scan\/scan-2023-als-centres-civics\" target=\"_blank\" rel=\"noopener\"><u>centrescivics.tarragona.cat<\/u><\/a><br \/><strong>Organizan<\/strong> Xarxa de Centres C\u00edvics de Tarragona <strong>\u00b7<\/strong> SCAN Tarragona<\/p>\n<p><span style=\"text-decoration: underline;\"><strong>Lunes 13<\/strong><\/span><\/p>\n<p><strong>De 18 a 20 h<br \/><\/strong><strong>Taller \u00b7 <em>\u00bfSabemos leer las im\u00e1genes?<\/em><\/strong>(part 2)<br \/>A cargo de <strong>Gl\u00f2ria Picazo<\/strong>.<br \/>* Inscripciones en <a href=\"mailto:bptarragona.cultura@gencat.cat\"><u>bptarragona.cultura@gencat.cat<\/u><\/a> o en el tel\u00e9fono 977 240 331<br \/>Biblioteca P\u00fablica de Tarragona <strong>\u00b7 <\/strong>C. Fortuny, 30 <strong>\u00b7 TGN<br \/><\/strong><strong>Organiza<\/strong> Biblioteca P\u00fablica de Tarragona <br \/><strong>Colabora<\/strong> SCAN Tarragona<\/p>\n<p><span style=\"text-decoration: underline;\"><strong>Jueves 16<\/strong><\/span><\/p>\n<p><strong>19 h<br \/><\/strong><strong>Conversaci\u00f3n entre Chantal Grande y Jean-Marie del Moral<\/strong><br \/>Fundaci\u00f3 Apel\u00b7les Fenosa <strong>\u00b7<\/strong> C. Major, 25 <strong>\u00b7<\/strong>El Vendrell<br \/><strong>Organiza <\/strong>Fundaci\u00f3 Apel\u00b7les Fenosa  <br \/><strong>Colabora<\/strong> SCAN Tarragona<\/p>\n<p><span style=\"text-decoration: underline;\"><strong>Viernes 17<\/strong><\/span><\/p>\n<p><strong>19 h<br \/><\/strong><strong>Inauguraci\u00f3n de la exposici\u00f3n <em>Domus Barcino<\/em> \u00b7 Jordi Baron<br \/><\/strong>Personal Galeria Tarragona <strong>\u00b7<\/strong> C. Major, 36 <strong>\u00b7 TGN<br \/><\/strong><strong>Organiza<\/strong> SCAN Tarragona <br \/><strong>Colabora<\/strong> Personal Galeria Tarragona<\/p>\n<p><b>20.30h<\/b><br \/><b>Visita comentada en la exposici\u00f3m<\/b><i style=\"font-weight: bold;\">Poluciones<\/i><b> \u00b7 Onofre Bachiller<\/b><br \/>La Grey, Espai de creaci\u00f3 contempor\u00e0nia \u00b7 C. Sant Lloren\u00e7, 3 <b>\u00b7 TGN<br \/>Organitza<\/b>La Grey<br \/><b>Colabora<\/b> SCAN Tarragona<\/p>\n<p><span style=\"text-decoration: underline;\"><strong>S\u00e1bado18<\/strong><\/span><\/p>\n<p><strong>De 10 a 14 h<br \/><\/strong><strong>Ruta fotogr\u00e1fica SCAN \u00b7 <em>Trazas de la arqueolog\u00eda industrial tarraconense<\/em><\/strong> <br \/>A cargo de <strong>Federico Bardaj\u00ed<\/strong>. <br \/>* Inscripciones en la web <u><a href=\"https:\/\/www.tarragona.cat\/centrescivics\/activitats-i-cursos\/scan\/scan-2023-als-centres-civics\" target=\"_blank\" rel=\"noopener\">centrescivics.tarragona.cat<\/a><\/u><br \/><strong>Organizan<\/strong> Xarxa de Centres C\u00edvics <strong>\u00b7 <\/strong>Campus Extens de la URV <strong>\u00b7<\/strong> SCAN Tarragona<\/p>\n<p><span style=\"text-decoration: underline;\"><strong>Viernes 24<\/strong><\/span><\/p>\n<p><strong>19 h<br \/><\/strong><strong>Inauguraci\u00f3n de la exposici\u00f3n <em>Retorno de la intangible<\/em><\/strong><br \/> Artistas <b>Amira Lamti \/ Hakim Rezaoui Sonia Merabet \/ Dani Pujalte \/ Hana Gamal<br \/><\/b><span style=\"background-color: var(--base-3); color: var(--contrast);\">Comisarios<\/span><span style=\"background-color: var(--base-3); color: var(--contrast);\"><b>Xavier de Luca i Houari Bouchenak<br \/><\/b><\/span><span style=\"background-color: var(--base-3); color: var(--contrast);\">M\u00e8dol <\/span><span style=\"background-color: var(--base-3); color: var(--contrast);\">Centre d\u2019Arts Contempor\u00e0nies de Tarragona <\/span><strong style=\"background-color: var(--base-3); color: var(--contrast);\">\u00b7<\/strong><span style=\"background-color: var(--base-3); color: var(--contrast);\"> C. d\u2019en Granada, 11 <\/span><strong style=\"background-color: var(--base-3); color: var(--contrast);\">\u00b7 TGN<br \/><\/strong><strong style=\"background-color: var(--base-3); color: var(--contrast);\">Organizan<\/strong> <span style=\"background-color: var(--base-3); color: var(--contrast);\">M\u00e8dol<\/span> <strong style=\"background-color: var(--base-3); color: var(--contrast);\">\u00b7<\/strong> <span style=\"background-color: var(--base-3); color: var(--contrast);\">SCAN Tarragona<br \/><\/span><strong style=\"background-color: var(--base-3); color: var(--contrast);\">Colaboran<\/strong> <span style=\"background-color: var(--base-3); color: var(--contrast);\">Unesco Chair<\/span> <strong style=\"background-color: var(--base-3); color: var(--contrast);\">\u00b7<\/strong> <span style=\"background-color: var(--base-3); color: var(--contrast);\">Universitat Rovira i Virgili<\/span><\/p>\n<p><span style=\"text-decoration: underline;\"><strong>S\u00e1bado 25<\/strong><\/span><\/p>\n<p><strong>18.30 h<br \/>Inauguraci\u00f3n de la exposici\u00f3n <em>5.038<\/em> \u00b7 Laia Albert<br \/><\/strong>El P\u00e0rquing <strong>\u00b7<\/strong> Carretera de Santes Creus, 31 <strong>\u00b7<\/strong> 43151 Els Pallaresos<br \/><strong>Organiza <\/strong>El P\u00e0rquing <strong>\u00b7<\/strong> Llumull Accions Audiovisuals <br \/><strong>Colabora<\/strong> SCAN Tarragona<\/p>\n<p><span style=\"text-decoration: underline;\"><strong>Domingo 26<\/strong><\/span><\/p>\n<p><strong>12 h<br \/><\/strong><strong>\u00daltima visita comentada a la exposici\u00f3n <em>Trazas de luz. Memorias de la imagen fotogr\u00e1fica<\/em><\/strong><br \/>A cargo de <strong>\u00c9rika Goyarrola<\/strong>.<br \/>Tinglado 2 <strong>\u00b7<\/strong> Moll de Costa <strong>\u00b7<\/strong> TGN<br \/><strong>Organiza<\/strong> SCAN Tarragona <br \/><strong>Colabora<\/strong> Port de Tarragona<\/p>\n\t\t\t\t\t\t\t\t<\/div>\n\t\t\t\t<\/div>\n\t\t\t\t\t<\/div>\n\t\t<\/div>\n\t\t\t\t\t<\/div>\n\t\t<\/section>\n\t\t\t\t<\/div>\n\t\t                <\/div>\n\n                <div class=\"htmega-toggle-button\">\n                    <a href=\"#\" class=\"togglebutton-f74350e normal_btn\">Noviembre<svg xmlns=\"http:\/\/www.w3.org\/2000\/svg\" width=\"734\" height=\"737\" viewBox=\"0 0 734 737\" fill=\"none\"><path fill-rule=\"evenodd\" clip-rule=\"evenodd\" d=\"M0.162659 403.237L0.162659 333.779L694.736 333.779V403.237L0.162659 403.237Z\" fill=\"black\"><\/path><path fill-rule=\"evenodd\" clip-rule=\"evenodd\" d=\"M315.696 687.744L684.056 319.384L733.171 368.499L364.811 736.859L315.696 687.744Z\" fill=\"black\"><\/path><path fill-rule=\"evenodd\" clip-rule=\"evenodd\" d=\"M315.696 49.264L364.811 0.14933L733.171 368.509L684.056 417.624L315.696 49.264Z\" fill=\"black\"><\/path><\/svg><\/a><a href=\"#\" class=\"togglebutton-f74350e opened_btn\">Noviembre<svg xmlns=\"http:\/\/www.w3.org\/2000\/svg\" width=\"738\" height=\"734\" viewBox=\"0 0 738 734\" fill=\"none\"><path fill-rule=\"evenodd\" clip-rule=\"evenodd\" d=\"M333.933 0H403.392V694.573H333.933V0Z\" fill=\"black\"><\/path><path fill-rule=\"evenodd\" clip-rule=\"evenodd\" d=\"M49.4267 315.533L417.787 683.893L368.672 733.008L0.312012 364.648L49.4267 315.533Z\" fill=\"black\"><\/path><path fill-rule=\"evenodd\" clip-rule=\"evenodd\" d=\"M687.907 315.533L737.021 364.648L368.661 733.008L319.547 683.893L687.907 315.533Z\" fill=\"black\"><\/path><\/svg><\/a>                <\/div>\n\n            <\/div>\n\n            <script>\n                jQuery(document).ready(function($) {\n                    'use strict';\n                    $(\".togglebutton-f74350e\").on('click', function(){\n                        $(\".htmega-toggle-content-f74350e\").slideToggle('slow');\n                        $(this).removeAttr(\"href\");\n                        $(this).parent().toggleClass(\"open\");\n                    });\n                });\n            <\/script>\n        \t\t\t\t<\/div>\n\t\t\t\t<\/div>\n\t\t\t\t\t<\/div>\n\t\t<\/div>\n\t\t\t\t\t<\/div>\n\t\t<\/section>\n\t\t\t\t<section class=\"elementor-section elementor-top-section elementor-element elementor-element-074fac8 elementor-section-full_width lsection elementor-section-height-default elementor-section-height-default\" data-id=\"074fac8\" data-element_type=\"section\" data-e-type=\"section\">\n\t\t\t\t\t\t<div class=\"elementor-container elementor-column-gap-default\">\n\t\t\t\t\t<div class=\"elementor-column elementor-col-100 elementor-top-column elementor-element elementor-element-6f2f0fb\" data-id=\"6f2f0fb\" data-element_type=\"column\" data-e-type=\"column\">\n\t\t\t<div class=\"elementor-widget-wrap elementor-element-populated\">\n\t\t\t\t\t\t<div class=\"elementor-element elementor-element-cc57574 lseccion elementor-widget elementor-widget-htmega-toggle-addons\" data-id=\"cc57574\" data-element_type=\"widget\" data-e-type=\"widget\" data-widget_type=\"htmega-toggle-addons.default\">\n\t\t\t\t<div class=\"elementor-widget-container\">\n\t\t\t\t\t            <div class=\"htmega-toggle-area\" >\n                \n                <div class=\"htmega-toggle-content-cc57574\" style=\"display: none;\">\n                    \t\t<div data-elementor-type=\"section\" data-elementor-id=\"7667\" class=\"elementor elementor-7667 elementor-6802 elementor-6802\" data-elementor-post-type=\"elementor_library\">\n\t\t\t\t\t<section class=\"elementor-section elementor-top-section elementor-element elementor-element-b6dbce8 elementor-section-full_width elementor-section-height-default elementor-section-height-default\" data-id=\"b6dbce8\" data-element_type=\"section\" data-e-type=\"section\">\n\t\t\t\t\t\t<div class=\"elementor-container elementor-column-gap-default\">\n\t\t\t\t\t<div class=\"elementor-column elementor-col-100 elementor-top-column elementor-element elementor-element-cc41145\" data-id=\"cc41145\" data-element_type=\"column\" data-e-type=\"column\">\n\t\t\t<div class=\"elementor-widget-wrap elementor-element-populated\">\n\t\t\t\t\t\t<div class=\"elementor-element elementor-element-a50e7bf elementor-widget__width-initial elementor-widget elementor-widget-text-editor\" data-id=\"a50e7bf\" data-element_type=\"widget\" data-e-type=\"widget\" data-widget_type=\"text-editor.default\">\n\t\t\t\t<div class=\"elementor-widget-container\">\n\t\t\t\t\t\t\t\t\t<p><strong style=\"background-color: var(--base-3); color: var(--contrast);\"><u>Jueves 14<\/u><\/strong><\/p>\n<p><span style=\"font-weight: 700;\">19 h<br><\/span><span style=\"font-weight: 700;\">SCAN PHOTOBOOKS<br><\/span>Inauguraci\u00f3n de la exposici\u00f3n <b><i>This Story Will Never Get Finished<\/i><\/b><br>A cargo de <b>Natasha Christia.<\/b><em><br><\/em>Museu d&#8217;Art Moden de Tarragona <b>\u00b7 <\/b>C. de Santa Anna, 11<span style=\"font-weight: 700;\">\u00b7 TGN<br><\/span><span style=\"font-weight: 700;\">Organizan<\/span>&nbsp;Museu d&#8217;Art Modern de Tarragona<b> \u00b7 <\/b>SCAN Tarragona<br><strong><br><\/strong><strong style=\"color: var(--contrast); background-color: var(--base-3);\"><u>Viernes 15<\/u><\/strong><\/p>\n<p><strong>16.15 h<br><\/strong><strong>Inauguraci\u00f3n de la exposici\u00f3n <em>Dolors soterrats: els mals d&#8217;una altra pand\u00e8mia<\/em> \u00b7 \u00c0gueda Sanfiz<br><\/strong>Centre Cultural Antic Ajuntament <strong>\u00b7<\/strong> claustre <strong>\u00b7<\/strong> &nbsp;C. Major, 39 <strong>\u00b7<\/strong> <strong>TGN<br><\/strong><strong>Organitza<\/strong> SCAN Tarragona<\/p>\n<p><strong>&nbsp;<\/strong><strong>17 h<br><\/strong><strong>Inauguraci\u00f3n de la exposici\u00f3n colectiva resultado de las rutas fotogr\u00e1ficas SCAN<br><\/strong>Centre Cultural Antic Ajuntament <strong>\u00b7<\/strong> Sala de l\u2019Oficina de Turisme <strong>\u00b7 <\/strong>C. Major, 37 <strong>\u00b7<\/strong> <strong>TGN<br><\/strong><strong>Organizan<\/strong> Xarxa de Centres C\u00edvics y SCAN Tarragona <br><strong>Colabora <\/strong>Tarragona Turism<\/p>\n<p><strong>17.30 h<br><\/strong><strong>Entrega de premios del 1r Concurso de Fotograf\u00eda organiza por la <\/strong><strong>Coordinadora d\u2019ONG de Tarragon<\/strong><strong>a\u00b7 I<\/strong><strong>II Setmana dels Drets Humans \u00b7 c<\/strong><strong>onducir\u00e1 el acto el fot\u00f3grafo Gervasio S\u00e1nchez. <\/strong>Las fotograf\u00edas participantes formaran parte de la exposici\u00f3n colectiva <b><i>Vulneracions de Drets Humans.<\/i><\/b><br>Pati Jaume I (Ajuntament de Tarragona- Pl. de la Font)<br><strong>Organiza<\/strong> Coordinadora d\u2019ONG de Tarragona&nbsp;<br><strong>Soporte<\/strong> Servei Municipal de Cooperaci\u00f3<\/p>\n<p><strong>18 h<br><\/strong><strong><em>Escoltar\/veure, el ress\u00f2 de l\u2019intangible<br><\/em><\/strong><strong>Visita dialogada en la exposici\u00f3n <em>Retorn de l\u2019intangible <br><\/em><\/strong>Amb <strong>Xavier de Luca<\/strong>, <strong>Houari Bouchenak<\/strong> y <strong>Negra Mosca<\/strong>.<br>M\u00e8dol Centre d\u2019Arts Contempor\u00e0nies de Tarragona <strong>\u00b7<\/strong> C. d\u2019en Granada, 11 <strong>\u00b7 TGN<br><\/strong><strong>Organitan<\/strong> M\u00e8dol <strong>\u00b7<\/strong> SCAN Tarragona<br><strong>Colaboran<\/strong> Unesco Chair <strong>\u00b7<\/strong> Universitat Rovira i Virgili<\/p>\n<p><strong>&nbsp;<\/strong><strong>19.30 h<br><\/strong><strong>Conferencia <\/strong><strong>\u00b7 <em>La guerra no es un espect\u00e1culo<br><\/em><\/strong>A cargo de<strong> Gervasio S\u00e1nchez<\/strong>.<br>Museu d\u2019Art Modern de Tarragona <strong>\u00b7<\/strong> C. de Santa Anna, 11 <strong>\u00b7 TGN<\/strong><br><strong>Organizan<\/strong> SCAN Tarragona <strong>\u00b7<\/strong> Servei Municipal de Cooperaci\u00f3&nbsp;<strong>\u00b7<\/strong> Tarragona Jove<\/p>\n<p><span style=\"text-decoration: underline;\"><strong>S\u00e1bado16 y domingo 17<\/strong><\/span><\/p>\n<p><strong>Taller <\/strong><strong>\u00b7 <em>La dignidad es lo que importa<\/em> <br><\/strong>A cargo de<strong> Gervasio S\u00e1nchez<\/strong>.<br><strong>* <\/strong>Inscripciones en la web&nbsp;<a href=\"https:\/\/form.jotform.com\/232603957275058\" target=\"_blank\" rel=\"noopener\"><u>scan.cat<\/u><\/a><br>S\u00e1bado de las 16.30 a las 19.30 h<br>Domingo de las 10 a las 13 h<br>Museu d\u2019Art Modern de Tarragona <strong>\u00b7<\/strong> C. de Santa Anna, 11 <strong>\u00b7 TGN<\/strong><br><strong>Organizan<\/strong> SCAN Tarragona <strong>\u00b7<\/strong> Cooperaci\u00f3 Tarragona <strong>\u00b7<\/strong> Tarragona Jove <strong>Colabora<\/strong> Museu d\u2019Art Modern de Tarragona<\/p>\n<p><span style=\"text-decoration: underline;\"><strong>Domingo 17<\/strong><\/span><\/p>\n<p><strong>12 h<br><\/strong><\/p>\n<p><strong>Presentaci\u00f3n<\/strong><strong>de la publicaci\u00f3n<\/strong> <strong><em>BLOC. <\/em><\/strong>N\u00famero 1. <em>Epigrafies: del passat al present<\/em><strong><em><br><\/em><\/strong>Textos <strong>Diana Gorostidi<\/strong> artistas <strong>Alba Rodr\u00edguez <\/strong><strong>\/ Carles Llop <\/strong><strong>\/ Cristina Serra <\/strong><strong>\/ David Oliete <\/strong><strong>\/ Gerard Boyer <\/strong><strong>\/ Albert Villena <\/strong><strong>\/ Pep Escoda <\/strong><strong>\/ Nani Nolla <\/strong><strong>\/ Ram Giner <\/strong><strong>\/ Rub\u00e9n Perdomo <\/strong><strong>\/ Ver\u00f2nica Moragas <br><\/strong>Necr\u00f2polis Paleocristiana de Tarragona <strong>\u00b7<\/strong> Av. de Ram\u00f3n y Cajal, 84 <strong>\u00b7 TGN<br><\/strong><strong>Organizan<\/strong> Museu Nacional Arqueol\u00f2gic de Tarragona <strong>\u00b7<\/strong> SCAN Tarragona<\/p>\n<p><span style=\"text-decoration-line: underline;\"><span style=\"font-weight: 700;\">Jueves 21<\/span><\/span><\/p>\n<p><span style=\"text-decoration-line: underline;\"><\/span><\/p>\n<p><span style=\"font-weight: 700;\">19 h<br><\/span><span style=\"background-color: var(--base-3); color: var(--contrast);\"><b style=\"\">Visita comentada en la exposici\u00f3n <i>Domus Barcino<\/i><br><\/b><\/span><span style=\"background-color: var(--base-3); color: var(--contrast);\">A cargo de <b>Jordi Baron<\/b>.<\/span><span style=\"background-color: var(--base-3); color: var(--contrast);\"><br><\/span><span style=\"background-color: var(--base-3); color: var(--contrast);\">A continuaci\u00f3n, charla con la artista: <i style=\"font-weight: bold;\">Les engrunes del temps: vida privada, natura morta.<\/i><br><\/span><span style=\"background-color: var(--base-3); color: var(--contrast);\">Personal Galeria Tarragona<\/span><span style=\"background-color: var(--base-3); color: var(--contrast);\">&nbsp;<\/span><span style=\"background-color: var(--base-3); color: var(--contrast); font-weight: 700;\">\u00b7<\/span><span style=\"background-color: var(--base-3); color: var(--contrast);\">&nbsp;<\/span><span style=\"background-color: var(--base-3); color: var(--contrast);\">C. Major, 36&nbsp;<\/span><span style=\"background-color: var(--base-3); color: var(--contrast); font-weight: 700;\">\u00b7 TGN<br><\/span><span style=\"background-color: var(--base-3); color: var(--contrast); font-weight: 700;\">Organitza<\/span><span style=\"background-color: var(--base-3); color: var(--contrast);\">&nbsp;<\/span><span style=\"background-color: var(--base-3); color: var(--contrast);\">SCAN Tarragona <br><b>Colabora<\/b> Personal Galeria Tarragona<\/span><\/p>\n<p><span style=\"text-decoration: underline;\"><strong>Mi\u00e9rcoles 27, jueves 28 y viernes 29<\/strong><\/span><\/p>\n<p><strong>De 11 a 13 h<br><\/strong><strong>Taller <\/strong> <strong>\u00b7 <em>Efecto espejo. Laboratorio del reflejo<br><\/em><\/strong>A cargo de <strong>Alba Rodr\u00edguez N\u00fa\u00f1ez<\/strong>.<br><strong>*<\/strong>Inscripciones&nbsp;<a href=\"http:\/\/www.tarragonajove.org\" target=\"_blank\" rel=\"noopener\"><u>www.tarragonajove.org<\/u><\/a><br>Espai Jove Kesse <strong>\u00b7<\/strong> C. Sant Antoni Maria Claret, 12-14&nbsp;<strong>\u00b7 TGN<br><\/strong><strong>Organizan<\/strong> Servei Municipal de Joventut <strong>\u00b7<\/strong> SCAN Tarragona<\/p>\t\t\t\t\t\t\t\t<\/div>\n\t\t\t\t<\/div>\n\t\t\t\t\t<\/div>\n\t\t<\/div>\n\t\t\t\t\t<\/div>\n\t\t<\/section>\n\t\t\t\t<\/div>\n\t\t                <\/div>\n\n                <div class=\"htmega-toggle-button\">\n                    <a href=\"#\" class=\"togglebutton-cc57574 normal_btn\">Diciembre<svg xmlns=\"http:\/\/www.w3.org\/2000\/svg\" width=\"734\" height=\"737\" viewBox=\"0 0 734 737\" fill=\"none\"><path fill-rule=\"evenodd\" clip-rule=\"evenodd\" d=\"M0.162659 403.237L0.162659 333.779L694.736 333.779V403.237L0.162659 403.237Z\" fill=\"black\"><\/path><path fill-rule=\"evenodd\" clip-rule=\"evenodd\" d=\"M315.696 687.744L684.056 319.384L733.171 368.499L364.811 736.859L315.696 687.744Z\" fill=\"black\"><\/path><path fill-rule=\"evenodd\" clip-rule=\"evenodd\" d=\"M315.696 49.264L364.811 0.14933L733.171 368.509L684.056 417.624L315.696 49.264Z\" fill=\"black\"><\/path><\/svg><\/a><a href=\"#\" class=\"togglebutton-cc57574 opened_btn\">Diciembre<svg xmlns=\"http:\/\/www.w3.org\/2000\/svg\" width=\"738\" height=\"734\" viewBox=\"0 0 738 734\" fill=\"none\"><path fill-rule=\"evenodd\" clip-rule=\"evenodd\" d=\"M333.933 0H403.392V694.573H333.933V0Z\" fill=\"black\"><\/path><path fill-rule=\"evenodd\" clip-rule=\"evenodd\" d=\"M49.4267 315.533L417.787 683.893L368.672 733.008L0.312012 364.648L49.4267 315.533Z\" fill=\"black\"><\/path><path fill-rule=\"evenodd\" clip-rule=\"evenodd\" d=\"M687.907 315.533L737.021 364.648L368.661 733.008L319.547 683.893L687.907 315.533Z\" fill=\"black\"><\/path><\/svg><\/a>                <\/div>\n\n            <\/div>\n\n            <script>\n                jQuery(document).ready(function($) {\n                    'use strict';\n                    $(\".togglebutton-cc57574\").on('click', function(){\n                        $(\".htmega-toggle-content-cc57574\").slideToggle('slow');\n                        $(this).removeAttr(\"href\");\n                        $(this).parent().toggleClass(\"open\");\n                    });\n                });\n            <\/script>\n        \t\t\t\t<\/div>\n\t\t\t\t<\/div>\n\t\t\t\t\t<\/div>\n\t\t<\/div>\n\t\t\t\t\t<\/div>\n\t\t<\/section>\n\t\t\t\t<section class=\"elementor-section elementor-top-section elementor-element elementor-element-c72d223 elementor-section-full_width lsection elementor-section-height-default elementor-section-height-default\" data-id=\"c72d223\" data-element_type=\"section\" data-e-type=\"section\">\n\t\t\t\t\t\t<div class=\"elementor-container elementor-column-gap-default\">\n\t\t\t\t\t<div class=\"elementor-column elementor-col-100 elementor-top-column elementor-element elementor-element-4799f95\" data-id=\"4799f95\" data-element_type=\"column\" data-e-type=\"column\">\n\t\t\t<div class=\"elementor-widget-wrap elementor-element-populated\">\n\t\t\t\t\t\t<div class=\"elementor-element elementor-element-c3bba28 lseccion elementor-widget elementor-widget-htmega-toggle-addons\" data-id=\"c3bba28\" data-element_type=\"widget\" data-e-type=\"widget\" data-widget_type=\"htmega-toggle-addons.default\">\n\t\t\t\t<div class=\"elementor-widget-container\">\n\t\t\t\t\t            <div class=\"htmega-toggle-area\" >\n                \n                <div class=\"htmega-toggle-content-c3bba28\" style=\"display: none;\">\n                    \t\t<div data-elementor-type=\"section\" data-elementor-id=\"7657\" class=\"elementor elementor-7657 elementor-6812 elementor-6812\" data-elementor-post-type=\"elementor_library\">\n\t\t\t\t\t<section class=\"elementor-section elementor-top-section elementor-element elementor-element-b6dbce8 elementor-section-full_width elementor-section-height-default elementor-section-height-default\" data-id=\"b6dbce8\" data-element_type=\"section\" data-e-type=\"section\">\n\t\t\t\t\t\t<div class=\"elementor-container elementor-column-gap-default\">\n\t\t\t\t\t<div class=\"elementor-column elementor-col-100 elementor-top-column elementor-element elementor-element-cc41145\" data-id=\"cc41145\" data-element_type=\"column\" data-e-type=\"column\">\n\t\t\t<div class=\"elementor-widget-wrap elementor-element-populated\">\n\t\t\t\t\t\t<div class=\"elementor-element elementor-element-a50e7bf elementor-widget__width-initial elementor-widget elementor-widget-text-editor\" data-id=\"a50e7bf\" data-element_type=\"widget\" data-e-type=\"widget\" data-widget_type=\"text-editor.default\">\n\t\t\t\t<div class=\"elementor-widget-container\">\n\t\t\t\t\t\t\t\t\t<p><span style=\"text-decoration: underline;\"><strong>Martes 9<\/strong><\/span><\/p>\n<p><strong>18 h<br \/><\/strong><strong>Mesa<\/strong><strong>\u00b7 <\/strong><strong><em>Retorno a lo intangible<\/em><\/strong><strong><br \/><\/strong>Programa de radio en falso directo.<br \/>Invitados: <strong>Eugeni Gay Mar\u00edn<\/strong> (El Observatorio), <strong>Dani Pujalte<\/strong> y <strong>Irma Estrada<\/strong>.<br \/>M\u00e8dol Centre d\u2019Arts Contempor\u00e0nies de Tarragona \u00b7 C. de Granada, 11 <strong>\u00b7 <\/strong> <strong>TGN<\/strong><br \/><strong>Organizan<\/strong> M\u00e8dol <strong>\u00b7<\/strong> SCAN Tarragona<br \/><strong>Colaboran<\/strong> Unesco Chair <strong>\u00b7<\/strong> Universitat Rovira i Virgili<\/p>\n<\/p>\n<p><span style=\"text-decoration: underline;\"><strong>Viernes 12<\/strong><\/span><\/p>\n<p><strong>19 h<br \/><\/strong><strong>Visita comentada en la exposici\u00f3n <em>This Story Will Never Get Finished<\/em><\/strong><em> <br \/><\/em>A cargo de <strong>Natasha Christia.<\/strong><br \/>Museu d\u2019Art Modern de Tarragona <strong>\u00b7<\/strong> C. de Santa Anna, 11 <strong>\u00b7 TGN<\/strong><br \/><strong>Organizan<\/strong> Museu d\u2019Art Modern de Tarragona <strong>\u00b7<\/strong> SCAN Tarragona<\/p>\n<\/p>\n<p><span style=\"text-decoration: underline;\"><strong>S\u00e1bado 13 <\/strong><\/span><\/p>\n<p><strong>12 h<br \/><\/strong><strong>Pase de diapositivas del Arxiu F.S.O. <\/strong>y mesa redonda con <strong>Teresa Ibars<\/strong> (archivera y escritora), N\u00faria F. Rius (profesora, comisaria e investigadora) y<b>Albert Gusi<\/b> (artista). <br \/>Conduce la mesa <strong>Pau Minguet<\/strong> (director de la Fundaci\u00f3 Guillem Viladot \u00b7 Lo Pardal).<br \/>El P\u00e0rquing <strong>\u00b7<\/strong> Carretera de Santes Creus, 31 <strong>\u00b7<\/strong> 43151 Els Pallaresos<br \/><strong>Organiza <\/strong>SCAN Tarragona <strong><br \/><\/strong><strong>Colaboran<\/strong> El P\u00e0rquing <strong>\u00b7<\/strong> Llumull Accions Audiovisuals<\/p>\n<p><span style=\"font-weight: bold;\">De 17.30 a 19.30 h<br \/><\/span><span style=\"font-weight: bold;\"><i>Aby Warburg \u00b7 El Mediterr\u00e1neo como g\u00e9nesis del Atlas Mnemosyne: La huella y las pr\u00e1cticas de archivo en al fotograf\u00eda contempor\u00e0nia<\/i><\/span><span style=\"font-weight: bold;\"><br \/><\/span>Conferencia de <span style=\"font-weight: bold;\">Natasha Christia<\/span>.<br \/>*inscripciones en <u>hola@scan.cat<\/u><br \/>Museu d&#8217;Art Modern de Tarragona <span style=\"font-weight: bold;\">\u00b7 <\/span>C. de Sant Anna, 11<span style=\"font-weight: bold;\">\u00b7 TGN<br \/>Organitzan<\/span>Museu d&#8217;Art Modern de Tarragona<span style=\"font-weight: bold;\"> \u00b7 <\/span>SCAN Tarragona<\/p>\n<p><span style=\"text-decoration: underline;\"><strong>Jueves 18<\/strong><\/span><\/p>\n<p><span style=\"font-weight: bold;\">17.30 h<\/span><strong><br \/>Inauguraci\u00f3n de la exposici\u00f3n <em>Efecte mirall <br \/><\/em><\/strong>Piezas del taller hecho con <strong>Alba Rodr\u00edguez N\u00fa\u00f1ez<\/strong>.<br \/>Espai Jove Kesse <strong>\u00b7<\/strong> C. Sant Antoni Maria Claret, 12-14 <strong>\u00b7 TGN<br \/><\/strong><strong>Organiza<\/strong> Servei Municipal de Joventut<\/p>\n<\/p>\n<p><span style=\"text-decoration: underline;\"><strong>S\u00e1bado 20<\/strong><\/span><\/p>\n<p><strong>De 11 a 13 h<br \/><\/strong><strong>Presentaci\u00f3n p\u00fablica de los proyectos art\u00edsticos de la primera Residencia L\u2019Arxiu<br \/><\/strong>A cargo de los artistas<strong> Jorge Alamar<\/strong>,<strong> Cris Bartual <\/strong>y<strong> Tatiana Donoso<\/strong>.<br \/>Arxiu Hist\u00f2ric Municipal de Tarragona <strong>\u00b7<\/strong> Av. de Ramon y Cajal, 78 <strong>\u00b7 TGN<br \/><\/strong><strong>Organitzen <\/strong>Centre d\u2019Imatges de Tarragona <strong>\u00b7 <\/strong>L\u2019Arxiu <strong>\u00b7<\/strong> SCAN Tarragona<\/p>\n<p><span style=\"text-decoration-line: underline;\"><span style=\"font-weight: bold;\">Viernes 26<\/span><\/span><\/p>\n<p><span style=\"font-weight: bold;\">19 h<br \/><\/span><span style=\"font-weight: bold;\"><i>El Mediterr\u00e1neo: Habitando un territorio entremedio<\/i> <br \/><\/span><b>Natasha Christia<\/b> charla con <b>Laura Ben Hayoun<\/b> sobre el proyecto <i>\u00c1 la moindre d&#8217;etincelle, c&#8217;\u00e9tait l&#8217;explosion.<\/i><br \/>Museu d&#8217;Art Modern de Tarragona <b>\u00b7<\/b> C. de Santa Anna, 11 <b>\u00b7 <\/b><span style=\"font-weight: bold;\">TGN<br \/><\/span><span style=\"font-weight: bold;\">Organitzen <\/span>Museu d&#8217;Art Modern de Tarragona<span style=\"font-weight: bold;\"> \u00b7 <\/span>SCAN Tarragona<\/p>\n<p><span style=\"text-decoration-line: underline;\"><span style=\"font-weight: bold;\">S\u00e1bado 27<\/span><\/span><\/p>\n<p><span style=\"font-weight: bold;\">De 10.30 a 13.30 h y de 15 a 18 h<br \/><\/span><span style=\"font-weight: bold;\">Taller \u00b7 <i>La traves\u00eda<\/i><br \/><\/span><span style=\"font-weight: bold;\">Amb Laura Ben Hayoun.<br \/><\/span>Indagando en gu\u00edas del siglo pasado, crearemos un itinerario por las historias del Mediterr\u00e1neo y produciremos una publicaci\u00f3n colectiva.<br \/>*inscripciones en <u>hola@scan.cat<\/u><br \/>Museu d&#8217;Art Modern de Tarragona <b>\u00b7 <\/b>C. de Sant Anna, 11<b> \u00b7 TGN<\/b><\/p>\n<p><span style=\"font-weight: bold;\">18.30 h<br \/><\/span><span style=\"font-weight: bold;\">Taller \u00b7 <i>La traves\u00eda <\/i><\/span><span style=\"font-weight: bold;\">\u00b7 <i>Restituci\u00f3n<\/i><\/span> <span style=\"font-weight: bold;\"><br \/><\/span>Performance colectiva abierta al p\u00fablico y dirigida por <b>Laura Ben Hayoun<\/b>.<br \/>*inscripciones en <u>hola@scan.cat<\/u><br \/>Museu d&#8217;Art Modern de Tarragona <span style=\"font-weight: bold;\">\u00b7 <\/span>C. de Sant Anna, 11<span style=\"font-weight: bold;\"> \u00b7 TGN<\/span><\/p>\n\t\t\t\t\t\t\t\t<\/div>\n\t\t\t\t<\/div>\n\t\t\t\t\t<\/div>\n\t\t<\/div>\n\t\t\t\t\t<\/div>\n\t\t<\/section>\n\t\t\t\t<\/div>\n\t\t                <\/div>\n\n                <div class=\"htmega-toggle-button\">\n                    <a href=\"#\" class=\"togglebutton-c3bba28 normal_btn\">Enero<svg xmlns=\"http:\/\/www.w3.org\/2000\/svg\" width=\"734\" height=\"737\" viewBox=\"0 0 734 737\" fill=\"none\"><path fill-rule=\"evenodd\" clip-rule=\"evenodd\" d=\"M0.162659 403.237L0.162659 333.779L694.736 333.779V403.237L0.162659 403.237Z\" fill=\"black\"><\/path><path fill-rule=\"evenodd\" clip-rule=\"evenodd\" d=\"M315.696 687.744L684.056 319.384L733.171 368.499L364.811 736.859L315.696 687.744Z\" fill=\"black\"><\/path><path fill-rule=\"evenodd\" clip-rule=\"evenodd\" d=\"M315.696 49.264L364.811 0.14933L733.171 368.509L684.056 417.624L315.696 49.264Z\" fill=\"black\"><\/path><\/svg><\/a><a href=\"#\" class=\"togglebutton-c3bba28 opened_btn\">Enero<svg xmlns=\"http:\/\/www.w3.org\/2000\/svg\" width=\"738\" height=\"734\" viewBox=\"0 0 738 734\" fill=\"none\"><path fill-rule=\"evenodd\" clip-rule=\"evenodd\" d=\"M333.933 0H403.392V694.573H333.933V0Z\" fill=\"black\"><\/path><path fill-rule=\"evenodd\" clip-rule=\"evenodd\" d=\"M49.4267 315.533L417.787 683.893L368.672 733.008L0.312012 364.648L49.4267 315.533Z\" fill=\"black\"><\/path><path fill-rule=\"evenodd\" clip-rule=\"evenodd\" d=\"M687.907 315.533L737.021 364.648L368.661 733.008L319.547 683.893L687.907 315.533Z\" fill=\"black\"><\/path><\/svg><\/a>                <\/div>\n\n            <\/div>\n\n            <script>\n                jQuery(document).ready(function($) {\n                    'use strict';\n                    $(\".togglebutton-c3bba28\").on('click', function(){\n                        $(\".htmega-toggle-content-c3bba28\").slideToggle('slow');\n                        $(this).removeAttr(\"href\");\n                        $(this).parent().toggleClass(\"open\");\n                    });\n                });\n            <\/script>\n        \t\t\t\t<\/div>\n\t\t\t\t<\/div>\n\t\t\t\t\t<\/div>\n\t\t<\/div>\n\t\t\t\t\t<\/div>\n\t\t<\/section>\n\t\t\t\t<section class=\"elementor-section elementor-top-section elementor-element elementor-element-7f62e90 elementor-section-full_width lsection elementor-section-height-default elementor-section-height-default\" data-id=\"7f62e90\" data-element_type=\"section\" data-e-type=\"section\">\n\t\t\t\t\t\t<div class=\"elementor-container elementor-column-gap-default\">\n\t\t\t\t\t<div class=\"elementor-column elementor-col-100 elementor-top-column elementor-element elementor-element-8f95f42\" data-id=\"8f95f42\" data-element_type=\"column\" data-e-type=\"column\">\n\t\t\t<div class=\"elementor-widget-wrap elementor-element-populated\">\n\t\t\t\t\t\t<div class=\"elementor-element elementor-element-4ed6457 lseccion elementor-widget elementor-widget-htmega-toggle-addons\" data-id=\"4ed6457\" data-element_type=\"widget\" data-e-type=\"widget\" data-widget_type=\"htmega-toggle-addons.default\">\n\t\t\t\t<div class=\"elementor-widget-container\">\n\t\t\t\t\t            <div class=\"htmega-toggle-area\" >\n                \n                <div class=\"htmega-toggle-content-4ed6457\" style=\"display: none;\">\n                    \t\t<div data-elementor-type=\"section\" data-elementor-id=\"7745\" class=\"elementor elementor-7745 elementor-7741 elementor-7741\" data-elementor-post-type=\"elementor_library\">\n\t\t\t\t\t<section class=\"elementor-section elementor-top-section elementor-element elementor-element-b6dbce8 elementor-section-full_width elementor-section-height-default elementor-section-height-default\" data-id=\"b6dbce8\" data-element_type=\"section\" data-e-type=\"section\">\n\t\t\t\t\t\t<div class=\"elementor-container elementor-column-gap-default\">\n\t\t\t\t\t<div class=\"elementor-column elementor-col-100 elementor-top-column elementor-element elementor-element-cc41145\" data-id=\"cc41145\" data-element_type=\"column\" data-e-type=\"column\">\n\t\t\t<div class=\"elementor-widget-wrap elementor-element-populated\">\n\t\t\t\t\t\t<div class=\"elementor-element elementor-element-a50e7bf elementor-widget__width-initial elementor-widget elementor-widget-text-editor\" data-id=\"a50e7bf\" data-element_type=\"widget\" data-e-type=\"widget\" data-widget_type=\"text-editor.default\">\n\t\t\t\t<div class=\"elementor-widget-container\">\n\t\t\t\t\t\t\t\t\t<p><span style=\"text-decoration: underline;\"><strong>Viernes 9<\/strong><\/span><\/p>\n<p><strong>19 h<br \/><\/strong><strong>Visita comentada en la exposici\u00f3n <i>This Story Will Never Get Finished<\/i><br \/><\/strong>A cargo de <b>Natasha Christia<\/b>.<br \/>Museu d&#8217;Art Modern de Tarragona <span style=\"font-weight: bold;\">\u00b7<\/span> C. de Santa Anna, 11 <strong>\u00b7 <\/strong> <strong>TGN<\/strong><br \/><strong>Organizan<\/strong> Museu d&#8217;Art Modern de Tarragona<b> \u00b7 <\/b>SCAN Tarragona<\/p><\/p>\n\t\t\t\t\t\t\t\t<\/div>\n\t\t\t\t<\/div>\n\t\t\t\t\t<\/div>\n\t\t<\/div>\n\t\t\t\t\t<\/div>\n\t\t<\/section>\n\t\t\t\t<\/div>\n\t\t                <\/div>\n\n                <div class=\"htmega-toggle-button\">\n                    <a href=\"#\" class=\"togglebutton-4ed6457 normal_btn\">Febrero<svg xmlns=\"http:\/\/www.w3.org\/2000\/svg\" width=\"734\" height=\"737\" viewBox=\"0 0 734 737\" fill=\"none\"><path fill-rule=\"evenodd\" clip-rule=\"evenodd\" d=\"M0.162659 403.237L0.162659 333.779L694.736 333.779V403.237L0.162659 403.237Z\" fill=\"black\"><\/path><path fill-rule=\"evenodd\" clip-rule=\"evenodd\" d=\"M315.696 687.744L684.056 319.384L733.171 368.499L364.811 736.859L315.696 687.744Z\" fill=\"black\"><\/path><path fill-rule=\"evenodd\" clip-rule=\"evenodd\" d=\"M315.696 49.264L364.811 0.14933L733.171 368.509L684.056 417.624L315.696 49.264Z\" fill=\"black\"><\/path><\/svg><\/a><a href=\"#\" class=\"togglebutton-4ed6457 opened_btn\">Febrero<svg xmlns=\"http:\/\/www.w3.org\/2000\/svg\" width=\"738\" height=\"734\" viewBox=\"0 0 738 734\" fill=\"none\"><path fill-rule=\"evenodd\" clip-rule=\"evenodd\" d=\"M333.933 0H403.392V694.573H333.933V0Z\" fill=\"black\"><\/path><path fill-rule=\"evenodd\" clip-rule=\"evenodd\" d=\"M49.4267 315.533L417.787 683.893L368.672 733.008L0.312012 364.648L49.4267 315.533Z\" fill=\"black\"><\/path><path fill-rule=\"evenodd\" clip-rule=\"evenodd\" d=\"M687.907 315.533L737.021 364.648L368.661 733.008L319.547 683.893L687.907 315.533Z\" fill=\"black\"><\/path><\/svg><\/a>                <\/div>\n\n            <\/div>\n\n            <script>\n                jQuery(document).ready(function($) {\n                    'use strict';\n                    $(\".togglebutton-4ed6457\").on('click', function(){\n                        $(\".htmega-toggle-content-4ed6457\").slideToggle('slow');\n                        $(this).removeAttr(\"href\");\n                        $(this).parent().toggleClass(\"open\");\n                    });\n                });\n            <\/script>\n        \t\t\t\t<\/div>\n\t\t\t\t<\/div>\n\t\t\t\t\t<\/div>\n\t\t<\/div>\n\t\t\t\t\t<\/div>\n\t\t<\/section>\n\t\t\t\t<\/div>\n\t\t","protected":false},"excerpt":{"rendered":"<p>PROGRAMACI\u00d3N OctubreOctubre Jueves 5 10 hInauguraci\u00f3n de la exposici\u00f3nRiquesa fict\u00edcia i falsa prosperitat. Imatges d\u2019economia de postguerraCoordinaci\u00f3nAnna Figueras TorruellaMuseu Salvador Vilaseca (Sala Petita) \u00b7ReusOrganizaCentre de la Imatge Mas Iglesias de ReusColabora SCAN Tarragona Viernes 13 10 hAbrimos BIBLIOSCAN en la Biblioteca Pepita FerrerPl. Pilar Pradells, s\/n 43006 Torreforta \u00b7 TGNOrganizaBiblioteca Pepita FerrerColabora SCAN Tarragona &nbsp;17.30 &#8230; <a title=\"Programaci\u00f3n-2023\" class=\"read-more\" href=\"https:\/\/scan.cat\/es\/programacion-2023\/\" aria-label=\"Leer m\u00e1s sobre Programaci\u00f3n-2023\">Leer m\u00e1s<\/a><\/p>\n","protected":false},"author":2,"featured_media":0,"parent":0,"menu_order":0,"comment_status":"closed","ping_status":"closed","template":"","meta":{"footnotes":""},"class_list":["post-8111","page","type-page","status-publish"],"_links":{"self":[{"href":"https:\/\/scan.cat\/es\/wp-json\/wp\/v2\/pages\/8111","targetHints":{"allow":["GET"]}}],"collection":[{"href":"https:\/\/scan.cat\/es\/wp-json\/wp\/v2\/pages"}],"about":[{"href":"https:\/\/scan.cat\/es\/wp-json\/wp\/v2\/types\/page"}],"author":[{"embeddable":true,"href":"https:\/\/scan.cat\/es\/wp-json\/wp\/v2\/users\/2"}],"replies":[{"embeddable":true,"href":"https:\/\/scan.cat\/es\/wp-json\/wp\/v2\/comments?post=8111"}],"version-history":[{"count":4,"href":"https:\/\/scan.cat\/es\/wp-json\/wp\/v2\/pages\/8111\/revisions"}],"predecessor-version":[{"id":8168,"href":"https:\/\/scan.cat\/es\/wp-json\/wp\/v2\/pages\/8111\/revisions\/8168"}],"wp:attachment":[{"href":"https:\/\/scan.cat\/es\/wp-json\/wp\/v2\/media?parent=8111"}],"curies":[{"name":"wp","href":"https:\/\/api.w.org\/{rel}","templated":true}]}}